{"id":17257,"date":"2019-07-31T18:16:06","date_gmt":"2019-07-31T21:16:06","guid":{"rendered":"http:\/\/200.69.245.11\/conectate\/?page_id=17257"},"modified":"2026-08-05T13:24:59","modified_gmt":"2026-08-05T16:24:59","slug":"inicio","status":"publish","type":"page","link":"https:\/\/uepc.org.ar\/conectate\/","title":{"rendered":"Inicio"},"content":{"rendered":"\n<div class=\"wp-block-columns alignfull is-layout-flex wp-container-core-columns-is-layout-1 wp-block-columns-is-layout-flex\">\n<div class=\"wp-block-column is-layout-flow wp-block-column-is-layout-flow\" style=\"flex-basis:100%\"><div id=\"new-royalslider-7\" class=\"royalSlider new-royalslider-7 rsDefaultInv rs-default-template\" style=\"width:100%;height:400px;;\" data-rs-options='{&quot;template&quot;:&quot;default&quot;,&quot;image_generation&quot;:{&quot;imageWidth&quot;:1600,&quot;imageHeight&quot;:400,&quot;thumbImageWidth&quot;:&quot;&quot;,&quot;thumbImageHeight&quot;:&quot;&quot;},&quot;thumbs&quot;:{&quot;thumbWidth&quot;:96,&quot;thumbHeight&quot;:72},&quot;autoPlay&quot;:{&quot;enabled&quot;:&quot;true&quot;,&quot;stopAtAction&quot;:&quot;false&quot;,&quot;pauseOnHover&quot;:&quot;false&quot;},&quot;video&quot;:[],&quot;block&quot;:{&quot;moveOffset&quot;:20,&quot;speed&quot;:400,&quot;delay&quot;:200},&quot;width&quot;:&quot;100%&quot;,&quot;height&quot;:&quot;400px&quot;,&quot;autoScaleSlider&quot;:&quot;true&quot;,&quot;autoScaleSliderWidth&quot;:&quot;&quot;,&quot;autoScaleSliderHeight&quot;:&quot;&quot;,&quot;autoHeight&quot;:&quot;true&quot;,&quot;slidesSpacing&quot;:&quot;&quot;,&quot;imageScaleMode&quot;:&quot;fill&quot;,&quot;imageAlignCenter&quot;:&quot;false&quot;,&quot;imageScalePadding&quot;:0,&quot;controlNavigation&quot;:&quot;none&quot;,&quot;transitionType&quot;:&quot;fade&quot;}'>\n<div class=\"rsContent\">\n  <img decoding=\"async\" class=\"rsImg\" src=\"https:\/\/uepc.org.ar\/conectate\/wp-content\/uploads\/2026\/05\/Foto-para-el-banner-de-inicio-1-scaled-e1780596566927-1600x400.jpg\" alt=\"Foto para el banner de inicio\"\/>\n  \n  \n  \n<\/div>\n<div class=\"rsContent\">\n  <img decoding=\"async\" class=\"rsImg\" src=\"https:\/\/uepc.org.ar\/conectate\/wp-content\/uploads\/2024\/03\/diapo__0001_Capa-5.jpg\" alt=\"diapo__0001_Capa 5\"\/>\n  \n  \n  \n<\/div>\n<div class=\"rsContent\">\n  <img decoding=\"async\" class=\"rsImg\" src=\"https:\/\/uepc.org.ar\/conectate\/wp-content\/uploads\/2024\/03\/diapo__0000_Capa-6.jpg\" alt=\"diapo__0000_Capa 6\"\/>\n  \n  \n  \n<\/div>\n<div class=\"rsContent\">\n  <img decoding=\"async\" class=\"rsImg\" src=\"https:\/\/uepc.org.ar\/conectate\/wp-content\/uploads\/2026\/04\/Consulta-pedagogica-feria-cenma-smata-29-banner1-scaled-1600x400.jpg\" alt=\"Consulta-pedagogica-feria-cenma-smata-29--banner1\"\/>\n  \n  \n  \n<\/div>\n<div class=\"rsContent\">\n  <img decoding=\"async\" class=\"rsImg\" src=\"https:\/\/uepc.org.ar\/conectate\/wp-content\/uploads\/2024\/03\/diapo__0003_Capa-3.jpg\" alt=\"diapo__0003_Capa 3\"\/>\n  \n  \n  \n<\/div>\n<div class=\"rsContent\">\n  <img decoding=\"async\" class=\"rsImg\" src=\"https:\/\/uepc.org.ar\/conectate\/wp-content\/uploads\/2024\/03\/diapo__0004_Capa-2.jpg\" alt=\"diapo__0004_Capa 2\"\/>\n  \n  \n  \n<\/div>\n<div class=\"rsContent\">\n  <img decoding=\"async\" class=\"rsImg\" src=\"https:\/\/uepc.org.ar\/conectate\/wp-content\/uploads\/2026\/04\/Consulta-pedagogica-feria-cenma-smata-42-banner2-scaled-1600x400.jpg\" alt=\"Consulta-pedagogica-feria-cenma-smata-42--banner2\"\/>\n  \n  \n  \n<\/div>\n\n<\/div>\n<script type=\"text\/javascript\">jQuery(document).ready(function($){\t$('.new-royalslider-7').royalSlider({template:'default',image_generation:{imageWidth:1600,imageHeight:400,thumbImageWidth:'',thumbImageHeight:''},thumbs:{thumbWidth:96,thumbHeight:72},autoPlay:{enabled:!0,stopAtAction:!1,pauseOnHover:!1},video:[],block:{moveOffset:20,speed:400,delay:200},width:'100%',height:'400px',autoScaleSlider:!0,autoScaleSliderWidth:'',autoScaleSliderHeight:'',autoHeight:!0,slidesSpacing:'',imageScaleMode:'fill',imageAlignCenter:!1,imageScalePadding:0,controlNavigation:'none',transitionType:'fade'});\n});<\/script><\/div>\n<\/div>\n\n\n\n<div class=\"wp-block-getwid-advanced-heading titulos-secciones has-custom-font-size\" style=\"font-size:25px\"><h4 class=\"wp-block-getwid-advanced-heading__content\" style=\"font-weight:600\">Novedades<\/h4><\/div>\n\n\n\n<hr class=\"wp-block-separator has-css-opacity is-style-wide\"\/>\n\n\n\n\t\t\t<div class=\"wp-block-uagb-post-carousel uagb-post-grid  uagb-post__image-position-top uagb-post__image-enabled uagb-block-9ea14749-5673-41db-ae8e-25e4c46b9f63     uagb-post__arrow-outside uagb-slick-carousel uagb-post__items uagb-post__columns-3 is-carousel uagb-post__columns-tablet-2 uagb-post__columns-mobile-1 uagb-post__carousel_equal-height\" data-total=\"56\" style=\"\">\n\n\t\t\t\t\t\t\t\t\t\t\t\t<article class=\"uagb-post__inner-wrap\">\t\t\t\t\t\t\t\t<div class='uagb-post__image'>\n\t\t\t\t\t\t\t\t\t<a href=\"https:\/\/uepc.org.ar\/conectate\/convocatoria-a-la-feria-de-experiencias-del-tercer-encuentro-ia\/\" target=\"_self\" rel=\"bookmark noopener noreferrer\"><img loading=\"lazy\" decoding=\"async\" width=\"550\" height=\"250\" src=\"https:\/\/uepc.org.ar\/conectate\/wp-content\/uploads\/2026\/08\/conv_feria_experiencias_web-550x250.jpg\" class=\"attachment-eris-archive-image-portrait size-eris-archive-image-portrait\" alt=\"\" srcset=\"https:\/\/uepc.org.ar\/conectate\/wp-content\/uploads\/2026\/08\/conv_feria_experiencias_web-550x250.jpg 550w, https:\/\/uepc.org.ar\/conectate\/wp-content\/uploads\/2026\/08\/conv_feria_experiencias_web-500x227.jpg 500w, https:\/\/uepc.org.ar\/conectate\/wp-content\/uploads\/2026\/08\/conv_feria_experiencias_web-1024x465.jpg 1024w, https:\/\/uepc.org.ar\/conectate\/wp-content\/uploads\/2026\/08\/conv_feria_experiencias_web-768x349.jpg 768w, https:\/\/uepc.org.ar\/conectate\/wp-content\/uploads\/2026\/08\/conv_feria_experiencias_web-160x73.jpg 160w, https:\/\/uepc.org.ar\/conectate\/wp-content\/uploads\/2026\/08\/conv_feria_experiencias_web.jpg 1100w\" sizes=\"auto, (max-width: 550px) 100vw, 550px\" \/>\t\t\t\t\t<\/a>\n\t\t\t\t\t\t\t\t\t<\/div>\n\t\t\t\t\t\t<h5 class=\"uagb-post__title uagb-post__text\">\n\t\t\t\t<a href=\"https:\/\/uepc.org.ar\/conectate\/convocatoria-a-la-feria-de-experiencias-del-tercer-encuentro-ia\/\" target=\"_self\" rel=\"bookmark noopener noreferrer\">\u00a1Sum\u00e1 tu experiencia con IA!<\/a>\n\t\t\t<\/h5>\n\t\t\t\t\t\t<div class='uagb-post__text uagb-post-grid-byline'>\n\t\t\t\t\t\t\t\t<time datetime=\"2026-08-13T11:23:03-03:00\" class=\"uagb-post__date\">\n\t\t\t\t<span class=\"dashicons-calendar dashicons\"><\/span>\t\t\t\t\t13 agosto, 2026\t\t\t\t<\/time>\n\t\t\t\t\t\t<\/div>\n\t\t\t\n\t\t\t\t\t\t\t\t\t<\/article>\n\t\t\t\t\t\t\t\t\t\t\t\t\t\t\t\t<article class=\"uagb-post__inner-wrap\">\t\t\t\t\t\t\t\t<div class='uagb-post__image'>\n\t\t\t\t\t\t\t\t\t<a href=\"https:\/\/uepc.org.ar\/conectate\/catalogo-materiales-uepc\/\" target=\"_self\" rel=\"bookmark noopener noreferrer\"><img loading=\"lazy\" decoding=\"async\" width=\"550\" height=\"250\" src=\"https:\/\/uepc.org.ar\/conectate\/wp-content\/uploads\/2025\/10\/flyer_catalogo_2026_web.jpg-550x250.jpeg\" class=\"attachment-eris-archive-image-portrait size-eris-archive-image-portrait\" alt=\"\" srcset=\"https:\/\/uepc.org.ar\/conectate\/wp-content\/uploads\/2025\/10\/flyer_catalogo_2026_web.jpg-550x250.jpeg 550w, https:\/\/uepc.org.ar\/conectate\/wp-content\/uploads\/2025\/10\/flyer_catalogo_2026_web.jpg-500x227.jpeg 500w, https:\/\/uepc.org.ar\/conectate\/wp-content\/uploads\/2025\/10\/flyer_catalogo_2026_web.jpg-1024x465.jpeg 1024w, https:\/\/uepc.org.ar\/conectate\/wp-content\/uploads\/2025\/10\/flyer_catalogo_2026_web.jpg-768x349.jpeg 768w, https:\/\/uepc.org.ar\/conectate\/wp-content\/uploads\/2025\/10\/flyer_catalogo_2026_web.jpg-160x73.jpeg 160w, https:\/\/uepc.org.ar\/conectate\/wp-content\/uploads\/2025\/10\/flyer_catalogo_2026_web.jpg.jpeg 1100w\" sizes=\"auto, (max-width: 550px) 100vw, 550px\" \/>\t\t\t\t\t<\/a>\n\t\t\t\t\t\t\t\t\t<\/div>\n\t\t\t\t\t\t<h5 class=\"uagb-post__title uagb-post__text\">\n\t\t\t\t<a href=\"https:\/\/uepc.org.ar\/conectate\/catalogo-materiales-uepc\/\" target=\"_self\" rel=\"bookmark noopener noreferrer\">Cat\u00e1logo de publicaciones<\/a>\n\t\t\t<\/h5>\n\t\t\t\t\t\t<div class='uagb-post__text uagb-post-grid-byline'>\n\t\t\t\t\t\t\t\t<time datetime=\"2026-08-05T08:25:00-03:00\" class=\"uagb-post__date\">\n\t\t\t\t<span class=\"dashicons-calendar dashicons\"><\/span>\t\t\t\t\t5 agosto, 2026\t\t\t\t<\/time>\n\t\t\t\t\t\t<\/div>\n\t\t\t\n\t\t\t\t\t\t\t\t\t<\/article>\n\t\t\t\t\t\t\t\t\t\t\t\t\t\t\t\t<article class=\"uagb-post__inner-wrap\">\t\t\t\t\t\t\t\t<div class='uagb-post__image'>\n\t\t\t\t\t\t\t\t\t<a href=\"https:\/\/uepc.org.ar\/conectate\/17-de-agosto-san-martin\/\" target=\"_self\" rel=\"bookmark noopener noreferrer\"><img loading=\"lazy\" decoding=\"async\" width=\"550\" height=\"250\" src=\"https:\/\/uepc.org.ar\/conectate\/wp-content\/uploads\/2025\/08\/seceduc_17agosto_banner-550x250.jpg\" class=\"attachment-eris-archive-image-portrait size-eris-archive-image-portrait\" alt=\"\" srcset=\"https:\/\/uepc.org.ar\/conectate\/wp-content\/uploads\/2025\/08\/seceduc_17agosto_banner-550x250.jpg 550w, https:\/\/uepc.org.ar\/conectate\/wp-content\/uploads\/2025\/08\/seceduc_17agosto_banner-500x227.jpg 500w, https:\/\/uepc.org.ar\/conectate\/wp-content\/uploads\/2025\/08\/seceduc_17agosto_banner-1024x465.jpg 1024w, https:\/\/uepc.org.ar\/conectate\/wp-content\/uploads\/2025\/08\/seceduc_17agosto_banner-768x349.jpg 768w, https:\/\/uepc.org.ar\/conectate\/wp-content\/uploads\/2025\/08\/seceduc_17agosto_banner-160x73.jpg 160w, https:\/\/uepc.org.ar\/conectate\/wp-content\/uploads\/2025\/08\/seceduc_17agosto_banner.jpg 1100w\" sizes=\"auto, (max-width: 550px) 100vw, 550px\" \/>\t\t\t\t\t<\/a>\n\t\t\t\t\t\t\t\t\t<\/div>\n\t\t\t\t\t\t<h5 class=\"uagb-post__title uagb-post__text\">\n\t\t\t\t<a href=\"https:\/\/uepc.org.ar\/conectate\/17-de-agosto-san-martin\/\" target=\"_self\" rel=\"bookmark noopener noreferrer\">17 de agosto |  Paso a la inmortalidad de Jos\u00e9 de San Mart\u00edn<\/a>\n\t\t\t<\/h5>\n\t\t\t\t\t\t<div class='uagb-post__text uagb-post-grid-byline'>\n\t\t\t\t\t\t\t\t<time datetime=\"2026-08-04T15:36:24-03:00\" class=\"uagb-post__date\">\n\t\t\t\t<span class=\"dashicons-calendar dashicons\"><\/span>\t\t\t\t\t4 agosto, 2026\t\t\t\t<\/time>\n\t\t\t\t\t\t<\/div>\n\t\t\t\n\t\t\t\t\t\t\t\t\t<\/article>\n\t\t\t\t\t\t\t\t\t\t\t\t\t\t\t\t<article class=\"uagb-post__inner-wrap\">\t\t\t\t\t\t\t\t<div class='uagb-post__image'>\n\t\t\t\t\t\t\t\t\t<a href=\"https:\/\/uepc.org.ar\/conectate\/sobre-la-escuela-conversacion-con-micaela-pellegrini-y-mariana-saint-paul\/\" target=\"_self\" rel=\"bookmark noopener noreferrer\"><img loading=\"lazy\" decoding=\"async\" width=\"550\" height=\"250\" src=\"https:\/\/uepc.org.ar\/conectate\/wp-content\/uploads\/2026\/07\/sobrelaescuela_13_ban_iciec-550x250.png\" class=\"attachment-eris-archive-image-portrait size-eris-archive-image-portrait\" alt=\"\" srcset=\"https:\/\/uepc.org.ar\/conectate\/wp-content\/uploads\/2026\/07\/sobrelaescuela_13_ban_iciec-550x250.png 550w, https:\/\/uepc.org.ar\/conectate\/wp-content\/uploads\/2026\/07\/sobrelaescuela_13_ban_iciec-500x227.png 500w, https:\/\/uepc.org.ar\/conectate\/wp-content\/uploads\/2026\/07\/sobrelaescuela_13_ban_iciec-1024x465.png 1024w, https:\/\/uepc.org.ar\/conectate\/wp-content\/uploads\/2026\/07\/sobrelaescuela_13_ban_iciec-768x349.png 768w, https:\/\/uepc.org.ar\/conectate\/wp-content\/uploads\/2026\/07\/sobrelaescuela_13_ban_iciec-160x73.png 160w, https:\/\/uepc.org.ar\/conectate\/wp-content\/uploads\/2026\/07\/sobrelaescuela_13_ban_iciec.png 1100w\" sizes=\"auto, (max-width: 550px) 100vw, 550px\" \/>\t\t\t\t\t<\/a>\n\t\t\t\t\t\t\t\t\t<\/div>\n\t\t\t\t\t\t<h5 class=\"uagb-post__title uagb-post__text\">\n\t\t\t\t<a href=\"https:\/\/uepc.org.ar\/conectate\/sobre-la-escuela-conversacion-con-micaela-pellegrini-y-mariana-saint-paul\/\" target=\"_self\" rel=\"bookmark noopener noreferrer\">Sobre la escuela | Conversaci\u00f3n con Micaela Pellegrini y Mariana Saint Paul<\/a>\n\t\t\t<\/h5>\n\t\t\t\t\t\t<div class='uagb-post__text uagb-post-grid-byline'>\n\t\t\t\t\t\t\t\t<time datetime=\"2026-07-28T14:01:07-03:00\" class=\"uagb-post__date\">\n\t\t\t\t<span class=\"dashicons-calendar dashicons\"><\/span>\t\t\t\t\t28 julio, 2026\t\t\t\t<\/time>\n\t\t\t\t\t\t<\/div>\n\t\t\t\n\t\t\t\t\t\t\t\t\t<\/article>\n\t\t\t\t\t\t\t\t\t\t\t\t\t\t\t\t<article class=\"uagb-post__inner-wrap\">\t\t\t\t\t\t\t\t<div class='uagb-post__image'>\n\t\t\t\t\t\t\t\t\t<a href=\"https:\/\/uepc.org.ar\/conectate\/sobre-la-escuela-conversacion-con-felicitas-acosta\/\" target=\"_self\" rel=\"bookmark noopener noreferrer\"><img loading=\"lazy\" decoding=\"async\" width=\"550\" height=\"250\" src=\"https:\/\/uepc.org.ar\/conectate\/wp-content\/uploads\/2026\/07\/sobrelaescuela_12_Acosta_ban_iciec-550x250.png\" class=\"attachment-eris-archive-image-portrait size-eris-archive-image-portrait\" alt=\"\" srcset=\"https:\/\/uepc.org.ar\/conectate\/wp-content\/uploads\/2026\/07\/sobrelaescuela_12_Acosta_ban_iciec-550x250.png 550w, https:\/\/uepc.org.ar\/conectate\/wp-content\/uploads\/2026\/07\/sobrelaescuela_12_Acosta_ban_iciec-500x227.png 500w, https:\/\/uepc.org.ar\/conectate\/wp-content\/uploads\/2026\/07\/sobrelaescuela_12_Acosta_ban_iciec-1024x465.png 1024w, https:\/\/uepc.org.ar\/conectate\/wp-content\/uploads\/2026\/07\/sobrelaescuela_12_Acosta_ban_iciec-768x349.png 768w, https:\/\/uepc.org.ar\/conectate\/wp-content\/uploads\/2026\/07\/sobrelaescuela_12_Acosta_ban_iciec-160x73.png 160w, https:\/\/uepc.org.ar\/conectate\/wp-content\/uploads\/2026\/07\/sobrelaescuela_12_Acosta_ban_iciec.png 1100w\" sizes=\"auto, (max-width: 550px) 100vw, 550px\" \/>\t\t\t\t\t<\/a>\n\t\t\t\t\t\t\t\t\t<\/div>\n\t\t\t\t\t\t<h5 class=\"uagb-post__title uagb-post__text\">\n\t\t\t\t<a href=\"https:\/\/uepc.org.ar\/conectate\/sobre-la-escuela-conversacion-con-felicitas-acosta\/\" target=\"_self\" rel=\"bookmark noopener noreferrer\">Sobre la escuela | Conversaci\u00f3n con Felicitas Acosta<\/a>\n\t\t\t<\/h5>\n\t\t\t\t\t\t<div class='uagb-post__text uagb-post-grid-byline'>\n\t\t\t\t\t\t\t\t<time datetime=\"2026-07-02T11:43:31-03:00\" class=\"uagb-post__date\">\n\t\t\t\t<span class=\"dashicons-calendar dashicons\"><\/span>\t\t\t\t\t2 julio, 2026\t\t\t\t<\/time>\n\t\t\t\t\t\t<\/div>\n\t\t\t\n\t\t\t\t\t\t\t\t\t<\/article>\n\t\t\t\t\t\t\t\t\t\t\t\t\t\t\t\t<article class=\"uagb-post__inner-wrap\">\t\t\t\t\t\t\t\t<div class='uagb-post__image'>\n\t\t\t\t\t\t\t\t\t<a href=\"https:\/\/uepc.org.ar\/conectate\/en-este-dia-y-cada-dia\/\" target=\"_self\" rel=\"bookmark noopener noreferrer\"><img loading=\"lazy\" decoding=\"async\" width=\"550\" height=\"250\" src=\"https:\/\/uepc.org.ar\/conectate\/wp-content\/uploads\/2026\/06\/secedu_recomendados_inv_web-550x250.jpg\" class=\"attachment-eris-archive-image-portrait size-eris-archive-image-portrait\" alt=\"\" srcset=\"https:\/\/uepc.org.ar\/conectate\/wp-content\/uploads\/2026\/06\/secedu_recomendados_inv_web-550x250.jpg 550w, https:\/\/uepc.org.ar\/conectate\/wp-content\/uploads\/2026\/06\/secedu_recomendados_inv_web-500x227.jpg 500w, https:\/\/uepc.org.ar\/conectate\/wp-content\/uploads\/2026\/06\/secedu_recomendados_inv_web-1024x465.jpg 1024w, https:\/\/uepc.org.ar\/conectate\/wp-content\/uploads\/2026\/06\/secedu_recomendados_inv_web-768x349.jpg 768w, https:\/\/uepc.org.ar\/conectate\/wp-content\/uploads\/2026\/06\/secedu_recomendados_inv_web-160x73.jpg 160w, https:\/\/uepc.org.ar\/conectate\/wp-content\/uploads\/2026\/06\/secedu_recomendados_inv_web.jpg 1100w\" sizes=\"auto, (max-width: 550px) 100vw, 550px\" \/>\t\t\t\t\t<\/a>\n\t\t\t\t\t\t\t\t\t<\/div>\n\t\t\t\t\t\t<h5 class=\"uagb-post__title uagb-post__text\">\n\t\t\t\t<a href=\"https:\/\/uepc.org.ar\/conectate\/en-este-dia-y-cada-dia\/\" target=\"_self\" rel=\"bookmark noopener noreferrer\">En este d\u00eda, y cada d\u00eda\u2026<\/a>\n\t\t\t<\/h5>\n\t\t\t\t\t\t<div class='uagb-post__text uagb-post-grid-byline'>\n\t\t\t\t\t\t\t\t<time datetime=\"2026-06-30T19:09:36-03:00\" class=\"uagb-post__date\">\n\t\t\t\t<span class=\"dashicons-calendar dashicons\"><\/span>\t\t\t\t\t30 junio, 2026\t\t\t\t<\/time>\n\t\t\t\t\t\t<\/div>\n\t\t\t\n\t\t\t\t\t\t\t\t\t<\/article>\n\t\t\t\t\t\t\t\t\t\t\t\t\t\t\t\t<article class=\"uagb-post__inner-wrap\">\t\t\t\t\t\t\t\t<div class='uagb-post__image'>\n\t\t\t\t\t\t\t\t\t<a href=\"https:\/\/uepc.org.ar\/conectate\/9-de-julio\/\" target=\"_self\" rel=\"bookmark noopener noreferrer\"><img loading=\"lazy\" decoding=\"async\" width=\"550\" height=\"250\" src=\"https:\/\/uepc.org.ar\/conectate\/wp-content\/uploads\/2024\/06\/seceduc_9Julio_banner-550x250.jpg\" class=\"attachment-eris-archive-image-portrait size-eris-archive-image-portrait\" alt=\"\" srcset=\"https:\/\/uepc.org.ar\/conectate\/wp-content\/uploads\/2024\/06\/seceduc_9Julio_banner-550x250.jpg 550w, https:\/\/uepc.org.ar\/conectate\/wp-content\/uploads\/2024\/06\/seceduc_9Julio_banner-500x227.jpg 500w, https:\/\/uepc.org.ar\/conectate\/wp-content\/uploads\/2024\/06\/seceduc_9Julio_banner-1024x465.jpg 1024w, https:\/\/uepc.org.ar\/conectate\/wp-content\/uploads\/2024\/06\/seceduc_9Julio_banner-768x349.jpg 768w, https:\/\/uepc.org.ar\/conectate\/wp-content\/uploads\/2024\/06\/seceduc_9Julio_banner-160x73.jpg 160w, https:\/\/uepc.org.ar\/conectate\/wp-content\/uploads\/2024\/06\/seceduc_9Julio_banner.jpg 1100w\" sizes=\"auto, (max-width: 550px) 100vw, 550px\" \/>\t\t\t\t\t<\/a>\n\t\t\t\t\t\t\t\t\t<\/div>\n\t\t\t\t\t\t<h5 class=\"uagb-post__title uagb-post__text\">\n\t\t\t\t<a href=\"https:\/\/uepc.org.ar\/conectate\/9-de-julio\/\" target=\"_self\" rel=\"bookmark noopener noreferrer\">9 de julio | D\u00eda de la Independencia<\/a>\n\t\t\t<\/h5>\n\t\t\t\t\t\t<div class='uagb-post__text uagb-post-grid-byline'>\n\t\t\t\t\t\t\t\t<time datetime=\"2026-06-25T09:09:19-03:00\" class=\"uagb-post__date\">\n\t\t\t\t<span class=\"dashicons-calendar dashicons\"><\/span>\t\t\t\t\t25 junio, 2026\t\t\t\t<\/time>\n\t\t\t\t\t\t<\/div>\n\t\t\t\n\t\t\t\t\t\t\t\t\t<\/article>\n\t\t\t\t\t\t\t\t\t\t\t\t\t\t\t\t<article class=\"uagb-post__inner-wrap\">\t\t\t\t\t\t\t\t<div class='uagb-post__image'>\n\t\t\t\t\t\t\t\t\t<a href=\"https:\/\/uepc.org.ar\/conectate\/20-de-junio-manuel-belgrano\/\" target=\"_self\" rel=\"bookmark noopener noreferrer\"><img loading=\"lazy\" decoding=\"async\" width=\"550\" height=\"250\" src=\"https:\/\/uepc.org.ar\/conectate\/wp-content\/uploads\/2025\/06\/seceduc_20Junio_banner-550x250.jpg\" class=\"attachment-eris-archive-image-portrait size-eris-archive-image-portrait\" alt=\"\" srcset=\"https:\/\/uepc.org.ar\/conectate\/wp-content\/uploads\/2025\/06\/seceduc_20Junio_banner-550x250.jpg 550w, https:\/\/uepc.org.ar\/conectate\/wp-content\/uploads\/2025\/06\/seceduc_20Junio_banner-500x227.jpg 500w, https:\/\/uepc.org.ar\/conectate\/wp-content\/uploads\/2025\/06\/seceduc_20Junio_banner-1024x465.jpg 1024w, https:\/\/uepc.org.ar\/conectate\/wp-content\/uploads\/2025\/06\/seceduc_20Junio_banner-768x349.jpg 768w, https:\/\/uepc.org.ar\/conectate\/wp-content\/uploads\/2025\/06\/seceduc_20Junio_banner-160x73.jpg 160w, https:\/\/uepc.org.ar\/conectate\/wp-content\/uploads\/2025\/06\/seceduc_20Junio_banner.jpg 1100w\" sizes=\"auto, (max-width: 550px) 100vw, 550px\" \/>\t\t\t\t\t<\/a>\n\t\t\t\t\t\t\t\t\t<\/div>\n\t\t\t\t\t\t<h5 class=\"uagb-post__title uagb-post__text\">\n\t\t\t\t<a href=\"https:\/\/uepc.org.ar\/conectate\/20-de-junio-manuel-belgrano\/\" target=\"_self\" rel=\"bookmark noopener noreferrer\">20 de junio | Paso a la Inmortalidad de Manuel Belgrano<\/a>\n\t\t\t<\/h5>\n\t\t\t\t\t\t<div class='uagb-post__text uagb-post-grid-byline'>\n\t\t\t\t\t\t\t\t<time datetime=\"2026-06-09T13:52:47-03:00\" class=\"uagb-post__date\">\n\t\t\t\t<span class=\"dashicons-calendar dashicons\"><\/span>\t\t\t\t\t9 junio, 2026\t\t\t\t<\/time>\n\t\t\t\t\t\t<\/div>\n\t\t\t\n\t\t\t\t\t\t\t\t\t<\/article>\n\t\t\t\t\t\t\t\t\t\t\t\t\t\t\t\t<article class=\"uagb-post__inner-wrap\">\t\t\t\t\t\t\t\t<div class='uagb-post__image'>\n\t\t\t\t\t\t\t\t\t<a href=\"https:\/\/uepc.org.ar\/conectate\/17-de-junio-martin-miguel-de-guemes-2\/\" target=\"_self\" rel=\"bookmark noopener noreferrer\"><img loading=\"lazy\" decoding=\"async\" width=\"550\" height=\"250\" src=\"https:\/\/uepc.org.ar\/conectate\/wp-content\/uploads\/2025\/06\/seceduc_17Junio_banner-550x250.jpg\" class=\"attachment-eris-archive-image-portrait size-eris-archive-image-portrait\" alt=\"\" srcset=\"https:\/\/uepc.org.ar\/conectate\/wp-content\/uploads\/2025\/06\/seceduc_17Junio_banner-550x250.jpg 550w, https:\/\/uepc.org.ar\/conectate\/wp-content\/uploads\/2025\/06\/seceduc_17Junio_banner-500x227.jpg 500w, https:\/\/uepc.org.ar\/conectate\/wp-content\/uploads\/2025\/06\/seceduc_17Junio_banner-1024x465.jpg 1024w, https:\/\/uepc.org.ar\/conectate\/wp-content\/uploads\/2025\/06\/seceduc_17Junio_banner-768x349.jpg 768w, https:\/\/uepc.org.ar\/conectate\/wp-content\/uploads\/2025\/06\/seceduc_17Junio_banner-160x73.jpg 160w, https:\/\/uepc.org.ar\/conectate\/wp-content\/uploads\/2025\/06\/seceduc_17Junio_banner.jpg 1100w\" sizes=\"auto, (max-width: 550px) 100vw, 550px\" \/>\t\t\t\t\t<\/a>\n\t\t\t\t\t\t\t\t\t<\/div>\n\t\t\t\t\t\t<h5 class=\"uagb-post__title uagb-post__text\">\n\t\t\t\t<a href=\"https:\/\/uepc.org.ar\/conectate\/17-de-junio-martin-miguel-de-guemes-2\/\" target=\"_self\" rel=\"bookmark noopener noreferrer\">17 de junio | Paso a la inmortalidad de Mart\u00edn Miguel de G\u00fcemes<\/a>\n\t\t\t<\/h5>\n\t\t\t\t\t\t<div class='uagb-post__text uagb-post-grid-byline'>\n\t\t\t\t\t\t\t\t<time datetime=\"2026-06-04T13:15:25-03:00\" class=\"uagb-post__date\">\n\t\t\t\t<span class=\"dashicons-calendar dashicons\"><\/span>\t\t\t\t\t4 junio, 2026\t\t\t\t<\/time>\n\t\t\t\t\t\t<\/div>\n\t\t\t\n\t\t\t\t\t\t\t\t\t<\/article>\n\t\t\t\t\t\t\t\t\t\t\t\t\t\t\t\t<article class=\"uagb-post__inner-wrap\">\t\t\t\t\t\t\t\t<div class='uagb-post__image'>\n\t\t\t\t\t\t\t\t\t<a href=\"https:\/\/uepc.org.ar\/conectate\/29-de-mayo-cordobazo-en-la-escuela\/\" target=\"_self\" rel=\"bookmark noopener noreferrer\"><img loading=\"lazy\" decoding=\"async\" width=\"550\" height=\"250\" src=\"https:\/\/uepc.org.ar\/conectate\/wp-content\/uploads\/2026\/05\/seceduc_29Mayo_banner-550x250.jpg\" class=\"attachment-eris-archive-image-portrait size-eris-archive-image-portrait\" alt=\"\" srcset=\"https:\/\/uepc.org.ar\/conectate\/wp-content\/uploads\/2026\/05\/seceduc_29Mayo_banner-550x250.jpg 550w, https:\/\/uepc.org.ar\/conectate\/wp-content\/uploads\/2026\/05\/seceduc_29Mayo_banner-500x227.jpg 500w, https:\/\/uepc.org.ar\/conectate\/wp-content\/uploads\/2026\/05\/seceduc_29Mayo_banner-1024x465.jpg 1024w, https:\/\/uepc.org.ar\/conectate\/wp-content\/uploads\/2026\/05\/seceduc_29Mayo_banner-768x349.jpg 768w, https:\/\/uepc.org.ar\/conectate\/wp-content\/uploads\/2026\/05\/seceduc_29Mayo_banner-160x73.jpg 160w, https:\/\/uepc.org.ar\/conectate\/wp-content\/uploads\/2026\/05\/seceduc_29Mayo_banner.jpg 1100w\" sizes=\"auto, (max-width: 550px) 100vw, 550px\" \/>\t\t\t\t\t<\/a>\n\t\t\t\t\t\t\t\t\t<\/div>\n\t\t\t\t\t\t<h5 class=\"uagb-post__title uagb-post__text\">\n\t\t\t\t<a href=\"https:\/\/uepc.org.ar\/conectate\/29-de-mayo-cordobazo-en-la-escuela\/\" target=\"_self\" rel=\"bookmark noopener noreferrer\">29 de mayo | Aniversario del Cordobazo en la escuela<\/a>\n\t\t\t<\/h5>\n\t\t\t\t\t\t<div class='uagb-post__text uagb-post-grid-byline'>\n\t\t\t\t\t\t\t\t<time datetime=\"2026-05-21T12:36:43-03:00\" class=\"uagb-post__date\">\n\t\t\t\t<span class=\"dashicons-calendar dashicons\"><\/span>\t\t\t\t\t21 mayo, 2026\t\t\t\t<\/time>\n\t\t\t\t\t\t<\/div>\n\t\t\t\n\t\t\t\t\t\t\t\t\t<\/article>\n\t\t\t\t\t\t\t\t\t\t\t<\/div>\n\t\t\t\n\n\n<div class=\"wp-block-coblocks-hero alignfull coblocks-hero-9991958415 coblocks-hero-715105530548\"><div class=\"wp-block-coblocks-hero__inner has-background bg-cover has-background-image bg-no-repeat hero-center-center-align has-padding has-center-content\" style=\"background-color:#f3f3f3;background-image:url(https:\/\/uepc.org.ar\/conectate\/wp-content\/uploads\/2025\/11\/seceduc_educar43_ban-responsive-Fondo.png);background-position:37% 52%;min-height:264px\"><div class=\"wp-block-coblocks-hero__content-wrapper\"><div class=\"wp-block-coblocks-hero__content\" style=\"max-width:498px\">\n<figure class=\"wp-block-image size-full\"><a href=\"https:\/\/revistaeducar.com.ar\/\" target=\"_blank\" rel=\"noopener\"><img decoding=\"async\" src=\"https:\/\/uepc.org.ar\/conectate\/wp-content\/uploads\/2025\/11\/seceduc_educar43_ban-responsive-UP.png\" alt=\"\" class=\"wp-image-27950\"\/><\/a><\/figure>\n<\/div><\/div><\/div><\/div>\n\n\n\n<div style=\"height:40px\" aria-hidden=\"true\" class=\"wp-block-spacer\"><\/div>\n\n\n<p><!-- 50 A\u00d1OS --><\/p>\n\n\n<div class=\"wp-block-coblocks-hero alignfull coblocks-hero-9991958415 coblocks-hero-715105530548\"><div class=\"wp-block-coblocks-hero__inner has-background bg-cover has-background-image bg-no-repeat hero-center-center-align has-padding has-center-content\" style=\"background-color:#f3f3f3;background-image:url(https:\/\/uepc.org.ar\/conectate\/wp-content\/uploads\/2026\/03\/banner-golpe-fondo.png);background-position:37% 52%;min-height:264px\"><div class=\"wp-block-coblocks-hero__content-wrapper\"><div class=\"wp-block-coblocks-hero__content\" style=\"max-width:498px\">\n<figure class=\"wp-block-image size-full\"><a href=\"https:\/\/uepc.org.ar\/conectate\/50-anios-del-golpe\/\" target=\"_blank\" rel=\"noopener\"><img decoding=\"async\" src=\"https:\/\/uepc.org.ar\/conectate\/wp-content\/uploads\/2026\/03\/banner-golpe-logo.png\" alt=\"\" class=\"wp-image-27950\"\/><\/a><\/figure>\n<\/div><\/div><\/div><\/div>\n\n\n<p><!-- 50 A\u00d1OS --><\/p>\n\n\n<div style=\"height:40px\" aria-hidden=\"true\" class=\"wp-block-spacer\"><\/div>\n\n\n\n<div style=\"height:50px\" aria-hidden=\"true\" class=\"wp-block-spacer\"><\/div>\n\n\n\n<section class=\"wp-block-uagb-section uagb-section__wrap uagb-section__background-color alignfull uagb-block-0d85e4aa-8fd5-4af7-8901-4992d3210f1d\"><div class=\"uagb-section__overlay\"><\/div><div class=\"uagb-section__inner-wrap\">\n<section class=\"wp-block-uagb-columns uagb-columns__wrap uagb-columns__background-none uagb-columns__stack-mobile uagb-columns__valign-top uagb-columns__gap-10 align uagb-block-bff891b8-7968-406c-b633-3a7f516e5e9c uagb-columns__columns-3 uagb-columns__max_width-theme\"><div class=\"uagb-columns__overlay\"><\/div><div class=\"uagb-columns__inner-wrap uagb-columns__columns-3\">\n<div class=\"wp-block-uagb-column uagb-column__wrap uagb-column__background-undefined uagb-block-fcc5070a-cc53-4f25-89d0-1cf8a6fa9d5b\"><div class=\"uagb-column__overlay\"><\/div>\n<div class=\"wp-block-getwid-advanced-heading titulos-secciones recursos\"><h5 class=\"wp-block-getwid-advanced-heading__content\" style=\"text-transform:\"><a href=\"\/conectate\/recursos\/\">Recursos<\/a><\/h5><\/div>\n\n\n<div id=\"new-royalslider-1\" class=\"royalSlider new-royalslider-1 rsMinW rs-simple-vertical\" style=\"width:100%;height:500px;;\" data-rs-options='{&quot;template&quot;:&quot;default&quot;,&quot;image_generation&quot;:{&quot;lazyLoading&quot;:&quot;true&quot;,&quot;imageWidth&quot;:&quot;&quot;,&quot;imageHeight&quot;:&quot;&quot;,&quot;thumbImageWidth&quot;:96,&quot;thumbImageHeight&quot;:72},&quot;thumbs&quot;:{&quot;thumbWidth&quot;:96,&quot;thumbHeight&quot;:72},&quot;autoPlay&quot;:{&quot;enabled&quot;:&quot;true&quot;},&quot;video&quot;:[],&quot;deeplinking&quot;:{&quot;enabled&quot;:&quot;true&quot;},&quot;width&quot;:&quot;100%&quot;,&quot;height&quot;:500,&quot;autoScaleSlider&quot;:&quot;true&quot;,&quot;autoScaleSliderWidth&quot;:600,&quot;autoScaleSliderHeight&quot;:314,&quot;imageScaleMode&quot;:&quot;fill&quot;,&quot;controlNavigation&quot;:&quot;none&quot;,&quot;arrowsNavAutoHide&quot;:&quot;false&quot;,&quot;arrowsNavHideOnTouch&quot;:&quot;true&quot;,&quot;globalCaption&quot;:&quot;true&quot;,&quot;globalCaptionInside&quot;:&quot;true&quot;,&quot;slidesOrientation&quot;:&quot;vertical&quot;,&quot;loop&quot;:&quot;true&quot;,&quot;keyboardNavEnabled&quot;:&quot;true&quot;}'>\n<div class=\"rsContent\">\n  <a class=\"rsImg\" href=\"https:\/\/uepc.org.ar\/conectate\/wp-content\/uploads\/2025\/09\/0921-diadelaprimavera_web-1-1024x465.jpg\">21 de septiembre | Sobre el derecho a la educaci\u00f3n<\/a>\n  \n  \n  \n  <a class=\"rsLink\" href=\"https:\/\/uepc.org.ar\/conectate\/21-de-septiembre-sobre-el-derecho-a-la-educacion\/\">21 de septiembre | Sobre el derecho a la educaci\u00f3n<\/a>\n<\/div>\n<div class=\"rsContent\">\n  <a class=\"rsImg\" href=\"https:\/\/uepc.org.ar\/conectate\/wp-content\/uploads\/2024\/08\/Ley1420-curriculum-y-escuela-banner-web-1024x465.png\">Ley 1420 | Curriculum com\u00fan y escuela<\/a>\n  \n  \n  \n  <a class=\"rsLink\" href=\"https:\/\/uepc.org.ar\/conectate\/ley-1420-curriculum-comun-y-escuela\/\">Ley 1420 | Curriculum com\u00fan y escuela<\/a>\n<\/div>\n<div class=\"rsContent\">\n  <a class=\"rsImg\" href=\"https:\/\/uepc.org.ar\/conectate\/wp-content\/uploads\/2023\/08\/freireBANNER-WEB-1024x465.jpg\">19 de septiembre | Aniversario del natalicio de Paulo Freire<\/a>\n  \n  \n  \n  <a class=\"rsLink\" href=\"https:\/\/uepc.org.ar\/conectate\/19-de-septiembre-aniversario-del-natalicio-de-paulo-freire\/\">19 de septiembre | Aniversario del natalicio de Paulo Freire<\/a>\n<\/div>\n<div class=\"rsContent\">\n  <a class=\"rsImg\" href=\"https:\/\/uepc.org.ar\/conectate\/wp-content\/uploads\/2022\/12\/PORTADA-PANEL-2-1024x576.jpg\">Jornada por el Derecho a la Educaci\u00f3n - Panel 2: \u00bfQu\u00e9 evaluaciones estandarizadas precisa el sistema educativo?<\/a>\n  \n  \n  \n  <a class=\"rsLink\" href=\"https:\/\/uepc.org.ar\/conectate\/jornada-por-el-derecho-a-la-educacion-panel-2-que-evaluaciones-estandarizadas-precisa-el-sistema-educativo\/\">Jornada por el Derecho a la Educaci\u00f3n - Panel 2: \u00bfQu\u00e9 evaluaciones estandarizadas precisa el sistema educativo?<\/a>\n<\/div>\n<div class=\"rsContent\">\n  <a class=\"rsImg\" href=\"https:\/\/uepc.org.ar\/conectate\/wp-content\/uploads\/2022\/12\/PORTADA-PANEL-1-1024x576.jpg\">Jornada por el Derecho a la Educaci\u00f3n - Panel 1: \u201cDesigualdades educativas y educaci\u00f3n de calidad\u201d<\/a>\n  \n  \n  \n  <a class=\"rsLink\" href=\"https:\/\/uepc.org.ar\/conectate\/jornada-por-el-derecho-a-la-educacion-panel-1-desigualdades-educativas-y-educacion-de-calidad\/\">Jornada por el Derecho a la Educaci\u00f3n - Panel 1: \u201cDesigualdades educativas y educaci\u00f3n de calidad\u201d<\/a>\n<\/div>\n<div class=\"rsContent\">\n  <a class=\"rsImg\" href=\"https:\/\/uepc.org.ar\/conectate\/wp-content\/uploads\/2022\/12\/Eugenia-Maldonado-Mundial.jpg\">Historia con Mar\u00eda Eugenia Maldonado | Educaci\u00f3n Secundaria<\/a>\n  \n  \n  \n  <a class=\"rsLink\" href=\"https:\/\/uepc.org.ar\/conectate\/historia-con-maria-eugenia-maldonado-educacion-secundaria\/\">Historia con Mar\u00eda Eugenia Maldonado | Educaci\u00f3n Secundaria<\/a>\n<\/div>\n\n<\/div>\n\n\n\n\n<div style=\"height:20px\" aria-hidden=\"true\" class=\"wp-block-spacer\"><\/div>\n\n\n\n<div class=\"wp-block-getwid-advanced-heading has-custom-font-size\" style=\"font-size:18px;margin-top:0px\"><span class=\"wp-block-getwid-advanced-heading__content\" style=\"font-family:&quot;PT Sans Narrow&quot;;font-weight:700;text-transform:;padding-top:0px\"><code>\u2192<\/code> <a href=\"\/conectate\/recursos\/\">Ver todos los Recursos<\/a><\/span><\/div>\n<\/div>\n\n\n\n<div class=\"wp-block-uagb-column uagb-column__wrap uagb-column__background-undefined uagb-block-ed2f2b71-d7d0-48e8-bfc0-7889d2678636\"><div class=\"uagb-column__overlay\"><\/div>\n<div class=\"wp-block-getwid-advanced-heading titulos-secciones experiencias\"><h5 class=\"wp-block-getwid-advanced-heading__content\" style=\"text-transform:\"><a href=\"\/conectate\/experiencias\/\">Experiencias<\/a><\/h5><\/div>\n\n\n<div id=\"new-royalslider-2\" class=\"royalSlider new-royalslider-2 rsMinW rs-simple-vertical\" style=\"width:100%;height:500px;;\" data-rs-options='{&quot;template&quot;:&quot;default&quot;,&quot;image_generation&quot;:{&quot;lazyLoading&quot;:&quot;true&quot;,&quot;imageWidth&quot;:&quot;&quot;,&quot;imageHeight&quot;:&quot;&quot;,&quot;thumbImageWidth&quot;:96,&quot;thumbImageHeight&quot;:72},&quot;thumbs&quot;:{&quot;thumbWidth&quot;:96,&quot;thumbHeight&quot;:72},&quot;autoPlay&quot;:{&quot;enabled&quot;:&quot;true&quot;},&quot;video&quot;:[],&quot;deeplinking&quot;:{&quot;enabled&quot;:&quot;true&quot;},&quot;width&quot;:&quot;100%&quot;,&quot;height&quot;:500,&quot;autoScaleSlider&quot;:&quot;true&quot;,&quot;autoScaleSliderWidth&quot;:600,&quot;autoScaleSliderHeight&quot;:314,&quot;imageScaleMode&quot;:&quot;fill&quot;,&quot;controlNavigation&quot;:&quot;none&quot;,&quot;arrowsNavAutoHide&quot;:&quot;false&quot;,&quot;arrowsNavHideOnTouch&quot;:&quot;true&quot;,&quot;globalCaption&quot;:&quot;true&quot;,&quot;globalCaptionInside&quot;:&quot;true&quot;,&quot;slidesOrientation&quot;:&quot;vertical&quot;,&quot;loop&quot;:&quot;true&quot;,&quot;keyboardNavEnabled&quot;:&quot;true&quot;}'>\n<div class=\"rsContent\">\n  <a class=\"rsImg\" href=\"https:\/\/uepc.org.ar\/conectate\/wp-content\/uploads\/2026\/08\/Pequenos-exploradores-de-grandes-huellas-e1787577476346-1024x465.png\">Peque\u00f1os Exploradores de Grandes Huellas<\/a>\n  \n  \n  \n  <a class=\"rsLink\" href=\"https:\/\/uepc.org.ar\/conectate\/pequenos-exploradores-grandes-huellas\/\">Peque\u00f1os Exploradores de Grandes Huellas<\/a>\n<\/div>\n<div class=\"rsContent\">\n  <a class=\"rsImg\" href=\"https:\/\/uepc.org.ar\/conectate\/wp-content\/uploads\/2021\/07\/12-Portada-Secundarias-1200x675-1024x576.jpg\">\u201cNadie elige lo que no conoce\u201d: el derecho a la educaci\u00f3n como conquista<\/a>\n  \n  \n  \n  <a class=\"rsLink\" href=\"https:\/\/uepc.org.ar\/conectate\/nadie-elige-lo-que-no-conoce-el-derecho-a-la-educacion-como-conquista\/\">\u201cNadie elige lo que no conoce\u201d: el derecho a la educaci\u00f3n como conquista<\/a>\n<\/div>\n<div class=\"rsContent\">\n  <a class=\"rsImg\" href=\"https:\/\/uepc.org.ar\/conectate\/wp-content\/uploads\/2021\/07\/Conservatorio-Superior-de-Mu\u0301sica-Juan-Jose\u0301-Castro.00_00_33_09.Imagen-fija004-1024x576.jpg\">Mar\u00eda Elena \u00bfest\u00e1s ah\u00ed? | Ideas Maestras<\/a>\n  \n  \n  \n  <a class=\"rsLink\" href=\"https:\/\/uepc.org.ar\/conectate\/maria-elena-estas-ahi\/\">Mar\u00eda Elena \u00bfest\u00e1s ah\u00ed? | Ideas Maestras<\/a>\n<\/div>\n<div class=\"rsContent\">\n  <a class=\"rsImg\" href=\"https:\/\/uepc.org.ar\/conectate\/wp-content\/uploads\/2021\/07\/IPEM-276-Dr.-Ricardo-L.-Coloccini.00_01_26_22.Imagen-fija005-1-1024x576.jpg\">Poes\u00eda en emergencia | Ideas Maestras<\/a>\n  \n  \n  \n  <a class=\"rsLink\" href=\"https:\/\/uepc.org.ar\/conectate\/poesia-en-emergencia\/\">Poes\u00eda en emergencia | Ideas Maestras<\/a>\n<\/div>\n<div class=\"rsContent\">\n  <a class=\"rsImg\" href=\"https:\/\/uepc.org.ar\/conectate\/wp-content\/uploads\/2021\/06\/Escuela-Manuel-Belgrano.00_01_14_07.Imagen-fija005-1024x576.jpg\">Jugando en casa. Aventuras para el cuerpo, la mente y el alma<\/a>\n  \n  \n  \n  <a class=\"rsLink\" href=\"https:\/\/uepc.org.ar\/conectate\/jugando-en-casa-aventuras-para-el-cuerpo-la-mente-y-el-alma\/\">Jugando en casa. Aventuras para el cuerpo, la mente y el alma<\/a>\n<\/div>\n<div class=\"rsContent\">\n  <a class=\"rsImg\" href=\"https:\/\/uepc.org.ar\/conectate\/wp-content\/uploads\/2021\/06\/Instituto-Juan-Zorrilla-De-San-Martin.00_00_48_11.Imagen-fija002-1024x576.jpg\">Hacer nada: experiencias de escritura en la pausa<\/a>\n  \n  \n  \n  <a class=\"rsLink\" href=\"https:\/\/uepc.org.ar\/conectate\/hacer-nada-experiencias-escritura\/\">Hacer nada: experiencias de escritura en la pausa<\/a>\n<\/div>\n\n<\/div>\n\n\n\n\n<div style=\"height:20px\" aria-hidden=\"true\" class=\"wp-block-spacer\"><\/div>\n\n\n\n<div class=\"wp-block-getwid-advanced-heading has-custom-font-size\" style=\"font-size:18px;margin-top:0px\"><span class=\"wp-block-getwid-advanced-heading__content\" style=\"font-family:&quot;PT Sans Narrow&quot;;font-weight:700;text-transform:;padding-top:0px\"><code>\u2192<\/code> <a href=\"\/conectate\/experiencias\">Ver todas las Experiencias<\/a><\/span><\/div>\n<\/div>\n\n\n\n<div class=\"wp-block-uagb-column uagb-column__wrap uagb-column__background-undefined uagb-block-a9e20091-3c3a-4c62-bc99-310d06a755b8\"><div class=\"uagb-column__overlay\"><\/div>\n<div class=\"wp-block-getwid-advanced-heading titulos-secciones dialogos\"><h5 class=\"wp-block-getwid-advanced-heading__content\" style=\"text-transform:\"><a href=\"\/conectate\/dialogos-pedagogicos\/\">Di\u00e1logos Pedag\u00f3gicos<\/a><\/h5><\/div>\n\n\n<div id=\"new-royalslider-3\" class=\"royalSlider new-royalslider-3 rsMinW rs-simple-vertical\" style=\"width:100%;height:500px;;\" data-rs-options='{&quot;template&quot;:&quot;default&quot;,&quot;image_generation&quot;:{&quot;lazyLoading&quot;:&quot;true&quot;,&quot;imageWidth&quot;:&quot;&quot;,&quot;imageHeight&quot;:&quot;&quot;,&quot;thumbImageWidth&quot;:96,&quot;thumbImageHeight&quot;:72},&quot;thumbs&quot;:{&quot;thumbWidth&quot;:96,&quot;thumbHeight&quot;:72},&quot;autoPlay&quot;:{&quot;enabled&quot;:&quot;true&quot;},&quot;video&quot;:[],&quot;deeplinking&quot;:{&quot;enabled&quot;:&quot;true&quot;},&quot;width&quot;:&quot;100%&quot;,&quot;height&quot;:500,&quot;autoScaleSlider&quot;:&quot;true&quot;,&quot;autoScaleSliderWidth&quot;:600,&quot;autoScaleSliderHeight&quot;:314,&quot;imageScaleMode&quot;:&quot;fill&quot;,&quot;controlNavigation&quot;:&quot;none&quot;,&quot;arrowsNavAutoHide&quot;:&quot;false&quot;,&quot;arrowsNavHideOnTouch&quot;:&quot;true&quot;,&quot;globalCaption&quot;:&quot;true&quot;,&quot;globalCaptionInside&quot;:&quot;true&quot;,&quot;slidesOrientation&quot;:&quot;vertical&quot;,&quot;loop&quot;:&quot;true&quot;,&quot;keyboardNavEnabled&quot;:&quot;true&quot;}'>\n<div class=\"rsContent\">\n  <a class=\"rsImg\" href=\"https:\/\/uepc.org.ar\/conectate\/wp-content\/uploads\/2023\/12\/Entrevista-6-Trayectorias-nivel-Inicial-Veronica-Jaqueline-1024x466.jpg\">El acompa\u00f1amiento a las trayectorias escolares en la Educaci\u00f3n Inicial | Entrevistamos a Ver\u00f3nica Kaufmann y Jaquelina D'Andrea<\/a>\n  \n  \n  \n  <a class=\"rsLink\" href=\"https:\/\/uepc.org.ar\/conectate\/educacion-inicial-veronica-kaufmann-jaquelin-dandrea\/\">El acompa\u00f1amiento a las trayectorias escolares en la Educaci\u00f3n Inicial | Entrevistamos a Ver\u00f3nica Kaufmann y Jaquelina D'Andrea<\/a>\n<\/div>\n<div class=\"rsContent\">\n  <a class=\"rsImg\" href=\"https:\/\/uepc.org.ar\/conectate\/wp-content\/uploads\/2023\/09\/Trayectorias-escolares-transiciones-niveles-Entrevista-Analia-Stimolo-Cecilia-Cresta-1024x466.jpg\">Trayectorias escolares y transiciones entre niveles | Entrevistamos a Anal\u00eda St\u00edmolo y Cecilia Cresta<\/a>\n  \n  \n  \n  <a class=\"rsLink\" href=\"https:\/\/uepc.org.ar\/conectate\/trayectorias-escolares-stimolo-cresta\/\">Trayectorias escolares y transiciones entre niveles | Entrevistamos a Anal\u00eda St\u00edmolo y Cecilia Cresta<\/a>\n<\/div>\n<div class=\"rsContent\">\n  <a class=\"rsImg\" href=\"https:\/\/uepc.org.ar\/conectate\/wp-content\/uploads\/2023\/07\/Entrevista-5-acompanamiento-trayectorias-oficio-estudiante-docente-1024x465.jpg\">Acompa\u00f1amiento a las trayectorias en el pasaje del oficio de estudiante al oficio docente | Entrevistamos a Estela Moyano y Rolando Aiassa<\/a>\n  \n  \n  \n  <a class=\"rsLink\" href=\"https:\/\/uepc.org.ar\/conectate\/acompanamiento-oficio-estudiante-docente-moyano-aiassa\/\">Acompa\u00f1amiento a las trayectorias en el pasaje del oficio de estudiante al oficio docente | Entrevistamos a Estela Moyano y Rolando Aiassa<\/a>\n<\/div>\n<div class=\"rsContent\">\n  <a class=\"rsImg\" href=\"https:\/\/uepc.org.ar\/conectate\/wp-content\/uploads\/2023\/05\/entrevista-3-estudiantes-discapacidad-Claudia-Bruno-Cecyl-Roberts-2-1024x465.jpg\">Trayectorias escolares y acompa\u00f1amiento a estudiantes en proceso de inclusi\u00f3n | Entrevistamos a Claudia Bruno y Cecyl Roberts<\/a>\n  \n  \n  \n  <a class=\"rsLink\" href=\"https:\/\/uepc.org.ar\/conectate\/trayectorias-escolares-bruno-roberts\/\">Trayectorias escolares y acompa\u00f1amiento a estudiantes en proceso de inclusi\u00f3n | Entrevistamos a Claudia Bruno y Cecyl Roberts<\/a>\n<\/div>\n<div class=\"rsContent\">\n  <a class=\"rsImg\" href=\"https:\/\/uepc.org.ar\/conectate\/wp-content\/uploads\/2021\/05\/web-encuentrodocentes2020-01-1024x576.jpg\">Ciclo Encuentro entre docentes | Edici\u00f3n 2020<\/a>\n  \n  \n  \n  <a class=\"rsLink\" href=\"https:\/\/uepc.org.ar\/conectate\/ciclo-encuentro-entre-docentes-edicion-2020\/\">Ciclo Encuentro entre docentes | Edici\u00f3n 2020<\/a>\n<\/div>\n<div class=\"rsContent\">\n  <a class=\"rsImg\" href=\"https:\/\/uepc.org.ar\/conectate\/wp-content\/uploads\/2021\/04\/mejico-1024x570.jpg\">Conferencia: \u201cLa escuela construye aprendizajes: el trabajo por proyectos como organizador de pr\u00e1cticas colectivas y cooperativas con los saberes curriculares\"<\/a>\n  \n  \n  \n  <a class=\"rsLink\" href=\"https:\/\/uepc.org.ar\/conectate\/conferencia-la-escuela-construye-aprendizajes-el-trabajo-por-proyectos-como-organizador-de-practicas-colectivas-cooperativas-con-los-saberes-curriculares\/\">Conferencia: \u201cLa escuela construye aprendizajes: el trabajo por proyectos como organizador de pr\u00e1cticas colectivas y cooperativas con los saberes curriculares\"<\/a>\n<\/div>\n\n<\/div>\n\n\n\n\n<div style=\"height:20px\" aria-hidden=\"true\" class=\"wp-block-spacer\"><\/div>\n\n\n\n<div class=\"wp-block-getwid-advanced-heading has-custom-font-size\" style=\"font-size:18px;margin-top:0px\"><span class=\"wp-block-getwid-advanced-heading__content\" style=\"font-family:&quot;PT Sans Narrow&quot;;font-weight:700;text-transform:;padding-top:0px\"><code>\u2192<\/code> <a href=\"\/conectate\/dialogos-pedagogicos\">Ver todos los Di\u00e1logos<\/a><\/span><\/div>\n<\/div>\n<\/div><\/section>\n<\/div><\/section>\n\n\n\n<div style=\"height:50px\" aria-hidden=\"true\" class=\"wp-block-spacer\"><\/div>\n\n\n\n<div class=\"wp-block-coblocks-hero alignfull coblocks-hero-81015552427 coblocks-hero-76111425926\"><div class=\"wp-block-coblocks-hero__inner bg-auto has-background-image bg-no-repeat bg-center-center hero-center-center-align has-padding has-small-padding has-center-content\" style=\"background-image:url(https:\/\/uepc.org.ar\/conectate\/wp-content\/uploads\/2024\/10\/sobrelaescuela_fondo.jpg);min-height:100px\"><div class=\"wp-block-coblocks-hero__content-wrapper\"><div class=\"wp-block-coblocks-hero__content\" style=\"max-width:435px\">\n<div class=\"wp-block-image\"><figure class=\"aligncenter size-full\"><a href=\"https:\/\/uepc.org.ar\/conectate\/sobre-la-escuela\/\"><img decoding=\"async\" src=\"https:\/\/uepc.org.ar\/conectate\/wp-content\/uploads\/2024\/10\/sobrelaescuela_gral_ban-responsive-UP.png\" alt=\"Sobre la Escuela\" class=\"wp-image-28906\"\/><\/a><\/figure><\/div>\n<\/div><\/div><\/div><\/div>\n\n\n\n<div style=\"height:50px\" aria-hidden=\"true\" class=\"wp-block-spacer\"><\/div>\n\n\n\n<div class=\"wp-block-getwid-advanced-heading\" style=\"margin-bottom:0px\"><h4 class=\"wp-block-getwid-advanced-heading__content\" style=\"padding-bottom:0px\">Audiovisuales<\/h4><\/div>\n\n\n\n<hr class=\"wp-block-separator has-css-opacity is-style-wide\"\/>\n\n\n\t\t\t<div \n\t\t\tclass=\"yotu-playlist yotuwp yotu-limit-min yotu-player-full  yotu-thumb-43  yotu-template-big-left\" \n\t\t\tdata-page=\"1\"\n\t\t\tid=\"yotuwp-6a97c3bd6f09a\"\n\t\t\tdata-yotu=\"6a97c3bd70e9e\"\n\t\t\tdata-total=\"31\"\n\t\t\tdata-settings=\"eyJ0eXBlIjoicGxheWxpc3QiLCJpZCI6IlVVX2d2eHVsbG9Dbmk0WURYekZSWl9xUSIsInBhZ2luYXRpb24iOiJvbiIsInBhZ2l0eXBlIjoibG9hZG1vcmUiLCJjb2x1bW4iOiIzIiwicGVyX3BhZ2UiOiIxMiIsInRlbXBsYXRlIjoiYmlnLWxlZnQiLCJ0aXRsZSI6Im9uIiwiZGVzY3JpcHRpb24iOiJubyIsInRodW1icmF0aW8iOiI0MyIsIm1ldGEiOiJvZmYiLCJtZXRhX2RhdGEiOiJvZmYiLCJtZXRhX3Bvc2l0aW9uIjoiaW5zaWRlIiwiZGF0ZV9mb3JtYXQiOiJ0aW1lYWdvIiwibWV0YV9hbGlnbiI6IiIsInN1YnNjcmliZSI6Im9mZiIsImR1cmF0aW9uIjoib2ZmIiwibWV0YV9pY29uIjoib2ZmIiwibmV4dHRleHQiOiJTaWd1aWVudGUiLCJwcmV2dGV4dCI6IkFudGVyaW9yIiwibG9hZG1vcmV0ZXh0IjoiQ2FyZ2FyIG1cdTAwZTFzIiwicGxheWVyIjp7Im1vZGUiOiJsYXJnZSIsIndpZHRoIjowLCJzY3JvbGxpbmciOiIxMDAiLCJhdXRvcGxheSI6MCwiY29udHJvbHMiOjEsIm1vZGVzdGJyYW5kaW5nIjoxLCJsb29wIjowLCJhdXRvbmV4dCI6MCwic2hvd2luZm8iOjEsInJlbCI6MSwicGxheWluZyI6MCwicGxheWluZ19kZXNjcmlwdGlvbiI6MCwidGh1bWJuYWlscyI6MCwiY2NfbG9hZF9wb2xpY3kiOiIxIiwiY2NfbGFuZ19wcmVmIjoiMSIsImhsIjoiIiwiaXZfbG9hZF9wb2xpY3kiOiIxIn0sImxhc3RfdGFiIjoiY2FjaGUiLCJ1c2VfYXNfbW9kYWwiOiJvZmYiLCJtb2RhbF9pZCI6Im9mZiIsImxhc3RfdXBkYXRlIjoiMTc1NjU2Nzk2NCIsInN0eWxpbmciOnsicGFnZXJfbGF5b3V0IjoiZGVmYXVsdCIsImJ1dHRvbiI6IjEiLCJidXR0b25fY29sb3IiOiIiLCJidXR0b25fYmdfY29sb3IiOiIiLCJidXR0b25fY29sb3JfaG92ZXIiOiIiLCJidXR0b25fYmdfY29sb3JfaG92ZXIiOiIiLCJ2aWRlb19zdHlsZSI6IiIsInBsYXlpY29uX2NvbG9yIjoiIiwiaG92ZXJfaWNvbiI6IiIsImdhbGxlcnlfYmciOiIiLCJ0aXRsZV9jb2xvciI6IiIsImRlc2NyaXB0aW9uX2NvbG9yIjoiIiwicGxheWluZ190aXRsZV9jb2xvciI6IiIsImRlc2NyaXB0aW9uX2FsaWduIjoiIiwidGl0bGVfYWxpZ24iOiIiLCJtZXRhX2NvbG9yIjoiIiwiZmxpcF9jb250ZW50X2JnIjoiIn0sImVmZmVjdHMiOnsidmlkZW9fYm94IjoiIiwiZmxpcF9lZmZlY3QiOiIifSwiZ2FsbGVyeV9pZCI6IjZhOTdjM2JkNmYwOWEiLCJuZXh0IjoiRUFBYUhsQlVPa05CZDJsRlJGSkZUVVZPUWs1VlRrWlJWVkpEVDBSamVrMUVTUSIsInByZXYiOiIifQ==\"\n\t\t\tdata-player=\"large\"\n\t\t\tdata-showdesc=\"no\" >\n\t\t\t\t<div>\n\t\t\t\t\t\t\t\t\t\t<div class=\"yotu-wrapper-player\" style=\"\">\n\t\t\t\t\t\t\t\t\t\t\t\t<div class=\"yotu-player\">\n\t\t\t\t\t\t\t<div class=\"yotu-video-placeholder\" id=\"yotu-player-6a97c3bd70e9e\"><\/div>\n\t\t\t\t\t\t<\/div>\n\t\t\t\t\t\t<div class=\"yotu-playing-status\"><\/div>\n\t\t\t\t\t\t\t\t\t\t\t<\/div>\n\n\t\t\t\t\t<div class=\"yotu-videos yotu-mode-list yotu-mode-big-left yotu-column-3 yotu-player-mode-large\">\n\t<ul>\n\t\t\t\t\t<li class=\" yotu-first\">\n\t\t\t\t\t\t\t\t<a href=\"#\" class=\"yotu-video\" data-videoid=\"xSIvlKAzgxo\" data-title=\"Di\u00e1logos necesarios para acompa\u00f1ar la escuela: La convivencia | Encuentro con Perla Zelmanovich\" title=\"Di\u00e1logos necesarios para acompa\u00f1ar la escuela: La convivencia | Encuentro con Perla Zelmanovich\">\n\t\t\t\t\t<div class=\"yotu-video-thumb-wrp\">\n\t\t\t\t\t\t<div>\n\t\t\t\t\t\t\t\t\t\t\t\t\t\t<img decoding=\"async\" class=\"yotu-video-thumb\" src=\"https:\/\/i.ytimg.com\/vi\/xSIvlKAzgxo\/sddefault.jpg\" alt=\"Di\u00e1logos necesarios para acompa\u00f1ar la escuela: La convivencia | Encuentro con Perla Zelmanovich\">\t\n\t\t\t\t\t\t\t\t\t\t\t\t\t<\/div>\n\t\t\t\t\t<\/div>\n\t\t\t\t\t\t\t\t\t\t\t<h3 class=\"yotu-video-title\">Di\u00e1logos necesarios para acompa\u00f1ar la escuela: La convivencia | Encuentro con Perla Zelmanovich<\/h3>\n\t\t\t\t\t\t\t\t\t\t\t\t\t\t\t\t\t\t\t<\/a>\n\t\t\t\t<div class=\"yotuwp-video-meta\"><\/div>\t\t\t<\/li>\n\t\t\t\t\n\t\t\t\t\t\t<li class=\"\">\n\t\t\t\t\t\t\t\t<a href=\"#\" class=\"yotu-video\" data-videoid=\"vcq0jO_FH4M\" data-title=\"Sobre la escuela | Conversaci\u00f3n con Le\u00f3n Gieco\" title=\"Sobre la escuela | Conversaci\u00f3n con Le\u00f3n Gieco\">\n\t\t\t\t\t<div class=\"yotu-video-thumb-wrp\">\n\t\t\t\t\t\t<div>\n\t\t\t\t\t\t\t\t\t\t\t\t\t\t<img decoding=\"async\" class=\"yotu-video-thumb\" src=\"https:\/\/i.ytimg.com\/vi\/vcq0jO_FH4M\/sddefault.jpg\" alt=\"Sobre la escuela | Conversaci\u00f3n con Le\u00f3n Gieco\">\t\n\t\t\t\t\t\t\t\t\t\t\t\t\t<\/div>\n\t\t\t\t\t<\/div>\n\t\t\t\t\t\t\t\t\t\t\t<h3 class=\"yotu-video-title\">Sobre la escuela | Conversaci\u00f3n con Le\u00f3n Gieco<\/h3>\n\t\t\t\t\t\t\t\t\t\t\t\t\t\t\t\t\t\t\t<\/a>\n\t\t\t\t<div class=\"yotuwp-video-meta\"><\/div>\t\t\t<\/li>\n\t\t\t\t\n\t\t\t\t\t\t<li class=\"\">\n\t\t\t\t\t\t\t\t<a href=\"#\" class=\"yotu-video\" data-videoid=\"idXfbpauboY\" data-title=\"\ud83c\udf39 A 50 a\u00f1os del Golpe: ESCUELA II\ud83c\udf39\" title=\"\ud83c\udf39 A 50 a\u00f1os del Golpe: ESCUELA II\ud83c\udf39\">\n\t\t\t\t\t<div class=\"yotu-video-thumb-wrp\">\n\t\t\t\t\t\t<div>\n\t\t\t\t\t\t\t\t\t\t\t\t\t\t<img decoding=\"async\" class=\"yotu-video-thumb\" src=\"https:\/\/i.ytimg.com\/vi\/idXfbpauboY\/sddefault.jpg\" alt=\"\ud83c\udf39 A 50 a\u00f1os del Golpe: ESCUELA II\ud83c\udf39\">\t\n\t\t\t\t\t\t\t\t\t\t\t\t\t<\/div>\n\t\t\t\t\t<\/div>\n\t\t\t\t\t\t\t\t\t\t\t<h3 class=\"yotu-video-title\">\ud83c\udf39 A 50 a\u00f1os del Golpe: ESCUELA II\ud83c\udf39<\/h3>\n\t\t\t\t\t\t\t\t\t\t\t\t\t\t\t\t\t\t\t<\/a>\n\t\t\t\t<div class=\"yotuwp-video-meta\"><\/div>\t\t\t<\/li>\n\t\t\t\t\n\t\t\t\t\t\t<li class=\"\">\n\t\t\t\t\t\t\t\t<a href=\"#\" class=\"yotu-video\" data-videoid=\"ixui2QKzXfs\" data-title=\"Sobre la Escuela | Conversaci\u00f3n con Micaela Pellegrini y Mariana Saint Paul\" title=\"Sobre la Escuela | Conversaci\u00f3n con Micaela Pellegrini y Mariana Saint Paul\">\n\t\t\t\t\t<div class=\"yotu-video-thumb-wrp\">\n\t\t\t\t\t\t<div>\n\t\t\t\t\t\t\t\t\t\t\t\t\t\t<img decoding=\"async\" class=\"yotu-video-thumb\" src=\"https:\/\/i.ytimg.com\/vi\/ixui2QKzXfs\/sddefault.jpg\" alt=\"Sobre la Escuela | Conversaci\u00f3n con Micaela Pellegrini y Mariana Saint Paul\">\t\n\t\t\t\t\t\t\t\t\t\t\t\t\t<\/div>\n\t\t\t\t\t<\/div>\n\t\t\t\t\t\t\t\t\t\t\t<h3 class=\"yotu-video-title\">Sobre la Escuela | Conversaci\u00f3n con Micaela Pellegrini y Mariana Saint Paul<\/h3>\n\t\t\t\t\t\t\t\t\t\t\t\t\t\t\t\t\t\t\t<\/a>\n\t\t\t\t<div class=\"yotuwp-video-meta\"><\/div>\t\t\t<\/li>\n\t\t\t\t\n\t\t\t\t\t\t<li class=\"\">\n\t\t\t\t\t\t\t\t<a href=\"#\" class=\"yotu-video\" data-videoid=\"guLpAE4Rx4o\" data-title=\"Sobre la escuela | Conversaci\u00f3n con Felicitas Acosta\" title=\"Sobre la escuela | Conversaci\u00f3n con Felicitas Acosta\">\n\t\t\t\t\t<div class=\"yotu-video-thumb-wrp\">\n\t\t\t\t\t\t<div>\n\t\t\t\t\t\t\t\t\t\t\t\t\t\t<img decoding=\"async\" class=\"yotu-video-thumb\" src=\"https:\/\/i.ytimg.com\/vi\/guLpAE4Rx4o\/sddefault.jpg\" alt=\"Sobre la escuela | Conversaci\u00f3n con Felicitas Acosta\">\t\n\t\t\t\t\t\t\t\t\t\t\t\t\t<\/div>\n\t\t\t\t\t<\/div>\n\t\t\t\t\t\t\t\t\t\t\t<h3 class=\"yotu-video-title\">Sobre la escuela | Conversaci\u00f3n con Felicitas Acosta<\/h3>\n\t\t\t\t\t\t\t\t\t\t\t\t\t\t\t\t\t\t\t<\/a>\n\t\t\t\t<div class=\"yotuwp-video-meta\"><\/div>\t\t\t<\/li>\n\t\t\t\t\n\t\t\t\t\t\t<li class=\"\">\n\t\t\t\t\t\t\t\t<a href=\"#\" class=\"yotu-video\" data-videoid=\"0NgQLcOvJMI\" data-title=\"Educaci\u00f3n y neoliberalismo en Am\u00e9rica Latina\" title=\"Educaci\u00f3n y neoliberalismo en Am\u00e9rica Latina\">\n\t\t\t\t\t<div class=\"yotu-video-thumb-wrp\">\n\t\t\t\t\t\t<div>\n\t\t\t\t\t\t\t\t\t\t\t\t\t\t<img decoding=\"async\" class=\"yotu-video-thumb\" src=\"https:\/\/i.ytimg.com\/vi\/0NgQLcOvJMI\/sddefault.jpg\" alt=\"Educaci\u00f3n y neoliberalismo en Am\u00e9rica Latina\">\t\n\t\t\t\t\t\t\t\t\t\t\t\t\t<\/div>\n\t\t\t\t\t<\/div>\n\t\t\t\t\t\t\t\t\t\t\t<h3 class=\"yotu-video-title\">Educaci\u00f3n y neoliberalismo en Am\u00e9rica Latina<\/h3>\n\t\t\t\t\t\t\t\t\t\t\t\t\t\t\t\t\t\t\t<\/a>\n\t\t\t\t<div class=\"yotuwp-video-meta\"><\/div>\t\t\t<\/li>\n\t\t\t\t\n\t\t\t\t\t\t<li class=\"\">\n\t\t\t\t\t\t\t\t<a href=\"#\" class=\"yotu-video\" data-videoid=\"veZ2CeyFBNk\" data-title=\"Defensa de la escuela p\u00fablica\" title=\"Defensa de la escuela p\u00fablica\">\n\t\t\t\t\t<div class=\"yotu-video-thumb-wrp\">\n\t\t\t\t\t\t<div>\n\t\t\t\t\t\t\t\t\t\t\t\t\t\t<img decoding=\"async\" class=\"yotu-video-thumb\" src=\"https:\/\/i.ytimg.com\/vi\/veZ2CeyFBNk\/sddefault.jpg\" alt=\"Defensa de la escuela p\u00fablica\">\t\n\t\t\t\t\t\t\t\t\t\t\t\t\t<\/div>\n\t\t\t\t\t<\/div>\n\t\t\t\t\t\t\t\t\t\t\t<h3 class=\"yotu-video-title\">Defensa de la escuela p\u00fablica<\/h3>\n\t\t\t\t\t\t\t\t\t\t\t\t\t\t\t\t\t\t\t<\/a>\n\t\t\t\t<div class=\"yotuwp-video-meta\"><\/div>\t\t\t<\/li>\n\t\t\t\t\n\t\t\t\t\t\t<li class=\"\">\n\t\t\t\t\t\t\t\t<a href=\"#\" class=\"yotu-video\" data-videoid=\"hK7DO3RLjYQ\" data-title=\"\ud83c\udf39 \ud835\udc00 \ud835\udfd3\ud835\udfce \ud835\udc1a\ud835\udc27\u0303\ud835\udc28\ud835\udc2c \ud835\udc1d\ud835\udc1e\ud835\udc25 \ud835\udc06\ud835\udc28\ud835\udc25\ud835\udc29\ud835\udc1e: ESCUELA\ud83c\udf39\" title=\"\ud83c\udf39 \ud835\udc00 \ud835\udfd3\ud835\udfce \ud835\udc1a\ud835\udc27\u0303\ud835\udc28\ud835\udc2c \ud835\udc1d\ud835\udc1e\ud835\udc25 \ud835\udc06\ud835\udc28\ud835\udc25\ud835\udc29\ud835\udc1e: ESCUELA\ud83c\udf39\">\n\t\t\t\t\t<div class=\"yotu-video-thumb-wrp\">\n\t\t\t\t\t\t<div>\n\t\t\t\t\t\t\t\t\t\t\t\t\t\t<img decoding=\"async\" class=\"yotu-video-thumb\" src=\"https:\/\/i.ytimg.com\/vi\/hK7DO3RLjYQ\/sddefault.jpg\" alt=\"\ud83c\udf39 \ud835\udc00 \ud835\udfd3\ud835\udfce \ud835\udc1a\ud835\udc27\u0303\ud835\udc28\ud835\udc2c \ud835\udc1d\ud835\udc1e\ud835\udc25 \ud835\udc06\ud835\udc28\ud835\udc25\ud835\udc29\ud835\udc1e: ESCUELA\ud83c\udf39\">\t\n\t\t\t\t\t\t\t\t\t\t\t\t\t<\/div>\n\t\t\t\t\t<\/div>\n\t\t\t\t\t\t\t\t\t\t\t<h3 class=\"yotu-video-title\">\ud83c\udf39 \ud835\udc00 \ud835\udfd3\ud835\udfce \ud835\udc1a\ud835\udc27\u0303\ud835\udc28\ud835\udc2c \ud835\udc1d\ud835\udc1e\ud835\udc25 \ud835\udc06\ud835\udc28\ud835\udc25\ud835\udc29\ud835\udc1e: ESCUELA\ud83c\udf39<\/h3>\n\t\t\t\t\t\t\t\t\t\t\t\t\t\t\t\t\t\t\t<\/a>\n\t\t\t\t<div class=\"yotuwp-video-meta\"><\/div>\t\t\t<\/li>\n\t\t\t\t\n\t\t\t\t\t\t<li class=\"\">\n\t\t\t\t\t\t\t\t<a href=\"#\" class=\"yotu-video\" data-videoid=\"VFszcQMjjrk\" data-title=\"06 #todo para ayer | Vida y trabajo de ense\u00f1ar\" title=\"06 #todo para ayer | Vida y trabajo de ense\u00f1ar\">\n\t\t\t\t\t<div class=\"yotu-video-thumb-wrp\">\n\t\t\t\t\t\t<div>\n\t\t\t\t\t\t\t\t\t\t\t\t\t\t<img decoding=\"async\" class=\"yotu-video-thumb\" src=\"https:\/\/i.ytimg.com\/vi\/VFszcQMjjrk\/sddefault.jpg\" alt=\"06 #todo para ayer | Vida y trabajo de ense\u00f1ar\">\t\n\t\t\t\t\t\t\t\t\t\t\t\t\t<\/div>\n\t\t\t\t\t<\/div>\n\t\t\t\t\t\t\t\t\t\t\t<h3 class=\"yotu-video-title\">06 #todo para ayer | Vida y trabajo de ense\u00f1ar<\/h3>\n\t\t\t\t\t\t\t\t\t\t\t\t\t\t\t\t\t\t\t<\/a>\n\t\t\t\t<div class=\"yotuwp-video-meta\"><\/div>\t\t\t<\/li>\n\t\t\t\t\n\t\t\t\t\t\t<li class=\"\">\n\t\t\t\t\t\t\t\t<a href=\"#\" class=\"yotu-video\" data-videoid=\"z0DnzeF1bec\" data-title=\"05 #Veinticuatro siete  | Vida y trabajo de ense\u00f1ar\" title=\"05 #Veinticuatro siete  | Vida y trabajo de ense\u00f1ar\">\n\t\t\t\t\t<div class=\"yotu-video-thumb-wrp\">\n\t\t\t\t\t\t<div>\n\t\t\t\t\t\t\t\t\t\t\t\t\t\t<img decoding=\"async\" class=\"yotu-video-thumb\" src=\"https:\/\/i.ytimg.com\/vi\/z0DnzeF1bec\/sddefault.jpg\" alt=\"05 #Veinticuatro siete  | Vida y trabajo de ense\u00f1ar\">\t\n\t\t\t\t\t\t\t\t\t\t\t\t\t<\/div>\n\t\t\t\t\t<\/div>\n\t\t\t\t\t\t\t\t\t\t\t<h3 class=\"yotu-video-title\">05 #Veinticuatro siete  | Vida y trabajo de ense\u00f1ar<\/h3>\n\t\t\t\t\t\t\t\t\t\t\t\t\t\t\t\t\t\t\t<\/a>\n\t\t\t\t<div class=\"yotuwp-video-meta\"><\/div>\t\t\t<\/li>\n\t\t\t\t\n\t\t\t\t\t\t<li class=\"\">\n\t\t\t\t\t\t\t\t<a href=\"#\" class=\"yotu-video\" data-videoid=\"ny7qX3dAbKo\" data-title=\"04 #Es un mont\u00f3n | Vida y trabajo de ense\u00f1ar\" title=\"04 #Es un mont\u00f3n | Vida y trabajo de ense\u00f1ar\">\n\t\t\t\t\t<div class=\"yotu-video-thumb-wrp\">\n\t\t\t\t\t\t<div>\n\t\t\t\t\t\t\t\t\t\t\t\t\t\t<img decoding=\"async\" class=\"yotu-video-thumb\" src=\"https:\/\/i.ytimg.com\/vi\/ny7qX3dAbKo\/sddefault.jpg\" alt=\"04 #Es un mont\u00f3n | Vida y trabajo de ense\u00f1ar\">\t\n\t\t\t\t\t\t\t\t\t\t\t\t\t<\/div>\n\t\t\t\t\t<\/div>\n\t\t\t\t\t\t\t\t\t\t\t<h3 class=\"yotu-video-title\">04 #Es un mont\u00f3n | Vida y trabajo de ense\u00f1ar<\/h3>\n\t\t\t\t\t\t\t\t\t\t\t\t\t\t\t\t\t\t\t<\/a>\n\t\t\t\t<div class=\"yotuwp-video-meta\"><\/div>\t\t\t<\/li>\n\t\t\t\t\n\t\t\t\t\t\t<li class=\" yotu-last\">\n\t\t\t\t\t\t\t\t<a href=\"#\" class=\"yotu-video\" data-videoid=\"0Hv9JvyX354\" data-title=\"03 #Pausar para seguir | Vida y trabajo de ense\u00f1ar\" title=\"03 #Pausar para seguir | Vida y trabajo de ense\u00f1ar\">\n\t\t\t\t\t<div class=\"yotu-video-thumb-wrp\">\n\t\t\t\t\t\t<div>\n\t\t\t\t\t\t\t\t\t\t\t\t\t\t<img decoding=\"async\" class=\"yotu-video-thumb\" src=\"https:\/\/i.ytimg.com\/vi\/0Hv9JvyX354\/sddefault.jpg\" alt=\"03 #Pausar para seguir | Vida y trabajo de ense\u00f1ar\">\t\n\t\t\t\t\t\t\t\t\t\t\t\t\t<\/div>\n\t\t\t\t\t<\/div>\n\t\t\t\t\t\t\t\t\t\t\t<h3 class=\"yotu-video-title\">03 #Pausar para seguir | Vida y trabajo de ense\u00f1ar<\/h3>\n\t\t\t\t\t\t\t\t\t\t\t\t\t\t\t\t\t\t\t<\/a>\n\t\t\t\t<div class=\"yotuwp-video-meta\"><\/div>\t\t\t<\/li>\n\t\t\t\t\n\t\t\t\t<\/ul>\n\t<div class=\"yotuwp-bar\"><\/div>\n<\/div>\n<div class=\"yotu-pagination\">\n\t<a href=\"#\" class=\"yotu-pagination-more yotu-button-prs yotu-button-prs-1\" data-page=\"more\">Cargar m\u00e1s<\/a>\n<\/div>\n\t\t\t\t<\/div>\n\t\t\t<\/div>\n\t\t\t\n\n\n\n<div style=\"height:55px\" aria-hidden=\"true\" class=\"wp-block-spacer\"><\/div>\n\n\n\n<div class=\"wp-block-getwid-advanced-heading\" style=\"margin-bottom:0px\"><h4 class=\"wp-block-getwid-advanced-heading__content\" style=\"padding-bottom:0px\">ICIEC en Instagram<\/h4><\/div>\n\n\n\n<hr class=\"wp-block-separator has-css-opacity is-style-wide\"\/>\n\n\n\n<div id=\"sb_instagram\" role=\"region\" aria-label=\"Instagram feed\"  class=\"sbi sbi_mob_col_1 sbi_tab_col_2 sbi_col_4 sbi_width_resp\" style=\"padding-bottom: 24px;\"\t data-feedid=\"*1\"  data-res=\"auto\" data-cols=\"4\" data-colsmobile=\"1\" data-colstablet=\"2\" data-num=\"8\" data-nummobile=\"4\" data-item-padding=\"12\"\t data-shortcode-atts=\"{}\"  data-postid=\"17257\" data-locatornonce=\"4a95aabbae\" data-imageaspectratio=\"1:1\" data-sbi-flags=\"favorLocal\">\n\t\n\t<div id=\"sbi_images\" role=\"list\"  style=\"gap: 24px;\">\n\t\t<div class=\"sbi_item sbi_type_carousel sbi_new sbi_transition\" role=\"listitem\"\n\tid=\"sbi_17916741315429525\" data-date=\"1788183029\">\n\t<div class=\"sbi_photo_wrap\">\n\t\t<a class=\"sbi_photo\" href=\"https:\/\/www.instagram.com\/p\/DctMsb4oH1l\/\" target=\"_blank\" rel=\"noopener nofollow\"\n\t\t\tdata-full-res=\"https:\/\/instagram.faep22-1.fna.fbcdn.net\/v\/t39.30808-6\/784083220_1726737352794183_9071472488035737163_n.jpg?stp=dst-jpg_e35_tt6&#038;_nc_cat=102&#038;ccb=7-5&#038;_nc_sid=18de74&#038;efg=eyJlZmdfdGFnIjoiQ0FST1VTRUxfSVRFTS5iZXN0X2ltYWdlX3VybGdlbi5DMyJ9&#038;_nc_ohc=WjdzHNjHEVcQ7kNvwHQJFd3&#038;_nc_oc=Ado28iv7VRidjwNmyEu1F0plyNFJsZ5QfCnleXhgnngOsW6bH272P2Tqyb46s9HZv0A&#038;_nc_zt=23&#038;_nc_ht=instagram.faep22-1.fna&#038;edm=ANo9K5cEAAAA&#038;_nc_gid=iCHhni-4Jk-NUwXCNmdlqg&#038;_nc_tpa=Q5bMBQIvplgD9P1uhjjNAWWd30X4-9rsk9oC5dieERjzTel8BmXpONPNu7By53VyEF91Qztcu1ahrsEtmg&#038;oh=00_AQKl_qWawuucw9xkg36ZfjOj1Cu-9qdk2OhVFyxdc9S2Jg&#038;oe=6A9D5972\"\n\t\t\tdata-img-src-set=\"{&quot;d&quot;:&quot;https:\\\/\\\/instagram.faep22-1.fna.fbcdn.net\\\/v\\\/t39.30808-6\\\/784083220_1726737352794183_9071472488035737163_n.jpg?stp=dst-jpg_e35_tt6&amp;_nc_cat=102&amp;ccb=7-5&amp;_nc_sid=18de74&amp;efg=eyJlZmdfdGFnIjoiQ0FST1VTRUxfSVRFTS5iZXN0X2ltYWdlX3VybGdlbi5DMyJ9&amp;_nc_ohc=WjdzHNjHEVcQ7kNvwHQJFd3&amp;_nc_oc=Ado28iv7VRidjwNmyEu1F0plyNFJsZ5QfCnleXhgnngOsW6bH272P2Tqyb46s9HZv0A&amp;_nc_zt=23&amp;_nc_ht=instagram.faep22-1.fna&amp;edm=ANo9K5cEAAAA&amp;_nc_gid=iCHhni-4Jk-NUwXCNmdlqg&amp;_nc_tpa=Q5bMBQIvplgD9P1uhjjNAWWd30X4-9rsk9oC5dieERjzTel8BmXpONPNu7By53VyEF91Qztcu1ahrsEtmg&amp;oh=00_AQKl_qWawuucw9xkg36ZfjOj1Cu-9qdk2OhVFyxdc9S2Jg&amp;oe=6A9D5972&quot;,&quot;150&quot;:&quot;https:\\\/\\\/instagram.faep22-1.fna.fbcdn.net\\\/v\\\/t39.30808-6\\\/784083220_1726737352794183_9071472488035737163_n.jpg?stp=dst-jpg_e35_tt6&amp;_nc_cat=102&amp;ccb=7-5&amp;_nc_sid=18de74&amp;efg=eyJlZmdfdGFnIjoiQ0FST1VTRUxfSVRFTS5iZXN0X2ltYWdlX3VybGdlbi5DMyJ9&amp;_nc_ohc=WjdzHNjHEVcQ7kNvwHQJFd3&amp;_nc_oc=Ado28iv7VRidjwNmyEu1F0plyNFJsZ5QfCnleXhgnngOsW6bH272P2Tqyb46s9HZv0A&amp;_nc_zt=23&amp;_nc_ht=instagram.faep22-1.fna&amp;edm=ANo9K5cEAAAA&amp;_nc_gid=iCHhni-4Jk-NUwXCNmdlqg&amp;_nc_tpa=Q5bMBQIvplgD9P1uhjjNAWWd30X4-9rsk9oC5dieERjzTel8BmXpONPNu7By53VyEF91Qztcu1ahrsEtmg&amp;oh=00_AQKl_qWawuucw9xkg36ZfjOj1Cu-9qdk2OhVFyxdc9S2Jg&amp;oe=6A9D5972&quot;,&quot;320&quot;:&quot;https:\\\/\\\/instagram.faep22-1.fna.fbcdn.net\\\/v\\\/t39.30808-6\\\/784083220_1726737352794183_9071472488035737163_n.jpg?stp=dst-jpg_e35_tt6&amp;_nc_cat=102&amp;ccb=7-5&amp;_nc_sid=18de74&amp;efg=eyJlZmdfdGFnIjoiQ0FST1VTRUxfSVRFTS5iZXN0X2ltYWdlX3VybGdlbi5DMyJ9&amp;_nc_ohc=WjdzHNjHEVcQ7kNvwHQJFd3&amp;_nc_oc=Ado28iv7VRidjwNmyEu1F0plyNFJsZ5QfCnleXhgnngOsW6bH272P2Tqyb46s9HZv0A&amp;_nc_zt=23&amp;_nc_ht=instagram.faep22-1.fna&amp;edm=ANo9K5cEAAAA&amp;_nc_gid=iCHhni-4Jk-NUwXCNmdlqg&amp;_nc_tpa=Q5bMBQIvplgD9P1uhjjNAWWd30X4-9rsk9oC5dieERjzTel8BmXpONPNu7By53VyEF91Qztcu1ahrsEtmg&amp;oh=00_AQKl_qWawuucw9xkg36ZfjOj1Cu-9qdk2OhVFyxdc9S2Jg&amp;oe=6A9D5972&quot;,&quot;640&quot;:&quot;https:\\\/\\\/instagram.faep22-1.fna.fbcdn.net\\\/v\\\/t39.30808-6\\\/784083220_1726737352794183_9071472488035737163_n.jpg?stp=dst-jpg_e35_tt6&amp;_nc_cat=102&amp;ccb=7-5&amp;_nc_sid=18de74&amp;efg=eyJlZmdfdGFnIjoiQ0FST1VTRUxfSVRFTS5iZXN0X2ltYWdlX3VybGdlbi5DMyJ9&amp;_nc_ohc=WjdzHNjHEVcQ7kNvwHQJFd3&amp;_nc_oc=Ado28iv7VRidjwNmyEu1F0plyNFJsZ5QfCnleXhgnngOsW6bH272P2Tqyb46s9HZv0A&amp;_nc_zt=23&amp;_nc_ht=instagram.faep22-1.fna&amp;edm=ANo9K5cEAAAA&amp;_nc_gid=iCHhni-4Jk-NUwXCNmdlqg&amp;_nc_tpa=Q5bMBQIvplgD9P1uhjjNAWWd30X4-9rsk9oC5dieERjzTel8BmXpONPNu7By53VyEF91Qztcu1ahrsEtmg&amp;oh=00_AQKl_qWawuucw9xkg36ZfjOj1Cu-9qdk2OhVFyxdc9S2Jg&amp;oe=6A9D5972&quot;}\">\n\t\t\t<span class=\"sbi-screenreader\">\ud83c\udf99\ufe0f \u00bf\ud835\udde4\ud835\ude02\ud835\uddf2\u0301 \ud835\uddf1\ud835\uddf2\ud835\ude00\ud835\uddee\ud835\uddf3\ud835\uddf6\u0301\ud835\uddfc\ud835\ude00 \ud835\uddf2\ud835\uddfb\ud835\uddf3\ud835\uddff\ud835\uddf2\ud835\uddfb\ud835\ude01\ud835\uddee \ud835\uddf5\ud835\uddfc\ud835\ude06 \ud835\uddf9\ud835\uddee \ud835\uddf2\ud835\uddf1\ud835\ude02\ud835\uddf0\ud835\uddee\ud835\uddf0\ud835\uddf6\ud835\uddfc\u0301\ud835\uddfb \ud835\uddfd\ud835\ude02\u0301\ud835\uddef<\/span>\n\t\t\t<svg class=\"svg-inline--fa fa-clone fa-w-16 sbi_lightbox_carousel_icon\" aria-hidden=\"true\" aria-label=\"Clone\" data-fa-pro\u0192cessed=\"\" data-prefix=\"far\" data-icon=\"clone\" role=\"img\" xmlns=\"http:\/\/www.w3.org\/2000\/svg\" viewBox=\"0 0 512 512\">\n                    <path fill=\"currentColor\" d=\"M464 0H144c-26.51 0-48 21.49-48 48v48H48c-26.51 0-48 21.49-48 48v320c0 26.51 21.49 48 48 48h320c26.51 0 48-21.49 48-48v-48h48c26.51 0 48-21.49 48-48V48c0-26.51-21.49-48-48-48zM362 464H54a6 6 0 0 1-6-6V150a6 6 0 0 1 6-6h42v224c0 26.51 21.49 48 48 48h224v42a6 6 0 0 1-6 6zm96-96H150a6 6 0 0 1-6-6V54a6 6 0 0 1 6-6h308a6 6 0 0 1 6 6v308a6 6 0 0 1-6 6z\"><\/path>\n                <\/svg>\t\t\t\t\t\t<img decoding=\"async\" src=\"https:\/\/uepc.org.ar\/conectate\/wp-content\/plugins\/instagram-feed\/img\/placeholder.png\" alt=\"\ud83c\udf99\ufe0f \u00bf\ud835\udde4\ud835\ude02\ud835\uddf2\u0301 \ud835\uddf1\ud835\uddf2\ud835\ude00\ud835\uddee\ud835\uddf3\ud835\uddf6\u0301\ud835\uddfc\ud835\ude00 \ud835\uddf2\ud835\uddfb\ud835\uddf3\ud835\uddff\ud835\uddf2\ud835\uddfb\ud835\ude01\ud835\uddee \ud835\uddf5\ud835\uddfc\ud835\ude06 \ud835\uddf9\ud835\uddee \ud835\uddf2\ud835\uddf1\ud835\ude02\ud835\uddf0\ud835\uddee\ud835\uddf0\ud835\uddf6\ud835\uddfc\u0301\ud835\uddfb \ud835\uddfd\ud835\ude02\u0301\ud835\uddef\ud835\uddf9\ud835\uddf6\ud835\uddf0\ud835\uddee? \u00bf\ud835\uddd6\ud835\uddfc\u0301\ud835\uddfa\ud835\uddfc \ud835\uddf1\ud835\uddf2\ud835\uddf3\ud835\uddf2\ud835\uddfb\ud835\uddf1\ud835\uddf2\ud835\uddfa\ud835\uddfc\ud835\ude00 \ud835\uddf9\ud835\uddee \ud835\uddf2\ud835\ude00\ud835\uddf0\ud835\ude02\ud835\uddf2\ud835\uddf9\ud835\uddee \ud835\uddfe\ud835\ude02\ud835\uddf2 \ud835\uddfe\ud835\ude02\ud835\uddf2\ud835\uddff\ud835\uddf2\ud835\uddfa\ud835\uddfc\ud835\ude00?\n\nEn este primer recorrido recuperamos las voces que nos invitan a pensar el presente y el futuro de la educaci\u00f3n: el avance de la mercantilizaci\u00f3n, la defensa de la educaci\u00f3n como derecho y la necesidad de construir, desde las escuelas y las organizaciones docentes, alternativas pedag\u00f3gicas para nuestro tiempo.\n\nPorque defender la escuela p\u00fablica no es solo resistir. Tambi\u00e9n es imaginar, crear y fortalecer proyectos educativos que ampl\u00eden derechos y hagan de la escuela un espacio de encuentro, democracia y construcci\u00f3n colectiva.\n\n\ud83d\udcf2 Desliz\u00e1 las placas y escuch\u00e1 estos fragmentos de la entrevista.\n\n\u25b6\ufe0f \ud835\udde0\ud835\uddf6\ud835\uddff\ud835\uddee\u0301 \ud835\uddf9\ud835\uddee \ud835\uddf2\ud835\uddfb\ud835\ude01\ud835\uddff\ud835\uddf2\ud835\ude03\ud835\uddf6\ud835\ude00\ud835\ude01\ud835\uddee \ud835\uddf0\ud835\uddfc\ud835\uddfa\ud835\uddfd\ud835\uddf9\ud835\uddf2\ud835\ude01\ud835\uddee \ud835\uddf2\ud835\uddfb \ud835\uddfb\ud835\ude02\ud835\uddf2\ud835\ude00\ud835\ude01\ud835\uddff\ud835\uddee \ud835\ude04\ud835\uddf2\ud835\uddef.\n\n#\ud835\ude0c\ud835\ude25\ud835\ude36\ud835\ude24\ud835\ude22\ud835\ude24\ud835\ude2a\ud835\ude30\u0301\ud835\ude2f\ud835\ude17\ud835\ude36\u0301\ud835\ude23\ud835\ude2d\ud835\ude2a\ud835\ude24\ud835\ude22 #\ud835\ude0c\ud835\ude34\ud835\ude24\ud835\ude36\ud835\ude26\ud835\ude2d\ud835\ude22\ud835\ude17\ud835\ude36\u0301\ud835\ude23\ud835\ude2d\ud835\ude2a\ud835\ude24\ud835\ude22 #\ud835\ude10\ud835\ude0a\ud835\ude10\ud835\ude0c\ud835\ude0a #\ud835\ude1c\ud835\ude0c\ud835\ude17\ud835\ude0a #\ud835\ude17\ud835\ude26\ud835\ude25\ud835\ude22\ud835\ude28\ud835\ude30\ud835\ude28\ud835\ude2a\u0301\ud835\ude22 #\ud835\ude0b\ud835\ude30\ud835\ude24\ud835\ude26\ud835\ude2f\ud835\ude35\ud835\ude26\ud835\ude34 #\ud835\ude08\ud835\ude2e\ud835\ude26\u0301\ud835\ude33\ud835\ude2a\ud835\ude24\ud835\ude22\ud835\ude13\ud835\ude22\ud835\ude35\ud835\ude2a\ud835\ude2f\ud835\ude22\" aria-hidden=\"true\">\n\t\t<\/a>\n\t<\/div>\n<\/div><div class=\"sbi_item sbi_type_image sbi_new sbi_transition\" role=\"listitem\"\n\tid=\"sbi_17964937665152032\" data-date=\"1787755657\">\n\t<div class=\"sbi_photo_wrap\">\n\t\t<a class=\"sbi_photo\" href=\"https:\/\/www.instagram.com\/p\/Dcgdi78mvKw\/\" target=\"_blank\" rel=\"noopener nofollow\"\n\t\t\tdata-full-res=\"https:\/\/instagram.faep11-2.fna.fbcdn.net\/v\/t39.30808-6\/788231308_1726800629454522_7933546064092463856_n.jpg?stp=dst-jpg_e35_tt6&#038;_nc_cat=106&#038;ccb=7-5&#038;_nc_sid=18de74&#038;efg=eyJlZmdfdGFnIjoiRkVFRC5iZXN0X2ltYWdlX3VybGdlbi5DMyJ9&#038;_nc_ohc=wBk9mPz2NA4Q7kNvwErDJOY&#038;_nc_oc=Adr-AaQN_gLlub6juOhnFgZaBwtdnFL-QQjCHwd-dOSCq3dkRj-nDUz7LBOu3XC2z9E&#038;_nc_zt=23&#038;_nc_ht=instagram.faep11-2.fna&#038;edm=ANo9K5cEAAAA&#038;_nc_gid=iCHhni-4Jk-NUwXCNmdlqg&#038;_nc_tpa=Q5bMBQLX6_pKdjB4umbTuD99n_Hs4TErCcDB7FHPNXNICE6WJt0P6o865_vfaVvZviDxcvKtTT89DHuqAw&#038;oh=00_AQKSCVMCvJSjhQG-N8PpaChc6fJFbeLrZ8pCC_kBTR2Rfg&#038;oe=6A9D6B0D\"\n\t\t\tdata-img-src-set=\"{&quot;d&quot;:&quot;https:\\\/\\\/instagram.faep11-2.fna.fbcdn.net\\\/v\\\/t39.30808-6\\\/788231308_1726800629454522_7933546064092463856_n.jpg?stp=dst-jpg_e35_tt6&amp;_nc_cat=106&amp;ccb=7-5&amp;_nc_sid=18de74&amp;efg=eyJlZmdfdGFnIjoiRkVFRC5iZXN0X2ltYWdlX3VybGdlbi5DMyJ9&amp;_nc_ohc=wBk9mPz2NA4Q7kNvwErDJOY&amp;_nc_oc=Adr-AaQN_gLlub6juOhnFgZaBwtdnFL-QQjCHwd-dOSCq3dkRj-nDUz7LBOu3XC2z9E&amp;_nc_zt=23&amp;_nc_ht=instagram.faep11-2.fna&amp;edm=ANo9K5cEAAAA&amp;_nc_gid=iCHhni-4Jk-NUwXCNmdlqg&amp;_nc_tpa=Q5bMBQLX6_pKdjB4umbTuD99n_Hs4TErCcDB7FHPNXNICE6WJt0P6o865_vfaVvZviDxcvKtTT89DHuqAw&amp;oh=00_AQKSCVMCvJSjhQG-N8PpaChc6fJFbeLrZ8pCC_kBTR2Rfg&amp;oe=6A9D6B0D&quot;,&quot;150&quot;:&quot;https:\\\/\\\/instagram.faep11-2.fna.fbcdn.net\\\/v\\\/t39.30808-6\\\/788231308_1726800629454522_7933546064092463856_n.jpg?stp=dst-jpg_e35_tt6&amp;_nc_cat=106&amp;ccb=7-5&amp;_nc_sid=18de74&amp;efg=eyJlZmdfdGFnIjoiRkVFRC5iZXN0X2ltYWdlX3VybGdlbi5DMyJ9&amp;_nc_ohc=wBk9mPz2NA4Q7kNvwErDJOY&amp;_nc_oc=Adr-AaQN_gLlub6juOhnFgZaBwtdnFL-QQjCHwd-dOSCq3dkRj-nDUz7LBOu3XC2z9E&amp;_nc_zt=23&amp;_nc_ht=instagram.faep11-2.fna&amp;edm=ANo9K5cEAAAA&amp;_nc_gid=iCHhni-4Jk-NUwXCNmdlqg&amp;_nc_tpa=Q5bMBQLX6_pKdjB4umbTuD99n_Hs4TErCcDB7FHPNXNICE6WJt0P6o865_vfaVvZviDxcvKtTT89DHuqAw&amp;oh=00_AQKSCVMCvJSjhQG-N8PpaChc6fJFbeLrZ8pCC_kBTR2Rfg&amp;oe=6A9D6B0D&quot;,&quot;320&quot;:&quot;https:\\\/\\\/instagram.faep11-2.fna.fbcdn.net\\\/v\\\/t39.30808-6\\\/788231308_1726800629454522_7933546064092463856_n.jpg?stp=dst-jpg_e35_tt6&amp;_nc_cat=106&amp;ccb=7-5&amp;_nc_sid=18de74&amp;efg=eyJlZmdfdGFnIjoiRkVFRC5iZXN0X2ltYWdlX3VybGdlbi5DMyJ9&amp;_nc_ohc=wBk9mPz2NA4Q7kNvwErDJOY&amp;_nc_oc=Adr-AaQN_gLlub6juOhnFgZaBwtdnFL-QQjCHwd-dOSCq3dkRj-nDUz7LBOu3XC2z9E&amp;_nc_zt=23&amp;_nc_ht=instagram.faep11-2.fna&amp;edm=ANo9K5cEAAAA&amp;_nc_gid=iCHhni-4Jk-NUwXCNmdlqg&amp;_nc_tpa=Q5bMBQLX6_pKdjB4umbTuD99n_Hs4TErCcDB7FHPNXNICE6WJt0P6o865_vfaVvZviDxcvKtTT89DHuqAw&amp;oh=00_AQKSCVMCvJSjhQG-N8PpaChc6fJFbeLrZ8pCC_kBTR2Rfg&amp;oe=6A9D6B0D&quot;,&quot;640&quot;:&quot;https:\\\/\\\/instagram.faep11-2.fna.fbcdn.net\\\/v\\\/t39.30808-6\\\/788231308_1726800629454522_7933546064092463856_n.jpg?stp=dst-jpg_e35_tt6&amp;_nc_cat=106&amp;ccb=7-5&amp;_nc_sid=18de74&amp;efg=eyJlZmdfdGFnIjoiRkVFRC5iZXN0X2ltYWdlX3VybGdlbi5DMyJ9&amp;_nc_ohc=wBk9mPz2NA4Q7kNvwErDJOY&amp;_nc_oc=Adr-AaQN_gLlub6juOhnFgZaBwtdnFL-QQjCHwd-dOSCq3dkRj-nDUz7LBOu3XC2z9E&amp;_nc_zt=23&amp;_nc_ht=instagram.faep11-2.fna&amp;edm=ANo9K5cEAAAA&amp;_nc_gid=iCHhni-4Jk-NUwXCNmdlqg&amp;_nc_tpa=Q5bMBQLX6_pKdjB4umbTuD99n_Hs4TErCcDB7FHPNXNICE6WJt0P6o865_vfaVvZviDxcvKtTT89DHuqAw&amp;oh=00_AQKSCVMCvJSjhQG-N8PpaChc6fJFbeLrZ8pCC_kBTR2Rfg&amp;oe=6A9D6B0D&quot;}\">\n\t\t\t<span class=\"sbi-screenreader\">\ud83d\udcdaDi\u00e1logos necesarios para acompa\u00f1ar la escuela: In<\/span>\n\t\t\t\t\t\t\t\t\t<img decoding=\"async\" src=\"https:\/\/uepc.org.ar\/conectate\/wp-content\/plugins\/instagram-feed\/img\/placeholder.png\" alt=\"\ud83d\udcdaDi\u00e1logos necesarios para acompa\u00f1ar la escuela: Inteligencia Artificial (IA)\n\nLa Inteligencia Artificial ya forma parte de nuestras conversaciones, nuestras pr\u00e1cticas y tambi\u00e9n de los desaf\u00edos que atraviesan a la escuela. \u00bfQu\u00e9 preguntas abre para la ense\u00f1anza? \u00bfC\u00f3mo interpela el trabajo docente y los roles de gesti\u00f3n? \n\nEn esta 3\u00b0 Jornada Pedag\u00f3gica de UEPC nos proponemos abrir un espacio de encuentro, reflexi\u00f3n y debate junto a: \n\n\ud83d\udd39 Laura Penacca, especialista en Educaci\u00f3n y Tecnolog\u00edas, quien compartir\u00e1 experiencias y perspectivas sobre el uso de la IA en la escuela.\n\n\ud83d\udd39 Anabella D\u00edaz, docente, formadora e investigadora, para pensar la lectura y la escritura profesional docente en tiempos de IA.\n\n\ud83d\udd39 Dar\u00edo Sandrone, investigador especializado en Filosof\u00eda de la Tecnolog\u00eda y cultura t\u00e9cnica, quien nos invitar\u00e1 a profundizar el debate sobre IA, trabajo docente y filosof\u00eda.\n\n\ud83d\uddd3 S\u00e1bado 5 de septiembre\n\ud83d\udd57 De 8 a 15 h\n\ud83d\udccd Pabell\u00f3n Argentina \u2013 Universidad Nacional de C\u00f3rdoba\n\nUna jornada para encontrarnos, hacernos preguntas y construir colectivamente miradas sobre los desaf\u00edos que la IA plantea hoy a la escuela y al trabajo de ense\u00f1ar.\n\n\ud83d\udc49 \u00a1Inscripciones en el formulario disponible en la bio!\n\nUEPC, acompa\u00f1ando el trabajo de ense\u00f1ar, construimos presente y proyectamos futuro\n\n#UEPC #JornadaPedag\u00f3gica #InteligenciaArtificial #IA #TrabajoDocente #Educaci\u00f3n #Escuela\" aria-hidden=\"true\">\n\t\t<\/a>\n\t<\/div>\n<\/div><div class=\"sbi_item sbi_type_carousel sbi_new sbi_transition\" role=\"listitem\"\n\tid=\"sbi_18106757483175664\" data-date=\"1787749056\">\n\t<div class=\"sbi_photo_wrap\">\n\t\t<a class=\"sbi_photo\" href=\"https:\/\/www.instagram.com\/p\/DcgQ9PKmuc7\/\" target=\"_blank\" rel=\"noopener nofollow\"\n\t\t\tdata-full-res=\"https:\/\/instagram.faep11-2.fna.fbcdn.net\/v\/t39.30808-6\/787287916_1725783546222897_1313281576983344905_n.jpg?stp=dst-jpg_e35_tt6&#038;_nc_cat=106&#038;ccb=7-5&#038;_nc_sid=18de74&#038;efg=eyJlZmdfdGFnIjoiQ0FST1VTRUxfSVRFTS5iZXN0X2ltYWdlX3VybGdlbi5DMyJ9&#038;_nc_ohc=G6s0wefEwggQ7kNvwGm8OH4&#038;_nc_oc=AdrWuOTpW1m6XthFv7EITBOK7rwplqo6zeFN8E90s6nHlH4L64b5W0ojPZDVd8oWEy4&#038;_nc_zt=23&#038;_nc_ht=instagram.faep11-2.fna&#038;edm=ANo9K5cEAAAA&#038;_nc_gid=iCHhni-4Jk-NUwXCNmdlqg&#038;_nc_tpa=Q5bMBQIp5GQeX5XI1G2IyWPMremFp0pT-jzgMTUCj8Ild_Ayej81Z8tRdlhaLnRHyG7lF2R5Es3Ou4jyhA&#038;oh=00_AQLKLXbfdd7vyhnutAcGdg3vDABNvryRy4VBj9gryFuonQ&#038;oe=6A9D5B39\"\n\t\t\tdata-img-src-set=\"{&quot;d&quot;:&quot;https:\\\/\\\/instagram.faep11-2.fna.fbcdn.net\\\/v\\\/t39.30808-6\\\/787287916_1725783546222897_1313281576983344905_n.jpg?stp=dst-jpg_e35_tt6&amp;_nc_cat=106&amp;ccb=7-5&amp;_nc_sid=18de74&amp;efg=eyJlZmdfdGFnIjoiQ0FST1VTRUxfSVRFTS5iZXN0X2ltYWdlX3VybGdlbi5DMyJ9&amp;_nc_ohc=G6s0wefEwggQ7kNvwGm8OH4&amp;_nc_oc=AdrWuOTpW1m6XthFv7EITBOK7rwplqo6zeFN8E90s6nHlH4L64b5W0ojPZDVd8oWEy4&amp;_nc_zt=23&amp;_nc_ht=instagram.faep11-2.fna&amp;edm=ANo9K5cEAAAA&amp;_nc_gid=iCHhni-4Jk-NUwXCNmdlqg&amp;_nc_tpa=Q5bMBQIp5GQeX5XI1G2IyWPMremFp0pT-jzgMTUCj8Ild_Ayej81Z8tRdlhaLnRHyG7lF2R5Es3Ou4jyhA&amp;oh=00_AQLKLXbfdd7vyhnutAcGdg3vDABNvryRy4VBj9gryFuonQ&amp;oe=6A9D5B39&quot;,&quot;150&quot;:&quot;https:\\\/\\\/instagram.faep11-2.fna.fbcdn.net\\\/v\\\/t39.30808-6\\\/787287916_1725783546222897_1313281576983344905_n.jpg?stp=dst-jpg_e35_tt6&amp;_nc_cat=106&amp;ccb=7-5&amp;_nc_sid=18de74&amp;efg=eyJlZmdfdGFnIjoiQ0FST1VTRUxfSVRFTS5iZXN0X2ltYWdlX3VybGdlbi5DMyJ9&amp;_nc_ohc=G6s0wefEwggQ7kNvwGm8OH4&amp;_nc_oc=AdrWuOTpW1m6XthFv7EITBOK7rwplqo6zeFN8E90s6nHlH4L64b5W0ojPZDVd8oWEy4&amp;_nc_zt=23&amp;_nc_ht=instagram.faep11-2.fna&amp;edm=ANo9K5cEAAAA&amp;_nc_gid=iCHhni-4Jk-NUwXCNmdlqg&amp;_nc_tpa=Q5bMBQIp5GQeX5XI1G2IyWPMremFp0pT-jzgMTUCj8Ild_Ayej81Z8tRdlhaLnRHyG7lF2R5Es3Ou4jyhA&amp;oh=00_AQLKLXbfdd7vyhnutAcGdg3vDABNvryRy4VBj9gryFuonQ&amp;oe=6A9D5B39&quot;,&quot;320&quot;:&quot;https:\\\/\\\/instagram.faep11-2.fna.fbcdn.net\\\/v\\\/t39.30808-6\\\/787287916_1725783546222897_1313281576983344905_n.jpg?stp=dst-jpg_e35_tt6&amp;_nc_cat=106&amp;ccb=7-5&amp;_nc_sid=18de74&amp;efg=eyJlZmdfdGFnIjoiQ0FST1VTRUxfSVRFTS5iZXN0X2ltYWdlX3VybGdlbi5DMyJ9&amp;_nc_ohc=G6s0wefEwggQ7kNvwGm8OH4&amp;_nc_oc=AdrWuOTpW1m6XthFv7EITBOK7rwplqo6zeFN8E90s6nHlH4L64b5W0ojPZDVd8oWEy4&amp;_nc_zt=23&amp;_nc_ht=instagram.faep11-2.fna&amp;edm=ANo9K5cEAAAA&amp;_nc_gid=iCHhni-4Jk-NUwXCNmdlqg&amp;_nc_tpa=Q5bMBQIp5GQeX5XI1G2IyWPMremFp0pT-jzgMTUCj8Ild_Ayej81Z8tRdlhaLnRHyG7lF2R5Es3Ou4jyhA&amp;oh=00_AQLKLXbfdd7vyhnutAcGdg3vDABNvryRy4VBj9gryFuonQ&amp;oe=6A9D5B39&quot;,&quot;640&quot;:&quot;https:\\\/\\\/instagram.faep11-2.fna.fbcdn.net\\\/v\\\/t39.30808-6\\\/787287916_1725783546222897_1313281576983344905_n.jpg?stp=dst-jpg_e35_tt6&amp;_nc_cat=106&amp;ccb=7-5&amp;_nc_sid=18de74&amp;efg=eyJlZmdfdGFnIjoiQ0FST1VTRUxfSVRFTS5iZXN0X2ltYWdlX3VybGdlbi5DMyJ9&amp;_nc_ohc=G6s0wefEwggQ7kNvwGm8OH4&amp;_nc_oc=AdrWuOTpW1m6XthFv7EITBOK7rwplqo6zeFN8E90s6nHlH4L64b5W0ojPZDVd8oWEy4&amp;_nc_zt=23&amp;_nc_ht=instagram.faep11-2.fna&amp;edm=ANo9K5cEAAAA&amp;_nc_gid=iCHhni-4Jk-NUwXCNmdlqg&amp;_nc_tpa=Q5bMBQIp5GQeX5XI1G2IyWPMremFp0pT-jzgMTUCj8Ild_Ayej81Z8tRdlhaLnRHyG7lF2R5Es3Ou4jyhA&amp;oh=00_AQLKLXbfdd7vyhnutAcGdg3vDABNvryRy4VBj9gryFuonQ&amp;oe=6A9D5B39&quot;}\">\n\t\t\t<span class=\"sbi-screenreader\">\ud83d\udcda Acompa\u00f1amos el trabajo de ense\u00f1ar y la escuela p<\/span>\n\t\t\t<svg class=\"svg-inline--fa fa-clone fa-w-16 sbi_lightbox_carousel_icon\" aria-hidden=\"true\" aria-label=\"Clone\" data-fa-pro\u0192cessed=\"\" data-prefix=\"far\" data-icon=\"clone\" role=\"img\" xmlns=\"http:\/\/www.w3.org\/2000\/svg\" viewBox=\"0 0 512 512\">\n                    <path fill=\"currentColor\" d=\"M464 0H144c-26.51 0-48 21.49-48 48v48H48c-26.51 0-48 21.49-48 48v320c0 26.51 21.49 48 48 48h320c26.51 0 48-21.49 48-48v-48h48c26.51 0 48-21.49 48-48V48c0-26.51-21.49-48-48-48zM362 464H54a6 6 0 0 1-6-6V150a6 6 0 0 1 6-6h42v224c0 26.51 21.49 48 48 48h224v42a6 6 0 0 1-6 6zm96-96H150a6 6 0 0 1-6-6V54a6 6 0 0 1 6-6h308a6 6 0 0 1 6 6v308a6 6 0 0 1-6 6z\"><\/path>\n                <\/svg>\t\t\t\t\t\t<img decoding=\"async\" src=\"https:\/\/uepc.org.ar\/conectate\/wp-content\/plugins\/instagram-feed\/img\/placeholder.png\" alt=\"\ud83d\udcda Acompa\u00f1amos el trabajo de ense\u00f1ar y la escuela p\u00fablica\n\nDesde la Secretar\u00eda de Educaci\u00f3n de UEPC, seguimos construyendo propuestas de formaci\u00f3n, acompa\u00f1amiento y producci\u00f3n colectiva de saberes junto a docentes y equipos de gesti\u00f3n de toda la provincia.\n\nDetr\u00e1s de cada n\u00famero hay compa\u00f1eras y compa\u00f1eros que participan, se forman, comparten experiencias y construyen herramientas para las escuelas.\n\nPorque acompa\u00f1ar el trabajo docente tambi\u00e9n es fortalecer y defender la escuela p\u00fablica.\n\nUEPC, acompa\u00f1ando el trabajo de ense\u00f1ar, construimos presente y proyectamos futuro\n\n#UEPC #Secretar\u00edaDeEducaci\u00f3n #Formaci\u00f3nDocente #EscuelaP\u00fabica #Educaci\u00f3n #Docentes\" aria-hidden=\"true\">\n\t\t<\/a>\n\t<\/div>\n<\/div><div class=\"sbi_item sbi_type_carousel sbi_new sbi_transition\" role=\"listitem\"\n\tid=\"sbi_18067935698759271\" data-date=\"1787675417\">\n\t<div class=\"sbi_photo_wrap\">\n\t\t<a class=\"sbi_photo\" href=\"https:\/\/www.instagram.com\/p\/DceEgI4lK4n\/\" target=\"_blank\" rel=\"noopener nofollow\"\n\t\t\tdata-full-res=\"https:\/\/instagram.faep11-2.fna.fbcdn.net\/v\/t39.30808-6\/780127107_1725563096244942_6521811740731836897_n.jpg?stp=dst-jpg_e35_tt6&#038;_nc_cat=107&#038;ccb=7-5&#038;_nc_sid=18de74&#038;efg=eyJlZmdfdGFnIjoiQ0FST1VTRUxfSVRFTS5iZXN0X2ltYWdlX3VybGdlbi5DMyJ9&#038;_nc_ohc=XoNvxqyIKRsQ7kNvwG5s1me&#038;_nc_oc=AdpFaGv9hOpNxvkQJhFvWbeTYM5Z7gWPcEC9H3o671iZwzcjQGZmmkcLvwL2PQkzT8c&#038;_nc_zt=23&#038;_nc_ht=instagram.faep11-2.fna&#038;edm=ANo9K5cEAAAA&#038;_nc_gid=iCHhni-4Jk-NUwXCNmdlqg&#038;_nc_tpa=Q5bMBQJDP4g_9okZ-JLjEBsJqOGGw3n1iRDbw-Z4DH6aXl-JlfeGlCalpdnZBYORkGbCxG1YWtkJ6jqWSQ&#038;oh=00_AQKjyrx82_wU5cC7ukntOipyZcFNx-KJVB-NyeJhcqPubg&#038;oe=6A9D7277\"\n\t\t\tdata-img-src-set=\"{&quot;d&quot;:&quot;https:\\\/\\\/instagram.faep11-2.fna.fbcdn.net\\\/v\\\/t39.30808-6\\\/780127107_1725563096244942_6521811740731836897_n.jpg?stp=dst-jpg_e35_tt6&amp;_nc_cat=107&amp;ccb=7-5&amp;_nc_sid=18de74&amp;efg=eyJlZmdfdGFnIjoiQ0FST1VTRUxfSVRFTS5iZXN0X2ltYWdlX3VybGdlbi5DMyJ9&amp;_nc_ohc=XoNvxqyIKRsQ7kNvwG5s1me&amp;_nc_oc=AdpFaGv9hOpNxvkQJhFvWbeTYM5Z7gWPcEC9H3o671iZwzcjQGZmmkcLvwL2PQkzT8c&amp;_nc_zt=23&amp;_nc_ht=instagram.faep11-2.fna&amp;edm=ANo9K5cEAAAA&amp;_nc_gid=iCHhni-4Jk-NUwXCNmdlqg&amp;_nc_tpa=Q5bMBQJDP4g_9okZ-JLjEBsJqOGGw3n1iRDbw-Z4DH6aXl-JlfeGlCalpdnZBYORkGbCxG1YWtkJ6jqWSQ&amp;oh=00_AQKjyrx82_wU5cC7ukntOipyZcFNx-KJVB-NyeJhcqPubg&amp;oe=6A9D7277&quot;,&quot;150&quot;:&quot;https:\\\/\\\/instagram.faep11-2.fna.fbcdn.net\\\/v\\\/t39.30808-6\\\/780127107_1725563096244942_6521811740731836897_n.jpg?stp=dst-jpg_e35_tt6&amp;_nc_cat=107&amp;ccb=7-5&amp;_nc_sid=18de74&amp;efg=eyJlZmdfdGFnIjoiQ0FST1VTRUxfSVRFTS5iZXN0X2ltYWdlX3VybGdlbi5DMyJ9&amp;_nc_ohc=XoNvxqyIKRsQ7kNvwG5s1me&amp;_nc_oc=AdpFaGv9hOpNxvkQJhFvWbeTYM5Z7gWPcEC9H3o671iZwzcjQGZmmkcLvwL2PQkzT8c&amp;_nc_zt=23&amp;_nc_ht=instagram.faep11-2.fna&amp;edm=ANo9K5cEAAAA&amp;_nc_gid=iCHhni-4Jk-NUwXCNmdlqg&amp;_nc_tpa=Q5bMBQJDP4g_9okZ-JLjEBsJqOGGw3n1iRDbw-Z4DH6aXl-JlfeGlCalpdnZBYORkGbCxG1YWtkJ6jqWSQ&amp;oh=00_AQKjyrx82_wU5cC7ukntOipyZcFNx-KJVB-NyeJhcqPubg&amp;oe=6A9D7277&quot;,&quot;320&quot;:&quot;https:\\\/\\\/instagram.faep11-2.fna.fbcdn.net\\\/v\\\/t39.30808-6\\\/780127107_1725563096244942_6521811740731836897_n.jpg?stp=dst-jpg_e35_tt6&amp;_nc_cat=107&amp;ccb=7-5&amp;_nc_sid=18de74&amp;efg=eyJlZmdfdGFnIjoiQ0FST1VTRUxfSVRFTS5iZXN0X2ltYWdlX3VybGdlbi5DMyJ9&amp;_nc_ohc=XoNvxqyIKRsQ7kNvwG5s1me&amp;_nc_oc=AdpFaGv9hOpNxvkQJhFvWbeTYM5Z7gWPcEC9H3o671iZwzcjQGZmmkcLvwL2PQkzT8c&amp;_nc_zt=23&amp;_nc_ht=instagram.faep11-2.fna&amp;edm=ANo9K5cEAAAA&amp;_nc_gid=iCHhni-4Jk-NUwXCNmdlqg&amp;_nc_tpa=Q5bMBQJDP4g_9okZ-JLjEBsJqOGGw3n1iRDbw-Z4DH6aXl-JlfeGlCalpdnZBYORkGbCxG1YWtkJ6jqWSQ&amp;oh=00_AQKjyrx82_wU5cC7ukntOipyZcFNx-KJVB-NyeJhcqPubg&amp;oe=6A9D7277&quot;,&quot;640&quot;:&quot;https:\\\/\\\/instagram.faep11-2.fna.fbcdn.net\\\/v\\\/t39.30808-6\\\/780127107_1725563096244942_6521811740731836897_n.jpg?stp=dst-jpg_e35_tt6&amp;_nc_cat=107&amp;ccb=7-5&amp;_nc_sid=18de74&amp;efg=eyJlZmdfdGFnIjoiQ0FST1VTRUxfSVRFTS5iZXN0X2ltYWdlX3VybGdlbi5DMyJ9&amp;_nc_ohc=XoNvxqyIKRsQ7kNvwG5s1me&amp;_nc_oc=AdpFaGv9hOpNxvkQJhFvWbeTYM5Z7gWPcEC9H3o671iZwzcjQGZmmkcLvwL2PQkzT8c&amp;_nc_zt=23&amp;_nc_ht=instagram.faep11-2.fna&amp;edm=ANo9K5cEAAAA&amp;_nc_gid=iCHhni-4Jk-NUwXCNmdlqg&amp;_nc_tpa=Q5bMBQJDP4g_9okZ-JLjEBsJqOGGw3n1iRDbw-Z4DH6aXl-JlfeGlCalpdnZBYORkGbCxG1YWtkJ6jqWSQ&amp;oh=00_AQKjyrx82_wU5cC7ukntOipyZcFNx-KJVB-NyeJhcqPubg&amp;oe=6A9D7277&quot;}\">\n\t\t\t<span class=\"sbi-screenreader\">\ud83d\udcda \u00bf\ud835\uddd6\ud835\uddfc\u0301\ud835\uddfa\ud835\uddfc \ud835\uddf6\ud835\uddfa\ud835\uddfd\ud835\uddee\ud835\uddf0\ud835\ude01\ud835\uddee\ud835\uddfb \ud835\uddf9\ud835\uddee\ud835\ude00 \ud835\uddfd\ud835\uddfc\ud835\uddf9\ud835\uddf6\u0301\ud835\ude01\ud835\uddf6\ud835\uddf0\ud835\uddee\ud835\ude00 \ud835\uddfb\ud835\uddf2\ud835\uddfc\ud835\uddf9\ud835\uddf6\ud835\uddef\ud835\uddf2\ud835\uddff\ud835\uddee\ud835\uddf9\ud835\uddf2\ud835\ude00 \ud835\uddf2\ud835\uddfb \ud835\uddf9<\/span>\n\t\t\t<svg class=\"svg-inline--fa fa-clone fa-w-16 sbi_lightbox_carousel_icon\" aria-hidden=\"true\" aria-label=\"Clone\" data-fa-pro\u0192cessed=\"\" data-prefix=\"far\" data-icon=\"clone\" role=\"img\" xmlns=\"http:\/\/www.w3.org\/2000\/svg\" viewBox=\"0 0 512 512\">\n                    <path fill=\"currentColor\" d=\"M464 0H144c-26.51 0-48 21.49-48 48v48H48c-26.51 0-48 21.49-48 48v320c0 26.51 21.49 48 48 48h320c26.51 0 48-21.49 48-48v-48h48c26.51 0 48-21.49 48-48V48c0-26.51-21.49-48-48-48zM362 464H54a6 6 0 0 1-6-6V150a6 6 0 0 1 6-6h42v224c0 26.51 21.49 48 48 48h224v42a6 6 0 0 1-6 6zm96-96H150a6 6 0 0 1-6-6V54a6 6 0 0 1 6-6h308a6 6 0 0 1 6 6v308a6 6 0 0 1-6 6z\"><\/path>\n                <\/svg>\t\t\t\t\t\t<img decoding=\"async\" src=\"https:\/\/uepc.org.ar\/conectate\/wp-content\/plugins\/instagram-feed\/img\/placeholder.png\" alt=\"\ud83d\udcda \u00bf\ud835\uddd6\ud835\uddfc\u0301\ud835\uddfa\ud835\uddfc \ud835\uddf6\ud835\uddfa\ud835\uddfd\ud835\uddee\ud835\uddf0\ud835\ude01\ud835\uddee\ud835\uddfb \ud835\uddf9\ud835\uddee\ud835\ude00 \ud835\uddfd\ud835\uddfc\ud835\uddf9\ud835\uddf6\u0301\ud835\ude01\ud835\uddf6\ud835\uddf0\ud835\uddee\ud835\ude00 \ud835\uddfb\ud835\uddf2\ud835\uddfc\ud835\uddf9\ud835\uddf6\ud835\uddef\ud835\uddf2\ud835\uddff\ud835\uddee\ud835\uddf9\ud835\uddf2\ud835\ude00 \ud835\uddf2\ud835\uddfb \ud835\uddf9\ud835\uddee \ud835\uddf2\ud835\uddf1\ud835\ude02\ud835\uddf0\ud835\uddee\ud835\uddf0\ud835\uddf6\ud835\uddfc\u0301\ud835\uddfb? \u00bf\ud835\udde4\ud835\ude02\ud835\uddf2\u0301 \ud835\uddfd\ud835\uddee\ud835\uddfd\ud835\uddf2\ud835\uddf9 \ud835\ude01\ud835\uddf6\ud835\uddf2\ud835\uddfb\ud835\uddf2\ud835\uddfb \ud835\uddf9\ud835\uddee\ud835\ude00 \ud835\uddfc\ud835\uddff\ud835\uddf4\ud835\uddee\ud835\uddfb\ud835\uddf6\ud835\ude07\ud835\uddee\ud835\uddf0\ud835\uddf6\ud835\uddfc\ud835\uddfb\ud835\uddf2\ud835\ude00 \ud835\uddf1\ud835\uddfc\ud835\uddf0\ud835\uddf2\ud835\uddfb\ud835\ude01\ud835\uddf2\ud835\ude00 \ud835\uddf3\ud835\uddff\ud835\uddf2\ud835\uddfb\ud835\ude01\ud835\uddf2 \ud835\uddee \ud835\uddf2\ud835\ude00\ud835\uddfc\ud835\ude00 \ud835\uddf1\ud835\uddf2\ud835\ude00\ud835\uddee\ud835\uddf3\ud835\uddf6\u0301\ud835\uddfc\ud835\ude00?\n\nCompartimos algunas voces de Am\u00e9rica Latina que reflexionan sobre el avance del individualismo, el lugar del Estado en las pol\u00edticas educativas y el rol de las organizaciones sindicales en la defensa de la educaci\u00f3n p\u00fablica.\n\nLas experiencias de la regi\u00f3n muestran que construir una educaci\u00f3n m\u00e1s justa requiere participaci\u00f3n, organizaci\u00f3n colectiva y propuestas pedag\u00f3gicas comprometidas con el derecho social a la educaci\u00f3n.\n\n\ud83d\udcf2 Desliz\u00e1 las placas y escuch\u00e1 estos fragmentos de la entrevista.\n\n\u25b6\ufe0f \ud835\udde0\ud835\uddf6\ud835\uddff\ud835\uddee\u0301 \ud835\uddf9\ud835\uddee \ud835\uddf0\ud835\uddfc\ud835\uddfb\ud835\ude03\ud835\uddf2\ud835\uddff\ud835\ude00\ud835\uddee\ud835\uddf0\ud835\uddf6\ud835\uddfc\u0301\ud835\uddfb \ud835\uddf0\ud835\uddfc\ud835\uddfa\ud835\uddfd\ud835\uddf9\ud835\uddf2\ud835\ude01\ud835\uddee \ud835\uddf2\ud835\uddfb \ud835\uddfb\ud835\ude02\ud835\uddf2\ud835\ude00\ud835\ude01\ud835\uddff\ud835\uddfc \ud835\uddf0\ud835\uddee\ud835\uddfb\ud835\uddee\ud835\uddf9 \ud835\uddf1\ud835\uddf2 \ud835\uddec\ud835\uddfc\ud835\ude02\ud835\udde7\ud835\ude02\ud835\uddef\ud835\uddf2.\n\n\ud835\udc70\ud835\udc6a\ud835\udc70\ud835\udc6c\ud835\udc6a-\ud835\udc7c\ud835\udc6c\ud835\udc77\ud835\udc6a, \ud835\udc82\ud835\udc84\ud835\udc90\ud835\udc8e\ud835\udc91\ud835\udc82\ud835\udc8f\u0303\ud835\udc82\ud835\udc8f\ud835\udc85\ud835\udc90 \ud835\udc86\ud835\udc8d \ud835\udc95\ud835\udc93\ud835\udc82\ud835\udc83\ud835\udc82\ud835\udc8b\ud835\udc90 \ud835\udc85\ud835\udc86 \ud835\udc86\ud835\udc8f\ud835\udc94\ud835\udc86\ud835\udc8f\u0303\ud835\udc82\ud835\udc93, \ud835\udc84\ud835\udc90\ud835\udc8f\ud835\udc94\ud835\udc95\ud835\udc93\ud835\udc96\ud835\udc8a\ud835\udc8e\ud835\udc90\ud835\udc94 \ud835\udc91\ud835\udc93\ud835\udc86\ud835\udc94\ud835\udc86\ud835\udc8f\ud835\udc95\ud835\udc86 \ud835\udc9a \ud835\udc91\ud835\udc93\ud835\udc90\ud835\udc9a\ud835\udc86\ud835\udc84\ud835\udc95\ud835\udc82\ud835\udc8e\ud835\udc90\ud835\udc94 \ud835\udc87\ud835\udc96\ud835\udc95\ud835\udc96\ud835\udc93\ud835\udc90.\n\n#\ud835\ude0c\ud835\ude25\ud835\ude36\ud835\ude24\ud835\ude22\ud835\ude24\ud835\ude2a\ud835\ude30\u0301\ud835\ude2f\ud835\ude17\ud835\ude36\u0301\ud835\ude23\ud835\ude2d\ud835\ude2a\ud835\ude24\ud835\ude22 #\ud835\ude10\ud835\ude0a\ud835\ude10\ud835\ude0c\ud835\ude0a #\ud835\ude1c\ud835\ude0c\ud835\ude17\ud835\ude0a #\ud835\ude17\ud835\ude26\ud835\ude25\ud835\ude22\ud835\ude28\ud835\ude30\ud835\ude28\ud835\ude2a\u0301\ud835\ude22 #\ud835\ude08\ud835\ude2e\ud835\ude26\u0301\ud835\ude33\ud835\ude2a\ud835\ude24\ud835\ude22\ud835\ude13\ud835\ude22\ud835\ude35\ud835\ude2a\ud835\ude2f\ud835\ude22 #\ud835\ude0b\ud835\ude30\ud835\ude24\ud835\ude26\ud835\ude2f\ud835\ude35\ud835\ude26\ud835\ude34\" aria-hidden=\"true\">\n\t\t<\/a>\n\t<\/div>\n<\/div><div class=\"sbi_item sbi_type_image sbi_new sbi_transition\" role=\"listitem\"\n\tid=\"sbi_18121518379856169\" data-date=\"1787325080\">\n\t<div class=\"sbi_photo_wrap\">\n\t\t<a class=\"sbi_photo\" href=\"https:\/\/www.instagram.com\/p\/DcToSOMn5cH\/\" target=\"_blank\" rel=\"noopener nofollow\"\n\t\t\tdata-full-res=\"https:\/\/instagram.faep22-1.fna.fbcdn.net\/v\/t39.30808-6\/780473867_1721525349982050_519779946604832343_n.jpg?stp=dst-jpg_e35_tt6&#038;_nc_cat=103&#038;ccb=7-5&#038;_nc_sid=18de74&#038;efg=eyJlZmdfdGFnIjoiRkVFRC5iZXN0X2ltYWdlX3VybGdlbi5DMyJ9&#038;_nc_ohc=qz91Ku3HIR8Q7kNvwEs8QVL&#038;_nc_oc=Adp_DNLVph4MrURXg5Lyc96KG2emEvevrf-TlP9taA6ri6a761Rxo8IxqMvAjr4l23k&#038;_nc_zt=23&#038;_nc_ht=instagram.faep22-1.fna&#038;edm=ANo9K5cEAAAA&#038;_nc_gid=iCHhni-4Jk-NUwXCNmdlqg&#038;_nc_tpa=Q5bMBQI55Q2eTwK1lZL085EieTcEDb-Htuc3tOnuJDfxjRNgqBBO_03C_2oMBACxZ3Z-1o0Y06Zfz4LLIw&#038;oh=00_AQL52bikfC2CzhvddnJS7yr6pXctiY2tx6W3yAXeZuS_Hw&#038;oe=6A9D899A\"\n\t\t\tdata-img-src-set=\"{&quot;d&quot;:&quot;https:\\\/\\\/instagram.faep22-1.fna.fbcdn.net\\\/v\\\/t39.30808-6\\\/780473867_1721525349982050_519779946604832343_n.jpg?stp=dst-jpg_e35_tt6&amp;_nc_cat=103&amp;ccb=7-5&amp;_nc_sid=18de74&amp;efg=eyJlZmdfdGFnIjoiRkVFRC5iZXN0X2ltYWdlX3VybGdlbi5DMyJ9&amp;_nc_ohc=qz91Ku3HIR8Q7kNvwEs8QVL&amp;_nc_oc=Adp_DNLVph4MrURXg5Lyc96KG2emEvevrf-TlP9taA6ri6a761Rxo8IxqMvAjr4l23k&amp;_nc_zt=23&amp;_nc_ht=instagram.faep22-1.fna&amp;edm=ANo9K5cEAAAA&amp;_nc_gid=iCHhni-4Jk-NUwXCNmdlqg&amp;_nc_tpa=Q5bMBQI55Q2eTwK1lZL085EieTcEDb-Htuc3tOnuJDfxjRNgqBBO_03C_2oMBACxZ3Z-1o0Y06Zfz4LLIw&amp;oh=00_AQL52bikfC2CzhvddnJS7yr6pXctiY2tx6W3yAXeZuS_Hw&amp;oe=6A9D899A&quot;,&quot;150&quot;:&quot;https:\\\/\\\/instagram.faep22-1.fna.fbcdn.net\\\/v\\\/t39.30808-6\\\/780473867_1721525349982050_519779946604832343_n.jpg?stp=dst-jpg_e35_tt6&amp;_nc_cat=103&amp;ccb=7-5&amp;_nc_sid=18de74&amp;efg=eyJlZmdfdGFnIjoiRkVFRC5iZXN0X2ltYWdlX3VybGdlbi5DMyJ9&amp;_nc_ohc=qz91Ku3HIR8Q7kNvwEs8QVL&amp;_nc_oc=Adp_DNLVph4MrURXg5Lyc96KG2emEvevrf-TlP9taA6ri6a761Rxo8IxqMvAjr4l23k&amp;_nc_zt=23&amp;_nc_ht=instagram.faep22-1.fna&amp;edm=ANo9K5cEAAAA&amp;_nc_gid=iCHhni-4Jk-NUwXCNmdlqg&amp;_nc_tpa=Q5bMBQI55Q2eTwK1lZL085EieTcEDb-Htuc3tOnuJDfxjRNgqBBO_03C_2oMBACxZ3Z-1o0Y06Zfz4LLIw&amp;oh=00_AQL52bikfC2CzhvddnJS7yr6pXctiY2tx6W3yAXeZuS_Hw&amp;oe=6A9D899A&quot;,&quot;320&quot;:&quot;https:\\\/\\\/instagram.faep22-1.fna.fbcdn.net\\\/v\\\/t39.30808-6\\\/780473867_1721525349982050_519779946604832343_n.jpg?stp=dst-jpg_e35_tt6&amp;_nc_cat=103&amp;ccb=7-5&amp;_nc_sid=18de74&amp;efg=eyJlZmdfdGFnIjoiRkVFRC5iZXN0X2ltYWdlX3VybGdlbi5DMyJ9&amp;_nc_ohc=qz91Ku3HIR8Q7kNvwEs8QVL&amp;_nc_oc=Adp_DNLVph4MrURXg5Lyc96KG2emEvevrf-TlP9taA6ri6a761Rxo8IxqMvAjr4l23k&amp;_nc_zt=23&amp;_nc_ht=instagram.faep22-1.fna&amp;edm=ANo9K5cEAAAA&amp;_nc_gid=iCHhni-4Jk-NUwXCNmdlqg&amp;_nc_tpa=Q5bMBQI55Q2eTwK1lZL085EieTcEDb-Htuc3tOnuJDfxjRNgqBBO_03C_2oMBACxZ3Z-1o0Y06Zfz4LLIw&amp;oh=00_AQL52bikfC2CzhvddnJS7yr6pXctiY2tx6W3yAXeZuS_Hw&amp;oe=6A9D899A&quot;,&quot;640&quot;:&quot;https:\\\/\\\/instagram.faep22-1.fna.fbcdn.net\\\/v\\\/t39.30808-6\\\/780473867_1721525349982050_519779946604832343_n.jpg?stp=dst-jpg_e35_tt6&amp;_nc_cat=103&amp;ccb=7-5&amp;_nc_sid=18de74&amp;efg=eyJlZmdfdGFnIjoiRkVFRC5iZXN0X2ltYWdlX3VybGdlbi5DMyJ9&amp;_nc_ohc=qz91Ku3HIR8Q7kNvwEs8QVL&amp;_nc_oc=Adp_DNLVph4MrURXg5Lyc96KG2emEvevrf-TlP9taA6ri6a761Rxo8IxqMvAjr4l23k&amp;_nc_zt=23&amp;_nc_ht=instagram.faep22-1.fna&amp;edm=ANo9K5cEAAAA&amp;_nc_gid=iCHhni-4Jk-NUwXCNmdlqg&amp;_nc_tpa=Q5bMBQI55Q2eTwK1lZL085EieTcEDb-Htuc3tOnuJDfxjRNgqBBO_03C_2oMBACxZ3Z-1o0Y06Zfz4LLIw&amp;oh=00_AQL52bikfC2CzhvddnJS7yr6pXctiY2tx6W3yAXeZuS_Hw&amp;oe=6A9D899A&quot;}\">\n\t\t\t<span class=\"sbi-screenreader\">\ud83e\udd14\u00bfQu\u00e9 est\u00e1 pasando con la ESI en tu escuela?  Desd<\/span>\n\t\t\t\t\t\t\t\t\t<img decoding=\"async\" src=\"https:\/\/uepc.org.ar\/conectate\/wp-content\/plugins\/instagram-feed\/img\/placeholder.png\" alt=\"\ud83e\udd14\u00bfQu\u00e9 est\u00e1 pasando con la ESI en tu escuela?\n\nDesde UEPC y FLACSO Argentina impulsamos una encuesta para escuchar y reflejar lo que de verdad pasa en las escuelas. \n\n\ud83d\udde3\ufe0f Tu mirada es clave. Sum\u00e1 tu voz ahora.\n\n\u23f1\ufe0f Te lleva solo unos minutos.\n\n\ud83d\udd17 Respond\u00e9 desde el link en bio o en: https:\/\/forms.gle\/62X8jg15NxncSwEc9\n\n\u00a1La participaci\u00f3n es voluntaria, an\u00f3nima y confidencial!\n\nSi no contamos lo que pasa, lo cuentan por nosotras y nosotros.\n\nICIEC-UEPC, acompa\u00f1ando el trabajo de ense\u00f1ar, construimos presente y proyectamos futuro\n\n#ESI #Encuesta #Escuela #Educaci\u00f3n #FLACSO\" aria-hidden=\"true\">\n\t\t<\/a>\n\t<\/div>\n<\/div><div class=\"sbi_item sbi_type_carousel sbi_new sbi_transition\" role=\"listitem\"\n\tid=\"sbi_18128383780593954\" data-date=\"1787142273\">\n\t<div class=\"sbi_photo_wrap\">\n\t\t<a class=\"sbi_photo\" href=\"https:\/\/www.instagram.com\/p\/DcOLnGNljkW\/\" target=\"_blank\" rel=\"noopener nofollow\"\n\t\t\tdata-full-res=\"https:\/\/instagram.faep22-1.fna.fbcdn.net\/v\/t39.30808-6\/780486753_1719346213533297_7992075475834614126_n.jpg?stp=dst-jpg_e35_tt6&#038;_nc_cat=101&#038;ccb=7-5&#038;_nc_sid=18de74&#038;efg=eyJlZmdfdGFnIjoiQ0FST1VTRUxfSVRFTS5iZXN0X2ltYWdlX3VybGdlbi5DMyJ9&#038;_nc_ohc=LUFYUDYLeCwQ7kNvwHWp06T&#038;_nc_oc=AdoHb4H1Kd91jqudD4OYfTBQgba6NvFoEmV0TdbsE4QN64ka9dkx8sXnhLBosu1ViYQ&#038;_nc_zt=23&#038;_nc_ht=instagram.faep22-1.fna&#038;edm=ANo9K5cEAAAA&#038;_nc_gid=iCHhni-4Jk-NUwXCNmdlqg&#038;_nc_tpa=Q5bMBQLInvbiLVB21Upwfj2fDNAh__zumTwETJl2aetqz0b1Ykk8bAynZWyj1M-AvU1PQkYtIWA6Kal-FA&#038;oh=00_AQJ4H9mwAKvT8Gl9FEgWdHI_IlmYHNg6LlW8i6YB9SWzuA&#038;oe=6A9D7802\"\n\t\t\tdata-img-src-set=\"{&quot;d&quot;:&quot;https:\\\/\\\/instagram.faep22-1.fna.fbcdn.net\\\/v\\\/t39.30808-6\\\/780486753_1719346213533297_7992075475834614126_n.jpg?stp=dst-jpg_e35_tt6&amp;_nc_cat=101&amp;ccb=7-5&amp;_nc_sid=18de74&amp;efg=eyJlZmdfdGFnIjoiQ0FST1VTRUxfSVRFTS5iZXN0X2ltYWdlX3VybGdlbi5DMyJ9&amp;_nc_ohc=LUFYUDYLeCwQ7kNvwHWp06T&amp;_nc_oc=AdoHb4H1Kd91jqudD4OYfTBQgba6NvFoEmV0TdbsE4QN64ka9dkx8sXnhLBosu1ViYQ&amp;_nc_zt=23&amp;_nc_ht=instagram.faep22-1.fna&amp;edm=ANo9K5cEAAAA&amp;_nc_gid=iCHhni-4Jk-NUwXCNmdlqg&amp;_nc_tpa=Q5bMBQLInvbiLVB21Upwfj2fDNAh__zumTwETJl2aetqz0b1Ykk8bAynZWyj1M-AvU1PQkYtIWA6Kal-FA&amp;oh=00_AQJ4H9mwAKvT8Gl9FEgWdHI_IlmYHNg6LlW8i6YB9SWzuA&amp;oe=6A9D7802&quot;,&quot;150&quot;:&quot;https:\\\/\\\/instagram.faep22-1.fna.fbcdn.net\\\/v\\\/t39.30808-6\\\/780486753_1719346213533297_7992075475834614126_n.jpg?stp=dst-jpg_e35_tt6&amp;_nc_cat=101&amp;ccb=7-5&amp;_nc_sid=18de74&amp;efg=eyJlZmdfdGFnIjoiQ0FST1VTRUxfSVRFTS5iZXN0X2ltYWdlX3VybGdlbi5DMyJ9&amp;_nc_ohc=LUFYUDYLeCwQ7kNvwHWp06T&amp;_nc_oc=AdoHb4H1Kd91jqudD4OYfTBQgba6NvFoEmV0TdbsE4QN64ka9dkx8sXnhLBosu1ViYQ&amp;_nc_zt=23&amp;_nc_ht=instagram.faep22-1.fna&amp;edm=ANo9K5cEAAAA&amp;_nc_gid=iCHhni-4Jk-NUwXCNmdlqg&amp;_nc_tpa=Q5bMBQLInvbiLVB21Upwfj2fDNAh__zumTwETJl2aetqz0b1Ykk8bAynZWyj1M-AvU1PQkYtIWA6Kal-FA&amp;oh=00_AQJ4H9mwAKvT8Gl9FEgWdHI_IlmYHNg6LlW8i6YB9SWzuA&amp;oe=6A9D7802&quot;,&quot;320&quot;:&quot;https:\\\/\\\/instagram.faep22-1.fna.fbcdn.net\\\/v\\\/t39.30808-6\\\/780486753_1719346213533297_7992075475834614126_n.jpg?stp=dst-jpg_e35_tt6&amp;_nc_cat=101&amp;ccb=7-5&amp;_nc_sid=18de74&amp;efg=eyJlZmdfdGFnIjoiQ0FST1VTRUxfSVRFTS5iZXN0X2ltYWdlX3VybGdlbi5DMyJ9&amp;_nc_ohc=LUFYUDYLeCwQ7kNvwHWp06T&amp;_nc_oc=AdoHb4H1Kd91jqudD4OYfTBQgba6NvFoEmV0TdbsE4QN64ka9dkx8sXnhLBosu1ViYQ&amp;_nc_zt=23&amp;_nc_ht=instagram.faep22-1.fna&amp;edm=ANo9K5cEAAAA&amp;_nc_gid=iCHhni-4Jk-NUwXCNmdlqg&amp;_nc_tpa=Q5bMBQLInvbiLVB21Upwfj2fDNAh__zumTwETJl2aetqz0b1Ykk8bAynZWyj1M-AvU1PQkYtIWA6Kal-FA&amp;oh=00_AQJ4H9mwAKvT8Gl9FEgWdHI_IlmYHNg6LlW8i6YB9SWzuA&amp;oe=6A9D7802&quot;,&quot;640&quot;:&quot;https:\\\/\\\/instagram.faep22-1.fna.fbcdn.net\\\/v\\\/t39.30808-6\\\/780486753_1719346213533297_7992075475834614126_n.jpg?stp=dst-jpg_e35_tt6&amp;_nc_cat=101&amp;ccb=7-5&amp;_nc_sid=18de74&amp;efg=eyJlZmdfdGFnIjoiQ0FST1VTRUxfSVRFTS5iZXN0X2ltYWdlX3VybGdlbi5DMyJ9&amp;_nc_ohc=LUFYUDYLeCwQ7kNvwHWp06T&amp;_nc_oc=AdoHb4H1Kd91jqudD4OYfTBQgba6NvFoEmV0TdbsE4QN64ka9dkx8sXnhLBosu1ViYQ&amp;_nc_zt=23&amp;_nc_ht=instagram.faep22-1.fna&amp;edm=ANo9K5cEAAAA&amp;_nc_gid=iCHhni-4Jk-NUwXCNmdlqg&amp;_nc_tpa=Q5bMBQLInvbiLVB21Upwfj2fDNAh__zumTwETJl2aetqz0b1Ykk8bAynZWyj1M-AvU1PQkYtIWA6Kal-FA&amp;oh=00_AQJ4H9mwAKvT8Gl9FEgWdHI_IlmYHNg6LlW8i6YB9SWzuA&amp;oe=6A9D7802&quot;}\">\n\t\t\t<span class=\"sbi-screenreader\">\ud83d\udcda\u2728 \ud835\udde3\ud835\uddf2\ud835\uddfe\ud835\ude02\ud835\uddf2\ud835\uddfb\u0303\ud835\uddfc\ud835\ude00 \ud835\uddd8\ud835\ude05\ud835\uddfd\ud835\uddf9\ud835\uddfc\ud835\uddff\ud835\uddee\ud835\uddf1\ud835\uddfc\ud835\uddff\ud835\uddf2\ud835\ude00 \ud835\uddf1\ud835\uddf2 \ud835\uddda\ud835\uddff\ud835\uddee\ud835\uddfb\ud835\uddf1\ud835\uddf2\ud835\ude00 \ud835\udddb\ud835\ude02\ud835\uddf2\ud835\uddf9\ud835\uddf9\ud835\uddee\ud835\ude00 | \ud835\udddf\ud835\uddee<\/span>\n\t\t\t<svg class=\"svg-inline--fa fa-clone fa-w-16 sbi_lightbox_carousel_icon\" aria-hidden=\"true\" aria-label=\"Clone\" data-fa-pro\u0192cessed=\"\" data-prefix=\"far\" data-icon=\"clone\" role=\"img\" xmlns=\"http:\/\/www.w3.org\/2000\/svg\" viewBox=\"0 0 512 512\">\n                    <path fill=\"currentColor\" d=\"M464 0H144c-26.51 0-48 21.49-48 48v48H48c-26.51 0-48 21.49-48 48v320c0 26.51 21.49 48 48 48h320c26.51 0 48-21.49 48-48v-48h48c26.51 0 48-21.49 48-48V48c0-26.51-21.49-48-48-48zM362 464H54a6 6 0 0 1-6-6V150a6 6 0 0 1 6-6h42v224c0 26.51 21.49 48 48 48h224v42a6 6 0 0 1-6 6zm96-96H150a6 6 0 0 1-6-6V54a6 6 0 0 1 6-6h308a6 6 0 0 1 6 6v308a6 6 0 0 1-6 6z\"><\/path>\n                <\/svg>\t\t\t\t\t\t<img decoding=\"async\" src=\"https:\/\/uepc.org.ar\/conectate\/wp-content\/plugins\/instagram-feed\/img\/placeholder.png\" alt=\"\ud83d\udcda\u2728 \ud835\udde3\ud835\uddf2\ud835\uddfe\ud835\ude02\ud835\uddf2\ud835\uddfb\u0303\ud835\uddfc\ud835\ude00 \ud835\uddd8\ud835\ude05\ud835\uddfd\ud835\uddf9\ud835\uddfc\ud835\uddff\ud835\uddee\ud835\uddf1\ud835\uddfc\ud835\uddff\ud835\uddf2\ud835\ude00 \ud835\uddf1\ud835\uddf2 \ud835\uddda\ud835\uddff\ud835\uddee\ud835\uddfb\ud835\uddf1\ud835\uddf2\ud835\ude00 \ud835\udddb\ud835\ude02\ud835\uddf2\ud835\uddf9\ud835\uddf9\ud835\uddee\ud835\ude00 | \ud835\udddf\ud835\uddee \ud835\uddf2\ud835\ude00\ud835\uddf0\ud835\ude02\ud835\uddf2\ud835\uddf9\ud835\uddee \ud835\uddfe\ud835\ude02\ud835\uddf2 \ud835\uddfe\ud835\ude02\ud835\uddf2\ud835\uddff\ud835\uddf2\ud835\uddfa\ud835\uddfc\ud835\ude00\n\nLa propuesta, desarrollada entre el \ud835\uddd6\ud835\uddd8\ud835\udde1\ud835\udddc \ud835\uddd6\ud835\uddfc\ud835\uddff\ud835\uddfc\ud835\uddfb\ud835\uddf2\ud835\uddf9 \ud835\udde9\ud835\uddf6\ud835\uddf0\ud835\ude01\ud835\uddfc\ud835\uddff\ud835\uddf6\ud835\uddfb\ud835\uddfc \ud835\udde2\ud835\uddff\ud835\uddf1\ud835\uddfc\ud835\uddfb\u0303\ud835\uddf2\ud835\ude07 \ud835\ude06 \ud835\uddf9\ud835\uddee \ud835\uddd8\ud835\ude00\ud835\uddf0\ud835\ude02\ud835\uddf2\ud835\uddf9\ud835\uddee \ud835\uddd8\ud835\ude00\ud835\uddfd\ud835\uddf2\ud835\uddf0\ud835\uddf6\ud835\uddee\ud835\uddf9 \ud835\udddd\ud835\ude02\ud835\uddf9\ud835\uddf6\ud835\uddee\u0301\ud835\uddfb \ud835\uddd6\ud835\uddee\ud835\uddff\ud835\uddef\ud835\uddee\ud835\uddf9\ud835\uddf9\ud835\uddfc \ud835\uddf1\ud835\uddf2 \ud835\udddf\ud835\uddee \ud835\uddd6\ud835\uddee\ud835\uddff\ud835\uddf9\ud835\uddfc\ud835\ude01\ud835\uddee, \ud835\uddf1\ud835\uddf2\ud835\uddfd\ud835\uddee\ud835\uddff\ud835\ude01\ud835\uddee\ud835\uddfa\ud835\uddf2\ud835\uddfb\ud835\ude01\ud835\uddfc \ud835\udddd\ud835\ude02\ud835\uddee\u0301\ud835\uddff\ud835\uddf2\ud835\ude07 \ud835\uddd6\ud835\uddf2\ud835\uddf9\ud835\uddfa\ud835\uddee\ud835\uddfb, puso en el centro el derecho de ni\u00f1as y ni\u00f1os a participar activamente de la vida escolar.\n\nA trav\u00e9s del juego, los lenguajes digitales y diversas propuestas expresivas, los equipos docentes construyeron estrategias diversificadas y accesibles para minimizar barreras al aprendizaje y fortalecer los v\u00ednculos entre estudiantes y docentes.\n\nUna experiencia que reafirma el valor del trabajo colaborativo, la inclusi\u00f3n y el reconocimiento de las diferencias como oportunidades para aprender juntos.\n\n\ud835\udde3\ud835\uddf2\ud835\uddfe\ud835\ude02\ud835\uddf2\ud835\uddfb\u0303\ud835\uddfc\ud835\ude00 \ud835\uddd8\ud835\ude05\ud835\uddfd\ud835\uddf9\ud835\uddfc\ud835\uddff\ud835\uddee\ud835\uddf1\ud835\uddfc\ud835\uddff\ud835\uddf2\ud835\ude00 \ud835\uddf1\ud835\uddf2 \ud835\uddda\ud835\uddff\ud835\uddee\ud835\uddfb\ud835\uddf1\ud835\uddf2\ud835\ude00 \ud835\udddb\ud835\ude02\ud835\uddf2\ud835\uddf9\ud835\uddf9\ud835\uddee\ud835\ude00 fue una de las experiencias compartidas en la convocatoria \ud835\udddf\ud835\uddee \ud835\uddf2\ud835\ude00\ud835\uddf0\ud835\ude02\ud835\uddf2\ud835\uddf9\ud835\uddee \ud835\uddfe\ud835\ude02\ud835\uddf2 \ud835\uddfe\ud835\ude02\ud835\uddf2\ud835\uddff\ud835\uddf2\ud835\uddfa\ud835\uddfc\ud835\ude00.\n\n\ud835\udc70\ud835\udc6a\ud835\udc70\ud835\udc6c\ud835\udc6a-\ud835\udc7c\ud835\udc6c\ud835\udc77\ud835\udc6a, \ud835\udc82\ud835\udc84\ud835\udc90\ud835\udc8e\ud835\udc91\ud835\udc82\ud835\udc8f\u0303\ud835\udc82\ud835\udc8f\ud835\udc85\ud835\udc90 \ud835\udc86\ud835\udc8d \ud835\udc95\ud835\udc93\ud835\udc82\ud835\udc83\ud835\udc82\ud835\udc8b\ud835\udc90 \ud835\udc85\ud835\udc86 \ud835\udc86\ud835\udc8f\ud835\udc94\ud835\udc86\ud835\udc8f\u0303\ud835\udc82\ud835\udc93, \ud835\udc84\ud835\udc90\ud835\udc8f\ud835\udc94\ud835\udc95\ud835\udc93\ud835\udc96\ud835\udc8a\ud835\udc8e\ud835\udc90\ud835\udc94 \ud835\udc91\ud835\udc93\ud835\udc86\ud835\udc94\ud835\udc86\ud835\udc8f\ud835\udc95\ud835\udc86 \ud835\udc9a \ud835\udc91\ud835\udc93\ud835\udc90\ud835\udc9a\ud835\udc86\ud835\udc84\ud835\udc95\ud835\udc82\ud835\udc8e\ud835\udc90\ud835\udc94 \ud835\udc87\ud835\udc96\ud835\udc95\ud835\udc96\ud835\udc93\ud835\udc90.\n\n#LaEscuelaQueQueremos #ExperienciasPedag\u00f3gicas #Educaci\u00f3n #UEPC #ICIEC\" aria-hidden=\"true\">\n\t\t<\/a>\n\t<\/div>\n<\/div><div class=\"sbi_item sbi_type_carousel sbi_new sbi_transition\" role=\"listitem\"\n\tid=\"sbi_18131290897724052\" data-date=\"1787053633\">\n\t<div class=\"sbi_photo_wrap\">\n\t\t<a class=\"sbi_photo\" href=\"https:\/\/www.instagram.com\/p\/DcLiix_ETMg\/\" target=\"_blank\" rel=\"noopener nofollow\"\n\t\t\tdata-full-res=\"https:\/\/instagram.faep22-1.fna.fbcdn.net\/v\/t39.30808-6\/780343694_1718198430314742_8386262139998058292_n.jpg?stp=dst-jpg_e35_tt6&#038;_nc_cat=102&#038;ccb=7-5&#038;_nc_sid=18de74&#038;efg=eyJlZmdfdGFnIjoiQ0FST1VTRUxfSVRFTS5iZXN0X2ltYWdlX3VybGdlbi5DMyJ9&#038;_nc_ohc=qsl2mYOL9lIQ7kNvwF1ixaB&#038;_nc_oc=Ador-zCPrlJA-f_IOYHsl4GZYFJgYSyKBWf683UfxGEeurrQ3bJf-Cq6AsOgXAtba14&#038;_nc_zt=23&#038;_nc_ht=instagram.faep22-1.fna&#038;edm=ANo9K5cEAAAA&#038;_nc_gid=iCHhni-4Jk-NUwXCNmdlqg&#038;_nc_tpa=Q5bMBQLqX95Ij7U5pUqn8e7c-gemxJzXZq-3uEWB_Qr26cz9fbwzzuFSDvszQtVYIf8yudJrPnbhDMGvhg&#038;oh=00_AQIqT52t4A5aZcaP-Rug8_aRXdUUK7y7XHsE2zGky7d-uA&#038;oe=6A9D7184\"\n\t\t\tdata-img-src-set=\"{&quot;d&quot;:&quot;https:\\\/\\\/instagram.faep22-1.fna.fbcdn.net\\\/v\\\/t39.30808-6\\\/780343694_1718198430314742_8386262139998058292_n.jpg?stp=dst-jpg_e35_tt6&amp;_nc_cat=102&amp;ccb=7-5&amp;_nc_sid=18de74&amp;efg=eyJlZmdfdGFnIjoiQ0FST1VTRUxfSVRFTS5iZXN0X2ltYWdlX3VybGdlbi5DMyJ9&amp;_nc_ohc=qsl2mYOL9lIQ7kNvwF1ixaB&amp;_nc_oc=Ador-zCPrlJA-f_IOYHsl4GZYFJgYSyKBWf683UfxGEeurrQ3bJf-Cq6AsOgXAtba14&amp;_nc_zt=23&amp;_nc_ht=instagram.faep22-1.fna&amp;edm=ANo9K5cEAAAA&amp;_nc_gid=iCHhni-4Jk-NUwXCNmdlqg&amp;_nc_tpa=Q5bMBQLqX95Ij7U5pUqn8e7c-gemxJzXZq-3uEWB_Qr26cz9fbwzzuFSDvszQtVYIf8yudJrPnbhDMGvhg&amp;oh=00_AQIqT52t4A5aZcaP-Rug8_aRXdUUK7y7XHsE2zGky7d-uA&amp;oe=6A9D7184&quot;,&quot;150&quot;:&quot;https:\\\/\\\/instagram.faep22-1.fna.fbcdn.net\\\/v\\\/t39.30808-6\\\/780343694_1718198430314742_8386262139998058292_n.jpg?stp=dst-jpg_e35_tt6&amp;_nc_cat=102&amp;ccb=7-5&amp;_nc_sid=18de74&amp;efg=eyJlZmdfdGFnIjoiQ0FST1VTRUxfSVRFTS5iZXN0X2ltYWdlX3VybGdlbi5DMyJ9&amp;_nc_ohc=qsl2mYOL9lIQ7kNvwF1ixaB&amp;_nc_oc=Ador-zCPrlJA-f_IOYHsl4GZYFJgYSyKBWf683UfxGEeurrQ3bJf-Cq6AsOgXAtba14&amp;_nc_zt=23&amp;_nc_ht=instagram.faep22-1.fna&amp;edm=ANo9K5cEAAAA&amp;_nc_gid=iCHhni-4Jk-NUwXCNmdlqg&amp;_nc_tpa=Q5bMBQLqX95Ij7U5pUqn8e7c-gemxJzXZq-3uEWB_Qr26cz9fbwzzuFSDvszQtVYIf8yudJrPnbhDMGvhg&amp;oh=00_AQIqT52t4A5aZcaP-Rug8_aRXdUUK7y7XHsE2zGky7d-uA&amp;oe=6A9D7184&quot;,&quot;320&quot;:&quot;https:\\\/\\\/instagram.faep22-1.fna.fbcdn.net\\\/v\\\/t39.30808-6\\\/780343694_1718198430314742_8386262139998058292_n.jpg?stp=dst-jpg_e35_tt6&amp;_nc_cat=102&amp;ccb=7-5&amp;_nc_sid=18de74&amp;efg=eyJlZmdfdGFnIjoiQ0FST1VTRUxfSVRFTS5iZXN0X2ltYWdlX3VybGdlbi5DMyJ9&amp;_nc_ohc=qsl2mYOL9lIQ7kNvwF1ixaB&amp;_nc_oc=Ador-zCPrlJA-f_IOYHsl4GZYFJgYSyKBWf683UfxGEeurrQ3bJf-Cq6AsOgXAtba14&amp;_nc_zt=23&amp;_nc_ht=instagram.faep22-1.fna&amp;edm=ANo9K5cEAAAA&amp;_nc_gid=iCHhni-4Jk-NUwXCNmdlqg&amp;_nc_tpa=Q5bMBQLqX95Ij7U5pUqn8e7c-gemxJzXZq-3uEWB_Qr26cz9fbwzzuFSDvszQtVYIf8yudJrPnbhDMGvhg&amp;oh=00_AQIqT52t4A5aZcaP-Rug8_aRXdUUK7y7XHsE2zGky7d-uA&amp;oe=6A9D7184&quot;,&quot;640&quot;:&quot;https:\\\/\\\/instagram.faep22-1.fna.fbcdn.net\\\/v\\\/t39.30808-6\\\/780343694_1718198430314742_8386262139998058292_n.jpg?stp=dst-jpg_e35_tt6&amp;_nc_cat=102&amp;ccb=7-5&amp;_nc_sid=18de74&amp;efg=eyJlZmdfdGFnIjoiQ0FST1VTRUxfSVRFTS5iZXN0X2ltYWdlX3VybGdlbi5DMyJ9&amp;_nc_ohc=qsl2mYOL9lIQ7kNvwF1ixaB&amp;_nc_oc=Ador-zCPrlJA-f_IOYHsl4GZYFJgYSyKBWf683UfxGEeurrQ3bJf-Cq6AsOgXAtba14&amp;_nc_zt=23&amp;_nc_ht=instagram.faep22-1.fna&amp;edm=ANo9K5cEAAAA&amp;_nc_gid=iCHhni-4Jk-NUwXCNmdlqg&amp;_nc_tpa=Q5bMBQLqX95Ij7U5pUqn8e7c-gemxJzXZq-3uEWB_Qr26cz9fbwzzuFSDvszQtVYIf8yudJrPnbhDMGvhg&amp;oh=00_AQIqT52t4A5aZcaP-Rug8_aRXdUUK7y7XHsE2zGky7d-uA&amp;oe=6A9D7184&quot;}\">\n\t\t\t<span class=\"sbi-screenreader\">\ud83d\udcda \u00bfC\u00f3mo imaginamos la escuela del futuro?  En esta<\/span>\n\t\t\t<svg class=\"svg-inline--fa fa-clone fa-w-16 sbi_lightbox_carousel_icon\" aria-hidden=\"true\" aria-label=\"Clone\" data-fa-pro\u0192cessed=\"\" data-prefix=\"far\" data-icon=\"clone\" role=\"img\" xmlns=\"http:\/\/www.w3.org\/2000\/svg\" viewBox=\"0 0 512 512\">\n                    <path fill=\"currentColor\" d=\"M464 0H144c-26.51 0-48 21.49-48 48v48H48c-26.51 0-48 21.49-48 48v320c0 26.51 21.49 48 48 48h320c26.51 0 48-21.49 48-48v-48h48c26.51 0 48-21.49 48-48V48c0-26.51-21.49-48-48-48zM362 464H54a6 6 0 0 1-6-6V150a6 6 0 0 1 6-6h42v224c0 26.51 21.49 48 48 48h224v42a6 6 0 0 1-6 6zm96-96H150a6 6 0 0 1-6-6V54a6 6 0 0 1 6-6h308a6 6 0 0 1 6 6v308a6 6 0 0 1-6 6z\"><\/path>\n                <\/svg>\t\t\t\t\t\t<img decoding=\"async\" src=\"https:\/\/uepc.org.ar\/conectate\/wp-content\/plugins\/instagram-feed\/img\/placeholder.png\" alt=\"\ud83d\udcda \u00bfC\u00f3mo imaginamos la escuela del futuro?\n\nEn esta nota de la Revista educar en C\u00f3rdoba 43, Eliana Fenoglio nos invita a pensar ese horizonte desde el presente: el trabajo cotidiano de ense\u00f1ar, los v\u00ednculos que se construyen en la escuela y las experiencias que dejan huella.\n\n\ud83d\udd17 Le\u00e9 la nota completa en revistaeducar.com.ar\n\n#RevistaEducarEnC\u00f3rdoba, una mirada de la educaci\u00f3n desde las y los educadores\n\n#Educar43 #EscuelaP\u00fablica #Docentes #Ense\u00f1anza #Educaci\u00f3n #UEPC #ICIEC\" aria-hidden=\"true\">\n\t\t<\/a>\n\t<\/div>\n<\/div><div class=\"sbi_item sbi_type_carousel sbi_new sbi_transition\" role=\"listitem\"\n\tid=\"sbi_18122435383845646\" data-date=\"1786715410\">\n\t<div class=\"sbi_photo_wrap\">\n\t\t<a class=\"sbi_photo\" href=\"https:\/\/www.instagram.com\/p\/DcBdbuoDEQD\/\" target=\"_blank\" rel=\"noopener nofollow\"\n\t\t\tdata-full-res=\"https:\/\/instagram.faep11-2.fna.fbcdn.net\/v\/t39.30808-6\/772656509_1713276594140259_7451304332435046495_n.jpg?stp=dst-jpg_e35_tt6&#038;_nc_cat=106&#038;ccb=7-5&#038;_nc_sid=18de74&#038;efg=eyJlZmdfdGFnIjoiQ0FST1VTRUxfSVRFTS5iZXN0X2ltYWdlX3VybGdlbi5DMyJ9&#038;_nc_ohc=14daS_e6OVcQ7kNvwHm2dWb&#038;_nc_oc=AdpJkUFnOoDqM1OGDzSt3TBjSYnEUKTTZ6QDKbCBDJu3YPrjF77oqBQloazn5gcXv10&#038;_nc_zt=23&#038;_nc_ht=instagram.faep11-2.fna&#038;edm=ANo9K5cEAAAA&#038;_nc_gid=iCHhni-4Jk-NUwXCNmdlqg&#038;_nc_tpa=Q5bMBQIpLUkhKtZdekZzT3_VvLX_mjhgPsFnFyciTputGOvVJpt7v4D2vdE8m2JzKm4cUuTkGxnTlxcYrA&#038;oh=00_AQIbroxRtS9C4y5rFZmC74YE_XwQtbnC_NBFA8iRWtohDA&#038;oe=6A9D6341\"\n\t\t\tdata-img-src-set=\"{&quot;d&quot;:&quot;https:\\\/\\\/instagram.faep11-2.fna.fbcdn.net\\\/v\\\/t39.30808-6\\\/772656509_1713276594140259_7451304332435046495_n.jpg?stp=dst-jpg_e35_tt6&amp;_nc_cat=106&amp;ccb=7-5&amp;_nc_sid=18de74&amp;efg=eyJlZmdfdGFnIjoiQ0FST1VTRUxfSVRFTS5iZXN0X2ltYWdlX3VybGdlbi5DMyJ9&amp;_nc_ohc=14daS_e6OVcQ7kNvwHm2dWb&amp;_nc_oc=AdpJkUFnOoDqM1OGDzSt3TBjSYnEUKTTZ6QDKbCBDJu3YPrjF77oqBQloazn5gcXv10&amp;_nc_zt=23&amp;_nc_ht=instagram.faep11-2.fna&amp;edm=ANo9K5cEAAAA&amp;_nc_gid=iCHhni-4Jk-NUwXCNmdlqg&amp;_nc_tpa=Q5bMBQIpLUkhKtZdekZzT3_VvLX_mjhgPsFnFyciTputGOvVJpt7v4D2vdE8m2JzKm4cUuTkGxnTlxcYrA&amp;oh=00_AQIbroxRtS9C4y5rFZmC74YE_XwQtbnC_NBFA8iRWtohDA&amp;oe=6A9D6341&quot;,&quot;150&quot;:&quot;https:\\\/\\\/instagram.faep11-2.fna.fbcdn.net\\\/v\\\/t39.30808-6\\\/772656509_1713276594140259_7451304332435046495_n.jpg?stp=dst-jpg_e35_tt6&amp;_nc_cat=106&amp;ccb=7-5&amp;_nc_sid=18de74&amp;efg=eyJlZmdfdGFnIjoiQ0FST1VTRUxfSVRFTS5iZXN0X2ltYWdlX3VybGdlbi5DMyJ9&amp;_nc_ohc=14daS_e6OVcQ7kNvwHm2dWb&amp;_nc_oc=AdpJkUFnOoDqM1OGDzSt3TBjSYnEUKTTZ6QDKbCBDJu3YPrjF77oqBQloazn5gcXv10&amp;_nc_zt=23&amp;_nc_ht=instagram.faep11-2.fna&amp;edm=ANo9K5cEAAAA&amp;_nc_gid=iCHhni-4Jk-NUwXCNmdlqg&amp;_nc_tpa=Q5bMBQIpLUkhKtZdekZzT3_VvLX_mjhgPsFnFyciTputGOvVJpt7v4D2vdE8m2JzKm4cUuTkGxnTlxcYrA&amp;oh=00_AQIbroxRtS9C4y5rFZmC74YE_XwQtbnC_NBFA8iRWtohDA&amp;oe=6A9D6341&quot;,&quot;320&quot;:&quot;https:\\\/\\\/instagram.faep11-2.fna.fbcdn.net\\\/v\\\/t39.30808-6\\\/772656509_1713276594140259_7451304332435046495_n.jpg?stp=dst-jpg_e35_tt6&amp;_nc_cat=106&amp;ccb=7-5&amp;_nc_sid=18de74&amp;efg=eyJlZmdfdGFnIjoiQ0FST1VTRUxfSVRFTS5iZXN0X2ltYWdlX3VybGdlbi5DMyJ9&amp;_nc_ohc=14daS_e6OVcQ7kNvwHm2dWb&amp;_nc_oc=AdpJkUFnOoDqM1OGDzSt3TBjSYnEUKTTZ6QDKbCBDJu3YPrjF77oqBQloazn5gcXv10&amp;_nc_zt=23&amp;_nc_ht=instagram.faep11-2.fna&amp;edm=ANo9K5cEAAAA&amp;_nc_gid=iCHhni-4Jk-NUwXCNmdlqg&amp;_nc_tpa=Q5bMBQIpLUkhKtZdekZzT3_VvLX_mjhgPsFnFyciTputGOvVJpt7v4D2vdE8m2JzKm4cUuTkGxnTlxcYrA&amp;oh=00_AQIbroxRtS9C4y5rFZmC74YE_XwQtbnC_NBFA8iRWtohDA&amp;oe=6A9D6341&quot;,&quot;640&quot;:&quot;https:\\\/\\\/instagram.faep11-2.fna.fbcdn.net\\\/v\\\/t39.30808-6\\\/772656509_1713276594140259_7451304332435046495_n.jpg?stp=dst-jpg_e35_tt6&amp;_nc_cat=106&amp;ccb=7-5&amp;_nc_sid=18de74&amp;efg=eyJlZmdfdGFnIjoiQ0FST1VTRUxfSVRFTS5iZXN0X2ltYWdlX3VybGdlbi5DMyJ9&amp;_nc_ohc=14daS_e6OVcQ7kNvwHm2dWb&amp;_nc_oc=AdpJkUFnOoDqM1OGDzSt3TBjSYnEUKTTZ6QDKbCBDJu3YPrjF77oqBQloazn5gcXv10&amp;_nc_zt=23&amp;_nc_ht=instagram.faep11-2.fna&amp;edm=ANo9K5cEAAAA&amp;_nc_gid=iCHhni-4Jk-NUwXCNmdlqg&amp;_nc_tpa=Q5bMBQIpLUkhKtZdekZzT3_VvLX_mjhgPsFnFyciTputGOvVJpt7v4D2vdE8m2JzKm4cUuTkGxnTlxcYrA&amp;oh=00_AQIbroxRtS9C4y5rFZmC74YE_XwQtbnC_NBFA8iRWtohDA&amp;oe=6A9D6341&quot;}\">\n\t\t\t<span class=\"sbi-screenreader\">\ud83e\udd16 \u00bfQu\u00e9 estamos haciendo con la IA en nuestras escu<\/span>\n\t\t\t<svg class=\"svg-inline--fa fa-clone fa-w-16 sbi_lightbox_carousel_icon\" aria-hidden=\"true\" aria-label=\"Clone\" data-fa-pro\u0192cessed=\"\" data-prefix=\"far\" data-icon=\"clone\" role=\"img\" xmlns=\"http:\/\/www.w3.org\/2000\/svg\" viewBox=\"0 0 512 512\">\n                    <path fill=\"currentColor\" d=\"M464 0H144c-26.51 0-48 21.49-48 48v48H48c-26.51 0-48 21.49-48 48v320c0 26.51 21.49 48 48 48h320c26.51 0 48-21.49 48-48v-48h48c26.51 0 48-21.49 48-48V48c0-26.51-21.49-48-48-48zM362 464H54a6 6 0 0 1-6-6V150a6 6 0 0 1 6-6h42v224c0 26.51 21.49 48 48 48h224v42a6 6 0 0 1-6 6zm96-96H150a6 6 0 0 1-6-6V54a6 6 0 0 1 6-6h308a6 6 0 0 1 6 6v308a6 6 0 0 1-6 6z\"><\/path>\n                <\/svg>\t\t\t\t\t\t<img decoding=\"async\" src=\"https:\/\/uepc.org.ar\/conectate\/wp-content\/plugins\/instagram-feed\/img\/placeholder.png\" alt=\"\ud83e\udd16 \u00bfQu\u00e9 estamos haciendo con la IA en nuestras escuelas?\n\nDesde la Secretar\u00eda de Educaci\u00f3n de UEPC invitamos a afiliadas y afiliados a compartir experiencias educativas realizadas en los \u00faltimos dos a\u00f1os que hayan integrado inteligencia artificial.\n\nQueremos conocerlas, ponerlas en com\u00fan y hacer circular los saberes que se construyen en las escuelas.\n\n\ud83d\udcda Las experiencias formar\u00e1n parte de la Feria de Experiencias del tercer encuentro Di\u00e1logos necesarios para acompa\u00f1ar la escuela: Inteligencia Artificial (IA).\n\n\ud83d\udcc5 5 de septiembre\n\u23f08 a 15 hs.\n\ud83d\udccd Pabell\u00f3n Argentina \u2013 UNC\n\n\ud83d\udc49 Ten\u00e9s tiempo hasta el 24 de agosto para compartir tu experiencia.\n\n\ud83d\udd17 Complet\u00e1 el formulario web para participar desde el link in bio.\n\n\ud83d\udce9 Consultas: educauepc@uepc.org.ar\n\nUEPC, acompa\u00f1ando el trabajo de ense\u00f1ar, construimos presente y proyectamos futuro\n\n#educaci\u00f3n #IA #InteligenciaArtificial #Docentes #Escuela #Convocatoria\" aria-hidden=\"true\">\n\t\t<\/a>\n\t<\/div>\n<\/div>\t<\/div>\n\n\t<div id=\"sbi_load\" >\n\n\t<div class=\"sbi-screenreader\" aria-live=\"polite\" aria-atomic=\"true\" data-sbi-feed-status><\/div>\n\n\t\t\t<button class=\"sbi_load_btn\"\n\t\t\ttype=\"button\" >\n\t\t\t<span class=\"sbi_btn_text\" >Cargar +<\/span>\n\t\t\t<span class=\"sbi_loader sbi_hidden\" style=\"background-color: rgb(255, 255, 255);\" aria-hidden=\"true\"><\/span>\n\t\t<\/button>\n\t\n\t\n<\/div>\n\t\t<span class=\"sbi_resized_image_data\" data-feed-id=\"*1\"\n\t\t  data-resized=\"{&quot;18122435383845646&quot;:{&quot;id&quot;:&quot;772656509_1713276594140259_7451304332435046495_n&quot;,&quot;ratio&quot;:&quot;0.80&quot;,&quot;sizes&quot;:{&quot;full&quot;:640,&quot;low&quot;:320,&quot;thumb&quot;:150},&quot;extension&quot;:&quot;.webp&quot;},&quot;18131290897724052&quot;:{&quot;id&quot;:&quot;780343694_1718198430314742_8386262139998058292_n&quot;,&quot;ratio&quot;:&quot;0.80&quot;,&quot;sizes&quot;:{&quot;full&quot;:640,&quot;low&quot;:320,&quot;thumb&quot;:150},&quot;extension&quot;:&quot;.webp&quot;},&quot;18128383780593954&quot;:{&quot;id&quot;:&quot;780486753_1719346213533297_7992075475834614126_n&quot;,&quot;ratio&quot;:&quot;0.80&quot;,&quot;sizes&quot;:{&quot;full&quot;:640,&quot;low&quot;:320,&quot;thumb&quot;:150},&quot;extension&quot;:&quot;.webp&quot;},&quot;18121518379856169&quot;:{&quot;id&quot;:&quot;780473867_1721525349982050_519779946604832343_n&quot;,&quot;ratio&quot;:&quot;0.75&quot;,&quot;sizes&quot;:{&quot;full&quot;:640,&quot;low&quot;:320,&quot;thumb&quot;:150},&quot;extension&quot;:&quot;.webp&quot;},&quot;18067935698759271&quot;:{&quot;id&quot;:&quot;780127107_1725563096244942_6521811740731836897_n&quot;,&quot;ratio&quot;:&quot;0.80&quot;,&quot;sizes&quot;:{&quot;full&quot;:640,&quot;low&quot;:320,&quot;thumb&quot;:150},&quot;extension&quot;:&quot;.webp&quot;},&quot;17964937665152032&quot;:{&quot;id&quot;:&quot;788231308_1726800629454522_7933546064092463856_n&quot;,&quot;ratio&quot;:&quot;0.80&quot;,&quot;sizes&quot;:{&quot;full&quot;:640,&quot;low&quot;:320,&quot;thumb&quot;:150},&quot;extension&quot;:&quot;.webp&quot;},&quot;18106757483175664&quot;:{&quot;id&quot;:&quot;787287916_1725783546222897_1313281576983344905_n&quot;,&quot;ratio&quot;:&quot;0.80&quot;,&quot;sizes&quot;:{&quot;full&quot;:640,&quot;low&quot;:320,&quot;thumb&quot;:150},&quot;extension&quot;:&quot;.webp&quot;},&quot;17916741315429525&quot;:{&quot;id&quot;:&quot;784083220_1726737352794183_9071472488035737163_n&quot;,&quot;ratio&quot;:&quot;0.80&quot;,&quot;sizes&quot;:{&quot;full&quot;:640,&quot;low&quot;:320,&quot;thumb&quot;:150},&quot;extension&quot;:&quot;.webp&quot;}}\">\n\t<\/span>\n\t<\/div>\n\n\n\n\n<div style=\"height:61px\" aria-hidden=\"true\" class=\"wp-block-spacer\"><\/div>\n\n\n\n<div class=\"wp-block-coblocks-hero alignfull coblocks-hero-81015552427 coblocks-hero-76111425926\"><div class=\"wp-block-coblocks-hero__inner bg-auto has-background-image bg-no-repeat bg-center-center hero-center-center-align has-padding has-small-padding has-center-content\" style=\"background-image:url(https:\/\/uepc.org.ar\/conectate\/wp-content\/uploads\/2025\/09\/seceduc_MmasM_ban.jpg);min-height:100px\"><div class=\"wp-block-coblocks-hero__content-wrapper\"><div class=\"wp-block-coblocks-hero__content\" style=\"max-width:610px\">\n<div class=\"wp-block-image\"><figure class=\"aligncenter size-full\"><a href=\"https:\/\/uepc.org.ar\/conectate\/programa-maestra-o-mas-maestras-os-mm\/\"><img decoding=\"async\" src=\"https:\/\/uepc.org.ar\/conectate\/wp-content\/uploads\/2025\/09\/seceduc-MmasM_ban_rspon_up.png\" alt=\"Programa M+M\" class=\"wp-image-28906\"\/><\/a><\/figure><\/div>\n<\/div><\/div><\/div><\/div>\n\n\n\n<div style=\"height:50px\" aria-hidden=\"true\" class=\"wp-block-spacer\"><\/div>\n\n\n\n<div class=\"wp-block-coblocks-hero alignfull coblocks-hero-81015552427 coblocks-hero-76111425926\"><div class=\"wp-block-coblocks-hero__inner bg-auto has-background-image bg-no-repeat bg-center-center hero-center-center-align has-padding has-small-padding has-center-content\" style=\"background-image:url(https:\/\/uepc.org.ar\/conectate\/wp-content\/uploads\/2026\/04\/fondo-haceresydecires-1.png);min-height:100px\"><div class=\"wp-block-coblocks-hero__content-wrapper\"><div class=\"wp-block-coblocks-hero__content\" style=\"max-width:610px\">\n<div class=\"wp-block-image\"><figure class=\"aligncenter size-full\"><a href=\"https:\/\/uepc.org.ar\/conectate\/haceres-y-decires-de-la-gestion-escolar\/\"><img decoding=\"async\" src=\"https:\/\/uepc.org.ar\/conectate\/wp-content\/uploads\/2026\/04\/seceduc_gestionescolar_rsponsive_up.png\" alt=\"Haceres y decires de la gesti\u00f3n escolar\" class=\"wp-image-28906\"\/><\/a><\/figure><\/div>\n<\/div><\/div><\/div><\/div>\n\n\n\n<div class=\"wp-block-coblocks-hero alignfull coblocks-hero-1027153245391\"><div class=\"wp-block-coblocks-hero__inner bg-contain has-background-image bg-no-repeat bg-center-center hero-center-center-align has-padding has-center-content\" style=\"background-image:url(https:\/\/uepc.org.ar\/conectate\/wp-content\/uploads\/2025\/11\/Biblio-Banner-Responsive-fondo.png);min-height:500px\"><div class=\"wp-block-coblocks-hero__content-wrapper\"><div class=\"wp-block-coblocks-hero__content\" style=\"max-width:690px\">\n<figure class=\"wp-block-image size-full has-lightbox\"><a href=\"https:\/\/uepc.org.ar\/conectate\/biblioteca-uepc\/\"><img loading=\"lazy\" decoding=\"async\" width=\"690\" height=\"210\" src=\"https:\/\/uepc.org.ar\/conectate\/wp-content\/uploads\/2025\/11\/Biblio-Banner-Responsive-up.png\" alt=\"\" class=\"wp-image-31596\" srcset=\"https:\/\/uepc.org.ar\/conectate\/wp-content\/uploads\/2025\/11\/Biblio-Banner-Responsive-up.png 690w, https:\/\/uepc.org.ar\/conectate\/wp-content\/uploads\/2025\/11\/Biblio-Banner-Responsive-up-500x152.png 500w, https:\/\/uepc.org.ar\/conectate\/wp-content\/uploads\/2025\/11\/Biblio-Banner-Responsive-up-550x167.png 550w, https:\/\/uepc.org.ar\/conectate\/wp-content\/uploads\/2025\/11\/Biblio-Banner-Responsive-up-160x49.png 160w\" sizes=\"auto, (max-width: 690px) 100vw, 690px\" \/><\/a><\/figure>\n<\/div><\/div><\/div><\/div>\n\n\n\n<div style=\"height:61px\" aria-hidden=\"true\" class=\"wp-block-spacer\"><\/div>\n\n\n\n<section class=\"wp-block-uagb-section uagb-section__wrap uagb-section__background-color uagb-block-636ad77d-d740-4443-bb08-d0ad7e546b90\"><div class=\"uagb-section__overlay\"><\/div><div class=\"uagb-section__inner-wrap\">\n<h3 class=\"wp-block-heading alignfull has-text-align-center\">Te invitamos a buscar contenido en ICIEC<\/h3>\n\n\n<form role=\"search\" method=\"get\" action=\"https:\/\/uepc.org.ar\/conectate\/\" class=\"wp-block-search__button-outside wp-block-search__icon-button aligncenter wp-block-search\"    ><label class=\"wp-block-search__label screen-reader-text\" for=\"wp-block-search__input-1\" >Buscar<\/label><div class=\"wp-block-search__inside-wrapper \"  style=\"width: 75%\"><input class=\"wp-block-search__input\" id=\"wp-block-search__input-1\" placeholder=\"\" value=\"\" type=\"search\" name=\"s\" required \/><button aria-label=\"Buscar\" class=\"wp-block-search__button has-icon wp-element-button\" type=\"submit\" ><svg class=\"search-icon\" viewBox=\"0 0 24 24\" width=\"24\" height=\"24\">\n\t\t\t\t\t<path d=\"M13 5c-3.3 0-6 2.7-6 6 0 1.4.5 2.7 1.3 3.7l-3.8 3.8 1.1 1.1 3.8-3.8c1 .8 2.3 1.3 3.7 1.3 3.3 0 6-2.7 6-6S16.3 5 13 5zm0 10.5c-2.5 0-4.5-2-4.5-4.5s2-4.5 4.5-4.5 4.5 2 4.5 4.5-2 4.5-4.5 4.5z\"><\/path>\n\t\t\t\t<\/svg><\/button><\/div><\/form>\n\n\n<div style=\"height:17px\" aria-hidden=\"true\" class=\"wp-block-spacer\"><\/div>\n\n\n\n<h5 class=\"wp-block-heading has-text-align-center\">Ingres\u00e1 la frase o palabra sobre la tem\u00e1tica o recurso que necesites. Contamos con gran variedad de material disponible.<\/h5>\n<\/div><\/section>\n\n\n\n<p><\/p>\n","protected":false},"excerpt":{"rendered":"<p>Novedades<\/p>\n<a class=\"read-more-link\" href=\" https:\/\/uepc.org.ar\/conectate\/ \">Leer m\u00e1s<\/a>","protected":false},"author":17,"featured_media":0,"parent":0,"menu_order":0,"comment_status":"closed","ping_status":"closed","template":"","meta":{"_acf_changed":false,"_coblocks_attr":"","_coblocks_dimensions":"{\"coblocks-hero-715105530548\":{\"padding\":{}},\"coblocks-hero-9991958498\":{\"padding\":{}},\"coblocks-hero-9991958415\":{\"padding\":{\"paddingTop\":\"11px\",\"paddingRight\":\"11px\",\"paddingBottom\":\"11px\",\"paddingLeft\":\"11px\",\"paddingTopTablet\":null,\"paddingRightTablet\":null,\"paddingBottomTablet\":null,\"paddingLeftTablet\":null,\"paddingTopMobile\":null,\"paddingRightMobile\":null,\"paddingBottomMobile\":null,\"paddingLeftMobile\":null}},\"coblocks-hero-1027152919943\":{\"padding\":{}},\"coblocks-hero-1027153245391\":{\"padding\":{\"paddingBottom\":\"60px\",\"paddingBottomMobile\":null,\"paddingBottomTablet\":\"2px\",\"paddingLeft\":\"60px\",\"paddingLeftMobile\":null,\"paddingLeftTablet\":\"2px\",\"paddingRight\":\"60px\",\"paddingRightMobile\":null,\"paddingRightTablet\":\"2px\",\"paddingTop\":\"60px\",\"paddingTopMobile\":null,\"paddingTopTablet\":\"2px\"}}}","_coblocks_responsive_height":"{\"coblocks-hero-715105530548\":{\"height\":{\"height\":190}},\"coblocks-hero-9991958415\":{\"height\":{\"height\":250}},\"coblocks-hero-1027153245391\":{\"height\":{\"height\":500,\"heightMobile\":200,\"heightTablet\":null}}}","_coblocks_accordion_ie_support":"","_uag_custom_page_level_css":"","footnotes":""},"class_list":["post-17257","page","type-page","status-publish","hentry"],"acf":[],"yoast_head":"<!-- This site is optimized with the Yoast SEO plugin v26.8 - https:\/\/yoast.com\/product\/yoast-seo-wordpress\/ -->\n<title>Instituto de Capacitaci\u00f3n e Investigaci\u00f3n de los Educadores de C\u00f3rdoba (ICIEC)<\/title>\n<meta name=\"description\" content=\"Desde UEPC desarrollamos una pol\u00edtica gremial comprometida con la defensa y el cuidado de la escuela p\u00fablica. (ICIEC \u00b7 UEPC)\" \/>\n<meta name=\"robots\" content=\"index, follow, max-snippet:-1, max-image-preview:large, max-video-preview:-1\" \/>\n<link rel=\"canonical\" href=\"https:\/\/uepc.org.ar\/conectate\/\" \/>\n<meta property=\"og:locale\" content=\"es_ES\" \/>\n<meta property=\"og:type\" content=\"article\" \/>\n<meta property=\"og:title\" content=\"Instituto de Capacitaci\u00f3n e Investigaci\u00f3n de los Educadores de C\u00f3rdoba (ICIEC)\" \/>\n<meta property=\"og:description\" content=\"Desde UEPC desarrollamos una pol\u00edtica gremial comprometida con la defensa y el cuidado de la escuela p\u00fablica. (ICIEC \u00b7 UEPC)\" \/>\n<meta property=\"og:url\" content=\"https:\/\/uepc.org.ar\/conectate\/\" \/>\n<meta property=\"og:site_name\" content=\"conectate ICIEC-UEPC\" \/>\n<meta property=\"article:publisher\" content=\"https:\/\/www.facebook.com\/conectate.uepc\" \/>\n<meta property=\"article:modified_time\" content=\"2026-08-05T16:24:59+00:00\" \/>\n<meta property=\"og:image\" content=\"https:\/\/uepc.org.ar\/conectate\/wp-content\/uploads\/2025\/11\/seceduc_educar43_ban-responsive-UP.png\" \/>\n<meta name=\"twitter:card\" content=\"summary_large_image\" \/>\n<meta name=\"twitter:site\" content=\"@ConectateUEPC\" \/>\n<meta name=\"twitter:label1\" content=\"Tiempo de lectura\" \/>\n\t<meta name=\"twitter:data1\" content=\"2 minutos\" \/>\n<script type=\"application\/ld+json\" class=\"yoast-schema-graph\">{\"@context\":\"https:\/\/schema.org\",\"@graph\":[{\"@type\":\"WebPage\",\"@id\":\"https:\/\/uepc.org.ar\/conectate\/\",\"url\":\"https:\/\/uepc.org.ar\/conectate\/\",\"name\":\"Instituto de Capacitaci\u00f3n e Investigaci\u00f3n de los Educadores de C\u00f3rdoba (ICIEC)\",\"isPartOf\":{\"@id\":\"https:\/\/uepc.org.ar\/conectate\/#website\"},\"primaryImageOfPage\":{\"@id\":\"https:\/\/uepc.org.ar\/conectate\/#primaryimage\"},\"image\":{\"@id\":\"https:\/\/uepc.org.ar\/conectate\/#primaryimage\"},\"thumbnailUrl\":\"https:\/\/uepc.org.ar\/conectate\/wp-content\/uploads\/2025\/11\/seceduc_educar43_ban-responsive-UP.png\",\"datePublished\":\"2019-07-31T21:16:06+00:00\",\"dateModified\":\"2026-08-05T16:24:59+00:00\",\"description\":\"Desde UEPC desarrollamos una pol\u00edtica gremial comprometida con la defensa y el cuidado de la escuela p\u00fablica. (ICIEC \u00b7 UEPC)\",\"breadcrumb\":{\"@id\":\"https:\/\/uepc.org.ar\/conectate\/#breadcrumb\"},\"inLanguage\":\"es\",\"potentialAction\":[{\"@type\":\"ReadAction\",\"target\":[\"https:\/\/uepc.org.ar\/conectate\/\"]}]},{\"@type\":\"ImageObject\",\"inLanguage\":\"es\",\"@id\":\"https:\/\/uepc.org.ar\/conectate\/#primaryimage\",\"url\":\"https:\/\/uepc.org.ar\/conectate\/wp-content\/uploads\/2023\/11\/ED41_banner_front.png\",\"contentUrl\":\"https:\/\/uepc.org.ar\/conectate\/wp-content\/uploads\/2023\/11\/ED41_banner_front.png\",\"width\":692,\"height\":343},{\"@type\":\"BreadcrumbList\",\"@id\":\"https:\/\/uepc.org.ar\/conectate\/#breadcrumb\",\"itemListElement\":[{\"@type\":\"ListItem\",\"position\":1,\"name\":\"Home\",\"item\":\"https:\/\/uepc.org.ar\/conectate\/\"},{\"@type\":\"ListItem\",\"position\":2,\"name\":\"Inicio\"}]},{\"@type\":\"WebSite\",\"@id\":\"https:\/\/uepc.org.ar\/conectate\/#website\",\"url\":\"https:\/\/uepc.org.ar\/conectate\/\",\"name\":\"conectate ICIEC-UEPC\",\"description\":\"conectate a la pasi\u00f3n de educar\",\"publisher\":{\"@id\":\"https:\/\/uepc.org.ar\/conectate\/#organization\"},\"potentialAction\":[{\"@type\":\"SearchAction\",\"target\":{\"@type\":\"EntryPoint\",\"urlTemplate\":\"https:\/\/uepc.org.ar\/conectate\/?s={search_term_string}\"},\"query-input\":{\"@type\":\"PropertyValueSpecification\",\"valueRequired\":true,\"valueName\":\"search_term_string\"}}],\"inLanguage\":\"es\"},{\"@type\":\"Organization\",\"@id\":\"https:\/\/uepc.org.ar\/conectate\/#organization\",\"name\":\"conectate UEPC\",\"url\":\"https:\/\/uepc.org.ar\/conectate\/\",\"logo\":{\"@type\":\"ImageObject\",\"inLanguage\":\"es\",\"@id\":\"https:\/\/uepc.org.ar\/conectate\/#\/schema\/logo\/image\/\",\"url\":\"http:\/\/uepc.org.ar\/conectate\/wp-content\/uploads\/2019\/08\/lg-iciecx2.png\",\"contentUrl\":\"http:\/\/uepc.org.ar\/conectate\/wp-content\/uploads\/2019\/08\/lg-iciecx2.png\",\"width\":600,\"height\":266,\"caption\":\"conectate UEPC\"},\"image\":{\"@id\":\"https:\/\/uepc.org.ar\/conectate\/#\/schema\/logo\/image\/\"},\"sameAs\":[\"https:\/\/www.facebook.com\/conectate.uepc\",\"https:\/\/x.com\/ConectateUEPC\",\"https:\/\/www.instagram.com\/conectateuepc\/\",\"https:\/\/www.youtube.com\/channel\/UC_gvxulloCni4YDXzFRZ_qQ\"]}]}<\/script>\n<!-- \/ Yoast SEO plugin. -->","yoast_head_json":{"title":"Instituto de Capacitaci\u00f3n e Investigaci\u00f3n de los Educadores de C\u00f3rdoba (ICIEC)","description":"Desde UEPC desarrollamos una pol\u00edtica gremial comprometida con la defensa y el cuidado de la escuela p\u00fablica. (ICIEC \u00b7 UEPC)","robots":{"index":"index","follow":"follow","max-snippet":"max-snippet:-1","max-image-preview":"max-image-preview:large","max-video-preview":"max-video-preview:-1"},"canonical":"https:\/\/uepc.org.ar\/conectate\/","og_locale":"es_ES","og_type":"article","og_title":"Instituto de Capacitaci\u00f3n e Investigaci\u00f3n de los Educadores de C\u00f3rdoba (ICIEC)","og_description":"Desde UEPC desarrollamos una pol\u00edtica gremial comprometida con la defensa y el cuidado de la escuela p\u00fablica. (ICIEC \u00b7 UEPC)","og_url":"https:\/\/uepc.org.ar\/conectate\/","og_site_name":"conectate ICIEC-UEPC","article_publisher":"https:\/\/www.facebook.com\/conectate.uepc","article_modified_time":"2026-08-05T16:24:59+00:00","og_image":[{"url":"https:\/\/uepc.org.ar\/conectate\/wp-content\/uploads\/2025\/11\/seceduc_educar43_ban-responsive-UP.png","type":"","width":"","height":""}],"twitter_card":"summary_large_image","twitter_site":"@ConectateUEPC","twitter_misc":{"Tiempo de lectura":"2 minutos"},"schema":{"@context":"https:\/\/schema.org","@graph":[{"@type":"WebPage","@id":"https:\/\/uepc.org.ar\/conectate\/","url":"https:\/\/uepc.org.ar\/conectate\/","name":"Instituto de Capacitaci\u00f3n e Investigaci\u00f3n de los Educadores de C\u00f3rdoba (ICIEC)","isPartOf":{"@id":"https:\/\/uepc.org.ar\/conectate\/#website"},"primaryImageOfPage":{"@id":"https:\/\/uepc.org.ar\/conectate\/#primaryimage"},"image":{"@id":"https:\/\/uepc.org.ar\/conectate\/#primaryimage"},"thumbnailUrl":"https:\/\/uepc.org.ar\/conectate\/wp-content\/uploads\/2025\/11\/seceduc_educar43_ban-responsive-UP.png","datePublished":"2019-07-31T21:16:06+00:00","dateModified":"2026-08-05T16:24:59+00:00","description":"Desde UEPC desarrollamos una pol\u00edtica gremial comprometida con la defensa y el cuidado de la escuela p\u00fablica. (ICIEC \u00b7 UEPC)","breadcrumb":{"@id":"https:\/\/uepc.org.ar\/conectate\/#breadcrumb"},"inLanguage":"es","potentialAction":[{"@type":"ReadAction","target":["https:\/\/uepc.org.ar\/conectate\/"]}]},{"@type":"ImageObject","inLanguage":"es","@id":"https:\/\/uepc.org.ar\/conectate\/#primaryimage","url":"https:\/\/uepc.org.ar\/conectate\/wp-content\/uploads\/2023\/11\/ED41_banner_front.png","contentUrl":"https:\/\/uepc.org.ar\/conectate\/wp-content\/uploads\/2023\/11\/ED41_banner_front.png","width":692,"height":343},{"@type":"BreadcrumbList","@id":"https:\/\/uepc.org.ar\/conectate\/#breadcrumb","itemListElement":[{"@type":"ListItem","position":1,"name":"Home","item":"https:\/\/uepc.org.ar\/conectate\/"},{"@type":"ListItem","position":2,"name":"Inicio"}]},{"@type":"WebSite","@id":"https:\/\/uepc.org.ar\/conectate\/#website","url":"https:\/\/uepc.org.ar\/conectate\/","name":"conectate ICIEC-UEPC","description":"conectate a la pasi\u00f3n de educar","publisher":{"@id":"https:\/\/uepc.org.ar\/conectate\/#organization"},"potentialAction":[{"@type":"SearchAction","target":{"@type":"EntryPoint","urlTemplate":"https:\/\/uepc.org.ar\/conectate\/?s={search_term_string}"},"query-input":{"@type":"PropertyValueSpecification","valueRequired":true,"valueName":"search_term_string"}}],"inLanguage":"es"},{"@type":"Organization","@id":"https:\/\/uepc.org.ar\/conectate\/#organization","name":"conectate UEPC","url":"https:\/\/uepc.org.ar\/conectate\/","logo":{"@type":"ImageObject","inLanguage":"es","@id":"https:\/\/uepc.org.ar\/conectate\/#\/schema\/logo\/image\/","url":"http:\/\/uepc.org.ar\/conectate\/wp-content\/uploads\/2019\/08\/lg-iciecx2.png","contentUrl":"http:\/\/uepc.org.ar\/conectate\/wp-content\/uploads\/2019\/08\/lg-iciecx2.png","width":600,"height":266,"caption":"conectate UEPC"},"image":{"@id":"https:\/\/uepc.org.ar\/conectate\/#\/schema\/logo\/image\/"},"sameAs":["https:\/\/www.facebook.com\/conectate.uepc","https:\/\/x.com\/ConectateUEPC","https:\/\/www.instagram.com\/conectateuepc\/","https:\/\/www.youtube.com\/channel\/UC_gvxulloCni4YDXzFRZ_qQ"]}]}},"uagb_featured_image_src":{"full":false,"thumbnail":false,"medium":false,"medium_large":false,"large":false,"1536x1536":false,"2048x2048":false,"post-thumbnail":false,"destacada":false,"eris-archive-image":false,"eris-archive-image-portrait":false,"eris-search-image":false},"uagb_author_info":{"display_name":"Conectate","author_link":"https:\/\/uepc.org.ar\/conectate\/author\/conectate\/"},"uagb_comment_info":0,"uagb_excerpt":"Novedades","_links":{"self":[{"href":"https:\/\/uepc.org.ar\/conectate\/wp-json\/wp\/v2\/pages\/17257","targetHints":{"allow":["GET"]}}],"collection":[{"href":"https:\/\/uepc.org.ar\/conectate\/wp-json\/wp\/v2\/pages"}],"about":[{"href":"https:\/\/uepc.org.ar\/conectate\/wp-json\/wp\/v2\/types\/page"}],"author":[{"embeddable":true,"href":"https:\/\/uepc.org.ar\/conectate\/wp-json\/wp\/v2\/users\/17"}],"replies":[{"embeddable":true,"href":"https:\/\/uepc.org.ar\/conectate\/wp-json\/wp\/v2\/comments?post=17257"}],"version-history":[{"count":20,"href":"https:\/\/uepc.org.ar\/conectate\/wp-json\/wp\/v2\/pages\/17257\/revisions"}],"predecessor-version":[{"id":32903,"href":"https:\/\/uepc.org.ar\/conectate\/wp-json\/wp\/v2\/pages\/17257\/revisions\/32903"}],"wp:attachment":[{"href":"https:\/\/uepc.org.ar\/conectate\/wp-json\/wp\/v2\/media?parent=17257"}],"curies":[{"name":"wp","href":"https:\/\/api.w.org\/{rel}","templated":true}]}}