{"id":17257,"date":"2019-07-31T18:16:06","date_gmt":"2019-07-31T21:16:06","guid":{"rendered":"http:\/\/200.69.245.11\/conectate\/?page_id=17257"},"modified":"2026-04-27T11:58:45","modified_gmt":"2026-04-27T14:58:45","slug":"inicio","status":"publish","type":"page","link":"https:\/\/uepc.org.ar\/conectate\/","title":{"rendered":"Inicio"},"content":{"rendered":"\n<div class=\"wp-block-columns alignfull is-layout-flex wp-container-core-columns-is-layout-1 wp-block-columns-is-layout-flex\">\n<div class=\"wp-block-column is-layout-flow wp-block-column-is-layout-flow\" style=\"flex-basis:100%\"><div id=\"new-royalslider-7\" class=\"royalSlider new-royalslider-7 rsDefaultInv rs-default-template\" style=\"width:100%;height:400px;;\" data-rs-options='{&quot;template&quot;:&quot;default&quot;,&quot;image_generation&quot;:{&quot;imageWidth&quot;:1600,&quot;imageHeight&quot;:400,&quot;thumbImageWidth&quot;:&quot;&quot;,&quot;thumbImageHeight&quot;:&quot;&quot;},&quot;thumbs&quot;:{&quot;thumbWidth&quot;:96,&quot;thumbHeight&quot;:72},&quot;autoPlay&quot;:{&quot;enabled&quot;:&quot;true&quot;,&quot;stopAtAction&quot;:&quot;false&quot;,&quot;pauseOnHover&quot;:&quot;false&quot;},&quot;video&quot;:[],&quot;block&quot;:{&quot;moveOffset&quot;:20,&quot;speed&quot;:400,&quot;delay&quot;:200},&quot;width&quot;:&quot;100%&quot;,&quot;height&quot;:&quot;400px&quot;,&quot;autoScaleSlider&quot;:&quot;true&quot;,&quot;autoScaleSliderWidth&quot;:&quot;&quot;,&quot;autoScaleSliderHeight&quot;:&quot;&quot;,&quot;autoHeight&quot;:&quot;true&quot;,&quot;slidesSpacing&quot;:&quot;&quot;,&quot;imageScaleMode&quot;:&quot;fill&quot;,&quot;imageAlignCenter&quot;:&quot;false&quot;,&quot;imageScalePadding&quot;:0,&quot;controlNavigation&quot;:&quot;none&quot;,&quot;transitionType&quot;:&quot;fade&quot;}'>\n<div class=\"rsContent\">\n  <img decoding=\"async\" class=\"rsImg\" src=\"https:\/\/uepc.org.ar\/conectate\/wp-content\/uploads\/2024\/03\/diapo__0001_Capa-5.jpg\" alt=\"diapo__0001_Capa 5\"\/>\n  \n  \n  \n<\/div>\n<div class=\"rsContent\">\n  <img decoding=\"async\" class=\"rsImg\" src=\"https:\/\/uepc.org.ar\/conectate\/wp-content\/uploads\/2024\/03\/diapo__0002_Capa-4.jpg\" alt=\"diapo__0002_Capa 4\"\/>\n  \n  \n  \n<\/div>\n<div class=\"rsContent\">\n  <img decoding=\"async\" class=\"rsImg\" src=\"https:\/\/uepc.org.ar\/conectate\/wp-content\/uploads\/2024\/03\/diapo__0000_Capa-6.jpg\" alt=\"diapo__0000_Capa 6\"\/>\n  \n  \n  \n<\/div>\n<div class=\"rsContent\">\n  <img decoding=\"async\" class=\"rsImg\" src=\"https:\/\/uepc.org.ar\/conectate\/wp-content\/uploads\/2024\/03\/diapo__0003_Capa-3.jpg\" alt=\"diapo__0003_Capa 3\"\/>\n  \n  \n  \n<\/div>\n<div class=\"rsContent\">\n  <img decoding=\"async\" class=\"rsImg\" src=\"https:\/\/uepc.org.ar\/conectate\/wp-content\/uploads\/2024\/03\/diapo__0004_Capa-2.jpg\" alt=\"diapo__0004_Capa 2\"\/>\n  \n  \n  \n<\/div>\n<div class=\"rsContent\">\n  <img decoding=\"async\" class=\"rsImg\" src=\"https:\/\/uepc.org.ar\/conectate\/wp-content\/uploads\/2024\/03\/diapo__0005_Capa-1.jpg\" alt=\"diapo__0005_Capa 1\"\/>\n  \n  \n  \n<\/div>\n\n<\/div>\n<script type=\"text\/javascript\">jQuery(document).ready(function($){\t$('.new-royalslider-7').royalSlider({template:'default',image_generation:{imageWidth:1600,imageHeight:400,thumbImageWidth:'',thumbImageHeight:''},thumbs:{thumbWidth:96,thumbHeight:72},autoPlay:{enabled:!0,stopAtAction:!1,pauseOnHover:!1},video:[],block:{moveOffset:20,speed:400,delay:200},width:'100%',height:'400px',autoScaleSlider:!0,autoScaleSliderWidth:'',autoScaleSliderHeight:'',autoHeight:!0,slidesSpacing:'',imageScaleMode:'fill',imageAlignCenter:!1,imageScalePadding:0,controlNavigation:'none',transitionType:'fade'});\n});<\/script><\/div>\n<\/div>\n\n\n\n<div class=\"wp-block-getwid-advanced-heading titulos-secciones has-custom-font-size\" style=\"font-size:25px\"><h4 class=\"wp-block-getwid-advanced-heading__content\" style=\"font-weight:600\">Novedades<\/h4><\/div>\n\n\n\n<hr class=\"wp-block-separator has-css-opacity is-style-wide\"\/>\n\n\n\n\t\t\t<div class=\"wp-block-uagb-post-carousel uagb-post-grid  uagb-post__image-position-top uagb-post__image-enabled uagb-block-9ea14749-5673-41db-ae8e-25e4c46b9f63     uagb-post__arrow-outside uagb-slick-carousel uagb-post__items uagb-post__columns-3 is-carousel uagb-post__columns-tablet-2 uagb-post__columns-mobile-1 uagb-post__carousel_equal-height\" data-total=\"55\" style=\"\">\n\n\t\t\t\t\t\t\t\t\t\t\t\t<article class=\"uagb-post__inner-wrap\">\t\t\t\t\t\t\t\t<div class='uagb-post__image'>\n\t\t\t\t\t\t\t\t\t<a href=\"https:\/\/uepc.org.ar\/conectate\/soy-de-aqui-y-soy-de-alla\/\" target=\"_self\" rel=\"bookmark noopener noreferrer\"><img loading=\"lazy\" decoding=\"async\" width=\"550\" height=\"250\" src=\"https:\/\/uepc.org.ar\/conectate\/wp-content\/uploads\/2026\/04\/seceduc_migraciones_web-1-1-550x250.png\" class=\"attachment-eris-archive-image-portrait size-eris-archive-image-portrait\" alt=\"\" srcset=\"https:\/\/uepc.org.ar\/conectate\/wp-content\/uploads\/2026\/04\/seceduc_migraciones_web-1-1-550x250.png 550w, https:\/\/uepc.org.ar\/conectate\/wp-content\/uploads\/2026\/04\/seceduc_migraciones_web-1-1-500x227.png 500w, https:\/\/uepc.org.ar\/conectate\/wp-content\/uploads\/2026\/04\/seceduc_migraciones_web-1-1-1024x465.png 1024w, https:\/\/uepc.org.ar\/conectate\/wp-content\/uploads\/2026\/04\/seceduc_migraciones_web-1-1-768x349.png 768w, https:\/\/uepc.org.ar\/conectate\/wp-content\/uploads\/2026\/04\/seceduc_migraciones_web-1-1-160x73.png 160w, https:\/\/uepc.org.ar\/conectate\/wp-content\/uploads\/2026\/04\/seceduc_migraciones_web-1-1.png 1100w\" sizes=\"auto, (max-width: 550px) 100vw, 550px\" \/>\t\t\t\t\t<\/a>\n\t\t\t\t\t\t\t\t\t<\/div>\n\t\t\t\t\t\t<h5 class=\"uagb-post__title uagb-post__text\">\n\t\t\t\t<a href=\"https:\/\/uepc.org.ar\/conectate\/soy-de-aqui-y-soy-de-alla\/\" target=\"_self\" rel=\"bookmark noopener noreferrer\">Soy de aqu\u00ed y soy de all\u00e1 | Un abordaje de los fen\u00f3menos migratorios para el aula<\/a>\n\t\t\t<\/h5>\n\t\t\t\t\t\t<div class='uagb-post__text uagb-post-grid-byline'>\n\t\t\t\t\t\t\t\t<time datetime=\"2026-04-28T13:02:35-03:00\" class=\"uagb-post__date\">\n\t\t\t\t<span class=\"dashicons-calendar dashicons\"><\/span>\t\t\t\t\t28 abril, 2026\t\t\t\t<\/time>\n\t\t\t\t\t\t<\/div>\n\t\t\t\n\t\t\t\t\t\t\t\t\t<\/article>\n\t\t\t\t\t\t\t\t\t\t\t\t\t\t\t\t<article class=\"uagb-post__inner-wrap\">\t\t\t\t\t\t\t\t<div class='uagb-post__image'>\n\t\t\t\t\t\t\t\t\t<a href=\"https:\/\/uepc.org.ar\/conectate\/comenzo-el-curso-gestion-directiva\/\" target=\"_self\" rel=\"bookmark noopener noreferrer\"><img loading=\"lazy\" decoding=\"async\" width=\"550\" height=\"248\" src=\"https:\/\/uepc.org.ar\/conectate\/wp-content\/uploads\/2026\/04\/banner-web-gestion-550x248.jpeg\" class=\"attachment-eris-archive-image-portrait size-eris-archive-image-portrait\" alt=\"\" srcset=\"https:\/\/uepc.org.ar\/conectate\/wp-content\/uploads\/2026\/04\/banner-web-gestion-550x248.jpeg 550w, https:\/\/uepc.org.ar\/conectate\/wp-content\/uploads\/2026\/04\/banner-web-gestion-500x225.jpeg 500w, https:\/\/uepc.org.ar\/conectate\/wp-content\/uploads\/2026\/04\/banner-web-gestion-1024x461.jpeg 1024w, https:\/\/uepc.org.ar\/conectate\/wp-content\/uploads\/2026\/04\/banner-web-gestion-768x346.jpeg 768w, https:\/\/uepc.org.ar\/conectate\/wp-content\/uploads\/2026\/04\/banner-web-gestion-160x72.jpeg 160w, https:\/\/uepc.org.ar\/conectate\/wp-content\/uploads\/2026\/04\/banner-web-gestion.jpeg 1111w\" sizes=\"auto, (max-width: 550px) 100vw, 550px\" \/>\t\t\t\t\t<\/a>\n\t\t\t\t\t\t\t\t\t<\/div>\n\t\t\t\t\t\t<h5 class=\"uagb-post__title uagb-post__text\">\n\t\t\t\t<a href=\"https:\/\/uepc.org.ar\/conectate\/comenzo-el-curso-gestion-directiva\/\" target=\"_self\" rel=\"bookmark noopener noreferrer\">Comenz\u00f3 el curso \u00abGesti\u00f3n Directiva, autoridad pedag\u00f3gica y liderazgo distribuido\u00bb con m\u00e1s de 650 compa\u00f1eras y compa\u00f1eros de toda la provincia<\/a>\n\t\t\t<\/h5>\n\t\t\t\t\t\t<div class='uagb-post__text uagb-post-grid-byline'>\n\t\t\t\t\t\t\t\t<time datetime=\"2026-04-23T11:46:27-03:00\" class=\"uagb-post__date\">\n\t\t\t\t<span class=\"dashicons-calendar dashicons\"><\/span>\t\t\t\t\t23 abril, 2026\t\t\t\t<\/time>\n\t\t\t\t\t\t<\/div>\n\t\t\t\n\t\t\t\t\t\t\t\t\t<\/article>\n\t\t\t\t\t\t\t\t\t\t\t\t\t\t\t\t<article class=\"uagb-post__inner-wrap\">\t\t\t\t\t\t\t\t<div class='uagb-post__image'>\n\t\t\t\t\t\t\t\t\t<a href=\"https:\/\/uepc.org.ar\/conectate\/24-de-abril-genocidio-armenio\/\" target=\"_self\" rel=\"bookmark noopener noreferrer\"><img loading=\"lazy\" decoding=\"async\" width=\"550\" height=\"250\" src=\"https:\/\/uepc.org.ar\/conectate\/wp-content\/uploads\/2025\/04\/seceduc_24Ab_banner-550x250.jpg\" class=\"attachment-eris-archive-image-portrait size-eris-archive-image-portrait\" alt=\"\" srcset=\"https:\/\/uepc.org.ar\/conectate\/wp-content\/uploads\/2025\/04\/seceduc_24Ab_banner-550x250.jpg 550w, https:\/\/uepc.org.ar\/conectate\/wp-content\/uploads\/2025\/04\/seceduc_24Ab_banner-500x227.jpg 500w, https:\/\/uepc.org.ar\/conectate\/wp-content\/uploads\/2025\/04\/seceduc_24Ab_banner-1024x465.jpg 1024w, https:\/\/uepc.org.ar\/conectate\/wp-content\/uploads\/2025\/04\/seceduc_24Ab_banner-768x349.jpg 768w, https:\/\/uepc.org.ar\/conectate\/wp-content\/uploads\/2025\/04\/seceduc_24Ab_banner-160x73.jpg 160w, https:\/\/uepc.org.ar\/conectate\/wp-content\/uploads\/2025\/04\/seceduc_24Ab_banner.jpg 1100w\" sizes=\"auto, (max-width: 550px) 100vw, 550px\" \/>\t\t\t\t\t<\/a>\n\t\t\t\t\t\t\t\t\t<\/div>\n\t\t\t\t\t\t<h5 class=\"uagb-post__title uagb-post__text\">\n\t\t\t\t<a href=\"https:\/\/uepc.org.ar\/conectate\/24-de-abril-genocidio-armenio\/\" target=\"_self\" rel=\"bookmark noopener noreferrer\">24 de abril | D\u00eda de acci\u00f3n por la tolerancia y el respeto entre los pueblos<\/a>\n\t\t\t<\/h5>\n\t\t\t\t\t\t<div class='uagb-post__text uagb-post-grid-byline'>\n\t\t\t\t\t\t\t\t<time datetime=\"2026-04-16T09:44:29-03:00\" class=\"uagb-post__date\">\n\t\t\t\t<span class=\"dashicons-calendar dashicons\"><\/span>\t\t\t\t\t16 abril, 2026\t\t\t\t<\/time>\n\t\t\t\t\t\t<\/div>\n\t\t\t\n\t\t\t\t\t\t\t\t\t<\/article>\n\t\t\t\t\t\t\t\t\t\t\t\t\t\t\t\t<article class=\"uagb-post__inner-wrap\">\t\t\t\t\t\t\t\t<div class='uagb-post__image'>\n\t\t\t\t\t\t\t\t\t<a href=\"https:\/\/uepc.org.ar\/conectate\/conversacion-con-patricia-redondo\/\" target=\"_self\" rel=\"bookmark noopener noreferrer\"><img loading=\"lazy\" decoding=\"async\" width=\"550\" height=\"250\" src=\"https:\/\/uepc.org.ar\/conectate\/wp-content\/uploads\/2026\/04\/sobrelaescuela_10_redondo_ban_iciec-550x250.png\" class=\"attachment-eris-archive-image-portrait size-eris-archive-image-portrait\" alt=\"\" srcset=\"https:\/\/uepc.org.ar\/conectate\/wp-content\/uploads\/2026\/04\/sobrelaescuela_10_redondo_ban_iciec-550x250.png 550w, https:\/\/uepc.org.ar\/conectate\/wp-content\/uploads\/2026\/04\/sobrelaescuela_10_redondo_ban_iciec-500x227.png 500w, https:\/\/uepc.org.ar\/conectate\/wp-content\/uploads\/2026\/04\/sobrelaescuela_10_redondo_ban_iciec-1024x465.png 1024w, https:\/\/uepc.org.ar\/conectate\/wp-content\/uploads\/2026\/04\/sobrelaescuela_10_redondo_ban_iciec-768x349.png 768w, https:\/\/uepc.org.ar\/conectate\/wp-content\/uploads\/2026\/04\/sobrelaescuela_10_redondo_ban_iciec-160x73.png 160w, https:\/\/uepc.org.ar\/conectate\/wp-content\/uploads\/2026\/04\/sobrelaescuela_10_redondo_ban_iciec.png 1100w\" sizes=\"auto, (max-width: 550px) 100vw, 550px\" \/>\t\t\t\t\t<\/a>\n\t\t\t\t\t\t\t\t\t<\/div>\n\t\t\t\t\t\t<h5 class=\"uagb-post__title uagb-post__text\">\n\t\t\t\t<a href=\"https:\/\/uepc.org.ar\/conectate\/conversacion-con-patricia-redondo\/\" target=\"_self\" rel=\"bookmark noopener noreferrer\">Sobre la escuela | Conversaci\u00f3n con Patricia Redondo<\/a>\n\t\t\t<\/h5>\n\t\t\t\t\t\t<div class='uagb-post__text uagb-post-grid-byline'>\n\t\t\t\t\t\t\t\t<time datetime=\"2026-04-10T10:34:01-03:00\" class=\"uagb-post__date\">\n\t\t\t\t<span class=\"dashicons-calendar dashicons\"><\/span>\t\t\t\t\t10 abril, 2026\t\t\t\t<\/time>\n\t\t\t\t\t\t<\/div>\n\t\t\t\n\t\t\t\t\t\t\t\t\t<\/article>\n\t\t\t\t\t\t\t\t\t\t\t\t\t\t\t\t<article class=\"uagb-post__inner-wrap\">\t\t\t\t\t\t\t\t<div class='uagb-post__image'>\n\t\t\t\t\t\t\t\t\t<a href=\"https:\/\/uepc.org.ar\/conectate\/cartilla-dia-ciencia-tecnica\/\" target=\"_self\" rel=\"bookmark noopener noreferrer\"><img loading=\"lazy\" decoding=\"async\" width=\"550\" height=\"250\" src=\"https:\/\/uepc.org.ar\/conectate\/wp-content\/uploads\/2024\/04\/seceduc_10A_CienciayTecnica_banner-550x250.jpg\" class=\"attachment-eris-archive-image-portrait size-eris-archive-image-portrait\" alt=\"\" srcset=\"https:\/\/uepc.org.ar\/conectate\/wp-content\/uploads\/2024\/04\/seceduc_10A_CienciayTecnica_banner-550x250.jpg 550w, https:\/\/uepc.org.ar\/conectate\/wp-content\/uploads\/2024\/04\/seceduc_10A_CienciayTecnica_banner-500x227.jpg 500w, https:\/\/uepc.org.ar\/conectate\/wp-content\/uploads\/2024\/04\/seceduc_10A_CienciayTecnica_banner-1024x465.jpg 1024w, https:\/\/uepc.org.ar\/conectate\/wp-content\/uploads\/2024\/04\/seceduc_10A_CienciayTecnica_banner-768x349.jpg 768w, https:\/\/uepc.org.ar\/conectate\/wp-content\/uploads\/2024\/04\/seceduc_10A_CienciayTecnica_banner-160x73.jpg 160w, https:\/\/uepc.org.ar\/conectate\/wp-content\/uploads\/2024\/04\/seceduc_10A_CienciayTecnica_banner.jpg 1100w\" sizes=\"auto, (max-width: 550px) 100vw, 550px\" \/>\t\t\t\t\t<\/a>\n\t\t\t\t\t\t\t\t\t<\/div>\n\t\t\t\t\t\t<h5 class=\"uagb-post__title uagb-post__text\">\n\t\t\t\t<a href=\"https:\/\/uepc.org.ar\/conectate\/cartilla-dia-ciencia-tecnica\/\" target=\"_self\" rel=\"bookmark noopener noreferrer\">10 de abril | D\u00eda de la Ciencia y la T\u00e9cnica<\/a>\n\t\t\t<\/h5>\n\t\t\t\t\t\t<div class='uagb-post__text uagb-post-grid-byline'>\n\t\t\t\t\t\t\t\t<time datetime=\"2026-04-01T10:23:49-03:00\" class=\"uagb-post__date\">\n\t\t\t\t<span class=\"dashicons-calendar dashicons\"><\/span>\t\t\t\t\t1 abril, 2026\t\t\t\t<\/time>\n\t\t\t\t\t\t<\/div>\n\t\t\t\n\t\t\t\t\t\t\t\t\t<\/article>\n\t\t\t\t\t\t\t\t\t\t\t\t\t\t\t\t<article class=\"uagb-post__inner-wrap\">\t\t\t\t\t\t\t\t<div class='uagb-post__image'>\n\t\t\t\t\t\t\t\t\t<a href=\"https:\/\/uepc.org.ar\/conectate\/2-de-abril-malvinas-2026\/\" target=\"_self\" rel=\"bookmark noopener noreferrer\"><img loading=\"lazy\" decoding=\"async\" width=\"550\" height=\"250\" src=\"https:\/\/uepc.org.ar\/conectate\/wp-content\/uploads\/2025\/03\/seceuduc_2Ab_banner-550x250.jpg\" class=\"attachment-eris-archive-image-portrait size-eris-archive-image-portrait\" alt=\"\" srcset=\"https:\/\/uepc.org.ar\/conectate\/wp-content\/uploads\/2025\/03\/seceuduc_2Ab_banner-550x250.jpg 550w, https:\/\/uepc.org.ar\/conectate\/wp-content\/uploads\/2025\/03\/seceuduc_2Ab_banner-500x227.jpg 500w, https:\/\/uepc.org.ar\/conectate\/wp-content\/uploads\/2025\/03\/seceuduc_2Ab_banner-1024x465.jpg 1024w, https:\/\/uepc.org.ar\/conectate\/wp-content\/uploads\/2025\/03\/seceuduc_2Ab_banner-768x349.jpg 768w, https:\/\/uepc.org.ar\/conectate\/wp-content\/uploads\/2025\/03\/seceuduc_2Ab_banner-160x73.jpg 160w, https:\/\/uepc.org.ar\/conectate\/wp-content\/uploads\/2025\/03\/seceuduc_2Ab_banner.jpg 1100w\" sizes=\"auto, (max-width: 550px) 100vw, 550px\" \/>\t\t\t\t\t<\/a>\n\t\t\t\t\t\t\t\t\t<\/div>\n\t\t\t\t\t\t<h5 class=\"uagb-post__title uagb-post__text\">\n\t\t\t\t<a href=\"https:\/\/uepc.org.ar\/conectate\/2-de-abril-malvinas-2026\/\" target=\"_self\" rel=\"bookmark noopener noreferrer\">2 de abril | D\u00eda del Veterano y de los Ca\u00eddos en la Guerra de Malvinas<\/a>\n\t\t\t<\/h5>\n\t\t\t\t\t\t<div class='uagb-post__text uagb-post-grid-byline'>\n\t\t\t\t\t\t\t\t<time datetime=\"2026-03-25T17:02:43-03:00\" class=\"uagb-post__date\">\n\t\t\t\t<span class=\"dashicons-calendar dashicons\"><\/span>\t\t\t\t\t25 marzo, 2026\t\t\t\t<\/time>\n\t\t\t\t\t\t<\/div>\n\t\t\t\n\t\t\t\t\t\t\t\t\t<\/article>\n\t\t\t\t\t\t\t\t\t\t\t\t\t\t\t\t<article class=\"uagb-post__inner-wrap\">\t\t\t\t\t\t\t\t<div class='uagb-post__image'>\n\t\t\t\t\t\t\t\t\t<a href=\"https:\/\/uepc.org.ar\/conectate\/24-marzo-memoria-verdad-justicia\/\" target=\"_self\" rel=\"bookmark noopener noreferrer\"><img loading=\"lazy\" decoding=\"async\" width=\"550\" height=\"250\" src=\"https:\/\/uepc.org.ar\/conectate\/wp-content\/uploads\/2026\/03\/ICIEC_HacemosMemoriaConstruimosFuturo_Banner-web-2-550x250.png\" class=\"attachment-eris-archive-image-portrait size-eris-archive-image-portrait\" alt=\"\" srcset=\"https:\/\/uepc.org.ar\/conectate\/wp-content\/uploads\/2026\/03\/ICIEC_HacemosMemoriaConstruimosFuturo_Banner-web-2-550x250.png 550w, https:\/\/uepc.org.ar\/conectate\/wp-content\/uploads\/2026\/03\/ICIEC_HacemosMemoriaConstruimosFuturo_Banner-web-2-500x227.png 500w, https:\/\/uepc.org.ar\/conectate\/wp-content\/uploads\/2026\/03\/ICIEC_HacemosMemoriaConstruimosFuturo_Banner-web-2-1024x465.png 1024w, https:\/\/uepc.org.ar\/conectate\/wp-content\/uploads\/2026\/03\/ICIEC_HacemosMemoriaConstruimosFuturo_Banner-web-2-768x349.png 768w, https:\/\/uepc.org.ar\/conectate\/wp-content\/uploads\/2026\/03\/ICIEC_HacemosMemoriaConstruimosFuturo_Banner-web-2-160x73.png 160w, https:\/\/uepc.org.ar\/conectate\/wp-content\/uploads\/2026\/03\/ICIEC_HacemosMemoriaConstruimosFuturo_Banner-web-2.png 1100w\" sizes=\"auto, (max-width: 550px) 100vw, 550px\" \/>\t\t\t\t\t<\/a>\n\t\t\t\t\t\t\t\t\t<\/div>\n\t\t\t\t\t\t<h5 class=\"uagb-post__title uagb-post__text\">\n\t\t\t\t<a href=\"https:\/\/uepc.org.ar\/conectate\/24-marzo-memoria-verdad-justicia\/\" target=\"_self\" rel=\"bookmark noopener noreferrer\">24 de marzo | D\u00eda Nacional de la Memoria por la Verdad y la Justicia<\/a>\n\t\t\t<\/h5>\n\t\t\t\t\t\t<div class='uagb-post__text uagb-post-grid-byline'>\n\t\t\t\t\t\t\t\t<time datetime=\"2026-03-13T14:37:46-03:00\" class=\"uagb-post__date\">\n\t\t\t\t<span class=\"dashicons-calendar dashicons\"><\/span>\t\t\t\t\t13 marzo, 2026\t\t\t\t<\/time>\n\t\t\t\t\t\t<\/div>\n\t\t\t\n\t\t\t\t\t\t\t\t\t<\/article>\n\t\t\t\t\t\t\t\t\t\t\t\t\t\t\t\t<article class=\"uagb-post__inner-wrap\">\t\t\t\t\t\t\t\t<div class='uagb-post__image'>\n\t\t\t\t\t\t\t\t\t<a href=\"https:\/\/uepc.org.ar\/conectate\/uepc-segunda-encuesta-provincial-docente\/\" target=\"_self\" rel=\"bookmark noopener noreferrer\"><img loading=\"lazy\" decoding=\"async\" width=\"550\" height=\"250\" src=\"https:\/\/uepc.org.ar\/conectate\/wp-content\/uploads\/2026\/03\/placas-informe2026_web-550x250.jpg\" class=\"attachment-eris-archive-image-portrait size-eris-archive-image-portrait\" alt=\"\" srcset=\"https:\/\/uepc.org.ar\/conectate\/wp-content\/uploads\/2026\/03\/placas-informe2026_web-550x250.jpg 550w, https:\/\/uepc.org.ar\/conectate\/wp-content\/uploads\/2026\/03\/placas-informe2026_web-500x227.jpg 500w, https:\/\/uepc.org.ar\/conectate\/wp-content\/uploads\/2026\/03\/placas-informe2026_web-1024x465.jpg 1024w, https:\/\/uepc.org.ar\/conectate\/wp-content\/uploads\/2026\/03\/placas-informe2026_web-768x349.jpg 768w, https:\/\/uepc.org.ar\/conectate\/wp-content\/uploads\/2026\/03\/placas-informe2026_web-160x73.jpg 160w, https:\/\/uepc.org.ar\/conectate\/wp-content\/uploads\/2026\/03\/placas-informe2026_web.jpg 1100w\" sizes=\"auto, (max-width: 550px) 100vw, 550px\" \/>\t\t\t\t\t<\/a>\n\t\t\t\t\t\t\t\t\t<\/div>\n\t\t\t\t\t\t<h5 class=\"uagb-post__title uagb-post__text\">\n\t\t\t\t<a href=\"https:\/\/uepc.org.ar\/conectate\/uepc-segunda-encuesta-provincial-docente\/\" target=\"_self\" rel=\"bookmark noopener noreferrer\">El trabajo de ense\u00f1ar en C\u00f3rdoba: entre la escuela y la econom\u00eda dom\u00e9stica<\/a>\n\t\t\t<\/h5>\n\t\t\t\t\t\t<div class='uagb-post__text uagb-post-grid-byline'>\n\t\t\t\t\t\t\t\t<time datetime=\"2026-03-04T16:06:49-03:00\" class=\"uagb-post__date\">\n\t\t\t\t<span class=\"dashicons-calendar dashicons\"><\/span>\t\t\t\t\t4 marzo, 2026\t\t\t\t<\/time>\n\t\t\t\t\t\t<\/div>\n\t\t\t\n\t\t\t\t\t\t\t\t\t<\/article>\n\t\t\t\t\t\t\t\t\t\t\t\t\t\t\t\t<article class=\"uagb-post__inner-wrap\">\t\t\t\t\t\t\t\t<div class='uagb-post__image'>\n\t\t\t\t\t\t\t\t\t<a href=\"https:\/\/uepc.org.ar\/conectate\/8m-dia-mujer-trabajadora\/\" target=\"_self\" rel=\"bookmark noopener noreferrer\"><img loading=\"lazy\" decoding=\"async\" width=\"550\" height=\"250\" src=\"https:\/\/uepc.org.ar\/conectate\/wp-content\/uploads\/2025\/03\/seceduc_8M_banner-550x250.jpg\" class=\"attachment-eris-archive-image-portrait size-eris-archive-image-portrait\" alt=\"\" srcset=\"https:\/\/uepc.org.ar\/conectate\/wp-content\/uploads\/2025\/03\/seceduc_8M_banner-550x250.jpg 550w, https:\/\/uepc.org.ar\/conectate\/wp-content\/uploads\/2025\/03\/seceduc_8M_banner-500x227.jpg 500w, https:\/\/uepc.org.ar\/conectate\/wp-content\/uploads\/2025\/03\/seceduc_8M_banner-1024x465.jpg 1024w, https:\/\/uepc.org.ar\/conectate\/wp-content\/uploads\/2025\/03\/seceduc_8M_banner-768x349.jpg 768w, https:\/\/uepc.org.ar\/conectate\/wp-content\/uploads\/2025\/03\/seceduc_8M_banner-160x73.jpg 160w, https:\/\/uepc.org.ar\/conectate\/wp-content\/uploads\/2025\/03\/seceduc_8M_banner.jpg 1100w\" sizes=\"auto, (max-width: 550px) 100vw, 550px\" \/>\t\t\t\t\t<\/a>\n\t\t\t\t\t\t\t\t\t<\/div>\n\t\t\t\t\t\t<h5 class=\"uagb-post__title uagb-post__text\">\n\t\t\t\t<a href=\"https:\/\/uepc.org.ar\/conectate\/8m-dia-mujer-trabajadora\/\" target=\"_self\" rel=\"bookmark noopener noreferrer\">8M D\u00eda Internacional de la Mujer Trabajadora<\/a>\n\t\t\t<\/h5>\n\t\t\t\t\t\t<div class='uagb-post__text uagb-post-grid-byline'>\n\t\t\t\t\t\t\t\t<time datetime=\"2026-02-26T14:53:31-03:00\" class=\"uagb-post__date\">\n\t\t\t\t<span class=\"dashicons-calendar dashicons\"><\/span>\t\t\t\t\t26 febrero, 2026\t\t\t\t<\/time>\n\t\t\t\t\t\t<\/div>\n\t\t\t\n\t\t\t\t\t\t\t\t\t<\/article>\n\t\t\t\t\t\t\t\t\t\t\t\t\t\t\t\t<article class=\"uagb-post__inner-wrap\">\t\t\t\t\t\t\t\t<div class='uagb-post__image'>\n\t\t\t\t\t\t\t\t\t<a href=\"https:\/\/uepc.org.ar\/conectate\/recomendados-de-verano\/\" target=\"_self\" rel=\"bookmark noopener noreferrer\"><img loading=\"lazy\" decoding=\"async\" width=\"550\" height=\"250\" src=\"https:\/\/uepc.org.ar\/conectate\/wp-content\/uploads\/2025\/12\/seceduc_recomendadosverano2026_web-550x250.jpg\" class=\"attachment-eris-archive-image-portrait size-eris-archive-image-portrait\" alt=\"\" srcset=\"https:\/\/uepc.org.ar\/conectate\/wp-content\/uploads\/2025\/12\/seceduc_recomendadosverano2026_web-550x250.jpg 550w, https:\/\/uepc.org.ar\/conectate\/wp-content\/uploads\/2025\/12\/seceduc_recomendadosverano2026_web-500x227.jpg 500w, https:\/\/uepc.org.ar\/conectate\/wp-content\/uploads\/2025\/12\/seceduc_recomendadosverano2026_web-1024x465.jpg 1024w, https:\/\/uepc.org.ar\/conectate\/wp-content\/uploads\/2025\/12\/seceduc_recomendadosverano2026_web-768x349.jpg 768w, https:\/\/uepc.org.ar\/conectate\/wp-content\/uploads\/2025\/12\/seceduc_recomendadosverano2026_web-160x73.jpg 160w, https:\/\/uepc.org.ar\/conectate\/wp-content\/uploads\/2025\/12\/seceduc_recomendadosverano2026_web.jpg 1100w\" sizes=\"auto, (max-width: 550px) 100vw, 550px\" \/>\t\t\t\t\t<\/a>\n\t\t\t\t\t\t\t\t\t<\/div>\n\t\t\t\t\t\t<h5 class=\"uagb-post__title uagb-post__text\">\n\t\t\t\t<a href=\"https:\/\/uepc.org.ar\/conectate\/recomendados-de-verano\/\" target=\"_self\" rel=\"bookmark noopener noreferrer\">Recomendados de verano<\/a>\n\t\t\t<\/h5>\n\t\t\t\t\t\t<div class='uagb-post__text uagb-post-grid-byline'>\n\t\t\t\t\t\t\t\t<time datetime=\"2025-12-18T08:59:31-03:00\" class=\"uagb-post__date\">\n\t\t\t\t<span class=\"dashicons-calendar dashicons\"><\/span>\t\t\t\t\t18 diciembre, 2025\t\t\t\t<\/time>\n\t\t\t\t\t\t<\/div>\n\t\t\t\n\t\t\t\t\t\t\t\t\t<\/article>\n\t\t\t\t\t\t\t\t\t\t\t<\/div>\n\t\t\t\n\n\n<!-- ========================= -->\n<!-- BANNER 50 A\u00d1OS GOLPE -->\n<!-- ========================= -->\n\n<a href=\"https:\/\/uepc.org.ar\/conectate\/50-anios-del-golpe\/\" target=\"_blank\" style=\"display:block; text-decoration:none;\">\n\n    \n    \n    <div class=\"wp-block-coblocks-hero alignfull coblocks-hero-430154428885\">\n        \n        <!-- Contenedor con imagen de fondo clickeable -->\n        <div class=\"wp-block-coblocks-hero__inner bg-auto has-background-image bg-no-repeat bg-center-center hero-center-center-align has-no-padding has-center-content\" style=\"background-image:url(https:\/\/uepc.org.ar\/conectate\/wp-content\/uploads\/2026\/03\/banner-golpe-fondo.png); min-height:500px\">\n            \n            <div class=\"wp-block-coblocks-hero__content-wrapper\">\n                \n                <div class=\"wp-block-coblocks-hero__content\" style=\"max-width:500px\">\n                    \n                    <!-- Imagen central (tambi\u00e9n clickeable porque est\u00e1 dentro del <a>) -->\n                    \n                    \n                    <figure class=\"wp-block-image aligncenter size-medium is-style-default\" style=\"opacity: 1;\">\n                        <img decoding=\"async\" src=\"https:\/\/uepc.org.ar\/conectate\/wp-content\/uploads\/2026\/03\/banner-golpe-logo.png\" alt=\"Banner 50 a\u00f1os del golpe\" class=\"wp-image-28840\">\n                    <\/figure>\n                    \n                    \n                    \n                <\/div>\n            <\/div>\n        <\/div>\n    <\/div>\n\n    \n\n<\/a>\n\n\n\n<div class=\"wp-block-coblocks-hero alignfull coblocks-hero-9991958415 coblocks-hero-715105530548\"><div class=\"wp-block-coblocks-hero__inner has-background bg-cover has-background-image bg-no-repeat hero-center-center-align has-padding has-center-content\" style=\"background-color:#f3f3f3;background-image:url(https:\/\/uepc.org.ar\/conectate\/wp-content\/uploads\/2025\/11\/seceduc_educar43_ban-responsive-Fondo.png);background-position:37% 52%;min-height:264px\"><div class=\"wp-block-coblocks-hero__content-wrapper\"><div class=\"wp-block-coblocks-hero__content\" style=\"max-width:498px\">\n<figure class=\"wp-block-image size-full\"><a href=\"https:\/\/revistaeducar.com.ar\/\" target=\"_blank\" rel=\"noopener\"><img decoding=\"async\" src=\"https:\/\/uepc.org.ar\/conectate\/wp-content\/uploads\/2025\/11\/seceduc_educar43_ban-responsive-UP.png\" alt=\"\" class=\"wp-image-27950\"\/><\/a><\/figure>\n<\/div><\/div><\/div><\/div>\n\n\n\n<div style=\"height:40px\" aria-hidden=\"true\" class=\"wp-block-spacer\"><\/div>\n\n\n\n<div style=\"height:50px\" aria-hidden=\"true\" class=\"wp-block-spacer\"><\/div>\n\n\n\n<section class=\"wp-block-uagb-section uagb-section__wrap uagb-section__background-color alignfull uagb-block-0d85e4aa-8fd5-4af7-8901-4992d3210f1d\"><div class=\"uagb-section__overlay\"><\/div><div class=\"uagb-section__inner-wrap\">\n<section class=\"wp-block-uagb-columns uagb-columns__wrap uagb-columns__background-none uagb-columns__stack-mobile uagb-columns__valign-top uagb-columns__gap-10 align uagb-block-bff891b8-7968-406c-b633-3a7f516e5e9c uagb-columns__columns-3 uagb-columns__max_width-theme\"><div class=\"uagb-columns__overlay\"><\/div><div class=\"uagb-columns__inner-wrap uagb-columns__columns-3\">\n<div class=\"wp-block-uagb-column uagb-column__wrap uagb-column__background-undefined uagb-block-fcc5070a-cc53-4f25-89d0-1cf8a6fa9d5b\"><div class=\"uagb-column__overlay\"><\/div>\n<div class=\"wp-block-getwid-advanced-heading titulos-secciones recursos\"><h5 class=\"wp-block-getwid-advanced-heading__content\" style=\"text-transform:\"><a href=\"\/conectate\/recursos\/\">Recursos<\/a><\/h5><\/div>\n\n\n<div id=\"new-royalslider-1\" class=\"royalSlider new-royalslider-1 rsMinW rs-simple-vertical\" style=\"width:100%;height:500px;;\" data-rs-options='{&quot;template&quot;:&quot;default&quot;,&quot;image_generation&quot;:{&quot;lazyLoading&quot;:&quot;true&quot;,&quot;imageWidth&quot;:&quot;&quot;,&quot;imageHeight&quot;:&quot;&quot;,&quot;thumbImageWidth&quot;:96,&quot;thumbImageHeight&quot;:72},&quot;thumbs&quot;:{&quot;thumbWidth&quot;:96,&quot;thumbHeight&quot;:72},&quot;autoPlay&quot;:{&quot;enabled&quot;:&quot;true&quot;},&quot;video&quot;:[],&quot;deeplinking&quot;:{&quot;enabled&quot;:&quot;true&quot;},&quot;width&quot;:&quot;100%&quot;,&quot;height&quot;:500,&quot;autoScaleSlider&quot;:&quot;true&quot;,&quot;autoScaleSliderWidth&quot;:600,&quot;autoScaleSliderHeight&quot;:314,&quot;imageScaleMode&quot;:&quot;fill&quot;,&quot;controlNavigation&quot;:&quot;none&quot;,&quot;arrowsNavAutoHide&quot;:&quot;false&quot;,&quot;arrowsNavHideOnTouch&quot;:&quot;true&quot;,&quot;globalCaption&quot;:&quot;true&quot;,&quot;globalCaptionInside&quot;:&quot;true&quot;,&quot;slidesOrientation&quot;:&quot;vertical&quot;,&quot;loop&quot;:&quot;true&quot;,&quot;keyboardNavEnabled&quot;:&quot;true&quot;}'>\n<div class=\"rsContent\">\n  <a class=\"rsImg\" href=\"https:\/\/uepc.org.ar\/conectate\/wp-content\/uploads\/2025\/09\/0921-diadelaprimavera_web-1-1024x465.jpg\">21 de septiembre | Sobre el derecho a la educaci\u00f3n<\/a>\n  \n  \n  \n  <a class=\"rsLink\" href=\"https:\/\/uepc.org.ar\/conectate\/21-de-septiembre-sobre-el-derecho-a-la-educacion\/\">21 de septiembre | Sobre el derecho a la educaci\u00f3n<\/a>\n<\/div>\n<div class=\"rsContent\">\n  <a class=\"rsImg\" href=\"https:\/\/uepc.org.ar\/conectate\/wp-content\/uploads\/2024\/08\/Ley1420-curriculum-y-escuela-banner-web-1024x465.png\">Ley 1420 | Curriculum com\u00fan y escuela<\/a>\n  \n  \n  \n  <a class=\"rsLink\" href=\"https:\/\/uepc.org.ar\/conectate\/ley-1420-curriculum-comun-y-escuela\/\">Ley 1420 | Curriculum com\u00fan y escuela<\/a>\n<\/div>\n<div class=\"rsContent\">\n  <a class=\"rsImg\" href=\"https:\/\/uepc.org.ar\/conectate\/wp-content\/uploads\/2023\/08\/freireBANNER-WEB-1024x465.jpg\">19 de septiembre | Aniversario del natalicio de Paulo Freire<\/a>\n  \n  \n  \n  <a class=\"rsLink\" href=\"https:\/\/uepc.org.ar\/conectate\/19-de-septiembre-aniversario-del-natalicio-de-paulo-freire\/\">19 de septiembre | Aniversario del natalicio de Paulo Freire<\/a>\n<\/div>\n<div class=\"rsContent\">\n  <a class=\"rsImg\" href=\"https:\/\/uepc.org.ar\/conectate\/wp-content\/uploads\/2022\/12\/PORTADA-PANEL-2-1024x576.jpg\">Jornada por el Derecho a la Educaci\u00f3n - Panel 2: \u00bfQu\u00e9 evaluaciones estandarizadas precisa el sistema educativo?<\/a>\n  \n  \n  \n  <a class=\"rsLink\" href=\"https:\/\/uepc.org.ar\/conectate\/jornada-por-el-derecho-a-la-educacion-panel-2-que-evaluaciones-estandarizadas-precisa-el-sistema-educativo\/\">Jornada por el Derecho a la Educaci\u00f3n - Panel 2: \u00bfQu\u00e9 evaluaciones estandarizadas precisa el sistema educativo?<\/a>\n<\/div>\n<div class=\"rsContent\">\n  <a class=\"rsImg\" href=\"https:\/\/uepc.org.ar\/conectate\/wp-content\/uploads\/2022\/12\/PORTADA-PANEL-1-1024x576.jpg\">Jornada por el Derecho a la Educaci\u00f3n - Panel 1: \u201cDesigualdades educativas y educaci\u00f3n de calidad\u201d<\/a>\n  \n  \n  \n  <a class=\"rsLink\" href=\"https:\/\/uepc.org.ar\/conectate\/jornada-por-el-derecho-a-la-educacion-panel-1-desigualdades-educativas-y-educacion-de-calidad\/\">Jornada por el Derecho a la Educaci\u00f3n - Panel 1: \u201cDesigualdades educativas y educaci\u00f3n de calidad\u201d<\/a>\n<\/div>\n<div class=\"rsContent\">\n  <a class=\"rsImg\" href=\"https:\/\/uepc.org.ar\/conectate\/wp-content\/uploads\/2022\/12\/Eugenia-Maldonado-Mundial.jpg\">Historia con Mar\u00eda Eugenia Maldonado | Educaci\u00f3n Secundaria<\/a>\n  \n  \n  \n  <a class=\"rsLink\" href=\"https:\/\/uepc.org.ar\/conectate\/historia-con-maria-eugenia-maldonado-educacion-secundaria\/\">Historia con Mar\u00eda Eugenia Maldonado | Educaci\u00f3n Secundaria<\/a>\n<\/div>\n\n<\/div>\n\n\n\n\n<div style=\"height:20px\" aria-hidden=\"true\" class=\"wp-block-spacer\"><\/div>\n\n\n\n<div class=\"wp-block-getwid-advanced-heading has-custom-font-size\" style=\"font-size:18px;margin-top:0px\"><span class=\"wp-block-getwid-advanced-heading__content\" style=\"font-family:&quot;PT Sans Narrow&quot;;font-weight:700;text-transform:;padding-top:0px\"><code>\u2192<\/code> <a href=\"\/conectate\/recursos\/\">Ver todos los Recursos<\/a><\/span><\/div>\n<\/div>\n\n\n\n<div class=\"wp-block-uagb-column uagb-column__wrap uagb-column__background-undefined uagb-block-ed2f2b71-d7d0-48e8-bfc0-7889d2678636\"><div class=\"uagb-column__overlay\"><\/div>\n<div class=\"wp-block-getwid-advanced-heading titulos-secciones experiencias\"><h5 class=\"wp-block-getwid-advanced-heading__content\" style=\"text-transform:\"><a href=\"\/conectate\/experiencias\/\">Experiencias<\/a><\/h5><\/div>\n\n\n<div id=\"new-royalslider-2\" class=\"royalSlider new-royalslider-2 rsMinW rs-simple-vertical\" style=\"width:100%;height:500px;;\" data-rs-options='{&quot;template&quot;:&quot;default&quot;,&quot;image_generation&quot;:{&quot;lazyLoading&quot;:&quot;true&quot;,&quot;imageWidth&quot;:&quot;&quot;,&quot;imageHeight&quot;:&quot;&quot;,&quot;thumbImageWidth&quot;:96,&quot;thumbImageHeight&quot;:72},&quot;thumbs&quot;:{&quot;thumbWidth&quot;:96,&quot;thumbHeight&quot;:72},&quot;autoPlay&quot;:{&quot;enabled&quot;:&quot;true&quot;},&quot;video&quot;:[],&quot;deeplinking&quot;:{&quot;enabled&quot;:&quot;true&quot;},&quot;width&quot;:&quot;100%&quot;,&quot;height&quot;:500,&quot;autoScaleSlider&quot;:&quot;true&quot;,&quot;autoScaleSliderWidth&quot;:600,&quot;autoScaleSliderHeight&quot;:314,&quot;imageScaleMode&quot;:&quot;fill&quot;,&quot;controlNavigation&quot;:&quot;none&quot;,&quot;arrowsNavAutoHide&quot;:&quot;false&quot;,&quot;arrowsNavHideOnTouch&quot;:&quot;true&quot;,&quot;globalCaption&quot;:&quot;true&quot;,&quot;globalCaptionInside&quot;:&quot;true&quot;,&quot;slidesOrientation&quot;:&quot;vertical&quot;,&quot;loop&quot;:&quot;true&quot;,&quot;keyboardNavEnabled&quot;:&quot;true&quot;}'>\n<div class=\"rsContent\">\n  <a class=\"rsImg\" href=\"https:\/\/uepc.org.ar\/conectate\/wp-content\/uploads\/2021\/07\/12-Portada-Secundarias-1200x675-1024x576.jpg\">\u201cNadie elige lo que no conoce\u201d: el derecho a la educaci\u00f3n como conquista<\/a>\n  \n  \n  \n  <a class=\"rsLink\" href=\"https:\/\/uepc.org.ar\/conectate\/nadie-elige-lo-que-no-conoce-el-derecho-a-la-educacion-como-conquista\/\">\u201cNadie elige lo que no conoce\u201d: el derecho a la educaci\u00f3n como conquista<\/a>\n<\/div>\n<div class=\"rsContent\">\n  <a class=\"rsImg\" href=\"https:\/\/uepc.org.ar\/conectate\/wp-content\/uploads\/2021\/07\/Conservatorio-Superior-de-Mu\u0301sica-Juan-Jose\u0301-Castro.00_00_33_09.Imagen-fija004-1024x576.jpg\">Mar\u00eda Elena \u00bfest\u00e1s ah\u00ed? | Ideas Maestras<\/a>\n  \n  \n  \n  <a class=\"rsLink\" href=\"https:\/\/uepc.org.ar\/conectate\/maria-elena-estas-ahi\/\">Mar\u00eda Elena \u00bfest\u00e1s ah\u00ed? | Ideas Maestras<\/a>\n<\/div>\n<div class=\"rsContent\">\n  <a class=\"rsImg\" href=\"https:\/\/uepc.org.ar\/conectate\/wp-content\/uploads\/2021\/07\/IPEM-276-Dr.-Ricardo-L.-Coloccini.00_01_26_22.Imagen-fija005-1-1024x576.jpg\">Poes\u00eda en emergencia | Ideas Maestras<\/a>\n  \n  \n  \n  <a class=\"rsLink\" href=\"https:\/\/uepc.org.ar\/conectate\/poesia-en-emergencia\/\">Poes\u00eda en emergencia | Ideas Maestras<\/a>\n<\/div>\n<div class=\"rsContent\">\n  <a class=\"rsImg\" href=\"https:\/\/uepc.org.ar\/conectate\/wp-content\/uploads\/2021\/06\/Escuela-Manuel-Belgrano.00_01_14_07.Imagen-fija005-1024x576.jpg\">Jugando en casa. Aventuras para el cuerpo, la mente y el alma<\/a>\n  \n  \n  \n  <a class=\"rsLink\" href=\"https:\/\/uepc.org.ar\/conectate\/jugando-en-casa-aventuras-para-el-cuerpo-la-mente-y-el-alma\/\">Jugando en casa. Aventuras para el cuerpo, la mente y el alma<\/a>\n<\/div>\n<div class=\"rsContent\">\n  <a class=\"rsImg\" href=\"https:\/\/uepc.org.ar\/conectate\/wp-content\/uploads\/2021\/06\/Instituto-Juan-Zorrilla-De-San-Martin.00_00_48_11.Imagen-fija002-1024x576.jpg\">Hacer nada: experiencias de escritura en la pausa<\/a>\n  \n  \n  \n  <a class=\"rsLink\" href=\"https:\/\/uepc.org.ar\/conectate\/hacer-nada-experiencias-escritura\/\">Hacer nada: experiencias de escritura en la pausa<\/a>\n<\/div>\n<div class=\"rsContent\">\n  <a class=\"rsImg\" href=\"https:\/\/uepc.org.ar\/conectate\/wp-content\/uploads\/2021\/06\/CENMA-Maldonado-y-Anexos.00_01_17_14.Imagen-fija003-1-1024x576.jpg\">Observatorio Social: y la historia nos sigue pariendo<\/a>\n  \n  \n  \n  <a class=\"rsLink\" href=\"https:\/\/uepc.org.ar\/conectate\/observatorio-social-y-la-historia-nos-sigue-pariendo\/\">Observatorio Social: y la historia nos sigue pariendo<\/a>\n<\/div>\n\n<\/div>\n\n\n\n\n<div style=\"height:20px\" aria-hidden=\"true\" class=\"wp-block-spacer\"><\/div>\n\n\n\n<div class=\"wp-block-getwid-advanced-heading has-custom-font-size\" style=\"font-size:18px;margin-top:0px\"><span class=\"wp-block-getwid-advanced-heading__content\" style=\"font-family:&quot;PT Sans Narrow&quot;;font-weight:700;text-transform:;padding-top:0px\"><code>\u2192<\/code> <a href=\"\/conectate\/experiencias\">Ver todas las Experiencias<\/a><\/span><\/div>\n<\/div>\n\n\n\n<div class=\"wp-block-uagb-column uagb-column__wrap uagb-column__background-undefined uagb-block-a9e20091-3c3a-4c62-bc99-310d06a755b8\"><div class=\"uagb-column__overlay\"><\/div>\n<div class=\"wp-block-getwid-advanced-heading titulos-secciones dialogos\"><h5 class=\"wp-block-getwid-advanced-heading__content\" style=\"text-transform:\"><a href=\"\/conectate\/dialogos-pedagogicos\/\">Di\u00e1logos Pedag\u00f3gicos<\/a><\/h5><\/div>\n\n\n<div id=\"new-royalslider-3\" class=\"royalSlider new-royalslider-3 rsMinW rs-simple-vertical\" style=\"width:100%;height:500px;;\" data-rs-options='{&quot;template&quot;:&quot;default&quot;,&quot;image_generation&quot;:{&quot;lazyLoading&quot;:&quot;true&quot;,&quot;imageWidth&quot;:&quot;&quot;,&quot;imageHeight&quot;:&quot;&quot;,&quot;thumbImageWidth&quot;:96,&quot;thumbImageHeight&quot;:72},&quot;thumbs&quot;:{&quot;thumbWidth&quot;:96,&quot;thumbHeight&quot;:72},&quot;autoPlay&quot;:{&quot;enabled&quot;:&quot;true&quot;},&quot;video&quot;:[],&quot;deeplinking&quot;:{&quot;enabled&quot;:&quot;true&quot;},&quot;width&quot;:&quot;100%&quot;,&quot;height&quot;:500,&quot;autoScaleSlider&quot;:&quot;true&quot;,&quot;autoScaleSliderWidth&quot;:600,&quot;autoScaleSliderHeight&quot;:314,&quot;imageScaleMode&quot;:&quot;fill&quot;,&quot;controlNavigation&quot;:&quot;none&quot;,&quot;arrowsNavAutoHide&quot;:&quot;false&quot;,&quot;arrowsNavHideOnTouch&quot;:&quot;true&quot;,&quot;globalCaption&quot;:&quot;true&quot;,&quot;globalCaptionInside&quot;:&quot;true&quot;,&quot;slidesOrientation&quot;:&quot;vertical&quot;,&quot;loop&quot;:&quot;true&quot;,&quot;keyboardNavEnabled&quot;:&quot;true&quot;}'>\n<div class=\"rsContent\">\n  <a class=\"rsImg\" href=\"https:\/\/uepc.org.ar\/conectate\/wp-content\/uploads\/2023\/12\/Entrevista-6-Trayectorias-nivel-Inicial-Veronica-Jaqueline-1024x466.jpg\">El acompa\u00f1amiento a las trayectorias escolares en la Educaci\u00f3n Inicial | Entrevistamos a Ver\u00f3nica Kaufmann y Jaquelina D'Andrea<\/a>\n  \n  \n  \n  <a class=\"rsLink\" href=\"https:\/\/uepc.org.ar\/conectate\/educacion-inicial-veronica-kaufmann-jaquelin-dandrea\/\">El acompa\u00f1amiento a las trayectorias escolares en la Educaci\u00f3n Inicial | Entrevistamos a Ver\u00f3nica Kaufmann y Jaquelina D'Andrea<\/a>\n<\/div>\n<div class=\"rsContent\">\n  <a class=\"rsImg\" href=\"https:\/\/uepc.org.ar\/conectate\/wp-content\/uploads\/2023\/09\/Trayectorias-escolares-transiciones-niveles-Entrevista-Analia-Stimolo-Cecilia-Cresta-1024x466.jpg\">Trayectorias escolares y transiciones entre niveles | Entrevistamos a Anal\u00eda St\u00edmolo y Cecilia Cresta<\/a>\n  \n  \n  \n  <a class=\"rsLink\" href=\"https:\/\/uepc.org.ar\/conectate\/trayectorias-escolares-stimolo-cresta\/\">Trayectorias escolares y transiciones entre niveles | Entrevistamos a Anal\u00eda St\u00edmolo y Cecilia Cresta<\/a>\n<\/div>\n<div class=\"rsContent\">\n  <a class=\"rsImg\" href=\"https:\/\/uepc.org.ar\/conectate\/wp-content\/uploads\/2023\/07\/Entrevista-5-acompanamiento-trayectorias-oficio-estudiante-docente-1024x465.jpg\">Acompa\u00f1amiento a las trayectorias en el pasaje del oficio de estudiante al oficio docente | Entrevistamos a Estela Moyano y Rolando Aiassa<\/a>\n  \n  \n  \n  <a class=\"rsLink\" href=\"https:\/\/uepc.org.ar\/conectate\/acompanamiento-oficio-estudiante-docente-moyano-aiassa\/\">Acompa\u00f1amiento a las trayectorias en el pasaje del oficio de estudiante al oficio docente | Entrevistamos a Estela Moyano y Rolando Aiassa<\/a>\n<\/div>\n<div class=\"rsContent\">\n  <a class=\"rsImg\" href=\"https:\/\/uepc.org.ar\/conectate\/wp-content\/uploads\/2023\/05\/entrevista-3-estudiantes-discapacidad-Claudia-Bruno-Cecyl-Roberts-2-1024x465.jpg\">Trayectorias escolares y acompa\u00f1amiento a estudiantes en proceso de inclusi\u00f3n | Entrevistamos a Claudia Bruno y Cecyl Roberts<\/a>\n  \n  \n  \n  <a class=\"rsLink\" href=\"https:\/\/uepc.org.ar\/conectate\/trayectorias-escolares-bruno-roberts\/\">Trayectorias escolares y acompa\u00f1amiento a estudiantes en proceso de inclusi\u00f3n | Entrevistamos a Claudia Bruno y Cecyl Roberts<\/a>\n<\/div>\n<div class=\"rsContent\">\n  <a class=\"rsImg\" href=\"https:\/\/uepc.org.ar\/conectate\/wp-content\/uploads\/2021\/05\/web-encuentrodocentes2020-01-1024x576.jpg\">Ciclo Encuentro entre docentes | Edici\u00f3n 2020<\/a>\n  \n  \n  \n  <a class=\"rsLink\" href=\"https:\/\/uepc.org.ar\/conectate\/ciclo-encuentro-entre-docentes-edicion-2020\/\">Ciclo Encuentro entre docentes | Edici\u00f3n 2020<\/a>\n<\/div>\n<div class=\"rsContent\">\n  <a class=\"rsImg\" href=\"https:\/\/uepc.org.ar\/conectate\/wp-content\/uploads\/2021\/04\/mejico-1024x570.jpg\">Conferencia: \u201cLa escuela construye aprendizajes: el trabajo por proyectos como organizador de pr\u00e1cticas colectivas y cooperativas con los saberes curriculares\"<\/a>\n  \n  \n  \n  <a class=\"rsLink\" href=\"https:\/\/uepc.org.ar\/conectate\/conferencia-la-escuela-construye-aprendizajes-el-trabajo-por-proyectos-como-organizador-de-practicas-colectivas-cooperativas-con-los-saberes-curriculares\/\">Conferencia: \u201cLa escuela construye aprendizajes: el trabajo por proyectos como organizador de pr\u00e1cticas colectivas y cooperativas con los saberes curriculares\"<\/a>\n<\/div>\n\n<\/div>\n\n\n\n\n<div style=\"height:20px\" aria-hidden=\"true\" class=\"wp-block-spacer\"><\/div>\n\n\n\n<div class=\"wp-block-getwid-advanced-heading has-custom-font-size\" style=\"font-size:18px;margin-top:0px\"><span class=\"wp-block-getwid-advanced-heading__content\" style=\"font-family:&quot;PT Sans Narrow&quot;;font-weight:700;text-transform:;padding-top:0px\"><code>\u2192<\/code> <a href=\"\/conectate\/dialogos-pedagogicos\">Ver todos los Di\u00e1logos<\/a><\/span><\/div>\n<\/div>\n<\/div><\/section>\n<\/div><\/section>\n\n\n\n<div style=\"height:50px\" aria-hidden=\"true\" class=\"wp-block-spacer\"><\/div>\n\n\n\n<div class=\"wp-block-coblocks-hero alignfull coblocks-hero-81015552427 coblocks-hero-76111425926\"><div class=\"wp-block-coblocks-hero__inner bg-auto has-background-image bg-no-repeat bg-center-center hero-center-center-align has-padding has-small-padding has-center-content\" style=\"background-image:url(https:\/\/uepc.org.ar\/conectate\/wp-content\/uploads\/2024\/10\/sobrelaescuela_fondo.jpg);min-height:100px\"><div class=\"wp-block-coblocks-hero__content-wrapper\"><div class=\"wp-block-coblocks-hero__content\" style=\"max-width:435px\">\n<div class=\"wp-block-image\"><figure class=\"aligncenter size-full\"><a href=\"https:\/\/uepc.org.ar\/conectate\/sobre-la-escuela\/\"><img decoding=\"async\" src=\"https:\/\/uepc.org.ar\/conectate\/wp-content\/uploads\/2024\/10\/sobrelaescuela_gral_ban-responsive-UP.png\" alt=\"Sobre la Escuela\" class=\"wp-image-28906\"\/><\/a><\/figure><\/div>\n<\/div><\/div><\/div><\/div>\n\n\n\n<div style=\"height:50px\" aria-hidden=\"true\" class=\"wp-block-spacer\"><\/div>\n\n\n\n<div class=\"wp-block-getwid-advanced-heading\" style=\"margin-bottom:0px\"><h4 class=\"wp-block-getwid-advanced-heading__content\" style=\"padding-bottom:0px\">Audiovisuales<\/h4><\/div>\n\n\n\n<hr class=\"wp-block-separator has-css-opacity is-style-wide\"\/>\n\n\n\t\t\t<div \n\t\t\tclass=\"yotu-playlist yotuwp yotu-limit-min yotu-player-full  yotu-thumb-43  yotu-template-big-left\" \n\t\t\tdata-page=\"1\"\n\t\t\tid=\"yotuwp-69f1704405bc1\"\n\t\t\tdata-yotu=\"69f170441090f\"\n\t\t\tdata-total=\"29\"\n\t\t\tdata-settings=\"eyJ0eXBlIjoicGxheWxpc3QiLCJpZCI6IlVVX2d2eHVsbG9Dbmk0WURYekZSWl9xUSIsInBhZ2luYXRpb24iOiJvbiIsInBhZ2l0eXBlIjoibG9hZG1vcmUiLCJjb2x1bW4iOiIzIiwicGVyX3BhZ2UiOiIxMiIsInRlbXBsYXRlIjoiYmlnLWxlZnQiLCJ0aXRsZSI6Im9uIiwiZGVzY3JpcHRpb24iOiJubyIsInRodW1icmF0aW8iOiI0MyIsIm1ldGEiOiJvZmYiLCJtZXRhX2RhdGEiOiJvZmYiLCJtZXRhX3Bvc2l0aW9uIjoiaW5zaWRlIiwiZGF0ZV9mb3JtYXQiOiJ0aW1lYWdvIiwibWV0YV9hbGlnbiI6IiIsInN1YnNjcmliZSI6Im9mZiIsImR1cmF0aW9uIjoib2ZmIiwibWV0YV9pY29uIjoib2ZmIiwibmV4dHRleHQiOiJTaWd1aWVudGUiLCJwcmV2dGV4dCI6IkFudGVyaW9yIiwibG9hZG1vcmV0ZXh0IjoiQ2FyZ2FyIG1cdTAwZTFzIiwicGxheWVyIjp7Im1vZGUiOiJsYXJnZSIsIndpZHRoIjowLCJzY3JvbGxpbmciOiIxMDAiLCJhdXRvcGxheSI6MCwiY29udHJvbHMiOjEsIm1vZGVzdGJyYW5kaW5nIjoxLCJsb29wIjowLCJhdXRvbmV4dCI6MCwic2hvd2luZm8iOjEsInJlbCI6MSwicGxheWluZyI6MCwicGxheWluZ19kZXNjcmlwdGlvbiI6MCwidGh1bWJuYWlscyI6MCwiY2NfbG9hZF9wb2xpY3kiOiIxIiwiY2NfbGFuZ19wcmVmIjoiMSIsImhsIjoiIiwiaXZfbG9hZF9wb2xpY3kiOiIxIn0sImxhc3RfdGFiIjoiY2FjaGUiLCJ1c2VfYXNfbW9kYWwiOiJvZmYiLCJtb2RhbF9pZCI6Im9mZiIsImxhc3RfdXBkYXRlIjoiMTc1NjU2Nzk2NCIsInN0eWxpbmciOnsicGFnZXJfbGF5b3V0IjoiZGVmYXVsdCIsImJ1dHRvbiI6IjEiLCJidXR0b25fY29sb3IiOiIiLCJidXR0b25fYmdfY29sb3IiOiIiLCJidXR0b25fY29sb3JfaG92ZXIiOiIiLCJidXR0b25fYmdfY29sb3JfaG92ZXIiOiIiLCJ2aWRlb19zdHlsZSI6IiIsInBsYXlpY29uX2NvbG9yIjoiIiwiaG92ZXJfaWNvbiI6IiIsImdhbGxlcnlfYmciOiIiLCJ0aXRsZV9jb2xvciI6IiIsImRlc2NyaXB0aW9uX2NvbG9yIjoiIiwicGxheWluZ190aXRsZV9jb2xvciI6IiIsImRlc2NyaXB0aW9uX2FsaWduIjoiIiwidGl0bGVfYWxpZ24iOiIiLCJtZXRhX2NvbG9yIjoiIiwiZmxpcF9jb250ZW50X2JnIjoiIn0sImVmZmVjdHMiOnsidmlkZW9fYm94IjoiIiwiZmxpcF9lZmZlY3QiOiIifSwiZ2FsbGVyeV9pZCI6IjY5ZjE3MDQ0MDViYzEiLCJuZXh0IjoiRUFBYUhsQlVPa05CZDJsRlJHUkVUa1JKZWxGcVNYcFJWVWwzVVdwVk1VNUVXUSIsInByZXYiOiIifQ==\"\n\t\t\tdata-player=\"large\"\n\t\t\tdata-showdesc=\"no\" >\n\t\t\t\t<div>\n\t\t\t\t\t\t\t\t\t\t<div class=\"yotu-wrapper-player\" style=\"\">\n\t\t\t\t\t\t\t\t\t\t\t\t<div class=\"yotu-player\">\n\t\t\t\t\t\t\t<div class=\"yotu-video-placeholder\" id=\"yotu-player-69f170441090f\"><\/div>\n\t\t\t\t\t\t<\/div>\n\t\t\t\t\t\t<div class=\"yotu-playing-status\"><\/div>\n\t\t\t\t\t\t\t\t\t\t\t<\/div>\n\n\t\t\t\t\t<div class=\"yotu-videos yotu-mode-list yotu-mode-big-left yotu-column-3 yotu-player-mode-large\">\n\t<ul>\n\t\t\t\t\t<li class=\" yotu-first\">\n\t\t\t\t\t\t\t\t<a href=\"#\" class=\"yotu-video\" data-videoid=\"oX4gv5MPPas\" data-title=\"Sobre la escuela | Conversaci\u00f3n con Patricia Redondo\" title=\"Sobre la escuela | Conversaci\u00f3n con Patricia Redondo\">\n\t\t\t\t\t<div class=\"yotu-video-thumb-wrp\">\n\t\t\t\t\t\t<div>\n\t\t\t\t\t\t\t\t\t\t\t\t\t\t<img decoding=\"async\" class=\"yotu-video-thumb\" src=\"https:\/\/i.ytimg.com\/vi\/oX4gv5MPPas\/sddefault.jpg\" alt=\"Sobre la escuela | Conversaci\u00f3n con Patricia Redondo\">\t\n\t\t\t\t\t\t\t\t\t\t\t\t\t<\/div>\n\t\t\t\t\t<\/div>\n\t\t\t\t\t\t\t\t\t\t\t<h3 class=\"yotu-video-title\">Sobre la escuela | Conversaci\u00f3n con Patricia Redondo<\/h3>\n\t\t\t\t\t\t\t\t\t\t\t\t\t\t\t\t\t\t\t<\/a>\n\t\t\t\t<div class=\"yotuwp-video-meta\"><\/div>\t\t\t<\/li>\n\t\t\t\t\n\t\t\t\t\t\t<li class=\"\">\n\t\t\t\t\t\t\t\t<a href=\"#\" class=\"yotu-video\" data-videoid=\"HlEEJL1C3cQ\" data-title=\"A 50 a\u00f1os del Golpe: memoria\" title=\"A 50 a\u00f1os del Golpe: memoria\">\n\t\t\t\t\t<div class=\"yotu-video-thumb-wrp\">\n\t\t\t\t\t\t<div>\n\t\t\t\t\t\t\t\t\t\t\t\t\t\t<img decoding=\"async\" class=\"yotu-video-thumb\" src=\"https:\/\/i.ytimg.com\/vi\/HlEEJL1C3cQ\/sddefault.jpg\" alt=\"A 50 a\u00f1os del Golpe: memoria\">\t\n\t\t\t\t\t\t\t\t\t\t\t\t\t<\/div>\n\t\t\t\t\t<\/div>\n\t\t\t\t\t\t\t\t\t\t\t<h3 class=\"yotu-video-title\">A 50 a\u00f1os del Golpe: memoria<\/h3>\n\t\t\t\t\t\t\t\t\t\t\t\t\t\t\t\t\t\t\t<\/a>\n\t\t\t\t<div class=\"yotuwp-video-meta\"><\/div>\t\t\t<\/li>\n\t\t\t\t\n\t\t\t\t\t\t<li class=\"\">\n\t\t\t\t\t\t\t\t<a href=\"#\" class=\"yotu-video\" data-videoid=\"VPWcnXyS9jg\" data-title=\"TRAYECTO PEDAG\u00d3GICO UEPC\" title=\"TRAYECTO PEDAG\u00d3GICO UEPC\">\n\t\t\t\t\t<div class=\"yotu-video-thumb-wrp\">\n\t\t\t\t\t\t<div>\n\t\t\t\t\t\t\t\t\t\t\t\t\t\t<img decoding=\"async\" class=\"yotu-video-thumb\" src=\"https:\/\/i.ytimg.com\/vi\/VPWcnXyS9jg\/sddefault.jpg\" alt=\"TRAYECTO PEDAG\u00d3GICO UEPC\">\t\n\t\t\t\t\t\t\t\t\t\t\t\t\t<\/div>\n\t\t\t\t\t<\/div>\n\t\t\t\t\t\t\t\t\t\t\t<h3 class=\"yotu-video-title\">TRAYECTO PEDAG\u00d3GICO UEPC<\/h3>\n\t\t\t\t\t\t\t\t\t\t\t\t\t\t\t\t\t\t\t<\/a>\n\t\t\t\t<div class=\"yotuwp-video-meta\"><\/div>\t\t\t<\/li>\n\t\t\t\t\n\t\t\t\t\t\t<li class=\"\">\n\t\t\t\t\t\t\t\t<a href=\"#\" class=\"yotu-video\" data-videoid=\"G27IroXbRms\" data-title=\"Sobre la escuela| Conversaci\u00f3n con Mariano Campilla\" title=\"Sobre la escuela| Conversaci\u00f3n con Mariano Campilla\">\n\t\t\t\t\t<div class=\"yotu-video-thumb-wrp\">\n\t\t\t\t\t\t<div>\n\t\t\t\t\t\t\t\t\t\t\t\t\t\t<img decoding=\"async\" class=\"yotu-video-thumb\" src=\"https:\/\/i.ytimg.com\/vi\/G27IroXbRms\/sddefault.jpg\" alt=\"Sobre la escuela| Conversaci\u00f3n con Mariano Campilla\">\t\n\t\t\t\t\t\t\t\t\t\t\t\t\t<\/div>\n\t\t\t\t\t<\/div>\n\t\t\t\t\t\t\t\t\t\t\t<h3 class=\"yotu-video-title\">Sobre la escuela| Conversaci\u00f3n con Mariano Campilla<\/h3>\n\t\t\t\t\t\t\t\t\t\t\t\t\t\t\t\t\t\t\t<\/a>\n\t\t\t\t<div class=\"yotuwp-video-meta\"><\/div>\t\t\t<\/li>\n\t\t\t\t\n\t\t\t\t\t\t<li class=\"\">\n\t\t\t\t\t\t\t\t<a href=\"#\" class=\"yotu-video\" data-videoid=\"QQ7rk6X0U-s\" data-title=\"Sobre la escuela | Conversaci\u00f3n con Fernando Peirone\" title=\"Sobre la escuela | Conversaci\u00f3n con Fernando Peirone\">\n\t\t\t\t\t<div class=\"yotu-video-thumb-wrp\">\n\t\t\t\t\t\t<div>\n\t\t\t\t\t\t\t\t\t\t\t\t\t\t<img decoding=\"async\" class=\"yotu-video-thumb\" src=\"https:\/\/i.ytimg.com\/vi\/QQ7rk6X0U-s\/sddefault.jpg\" alt=\"Sobre la escuela | Conversaci\u00f3n con Fernando Peirone\">\t\n\t\t\t\t\t\t\t\t\t\t\t\t\t<\/div>\n\t\t\t\t\t<\/div>\n\t\t\t\t\t\t\t\t\t\t\t<h3 class=\"yotu-video-title\">Sobre la escuela | Conversaci\u00f3n con Fernando Peirone<\/h3>\n\t\t\t\t\t\t\t\t\t\t\t\t\t\t\t\t\t\t\t<\/a>\n\t\t\t\t<div class=\"yotuwp-video-meta\"><\/div>\t\t\t<\/li>\n\t\t\t\t\n\t\t\t\t\t\t<li class=\"\">\n\t\t\t\t\t\t\t\t<a href=\"#\" class=\"yotu-video\" data-videoid=\"CWPat7LXJwY\" data-title=\"Sobre la Escuela | Conversaci\u00f3n con Pain\u00e9 Pintos\" title=\"Sobre la Escuela | Conversaci\u00f3n con Pain\u00e9 Pintos\">\n\t\t\t\t\t<div class=\"yotu-video-thumb-wrp\">\n\t\t\t\t\t\t<div>\n\t\t\t\t\t\t\t\t\t\t\t\t\t\t<img decoding=\"async\" class=\"yotu-video-thumb\" src=\"https:\/\/i.ytimg.com\/vi\/CWPat7LXJwY\/sddefault.jpg\" alt=\"Sobre la Escuela | Conversaci\u00f3n con Pain\u00e9 Pintos\">\t\n\t\t\t\t\t\t\t\t\t\t\t\t\t<\/div>\n\t\t\t\t\t<\/div>\n\t\t\t\t\t\t\t\t\t\t\t<h3 class=\"yotu-video-title\">Sobre la Escuela | Conversaci\u00f3n con Pain\u00e9 Pintos<\/h3>\n\t\t\t\t\t\t\t\t\t\t\t\t\t\t\t\t\t\t\t<\/a>\n\t\t\t\t<div class=\"yotuwp-video-meta\"><\/div>\t\t\t<\/li>\n\t\t\t\t\n\t\t\t\t\t\t<li class=\"\">\n\t\t\t\t\t\t\t\t<a href=\"#\" class=\"yotu-video\" data-videoid=\"u5YceNx5DD0\" data-title=\"Educar en tiempos de Inteligencia Artificial | UEPC\" title=\"Educar en tiempos de Inteligencia Artificial | UEPC\">\n\t\t\t\t\t<div class=\"yotu-video-thumb-wrp\">\n\t\t\t\t\t\t<div>\n\t\t\t\t\t\t\t\t\t\t\t\t\t\t<img decoding=\"async\" class=\"yotu-video-thumb\" src=\"https:\/\/i.ytimg.com\/vi\/u5YceNx5DD0\/sddefault.jpg\" alt=\"Educar en tiempos de Inteligencia Artificial | UEPC\">\t\n\t\t\t\t\t\t\t\t\t\t\t\t\t<\/div>\n\t\t\t\t\t<\/div>\n\t\t\t\t\t\t\t\t\t\t\t<h3 class=\"yotu-video-title\">Educar en tiempos de Inteligencia Artificial | UEPC<\/h3>\n\t\t\t\t\t\t\t\t\t\t\t\t\t\t\t\t\t\t\t<\/a>\n\t\t\t\t<div class=\"yotuwp-video-meta\"><\/div>\t\t\t<\/li>\n\t\t\t\t\n\t\t\t\t\t\t<li class=\"\">\n\t\t\t\t\t\t\t\t<a href=\"#\" class=\"yotu-video\" data-videoid=\"hY-Pih-PHYk\" data-title=\"Sobre la escuela | Conversaci\u00f3n con Carina Lion\" title=\"Sobre la escuela | Conversaci\u00f3n con Carina Lion\">\n\t\t\t\t\t<div class=\"yotu-video-thumb-wrp\">\n\t\t\t\t\t\t<div>\n\t\t\t\t\t\t\t\t\t\t\t\t\t\t<img decoding=\"async\" class=\"yotu-video-thumb\" src=\"https:\/\/i.ytimg.com\/vi\/hY-Pih-PHYk\/sddefault.jpg\" alt=\"Sobre la escuela | Conversaci\u00f3n con Carina Lion\">\t\n\t\t\t\t\t\t\t\t\t\t\t\t\t<\/div>\n\t\t\t\t\t<\/div>\n\t\t\t\t\t\t\t\t\t\t\t<h3 class=\"yotu-video-title\">Sobre la escuela | Conversaci\u00f3n con Carina Lion<\/h3>\n\t\t\t\t\t\t\t\t\t\t\t\t\t\t\t\t\t\t\t<\/a>\n\t\t\t\t<div class=\"yotuwp-video-meta\"><\/div>\t\t\t<\/li>\n\t\t\t\t\n\t\t\t\t\t\t<li class=\"\">\n\t\t\t\t\t\t\t\t<a href=\"#\" class=\"yotu-video\" data-videoid=\"aQOprNb4wX4\" data-title=\"Sobre la escuela | Conversaci\u00f3n con B\u00e1rbara Briscioli\" title=\"Sobre la escuela | Conversaci\u00f3n con B\u00e1rbara Briscioli\">\n\t\t\t\t\t<div class=\"yotu-video-thumb-wrp\">\n\t\t\t\t\t\t<div>\n\t\t\t\t\t\t\t\t\t\t\t\t\t\t<img decoding=\"async\" class=\"yotu-video-thumb\" src=\"https:\/\/i.ytimg.com\/vi\/aQOprNb4wX4\/sddefault.jpg\" alt=\"Sobre la escuela | Conversaci\u00f3n con B\u00e1rbara Briscioli\">\t\n\t\t\t\t\t\t\t\t\t\t\t\t\t<\/div>\n\t\t\t\t\t<\/div>\n\t\t\t\t\t\t\t\t\t\t\t<h3 class=\"yotu-video-title\">Sobre la escuela | Conversaci\u00f3n con B\u00e1rbara Briscioli<\/h3>\n\t\t\t\t\t\t\t\t\t\t\t\t\t\t\t\t\t\t\t<\/a>\n\t\t\t\t<div class=\"yotuwp-video-meta\"><\/div>\t\t\t<\/li>\n\t\t\t\t\n\t\t\t\t\t\t<li class=\"\">\n\t\t\t\t\t\t\t\t<a href=\"#\" class=\"yotu-video\" data-videoid=\"B-XJjzAa35c\" data-title=\"Sobre la escuela | Conversaci\u00f3n con Laura Ominetti\" title=\"Sobre la escuela | Conversaci\u00f3n con Laura Ominetti\">\n\t\t\t\t\t<div class=\"yotu-video-thumb-wrp\">\n\t\t\t\t\t\t<div>\n\t\t\t\t\t\t\t\t\t\t\t\t\t\t<img decoding=\"async\" class=\"yotu-video-thumb\" src=\"https:\/\/i.ytimg.com\/vi\/B-XJjzAa35c\/sddefault.jpg\" alt=\"Sobre la escuela | Conversaci\u00f3n con Laura Ominetti\">\t\n\t\t\t\t\t\t\t\t\t\t\t\t\t<\/div>\n\t\t\t\t\t<\/div>\n\t\t\t\t\t\t\t\t\t\t\t<h3 class=\"yotu-video-title\">Sobre la escuela | Conversaci\u00f3n con Laura Ominetti<\/h3>\n\t\t\t\t\t\t\t\t\t\t\t\t\t\t\t\t\t\t\t<\/a>\n\t\t\t\t<div class=\"yotuwp-video-meta\"><\/div>\t\t\t<\/li>\n\t\t\t\t\n\t\t\t\t\t\t<li class=\"\">\n\t\t\t\t\t\t\t\t<a href=\"#\" class=\"yotu-video\" data-videoid=\"NV2-F-Bdomk\" data-title=\"Encuentro de educaci\u00f3n y tecnolog\u00edas digitales | Carina Lion\" title=\"Encuentro de educaci\u00f3n y tecnolog\u00edas digitales | Carina Lion\">\n\t\t\t\t\t<div class=\"yotu-video-thumb-wrp\">\n\t\t\t\t\t\t<div>\n\t\t\t\t\t\t\t\t\t\t\t\t\t\t<img decoding=\"async\" class=\"yotu-video-thumb\" src=\"https:\/\/i.ytimg.com\/vi\/NV2-F-Bdomk\/sddefault.jpg\" alt=\"Encuentro de educaci\u00f3n y tecnolog\u00edas digitales | Carina Lion\">\t\n\t\t\t\t\t\t\t\t\t\t\t\t\t<\/div>\n\t\t\t\t\t<\/div>\n\t\t\t\t\t\t\t\t\t\t\t<h3 class=\"yotu-video-title\">Encuentro de educaci\u00f3n y tecnolog\u00edas digitales | Carina Lion<\/h3>\n\t\t\t\t\t\t\t\t\t\t\t\t\t\t\t\t\t\t\t<\/a>\n\t\t\t\t<div class=\"yotuwp-video-meta\"><\/div>\t\t\t<\/li>\n\t\t\t\t\n\t\t\t\t\t\t<li class=\" yotu-last\">\n\t\t\t\t\t\t\t\t<a href=\"#\" class=\"yotu-video\" data-videoid=\"qjKP1eL8hRI\" data-title=\"Presentaci\u00f3n Revista educar 42 | Conferencia Gonzalo Gutierrez, B\u00e1rbara Briscioli y Laura Ominetti\" title=\"Presentaci\u00f3n Revista educar 42 | Conferencia Gonzalo Gutierrez, B\u00e1rbara Briscioli y Laura Ominetti\">\n\t\t\t\t\t<div class=\"yotu-video-thumb-wrp\">\n\t\t\t\t\t\t<div>\n\t\t\t\t\t\t\t\t\t\t\t\t\t\t<img decoding=\"async\" class=\"yotu-video-thumb\" src=\"https:\/\/i.ytimg.com\/vi\/qjKP1eL8hRI\/sddefault.jpg\" alt=\"Presentaci\u00f3n Revista educar 42 | Conferencia Gonzalo Gutierrez, B\u00e1rbara Briscioli y Laura Ominetti\">\t\n\t\t\t\t\t\t\t\t\t\t\t\t\t<\/div>\n\t\t\t\t\t<\/div>\n\t\t\t\t\t\t\t\t\t\t\t<h3 class=\"yotu-video-title\">Presentaci\u00f3n Revista educar 42 | Conferencia Gonzalo Gutierrez, B\u00e1rbara Briscioli y Laura Ominetti<\/h3>\n\t\t\t\t\t\t\t\t\t\t\t\t\t\t\t\t\t\t\t<\/a>\n\t\t\t\t<div class=\"yotuwp-video-meta\"><\/div>\t\t\t<\/li>\n\t\t\t\t\n\t\t\t\t<\/ul>\n\t<div class=\"yotuwp-bar\"><\/div>\n<\/div>\n<div class=\"yotu-pagination\">\n\t<a href=\"#\" class=\"yotu-pagination-more yotu-button-prs yotu-button-prs-1\" data-page=\"more\">Cargar m\u00e1s<\/a>\n<\/div>\n\t\t\t\t<\/div>\n\t\t\t<\/div>\n\t\t\t\n\n\n\n<div style=\"height:55px\" aria-hidden=\"true\" class=\"wp-block-spacer\"><\/div>\n\n\n\n<div class=\"wp-block-getwid-advanced-heading\" style=\"margin-bottom:0px\"><h4 class=\"wp-block-getwid-advanced-heading__content\" style=\"padding-bottom:0px\">ICIEC en Instagram<\/h4><\/div>\n\n\n\n<hr class=\"wp-block-separator has-css-opacity is-style-wide\"\/>\n\n\n\n<div id=\"sb_instagram\"  class=\"sbi sbi_mob_col_1 sbi_tab_col_2 sbi_col_4 sbi_width_resp\" style=\"padding-bottom: 24px;\"\t data-feedid=\"*1\"  data-res=\"auto\" data-cols=\"4\" data-colsmobile=\"1\" data-colstablet=\"2\" data-num=\"8\" data-nummobile=\"4\" data-item-padding=\"12\"\t data-shortcode-atts=\"{}\"  data-postid=\"17257\" data-locatornonce=\"e65f00caad\" data-imageaspectratio=\"1:1\" data-sbi-flags=\"favorLocal\">\n\t\n\t<div id=\"sbi_images\"  style=\"gap: 24px;\">\n\t\t<div class=\"sbi_item sbi_type_video sbi_new sbi_transition\"\n\tid=\"sbi_18580365532004316\" data-date=\"1777378067\">\n\t<div class=\"sbi_photo_wrap\">\n\t\t<a class=\"sbi_photo\" href=\"https:\/\/www.instagram.com\/reel\/DXrLyTbAmh6\/\" target=\"_blank\" rel=\"noopener nofollow\"\n\t\t\tdata-full-res=\"https:\/\/scontent.cdninstagram.com\/v\/t51.82787-15\/681983297_18411077155176796_2502512380484511940_n.jpg?stp=dst-jpg_e35_tt6&#038;_nc_cat=101&#038;ccb=7-5&#038;_nc_sid=18de74&#038;efg=eyJlZmdfdGFnIjoiQ0xJUFMuYmVzdF9pbWFnZV91cmxnZW4uQzMifQ%3D%3D&#038;_nc_ohc=J64U3az__O8Q7kNvwFmvXP1&#038;_nc_oc=AdpHTT5n82HljH34_3QDZTpdODx0y8pB_tHPYAgZMXMSJPwoimA7FGUwZjJYjHLj0OM&#038;_nc_zt=23&#038;_nc_ht=scontent.cdninstagram.com&#038;edm=ANo9K5cEAAAA&#038;_nc_gid=R-dIKpLAkeBP4_Eh8cDKmQ&#038;_nc_tpa=Q5bMBQGDOU46kmqUOv1KyE_mSefaC50jNx5_H_TBwjYfOLM_9h_rwciM7P6DxI71mDnAGPfzzqKHAowGfA&#038;oh=00_Af07tHk7fjA_cxOaeDGdVc1lxuwxsJXSkXqdj1xn8jKbEQ&#038;oe=69F6C774\"\n\t\t\tdata-img-src-set=\"{&quot;d&quot;:&quot;https:\\\/\\\/scontent.cdninstagram.com\\\/v\\\/t51.82787-15\\\/681983297_18411077155176796_2502512380484511940_n.jpg?stp=dst-jpg_e35_tt6&amp;_nc_cat=101&amp;ccb=7-5&amp;_nc_sid=18de74&amp;efg=eyJlZmdfdGFnIjoiQ0xJUFMuYmVzdF9pbWFnZV91cmxnZW4uQzMifQ%3D%3D&amp;_nc_ohc=J64U3az__O8Q7kNvwFmvXP1&amp;_nc_oc=AdpHTT5n82HljH34_3QDZTpdODx0y8pB_tHPYAgZMXMSJPwoimA7FGUwZjJYjHLj0OM&amp;_nc_zt=23&amp;_nc_ht=scontent.cdninstagram.com&amp;edm=ANo9K5cEAAAA&amp;_nc_gid=R-dIKpLAkeBP4_Eh8cDKmQ&amp;_nc_tpa=Q5bMBQGDOU46kmqUOv1KyE_mSefaC50jNx5_H_TBwjYfOLM_9h_rwciM7P6DxI71mDnAGPfzzqKHAowGfA&amp;oh=00_Af07tHk7fjA_cxOaeDGdVc1lxuwxsJXSkXqdj1xn8jKbEQ&amp;oe=69F6C774&quot;,&quot;150&quot;:&quot;https:\\\/\\\/scontent.cdninstagram.com\\\/v\\\/t51.82787-15\\\/681983297_18411077155176796_2502512380484511940_n.jpg?stp=dst-jpg_e35_tt6&amp;_nc_cat=101&amp;ccb=7-5&amp;_nc_sid=18de74&amp;efg=eyJlZmdfdGFnIjoiQ0xJUFMuYmVzdF9pbWFnZV91cmxnZW4uQzMifQ%3D%3D&amp;_nc_ohc=J64U3az__O8Q7kNvwFmvXP1&amp;_nc_oc=AdpHTT5n82HljH34_3QDZTpdODx0y8pB_tHPYAgZMXMSJPwoimA7FGUwZjJYjHLj0OM&amp;_nc_zt=23&amp;_nc_ht=scontent.cdninstagram.com&amp;edm=ANo9K5cEAAAA&amp;_nc_gid=R-dIKpLAkeBP4_Eh8cDKmQ&amp;_nc_tpa=Q5bMBQGDOU46kmqUOv1KyE_mSefaC50jNx5_H_TBwjYfOLM_9h_rwciM7P6DxI71mDnAGPfzzqKHAowGfA&amp;oh=00_Af07tHk7fjA_cxOaeDGdVc1lxuwxsJXSkXqdj1xn8jKbEQ&amp;oe=69F6C774&quot;,&quot;320&quot;:&quot;https:\\\/\\\/scontent.cdninstagram.com\\\/v\\\/t51.82787-15\\\/681983297_18411077155176796_2502512380484511940_n.jpg?stp=dst-jpg_e35_tt6&amp;_nc_cat=101&amp;ccb=7-5&amp;_nc_sid=18de74&amp;efg=eyJlZmdfdGFnIjoiQ0xJUFMuYmVzdF9pbWFnZV91cmxnZW4uQzMifQ%3D%3D&amp;_nc_ohc=J64U3az__O8Q7kNvwFmvXP1&amp;_nc_oc=AdpHTT5n82HljH34_3QDZTpdODx0y8pB_tHPYAgZMXMSJPwoimA7FGUwZjJYjHLj0OM&amp;_nc_zt=23&amp;_nc_ht=scontent.cdninstagram.com&amp;edm=ANo9K5cEAAAA&amp;_nc_gid=R-dIKpLAkeBP4_Eh8cDKmQ&amp;_nc_tpa=Q5bMBQGDOU46kmqUOv1KyE_mSefaC50jNx5_H_TBwjYfOLM_9h_rwciM7P6DxI71mDnAGPfzzqKHAowGfA&amp;oh=00_Af07tHk7fjA_cxOaeDGdVc1lxuwxsJXSkXqdj1xn8jKbEQ&amp;oe=69F6C774&quot;,&quot;640&quot;:&quot;https:\\\/\\\/scontent.cdninstagram.com\\\/v\\\/t51.82787-15\\\/681983297_18411077155176796_2502512380484511940_n.jpg?stp=dst-jpg_e35_tt6&amp;_nc_cat=101&amp;ccb=7-5&amp;_nc_sid=18de74&amp;efg=eyJlZmdfdGFnIjoiQ0xJUFMuYmVzdF9pbWFnZV91cmxnZW4uQzMifQ%3D%3D&amp;_nc_ohc=J64U3az__O8Q7kNvwFmvXP1&amp;_nc_oc=AdpHTT5n82HljH34_3QDZTpdODx0y8pB_tHPYAgZMXMSJPwoimA7FGUwZjJYjHLj0OM&amp;_nc_zt=23&amp;_nc_ht=scontent.cdninstagram.com&amp;edm=ANo9K5cEAAAA&amp;_nc_gid=R-dIKpLAkeBP4_Eh8cDKmQ&amp;_nc_tpa=Q5bMBQGDOU46kmqUOv1KyE_mSefaC50jNx5_H_TBwjYfOLM_9h_rwciM7P6DxI71mDnAGPfzzqKHAowGfA&amp;oh=00_Af07tHk7fjA_cxOaeDGdVc1lxuwxsJXSkXqdj1xn8jKbEQ&amp;oe=69F6C774&quot;}\">\n\t\t\t<span class=\"sbi-screenreader\">\ud83e\udd16 \ud835\udc08\ud835\udc27\ud835\udc2d\ud835\udc1e\ud835\udc25\ud835\udc22\ud835\udc20\ud835\udc1e\ud835\udc27\ud835\udc1c\ud835\udc22\ud835\udc1a \ud835\udc00\ud835\udc2b\ud835\udc2d\ud835\udc22\ud835\udc1f\ud835\udc22\ud835\udc1c\ud835\udc22\ud835\udc1a\ud835\udc25 \ud835\udc1e\ud835\udc27 \ud835\udc25\ud835\udc1a\ud835\udc2c \ud835\udc29\ud835\udc2b\ud835\udc1a\u0301\ud835\udc1c\ud835\udc2d\ud835\udc22\ud835\udc1c\ud835\udc1a\ud835\udc2c \ud835\udc1d\ud835\udc1e \ud835\udc20\ud835\udc1e\ud835\udc2c<\/span>\n\t\t\t\t\t\t<svg style=\"color: rgba(255,255,255,1)\" class=\"svg-inline--fa fa-play fa-w-14 sbi_playbtn\" aria-label=\"Play\" aria-hidden=\"true\" data-fa-processed=\"\" data-prefix=\"fa\" data-icon=\"play\" role=\"presentation\" xmlns=\"http:\/\/www.w3.org\/2000\/svg\" viewBox=\"0 0 448 512\"><path fill=\"currentColor\" d=\"M424.4 214.7L72.4 6.6C43.8-10.3 0 6.1 0 47.9V464c0 37.5 40.7 60.1 72.4 41.3l352-208c31.4-18.5 31.5-64.1 0-82.6z\"><\/path><\/svg>\t\t\t<img decoding=\"async\" src=\"https:\/\/uepc.org.ar\/conectate\/wp-content\/plugins\/instagram-feed\/img\/placeholder.png\" alt=\"\ud83e\udd16 \ud835\udc08\ud835\udc27\ud835\udc2d\ud835\udc1e\ud835\udc25\ud835\udc22\ud835\udc20\ud835\udc1e\ud835\udc27\ud835\udc1c\ud835\udc22\ud835\udc1a \ud835\udc00\ud835\udc2b\ud835\udc2d\ud835\udc22\ud835\udc1f\ud835\udc22\ud835\udc1c\ud835\udc22\ud835\udc1a\ud835\udc25 \ud835\udc1e\ud835\udc27 \ud835\udc25\ud835\udc1a\ud835\udc2c \ud835\udc29\ud835\udc2b\ud835\udc1a\u0301\ud835\udc1c\ud835\udc2d\ud835\udc22\ud835\udc1c\ud835\udc1a\ud835\udc2c \ud835\udc1d\ud835\udc1e \ud835\udc20\ud835\udc1e\ud835\udc2c\ud835\udc2d\ud835\udc22\ud835\udc28\u0301\ud835\udc27\n\n\ud83d\udccd Compartimos im\u00e1genes del primer taller realizado el 22 de abril en la Tecnoteca de San Francisco, junto a 150 equipos de gesti\u00f3n de la Delegaci\u00f3n San Justo, que recuperan la voz de quienes impulsaron esta propuesta en el marco de la Consulta Pedag\u00f3gica de UEPC, abriendo el debate sobre los alcances de la IA en la gesti\u00f3n escolar.\n\nLa propuesta contin\u00faa en el mes de mayo, como parte del acompa\u00f1amiento que la Secretar\u00eda de Educaci\u00f3n de UEPC realiza en todo el territorio provincial.\n\n\ud835\udc7c\ud835\udc6c\ud835\udc77\ud835\udc6a, \ud835\udc82\ud835\udc84\ud835\udc90\ud835\udc8e\ud835\udc91\ud835\udc82\ud835\udc8f\u0303\ud835\udc82\ud835\udc8f\ud835\udc85\ud835\udc90 \ud835\udc86\ud835\udc8d \ud835\udc95\ud835\udc93\ud835\udc82\ud835\udc83\ud835\udc82\ud835\udc8b\ud835\udc90 \ud835\udc85\ud835\udc86 \ud835\udc86\ud835\udc8f\ud835\udc94\ud835\udc86\ud835\udc8f\u0303\ud835\udc82\ud835\udc93, \ud835\udc84\ud835\udc90\ud835\udc8f\ud835\udc94\ud835\udc95\ud835\udc93\ud835\udc96\ud835\udc8a\ud835\udc8e\ud835\udc90\ud835\udc94 \ud835\udc91\ud835\udc93\ud835\udc86\ud835\udc94\ud835\udc86\ud835\udc8f\ud835\udc95\ud835\udc86 \ud835\udc9a \ud835\udc91\ud835\udc93\ud835\udc90\ud835\udc9a\ud835\udc86\ud835\udc84\ud835\udc95\ud835\udc82\ud835\udc8e\ud835\udc90\ud835\udc94 \ud835\udc87\ud835\udc96\ud835\udc95\ud835\udc96\ud835\udc93\ud835\udc90\" aria-hidden=\"true\">\n\t\t<\/a>\n\t<\/div>\n<\/div><div class=\"sbi_item sbi_type_image sbi_new sbi_transition\"\n\tid=\"sbi_17979052421843516\" data-date=\"1777055918\">\n\t<div class=\"sbi_photo_wrap\">\n\t\t<a class=\"sbi_photo\" href=\"https:\/\/www.instagram.com\/p\/DXhlacbhXxz\/\" target=\"_blank\" rel=\"noopener nofollow\"\n\t\t\tdata-full-res=\"https:\/\/scontent.cdninstagram.com\/v\/t51.82787-15\/673871153_18410497087176796_501888575922116173_n.jpg?stp=dst-jpg_e35_tt6&#038;_nc_cat=109&#038;ccb=7-5&#038;_nc_sid=18de74&#038;efg=eyJlZmdfdGFnIjoiRkVFRC5iZXN0X2ltYWdlX3VybGdlbi5DMyJ9&#038;_nc_ohc=AhyVsyswmv8Q7kNvwHjKlKl&#038;_nc_oc=AdqtRpsISIwHL2kgjsShRgMPN8i0hgTDHmP0nqz29a5UWLNWS0sq62A8joGJS1195rw&#038;_nc_zt=23&#038;_nc_ht=scontent.cdninstagram.com&#038;edm=ANo9K5cEAAAA&#038;_nc_gid=R-dIKpLAkeBP4_Eh8cDKmQ&#038;_nc_tpa=Q5bMBQGUJIMmJ1w2U9onOFvIoE37aGjwlC_dj66sDx1sjuempUBVlMXNMhWBXKQm_Yum6encX2k4AfSIMQ&#038;oh=00_Af1cuct188OwWQ_TCmJGbba0vpxc8gnxbQPGsBSqkRCfOA&#038;oe=69F6B5C3\"\n\t\t\tdata-img-src-set=\"{&quot;d&quot;:&quot;https:\\\/\\\/scontent.cdninstagram.com\\\/v\\\/t51.82787-15\\\/673871153_18410497087176796_501888575922116173_n.jpg?stp=dst-jpg_e35_tt6&amp;_nc_cat=109&amp;ccb=7-5&amp;_nc_sid=18de74&amp;efg=eyJlZmdfdGFnIjoiRkVFRC5iZXN0X2ltYWdlX3VybGdlbi5DMyJ9&amp;_nc_ohc=AhyVsyswmv8Q7kNvwHjKlKl&amp;_nc_oc=AdqtRpsISIwHL2kgjsShRgMPN8i0hgTDHmP0nqz29a5UWLNWS0sq62A8joGJS1195rw&amp;_nc_zt=23&amp;_nc_ht=scontent.cdninstagram.com&amp;edm=ANo9K5cEAAAA&amp;_nc_gid=R-dIKpLAkeBP4_Eh8cDKmQ&amp;_nc_tpa=Q5bMBQGUJIMmJ1w2U9onOFvIoE37aGjwlC_dj66sDx1sjuempUBVlMXNMhWBXKQm_Yum6encX2k4AfSIMQ&amp;oh=00_Af1cuct188OwWQ_TCmJGbba0vpxc8gnxbQPGsBSqkRCfOA&amp;oe=69F6B5C3&quot;,&quot;150&quot;:&quot;https:\\\/\\\/scontent.cdninstagram.com\\\/v\\\/t51.82787-15\\\/673871153_18410497087176796_501888575922116173_n.jpg?stp=dst-jpg_e35_tt6&amp;_nc_cat=109&amp;ccb=7-5&amp;_nc_sid=18de74&amp;efg=eyJlZmdfdGFnIjoiRkVFRC5iZXN0X2ltYWdlX3VybGdlbi5DMyJ9&amp;_nc_ohc=AhyVsyswmv8Q7kNvwHjKlKl&amp;_nc_oc=AdqtRpsISIwHL2kgjsShRgMPN8i0hgTDHmP0nqz29a5UWLNWS0sq62A8joGJS1195rw&amp;_nc_zt=23&amp;_nc_ht=scontent.cdninstagram.com&amp;edm=ANo9K5cEAAAA&amp;_nc_gid=R-dIKpLAkeBP4_Eh8cDKmQ&amp;_nc_tpa=Q5bMBQGUJIMmJ1w2U9onOFvIoE37aGjwlC_dj66sDx1sjuempUBVlMXNMhWBXKQm_Yum6encX2k4AfSIMQ&amp;oh=00_Af1cuct188OwWQ_TCmJGbba0vpxc8gnxbQPGsBSqkRCfOA&amp;oe=69F6B5C3&quot;,&quot;320&quot;:&quot;https:\\\/\\\/scontent.cdninstagram.com\\\/v\\\/t51.82787-15\\\/673871153_18410497087176796_501888575922116173_n.jpg?stp=dst-jpg_e35_tt6&amp;_nc_cat=109&amp;ccb=7-5&amp;_nc_sid=18de74&amp;efg=eyJlZmdfdGFnIjoiRkVFRC5iZXN0X2ltYWdlX3VybGdlbi5DMyJ9&amp;_nc_ohc=AhyVsyswmv8Q7kNvwHjKlKl&amp;_nc_oc=AdqtRpsISIwHL2kgjsShRgMPN8i0hgTDHmP0nqz29a5UWLNWS0sq62A8joGJS1195rw&amp;_nc_zt=23&amp;_nc_ht=scontent.cdninstagram.com&amp;edm=ANo9K5cEAAAA&amp;_nc_gid=R-dIKpLAkeBP4_Eh8cDKmQ&amp;_nc_tpa=Q5bMBQGUJIMmJ1w2U9onOFvIoE37aGjwlC_dj66sDx1sjuempUBVlMXNMhWBXKQm_Yum6encX2k4AfSIMQ&amp;oh=00_Af1cuct188OwWQ_TCmJGbba0vpxc8gnxbQPGsBSqkRCfOA&amp;oe=69F6B5C3&quot;,&quot;640&quot;:&quot;https:\\\/\\\/scontent.cdninstagram.com\\\/v\\\/t51.82787-15\\\/673871153_18410497087176796_501888575922116173_n.jpg?stp=dst-jpg_e35_tt6&amp;_nc_cat=109&amp;ccb=7-5&amp;_nc_sid=18de74&amp;efg=eyJlZmdfdGFnIjoiRkVFRC5iZXN0X2ltYWdlX3VybGdlbi5DMyJ9&amp;_nc_ohc=AhyVsyswmv8Q7kNvwHjKlKl&amp;_nc_oc=AdqtRpsISIwHL2kgjsShRgMPN8i0hgTDHmP0nqz29a5UWLNWS0sq62A8joGJS1195rw&amp;_nc_zt=23&amp;_nc_ht=scontent.cdninstagram.com&amp;edm=ANo9K5cEAAAA&amp;_nc_gid=R-dIKpLAkeBP4_Eh8cDKmQ&amp;_nc_tpa=Q5bMBQGUJIMmJ1w2U9onOFvIoE37aGjwlC_dj66sDx1sjuempUBVlMXNMhWBXKQm_Yum6encX2k4AfSIMQ&amp;oh=00_Af1cuct188OwWQ_TCmJGbba0vpxc8gnxbQPGsBSqkRCfOA&amp;oe=69F6B5C3&quot;}\">\n\t\t\t<span class=\"sbi-screenreader\">\ud83d\udd35\ud835\ude41\ud835\ude64\ud835\ude67\ud835\ude69\ud835\ude56\ud835\ude61\ud835\ude5a\ud835\ude58\ud835\ude5a\ud835\ude67 \ud835\ude61\ud835\ude56 \ud835\ude5c\ud835\ude5a\ud835\ude68\ud835\ude69\ud835\ude5e\ud835\ude64\u0301\ud835\ude63 \ud835\ude59\ud835\ude5e\ud835\ude67\ud835\ude5a\ud835\ude58\ud835\ude69\ud835\ude5e\ud835\ude6b\ud835\ude56: \ud835\ude3f\ud835\ude5a\ud835\ude68\ud835\ude56\ud835\ude5b\ud835\ude5e\u0301\ud835\ude64\ud835\ude68 \ud835\ude59\ud835\ude5a \ud835\ude61\ud835\ude56<\/span>\n\t\t\t\t\t\t\t\t\t<img decoding=\"async\" src=\"https:\/\/uepc.org.ar\/conectate\/wp-content\/plugins\/instagram-feed\/img\/placeholder.png\" alt=\"\ud83d\udd35\ud835\ude41\ud835\ude64\ud835\ude67\ud835\ude69\ud835\ude56\ud835\ude61\ud835\ude5a\ud835\ude58\ud835\ude5a\ud835\ude67 \ud835\ude61\ud835\ude56 \ud835\ude5c\ud835\ude5a\ud835\ude68\ud835\ude69\ud835\ude5e\ud835\ude64\u0301\ud835\ude63 \ud835\ude59\ud835\ude5e\ud835\ude67\ud835\ude5a\ud835\ude58\ud835\ude69\ud835\ude5e\ud835\ude6b\ud835\ude56: \ud835\ude3f\ud835\ude5a\ud835\ude68\ud835\ude56\ud835\ude5b\ud835\ude5e\u0301\ud835\ude64\ud835\ude68 \ud835\ude59\ud835\ude5a \ud835\ude61\ud835\ude56 \ud835\ude5a\ud835\ude68\ud835\ude58\ud835\ude6a\ud835\ude5a\ud835\ude61\ud835\ude56 \ud835\ude5d\ud835\ude64\ud835\ude6e | \u00a1\ud835\ude49\ud835\ude6a\ud835\ude5a\ud835\ude6b\ud835\ude64 \ud835\ude58\ud835\ude6a\ud835\ude67\ud835\ude68\ud835\ude64! \n \n\ud83d\udcda Desde la Secretar\u00eda de Educaci\u00f3n de UEPC junto a las Secretar\u00edas Gremiales, profundizamos el compromiso asumido por nuestro sindicato en fortalecer la gesti\u00f3n escolar a trav\u00e9s de nuestro Programa de Gesti\u00f3n Directiva. \n\nEsta nueva propuesta de formaci\u00f3n pone el foco en la funci\u00f3n pedag\u00f3gica de los equipos directivos para acompa\u00f1ar, de manera situada, el trabajo de gestionar las escuelas cordobesas.\n\n\ud83d\udd35Modalidad: encuentros virtuales y presenciales en la ciudad de C\u00f3rdoba\n\ud83d\udc49Destinado a: afiliadas y afiliados que est\u00e9n ejerciendo cargos de gesti\u00f3n \n\u231bDuraci\u00f3n: 5 meses\n\ud83d\udcddAcredita: 120 horas\n\ud83d\uddd3\ufe0fInicia: 16 de mayo\n\n\ud83d\udce7Consultas: educacion@uepc.org.ar\n\n\u00a1\ud835\udc08\ud835\udc27\ud835\udc2c\ud835\udc1c\ud835\udc2b\ud835\udc22\ud835\udc1b\ud835\udc22\ud835\udc2d\ud835\udc1e \ud835\udc1e\ud835\udc27 \ud835\udc2d\ud835\udc2e \ud835\udc1d\ud835\udc1e\ud835\udc25\ud835\udc1e\ud835\udc20\ud835\udc1a\ud835\udc1c\ud835\udc22\ud835\udc28\u0301\ud835\udc27!\n\n\ud835\ude50\ud835\ude40\ud835\ude4b\ud835\ude3e, \ud835\ude56\ud835\ude58\ud835\ude64\ud835\ude62\ud835\ude65\ud835\ude56\ud835\ude63\u0303\ud835\ude56\ud835\ude63\ud835\ude59\ud835\ude64 \ud835\ude5a\ud835\ude61 \ud835\ude69\ud835\ude67\ud835\ude56\ud835\ude57\ud835\ude56\ud835\ude5f\ud835\ude64 \ud835\ude59\ud835\ude5a \ud835\ude5a\ud835\ude63\ud835\ude68\ud835\ude5a\ud835\ude63\u0303\ud835\ude56\ud835\ude67, \ud835\ude58\ud835\ude64\ud835\ude63\ud835\ude68\ud835\ude69\ud835\ude67\ud835\ude6a\ud835\ude5e\ud835\ude62\ud835\ude64\ud835\ude68 \ud835\ude65\ud835\ude67\ud835\ude5a\ud835\ude68\ud835\ude5a\ud835\ude63\ud835\ude69\ud835\ude5a \ud835\ude6e \ud835\ude65\ud835\ude67\ud835\ude64\ud835\ude6e\ud835\ude5a\ud835\ude58\ud835\ude69\ud835\ude56\ud835\ude62\ud835\ude64\ud835\ude68 \ud835\ude5b\ud835\ude6a\ud835\ude69\ud835\ude6a\ud835\ude67\ud835\ude64\n\n#UEPC #Educaci\u00f3n #Formaci\u00f3n #Gesti\u00f3nDirectiva\" aria-hidden=\"true\">\n\t\t<\/a>\n\t<\/div>\n<\/div><div class=\"sbi_item sbi_type_carousel sbi_new sbi_transition\"\n\tid=\"sbi_18062209550408981\" data-date=\"1777050503\">\n\t<div class=\"sbi_photo_wrap\">\n\t\t<a class=\"sbi_photo\" href=\"https:\/\/www.instagram.com\/p\/DXhbFkaDdmI\/\" target=\"_blank\" rel=\"noopener nofollow\"\n\t\t\tdata-full-res=\"https:\/\/scontent.cdninstagram.com\/v\/t51.82787-15\/675448539_18410485987176796_4707022811779376763_n.jpg?stp=dst-jpg_e35_tt6&#038;_nc_cat=105&#038;ccb=7-5&#038;_nc_sid=18de74&#038;efg=eyJlZmdfdGFnIjoiQ0FST1VTRUxfSVRFTS5iZXN0X2ltYWdlX3VybGdlbi5DMyJ9&#038;_nc_ohc=GZbRVUMwTCEQ7kNvwEb1ljE&#038;_nc_oc=AdpJAidbAM_DOMA_isJ5FuOUrJ2oryLHf1FkOKzVugZj_Qfr3beNsGya8WxxS-N8CB0&#038;_nc_zt=23&#038;_nc_ht=scontent.cdninstagram.com&#038;edm=ANo9K5cEAAAA&#038;_nc_gid=R-dIKpLAkeBP4_Eh8cDKmQ&#038;_nc_tpa=Q5bMBQFVs8Lynb0mK_wM4a4X_aqfm3hMWLeDokI-7706LThQKTweok_Asa5ETX97CJ85xRCBNXs8sJjjkg&#038;oh=00_Af23LlZB9pMBrNmGopk3Byx0bSGvL_NyERDo8Cc1Df670Q&#038;oe=69F6963C\"\n\t\t\tdata-img-src-set=\"{&quot;d&quot;:&quot;https:\\\/\\\/scontent.cdninstagram.com\\\/v\\\/t51.82787-15\\\/675448539_18410485987176796_4707022811779376763_n.jpg?stp=dst-jpg_e35_tt6&amp;_nc_cat=105&amp;ccb=7-5&amp;_nc_sid=18de74&amp;efg=eyJlZmdfdGFnIjoiQ0FST1VTRUxfSVRFTS5iZXN0X2ltYWdlX3VybGdlbi5DMyJ9&amp;_nc_ohc=GZbRVUMwTCEQ7kNvwEb1ljE&amp;_nc_oc=AdpJAidbAM_DOMA_isJ5FuOUrJ2oryLHf1FkOKzVugZj_Qfr3beNsGya8WxxS-N8CB0&amp;_nc_zt=23&amp;_nc_ht=scontent.cdninstagram.com&amp;edm=ANo9K5cEAAAA&amp;_nc_gid=R-dIKpLAkeBP4_Eh8cDKmQ&amp;_nc_tpa=Q5bMBQFVs8Lynb0mK_wM4a4X_aqfm3hMWLeDokI-7706LThQKTweok_Asa5ETX97CJ85xRCBNXs8sJjjkg&amp;oh=00_Af23LlZB9pMBrNmGopk3Byx0bSGvL_NyERDo8Cc1Df670Q&amp;oe=69F6963C&quot;,&quot;150&quot;:&quot;https:\\\/\\\/scontent.cdninstagram.com\\\/v\\\/t51.82787-15\\\/675448539_18410485987176796_4707022811779376763_n.jpg?stp=dst-jpg_e35_tt6&amp;_nc_cat=105&amp;ccb=7-5&amp;_nc_sid=18de74&amp;efg=eyJlZmdfdGFnIjoiQ0FST1VTRUxfSVRFTS5iZXN0X2ltYWdlX3VybGdlbi5DMyJ9&amp;_nc_ohc=GZbRVUMwTCEQ7kNvwEb1ljE&amp;_nc_oc=AdpJAidbAM_DOMA_isJ5FuOUrJ2oryLHf1FkOKzVugZj_Qfr3beNsGya8WxxS-N8CB0&amp;_nc_zt=23&amp;_nc_ht=scontent.cdninstagram.com&amp;edm=ANo9K5cEAAAA&amp;_nc_gid=R-dIKpLAkeBP4_Eh8cDKmQ&amp;_nc_tpa=Q5bMBQFVs8Lynb0mK_wM4a4X_aqfm3hMWLeDokI-7706LThQKTweok_Asa5ETX97CJ85xRCBNXs8sJjjkg&amp;oh=00_Af23LlZB9pMBrNmGopk3Byx0bSGvL_NyERDo8Cc1Df670Q&amp;oe=69F6963C&quot;,&quot;320&quot;:&quot;https:\\\/\\\/scontent.cdninstagram.com\\\/v\\\/t51.82787-15\\\/675448539_18410485987176796_4707022811779376763_n.jpg?stp=dst-jpg_e35_tt6&amp;_nc_cat=105&amp;ccb=7-5&amp;_nc_sid=18de74&amp;efg=eyJlZmdfdGFnIjoiQ0FST1VTRUxfSVRFTS5iZXN0X2ltYWdlX3VybGdlbi5DMyJ9&amp;_nc_ohc=GZbRVUMwTCEQ7kNvwEb1ljE&amp;_nc_oc=AdpJAidbAM_DOMA_isJ5FuOUrJ2oryLHf1FkOKzVugZj_Qfr3beNsGya8WxxS-N8CB0&amp;_nc_zt=23&amp;_nc_ht=scontent.cdninstagram.com&amp;edm=ANo9K5cEAAAA&amp;_nc_gid=R-dIKpLAkeBP4_Eh8cDKmQ&amp;_nc_tpa=Q5bMBQFVs8Lynb0mK_wM4a4X_aqfm3hMWLeDokI-7706LThQKTweok_Asa5ETX97CJ85xRCBNXs8sJjjkg&amp;oh=00_Af23LlZB9pMBrNmGopk3Byx0bSGvL_NyERDo8Cc1Df670Q&amp;oe=69F6963C&quot;,&quot;640&quot;:&quot;https:\\\/\\\/scontent.cdninstagram.com\\\/v\\\/t51.82787-15\\\/675448539_18410485987176796_4707022811779376763_n.jpg?stp=dst-jpg_e35_tt6&amp;_nc_cat=105&amp;ccb=7-5&amp;_nc_sid=18de74&amp;efg=eyJlZmdfdGFnIjoiQ0FST1VTRUxfSVRFTS5iZXN0X2ltYWdlX3VybGdlbi5DMyJ9&amp;_nc_ohc=GZbRVUMwTCEQ7kNvwEb1ljE&amp;_nc_oc=AdpJAidbAM_DOMA_isJ5FuOUrJ2oryLHf1FkOKzVugZj_Qfr3beNsGya8WxxS-N8CB0&amp;_nc_zt=23&amp;_nc_ht=scontent.cdninstagram.com&amp;edm=ANo9K5cEAAAA&amp;_nc_gid=R-dIKpLAkeBP4_Eh8cDKmQ&amp;_nc_tpa=Q5bMBQFVs8Lynb0mK_wM4a4X_aqfm3hMWLeDokI-7706LThQKTweok_Asa5ETX97CJ85xRCBNXs8sJjjkg&amp;oh=00_Af23LlZB9pMBrNmGopk3Byx0bSGvL_NyERDo8Cc1Df670Q&amp;oe=69F6963C&quot;}\">\n\t\t\t<span class=\"sbi-screenreader\">\ud83d\udd35\u00bf\ud835\udc02\ud835\udc28\u0301\ud835\udc26\ud835\udc28 \ud835\udc2d\ud835\udc2b\ud835\udc1a\ud835\udc27\ud835\udc2c\ud835\udc1f\ud835\udc28\ud835\udc2b\ud835\udc26\ud835\udc1a \ud835\udc25\ud835\udc1a \ud835\udc08\ud835\udc27\ud835\udc2d\ud835\udc1e\ud835\udc25\ud835\udc22\ud835\udc20\ud835\udc1e\ud835\udc27\ud835\udc1c\ud835\udc22\ud835\udc1a \ud835\udc00\ud835\udc2b\ud835\udc2d\ud835\udc22\ud835\udc1f\ud835\udc22\ud835\udc1c\ud835\udc22\ud835\udc1a\ud835\udc25 \ud835\udc25\ud835\udc1a\ud835\udc2c <\/span>\n\t\t\t<svg class=\"svg-inline--fa fa-clone fa-w-16 sbi_lightbox_carousel_icon\" aria-hidden=\"true\" aria-label=\"Clone\" data-fa-pro\u0192cessed=\"\" data-prefix=\"far\" data-icon=\"clone\" role=\"img\" xmlns=\"http:\/\/www.w3.org\/2000\/svg\" viewBox=\"0 0 512 512\">\n                    <path fill=\"currentColor\" d=\"M464 0H144c-26.51 0-48 21.49-48 48v48H48c-26.51 0-48 21.49-48 48v320c0 26.51 21.49 48 48 48h320c26.51 0 48-21.49 48-48v-48h48c26.51 0 48-21.49 48-48V48c0-26.51-21.49-48-48-48zM362 464H54a6 6 0 0 1-6-6V150a6 6 0 0 1 6-6h42v224c0 26.51 21.49 48 48 48h224v42a6 6 0 0 1-6 6zm96-96H150a6 6 0 0 1-6-6V54a6 6 0 0 1 6-6h308a6 6 0 0 1 6 6v308a6 6 0 0 1-6 6z\"><\/path>\n                <\/svg>\t\t\t\t\t\t<img decoding=\"async\" src=\"https:\/\/uepc.org.ar\/conectate\/wp-content\/plugins\/instagram-feed\/img\/placeholder.png\" alt=\"\ud83d\udd35\u00bf\ud835\udc02\ud835\udc28\u0301\ud835\udc26\ud835\udc28 \ud835\udc2d\ud835\udc2b\ud835\udc1a\ud835\udc27\ud835\udc2c\ud835\udc1f\ud835\udc28\ud835\udc2b\ud835\udc26\ud835\udc1a \ud835\udc25\ud835\udc1a \ud835\udc08\ud835\udc27\ud835\udc2d\ud835\udc1e\ud835\udc25\ud835\udc22\ud835\udc20\ud835\udc1e\ud835\udc27\ud835\udc1c\ud835\udc22\ud835\udc1a \ud835\udc00\ud835\udc2b\ud835\udc2d\ud835\udc22\ud835\udc1f\ud835\udc22\ud835\udc1c\ud835\udc22\ud835\udc1a\ud835\udc25 \ud835\udc25\ud835\udc1a\ud835\udc2c \ud835\udc1d\ud835\udc1e\ud835\udc1c\ud835\udc22\ud835\udc2c\ud835\udc22\ud835\udc28\ud835\udc27\ud835\udc1e\ud835\udc2c \ud835\udc2a\ud835\udc2e\ud835\udc1e \ud835\udc2d\ud835\udc28\ud835\udc26\ud835\udc1a\ud835\udc26\ud835\udc28\ud835\udc2c \ud835\udc1e\ud835\udc27 \ud835\udc25\ud835\udc1a \ud835\udc1e\ud835\udc2c\ud835\udc1c\ud835\udc2e\ud835\udc1e\ud835\udc25\ud835\udc1a?\n\nEl mi\u00e9rcoles 22 de abril, en la Tecnoteca de San Francisco, \ud835\udfcf\ud835\udfd1\ud835\udfce \ud835\udc1e\ud835\udc2a\ud835\udc2e\ud835\udc22\ud835\udc29\ud835\udc28\ud835\udc2c \ud835\udc1d\ud835\udc1e \ud835\udc20\ud835\udc1e\ud835\udc2c\ud835\udc2d\ud835\udc22\ud835\udc28\u0301\ud835\udc27 de la \ud835\udc1d\ud835\udc1e\ud835\udc25\ud835\udc1e\ud835\udc20\ud835\udc1a\ud835\udc1c\ud835\udc22\ud835\udc28\u0301\ud835\udc27 \ud835\udc12\ud835\udc1a\ud835\udc27 \ud835\udc09\ud835\udc2e\ud835\udc2c\ud835\udc2d\ud835\udc28  de todos los niveles y modalidades se reunieron para poner esta pregunta en el centro y abrir el debate sobre la IA en las pr\u00e1cticas de gesti\u00f3n.\n\nEn el marco de la Consulta Pedag\u00f3gica de UEPC, y a partir de una inquietud del inspector regional Juan Quaranta, se realiz\u00f3 el primero de dos talleres: \u201cInteligencia Artificial en las pr\u00e1cticas de gesti\u00f3n\u201d, orientado a problematizar sus alcances y l\u00edmites y a explorar herramientas para fortalecer las dimensiones pedag\u00f3gica, comunicacional y administrativa.\n\nParticiparon de la jornada Fabiana Nocco (Secretaria de Educaci\u00f3n de UEPC), Rafaela Ludue\u00f1a (Secretaria General de la delegaci\u00f3n), Juan Quaranta (supervisor Regi\u00f3n 2, J\u00f3venes y Adultos), Mar\u00eda Azucena S\u00e1nchez (inspectora Nivel Primario DGEP Regi\u00f3n 2) , Mar\u00eda de los \u00c1ngeles Vergnano (inspectora DGESEC, Secundaria Orientada Regi\u00f3n 2) Ines Luppo (inspectora de Nivel Inicial y Primaria de institutos privados), y Anahi Leurino (inspectora de Nivel Inicial Regi\u00f3n 2).\n\nEsta propuesta forma parte del acompa\u00f1amiento que UEPC desarrolla en toda la provincia y tendr\u00e1 una segunda instancia en el mes de mayo.\n\n\ud835\ude50\ud835\ude40\ud835\ude4b\ud835\ude3e, \ud835\ude56\ud835\ude58\ud835\ude64\ud835\ude62\ud835\ude65\ud835\ude56\ud835\ude63\u0303\ud835\ude56\ud835\ude63\ud835\ude59\ud835\ude64 \ud835\ude5a\ud835\ude61 \ud835\ude69\ud835\ude67\ud835\ude56\ud835\ude57\ud835\ude56\ud835\ude5f\ud835\ude64 \ud835\ude59\ud835\ude5a \ud835\ude5a\ud835\ude63\ud835\ude68\ud835\ude5a\ud835\ude63\u0303\ud835\ude56\ud835\ude67, \ud835\ude58\ud835\ude64\ud835\ude63\ud835\ude68\ud835\ude69\ud835\ude67\ud835\ude6a\ud835\ude5e\ud835\ude62\ud835\ude64\ud835\ude68 \ud835\ude65\ud835\ude67\ud835\ude5a\ud835\ude68\ud835\ude5a\ud835\ude63\ud835\ude69\ud835\ude5a \ud835\ude6e \ud835\ude65\ud835\ude67\ud835\ude64\ud835\ude6e\ud835\ude5a\ud835\ude58\ud835\ude69\ud835\ude56\ud835\ude62\ud835\ude64\ud835\ude68 \ud835\ude5b\ud835\ude6a\ud835\ude69\ud835\ude6a\ud835\ude67\ud835\ude64\" aria-hidden=\"true\">\n\t\t<\/a>\n\t<\/div>\n<\/div><div class=\"sbi_item sbi_type_video sbi_new sbi_transition\"\n\tid=\"sbi_17857318839635053\" data-date=\"1776962415\">\n\t<div class=\"sbi_photo_wrap\">\n\t\t<a class=\"sbi_photo\" href=\"https:\/\/www.instagram.com\/reel\/DXezBsyjrRu\/\" target=\"_blank\" rel=\"noopener nofollow\"\n\t\t\tdata-full-res=\"https:\/\/scontent.cdninstagram.com\/v\/t51.82787-15\/673082097_18410334889176796_3093353036411401802_n.jpg?stp=dst-jpg_e35_tt6&#038;_nc_cat=100&#038;ccb=7-5&#038;_nc_sid=18de74&#038;efg=eyJlZmdfdGFnIjoiQ0xJUFMuYmVzdF9pbWFnZV91cmxnZW4uQzMifQ%3D%3D&#038;_nc_ohc=kwF6xpwZ2HUQ7kNvwFjxfIm&#038;_nc_oc=AdpSH4C8tlha5oJ0MRbmcH6v9lJyYAswhcWF_HLeePa_63kTnBXpRnsD9SOGutq_whg&#038;_nc_zt=23&#038;_nc_ht=scontent.cdninstagram.com&#038;edm=ANo9K5cEAAAA&#038;_nc_gid=R-dIKpLAkeBP4_Eh8cDKmQ&#038;_nc_tpa=Q5bMBQGtgfpk8WjnaGAAmCCnZRJPIM5HLQAIbAfW9yvefipt6mee3PxtD1Vzlx6hYzENHCAeplgFzJFtsA&#038;oh=00_Af1224iku24yhe6BKX_orqQmuIbjUl77p9uLW5Owkxo_vw&#038;oe=69F6B50F\"\n\t\t\tdata-img-src-set=\"{&quot;d&quot;:&quot;https:\\\/\\\/scontent.cdninstagram.com\\\/v\\\/t51.82787-15\\\/673082097_18410334889176796_3093353036411401802_n.jpg?stp=dst-jpg_e35_tt6&amp;_nc_cat=100&amp;ccb=7-5&amp;_nc_sid=18de74&amp;efg=eyJlZmdfdGFnIjoiQ0xJUFMuYmVzdF9pbWFnZV91cmxnZW4uQzMifQ%3D%3D&amp;_nc_ohc=kwF6xpwZ2HUQ7kNvwFjxfIm&amp;_nc_oc=AdpSH4C8tlha5oJ0MRbmcH6v9lJyYAswhcWF_HLeePa_63kTnBXpRnsD9SOGutq_whg&amp;_nc_zt=23&amp;_nc_ht=scontent.cdninstagram.com&amp;edm=ANo9K5cEAAAA&amp;_nc_gid=R-dIKpLAkeBP4_Eh8cDKmQ&amp;_nc_tpa=Q5bMBQGtgfpk8WjnaGAAmCCnZRJPIM5HLQAIbAfW9yvefipt6mee3PxtD1Vzlx6hYzENHCAeplgFzJFtsA&amp;oh=00_Af1224iku24yhe6BKX_orqQmuIbjUl77p9uLW5Owkxo_vw&amp;oe=69F6B50F&quot;,&quot;150&quot;:&quot;https:\\\/\\\/scontent.cdninstagram.com\\\/v\\\/t51.82787-15\\\/673082097_18410334889176796_3093353036411401802_n.jpg?stp=dst-jpg_e35_tt6&amp;_nc_cat=100&amp;ccb=7-5&amp;_nc_sid=18de74&amp;efg=eyJlZmdfdGFnIjoiQ0xJUFMuYmVzdF9pbWFnZV91cmxnZW4uQzMifQ%3D%3D&amp;_nc_ohc=kwF6xpwZ2HUQ7kNvwFjxfIm&amp;_nc_oc=AdpSH4C8tlha5oJ0MRbmcH6v9lJyYAswhcWF_HLeePa_63kTnBXpRnsD9SOGutq_whg&amp;_nc_zt=23&amp;_nc_ht=scontent.cdninstagram.com&amp;edm=ANo9K5cEAAAA&amp;_nc_gid=R-dIKpLAkeBP4_Eh8cDKmQ&amp;_nc_tpa=Q5bMBQGtgfpk8WjnaGAAmCCnZRJPIM5HLQAIbAfW9yvefipt6mee3PxtD1Vzlx6hYzENHCAeplgFzJFtsA&amp;oh=00_Af1224iku24yhe6BKX_orqQmuIbjUl77p9uLW5Owkxo_vw&amp;oe=69F6B50F&quot;,&quot;320&quot;:&quot;https:\\\/\\\/scontent.cdninstagram.com\\\/v\\\/t51.82787-15\\\/673082097_18410334889176796_3093353036411401802_n.jpg?stp=dst-jpg_e35_tt6&amp;_nc_cat=100&amp;ccb=7-5&amp;_nc_sid=18de74&amp;efg=eyJlZmdfdGFnIjoiQ0xJUFMuYmVzdF9pbWFnZV91cmxnZW4uQzMifQ%3D%3D&amp;_nc_ohc=kwF6xpwZ2HUQ7kNvwFjxfIm&amp;_nc_oc=AdpSH4C8tlha5oJ0MRbmcH6v9lJyYAswhcWF_HLeePa_63kTnBXpRnsD9SOGutq_whg&amp;_nc_zt=23&amp;_nc_ht=scontent.cdninstagram.com&amp;edm=ANo9K5cEAAAA&amp;_nc_gid=R-dIKpLAkeBP4_Eh8cDKmQ&amp;_nc_tpa=Q5bMBQGtgfpk8WjnaGAAmCCnZRJPIM5HLQAIbAfW9yvefipt6mee3PxtD1Vzlx6hYzENHCAeplgFzJFtsA&amp;oh=00_Af1224iku24yhe6BKX_orqQmuIbjUl77p9uLW5Owkxo_vw&amp;oe=69F6B50F&quot;,&quot;640&quot;:&quot;https:\\\/\\\/scontent.cdninstagram.com\\\/v\\\/t51.82787-15\\\/673082097_18410334889176796_3093353036411401802_n.jpg?stp=dst-jpg_e35_tt6&amp;_nc_cat=100&amp;ccb=7-5&amp;_nc_sid=18de74&amp;efg=eyJlZmdfdGFnIjoiQ0xJUFMuYmVzdF9pbWFnZV91cmxnZW4uQzMifQ%3D%3D&amp;_nc_ohc=kwF6xpwZ2HUQ7kNvwFjxfIm&amp;_nc_oc=AdpSH4C8tlha5oJ0MRbmcH6v9lJyYAswhcWF_HLeePa_63kTnBXpRnsD9SOGutq_whg&amp;_nc_zt=23&amp;_nc_ht=scontent.cdninstagram.com&amp;edm=ANo9K5cEAAAA&amp;_nc_gid=R-dIKpLAkeBP4_Eh8cDKmQ&amp;_nc_tpa=Q5bMBQGtgfpk8WjnaGAAmCCnZRJPIM5HLQAIbAfW9yvefipt6mee3PxtD1Vzlx6hYzENHCAeplgFzJFtsA&amp;oh=00_Af1224iku24yhe6BKX_orqQmuIbjUl77p9uLW5Owkxo_vw&amp;oe=69F6B50F&quot;}\">\n\t\t\t<span class=\"sbi-screenreader\">\ud83c\udfa5 En el marco de la serie \ud835\udddb\ud835\uddee\ud835\uddf0\ud835\uddf2\ud835\uddff\ud835\uddf2\ud835\ude00 \ud835\ude06 \ud835\uddf1\ud835\uddf2\ud835\uddf0\ud835\uddf6\ud835\uddff\ud835\uddf2\ud835\ude00 \ud835\uddf1\ud835\uddf2 \ud835\uddf9\ud835\uddee <\/span>\n\t\t\t\t\t\t<svg style=\"color: rgba(255,255,255,1)\" class=\"svg-inline--fa fa-play fa-w-14 sbi_playbtn\" aria-label=\"Play\" aria-hidden=\"true\" data-fa-processed=\"\" data-prefix=\"fa\" data-icon=\"play\" role=\"presentation\" xmlns=\"http:\/\/www.w3.org\/2000\/svg\" viewBox=\"0 0 448 512\"><path fill=\"currentColor\" d=\"M424.4 214.7L72.4 6.6C43.8-10.3 0 6.1 0 47.9V464c0 37.5 40.7 60.1 72.4 41.3l352-208c31.4-18.5 31.5-64.1 0-82.6z\"><\/path><\/svg>\t\t\t<img decoding=\"async\" src=\"https:\/\/uepc.org.ar\/conectate\/wp-content\/plugins\/instagram-feed\/img\/placeholder.png\" alt=\"\ud83c\udfa5 En el marco de la serie \ud835\udddb\ud835\uddee\ud835\uddf0\ud835\uddf2\ud835\uddff\ud835\uddf2\ud835\ude00 \ud835\ude06 \ud835\uddf1\ud835\uddf2\ud835\uddf0\ud835\uddf6\ud835\uddff\ud835\uddf2\ud835\ude00 \ud835\uddf1\ud835\uddf2 \ud835\uddf9\ud835\uddee \ud835\uddf4\ud835\uddf2\ud835\ude00\ud835\ude01\ud835\uddf6\ud835\uddfc\u0301\ud835\uddfb \ud835\uddf2\ud835\ude00\ud835\uddf0\ud835\uddfc\ud835\uddf9\ud835\uddee\ud835\uddff, desde el ICIEC de la Secretar\u00eda de Educaci\u00f3n de UEPC compartimos el encuentro con el especialista \ud835\udde0\ud835\uddee\ud835\uddff\ud835\uddf6\ud835\uddee\ud835\uddfb\ud835\uddfc \ud835\uddd6\ud835\uddff\ud835\uddee\ud835\uddfb\ud835\uddf0\ud835\uddfc:\n\n\u201cConvivencia escolar, dispositivos y enfoques para la intervenci\u00f3n\u201d.\n\n\ud83d\udcac Una invitaci\u00f3n a repensar la convivencia y fortalecer herramientas para la gesti\u00f3n escolar.\n\n\ud83e\udd1d Seguimos construyendo colectivamente una escuela democr\u00e1tica, inclusiva y con m\u00e1s herramientas para el d\u00eda a d\u00eda.\n\n\ud83c\udfa5 \ud835\udde0\ud835\uddf6\ud835\uddff\ud835\uddee\u0301 \ud835\uddf0\ud835\uddfc\ud835\uddfa\ud835\uddfd\ud835\uddf9\ud835\uddf2\ud835\ude01\ud835\uddfc \ud835\uddf2\ud835\uddf9 \ud835\uddf2\ud835\uddfb\ud835\uddf0\ud835\ude02\ud835\uddf2\ud835\uddfb\ud835\ude01\ud835\uddff\ud835\uddfc!\n\n\ud83d\udd17Conoc\u00e9 toda la Serie Haceres y decires de la gesti\u00f3n escolar en nuestra web Conectate\" aria-hidden=\"true\">\n\t\t<\/a>\n\t<\/div>\n<\/div><div class=\"sbi_item sbi_type_carousel sbi_new sbi_transition\"\n\tid=\"sbi_17909514072391164\" data-date=\"1776795845\">\n\t<div class=\"sbi_photo_wrap\">\n\t\t<a class=\"sbi_photo\" href=\"https:\/\/www.instagram.com\/p\/DXZ1XTRk3f3\/\" target=\"_blank\" rel=\"noopener nofollow\"\n\t\t\tdata-full-res=\"https:\/\/scontent.cdninstagram.com\/v\/t39.30808-6\/674434533_1600999775367942_1895438001652168231_n.jpg?stp=dst-jpg_e35_tt6&#038;_nc_cat=104&#038;ccb=7-5&#038;_nc_sid=18de74&#038;efg=eyJlZmdfdGFnIjoiQ0FST1VTRUxfSVRFTS5iZXN0X2ltYWdlX3VybGdlbi5DMyJ9&#038;_nc_ohc=azsZ5frF4G8Q7kNvwGwM41V&#038;_nc_oc=AdrsBDtORCTgcMpBbDFe9smztgFJnIjplS2jTDAzdD2B63lF2k_U9H-LPDFOLHxdYnQ&#038;_nc_zt=23&#038;_nc_ht=scontent.cdninstagram.com&#038;edm=ANo9K5cEAAAA&#038;_nc_gid=R-dIKpLAkeBP4_Eh8cDKmQ&#038;_nc_tpa=Q5bMBQHcFZKO5jQcAbggQTm03sWRDDRA_Ep6OvITsV6PvgX8jANKqU_kgkdAeodPW1gdFnj20oUlpZ6UHA&#038;oh=00_Af3d3yRR0rXsytwtSU0VOPXY8YPS_OYmzhcCp1GUPQLz1g&#038;oe=69F6B34C\"\n\t\t\tdata-img-src-set=\"{&quot;d&quot;:&quot;https:\\\/\\\/scontent.cdninstagram.com\\\/v\\\/t39.30808-6\\\/674434533_1600999775367942_1895438001652168231_n.jpg?stp=dst-jpg_e35_tt6&amp;_nc_cat=104&amp;ccb=7-5&amp;_nc_sid=18de74&amp;efg=eyJlZmdfdGFnIjoiQ0FST1VTRUxfSVRFTS5iZXN0X2ltYWdlX3VybGdlbi5DMyJ9&amp;_nc_ohc=azsZ5frF4G8Q7kNvwGwM41V&amp;_nc_oc=AdrsBDtORCTgcMpBbDFe9smztgFJnIjplS2jTDAzdD2B63lF2k_U9H-LPDFOLHxdYnQ&amp;_nc_zt=23&amp;_nc_ht=scontent.cdninstagram.com&amp;edm=ANo9K5cEAAAA&amp;_nc_gid=R-dIKpLAkeBP4_Eh8cDKmQ&amp;_nc_tpa=Q5bMBQHcFZKO5jQcAbggQTm03sWRDDRA_Ep6OvITsV6PvgX8jANKqU_kgkdAeodPW1gdFnj20oUlpZ6UHA&amp;oh=00_Af3d3yRR0rXsytwtSU0VOPXY8YPS_OYmzhcCp1GUPQLz1g&amp;oe=69F6B34C&quot;,&quot;150&quot;:&quot;https:\\\/\\\/scontent.cdninstagram.com\\\/v\\\/t39.30808-6\\\/674434533_1600999775367942_1895438001652168231_n.jpg?stp=dst-jpg_e35_tt6&amp;_nc_cat=104&amp;ccb=7-5&amp;_nc_sid=18de74&amp;efg=eyJlZmdfdGFnIjoiQ0FST1VTRUxfSVRFTS5iZXN0X2ltYWdlX3VybGdlbi5DMyJ9&amp;_nc_ohc=azsZ5frF4G8Q7kNvwGwM41V&amp;_nc_oc=AdrsBDtORCTgcMpBbDFe9smztgFJnIjplS2jTDAzdD2B63lF2k_U9H-LPDFOLHxdYnQ&amp;_nc_zt=23&amp;_nc_ht=scontent.cdninstagram.com&amp;edm=ANo9K5cEAAAA&amp;_nc_gid=R-dIKpLAkeBP4_Eh8cDKmQ&amp;_nc_tpa=Q5bMBQHcFZKO5jQcAbggQTm03sWRDDRA_Ep6OvITsV6PvgX8jANKqU_kgkdAeodPW1gdFnj20oUlpZ6UHA&amp;oh=00_Af3d3yRR0rXsytwtSU0VOPXY8YPS_OYmzhcCp1GUPQLz1g&amp;oe=69F6B34C&quot;,&quot;320&quot;:&quot;https:\\\/\\\/scontent.cdninstagram.com\\\/v\\\/t39.30808-6\\\/674434533_1600999775367942_1895438001652168231_n.jpg?stp=dst-jpg_e35_tt6&amp;_nc_cat=104&amp;ccb=7-5&amp;_nc_sid=18de74&amp;efg=eyJlZmdfdGFnIjoiQ0FST1VTRUxfSVRFTS5iZXN0X2ltYWdlX3VybGdlbi5DMyJ9&amp;_nc_ohc=azsZ5frF4G8Q7kNvwGwM41V&amp;_nc_oc=AdrsBDtORCTgcMpBbDFe9smztgFJnIjplS2jTDAzdD2B63lF2k_U9H-LPDFOLHxdYnQ&amp;_nc_zt=23&amp;_nc_ht=scontent.cdninstagram.com&amp;edm=ANo9K5cEAAAA&amp;_nc_gid=R-dIKpLAkeBP4_Eh8cDKmQ&amp;_nc_tpa=Q5bMBQHcFZKO5jQcAbggQTm03sWRDDRA_Ep6OvITsV6PvgX8jANKqU_kgkdAeodPW1gdFnj20oUlpZ6UHA&amp;oh=00_Af3d3yRR0rXsytwtSU0VOPXY8YPS_OYmzhcCp1GUPQLz1g&amp;oe=69F6B34C&quot;,&quot;640&quot;:&quot;https:\\\/\\\/scontent.cdninstagram.com\\\/v\\\/t39.30808-6\\\/674434533_1600999775367942_1895438001652168231_n.jpg?stp=dst-jpg_e35_tt6&amp;_nc_cat=104&amp;ccb=7-5&amp;_nc_sid=18de74&amp;efg=eyJlZmdfdGFnIjoiQ0FST1VTRUxfSVRFTS5iZXN0X2ltYWdlX3VybGdlbi5DMyJ9&amp;_nc_ohc=azsZ5frF4G8Q7kNvwGwM41V&amp;_nc_oc=AdrsBDtORCTgcMpBbDFe9smztgFJnIjplS2jTDAzdD2B63lF2k_U9H-LPDFOLHxdYnQ&amp;_nc_zt=23&amp;_nc_ht=scontent.cdninstagram.com&amp;edm=ANo9K5cEAAAA&amp;_nc_gid=R-dIKpLAkeBP4_Eh8cDKmQ&amp;_nc_tpa=Q5bMBQHcFZKO5jQcAbggQTm03sWRDDRA_Ep6OvITsV6PvgX8jANKqU_kgkdAeodPW1gdFnj20oUlpZ6UHA&amp;oh=00_Af3d3yRR0rXsytwtSU0VOPXY8YPS_OYmzhcCp1GUPQLz1g&amp;oe=69F6B34C&quot;}\">\n\t\t\t<span class=\"sbi-screenreader\">\ud83d\udd35\ud835\ude3e\ud835\ude64\ud835\ude63\ud835\ude68\ud835\ude6a\ud835\ude61\ud835\ude69\ud835\ude56 \ud835\ude4b\ud835\ude5a\ud835\ude59\ud835\ude56\ud835\ude5c\ud835\ude64\u0301\ud835\ude5c\ud835\ude5e\ud835\ude58\ud835\ude56 \ud835\ude5a\ud835\ude63 \ud835\ude61\ud835\ude56 \ud835\ude3f\ud835\ude5a\ud835\ude61\ud835\ude5a\ud835\ude5c\ud835\ude56\ud835\ude58\ud835\ude5e\ud835\ude64\u0301\ud835\ude63 \ud835\ude50\ud835\ude63\ud835\ude5e\ud835\ude64\u0301\ud835\ude63 \n\nE<\/span>\n\t\t\t<svg class=\"svg-inline--fa fa-clone fa-w-16 sbi_lightbox_carousel_icon\" aria-hidden=\"true\" aria-label=\"Clone\" data-fa-pro\u0192cessed=\"\" data-prefix=\"far\" data-icon=\"clone\" role=\"img\" xmlns=\"http:\/\/www.w3.org\/2000\/svg\" viewBox=\"0 0 512 512\">\n                    <path fill=\"currentColor\" d=\"M464 0H144c-26.51 0-48 21.49-48 48v48H48c-26.51 0-48 21.49-48 48v320c0 26.51 21.49 48 48 48h320c26.51 0 48-21.49 48-48v-48h48c26.51 0 48-21.49 48-48V48c0-26.51-21.49-48-48-48zM362 464H54a6 6 0 0 1-6-6V150a6 6 0 0 1 6-6h42v224c0 26.51 21.49 48 48 48h224v42a6 6 0 0 1-6 6zm96-96H150a6 6 0 0 1-6-6V54a6 6 0 0 1 6-6h308a6 6 0 0 1 6 6v308a6 6 0 0 1-6 6z\"><\/path>\n                <\/svg>\t\t\t\t\t\t<img decoding=\"async\" src=\"https:\/\/uepc.org.ar\/conectate\/wp-content\/plugins\/instagram-feed\/img\/placeholder.png\" alt=\"\ud83d\udd35\ud835\ude3e\ud835\ude64\ud835\ude63\ud835\ude68\ud835\ude6a\ud835\ude61\ud835\ude69\ud835\ude56 \ud835\ude4b\ud835\ude5a\ud835\ude59\ud835\ude56\ud835\ude5c\ud835\ude64\u0301\ud835\ude5c\ud835\ude5e\ud835\ude58\ud835\ude56 \ud835\ude5a\ud835\ude63 \ud835\ude61\ud835\ude56 \ud835\ude3f\ud835\ude5a\ud835\ude61\ud835\ude5a\ud835\ude5c\ud835\ude56\ud835\ude58\ud835\ude5e\ud835\ude64\u0301\ud835\ude63 \ud835\ude50\ud835\ude63\ud835\ude5e\ud835\ude64\u0301\ud835\ude63 \n\nEn el marco de la Consulta Pedag\u00f3gica de UEPC, el viernes 27 de marzo compartimos junto a la Escuela Mariano Moreno de Laborde, en la delegaci\u00f3n @uepcunion , el taller \u00bf\ud835\ude3e\ud835\ude64\u0301\ud835\ude62\ud835\ude64 \ud835\ude56\ud835\ude67\ud835\ude62\ud835\ude56\ud835\ude67 \ud835\ude6a\ud835\ude63\ud835\ude56 \ud835\ude67\ud835\ude5a\ud835\ude6b\ud835\ude5e\ud835\ude68\ud835\ude69\ud835\ude56 \ud835\ude5a\ud835\ude68\ud835\ude58\ud835\ude64\ud835\ude61\ud835\ude56\ud835\ude67?\ud83d\udcd7\n\nUn espacio de trabajo con el equipo de gesti\u00f3n y docentes para acompa\u00f1ar la construcci\u00f3n de un proyecto escolar que tendr\u00e1 como resultado una \ud835\ude67\ud835\ude5a\ud835\ude6b\ud835\ude5e\ud835\ude68\ud835\ude69\ud835\ude56 \ud835\ude65\ud835\ude64\ud835\ude67 \ud835\ude61\ud835\ude64\ud835\ude68 \ud835\udfed\ud835\udfec\ud835\udfec \ud835\ude56\ud835\ude63\u0303\ud835\ude64\ud835\ude68 \ud835\ude59\ud835\ude5a \ud835\ude61\ud835\ude56 \ud835\ude5a\ud835\ude68\ud835\ude58\ud835\ude6a\ud835\ude5a\ud835\ude61\ud835\ude56.\ud83c\udfeb\n\nLa propuesta recupera la revista como un dispositivo pedag\u00f3gico que pone en el centro la participaci\u00f3n estudiantil, fortalece los procesos de alfabetizaci\u00f3n y vincula a la escuela con su historia y su comunidad.\n\nCoordinado por Gabriela Llad\u00f3s, este espacio forma parte del acompa\u00f1amiento situado que impulsamos desde la Secretar\u00eda de Educaci\u00f3n de UEPC.\n\n\ud835\udc7c\ud835\udc6c\ud835\udc77\ud835\udc6a, \ud835\udc82\ud835\udc84\ud835\udc90\ud835\udc8e\ud835\udc91\ud835\udc82\ud835\udc8f\u0303\ud835\udc82\ud835\udc8f\ud835\udc85\ud835\udc90 \ud835\udc86\ud835\udc8d \ud835\udc95\ud835\udc93\ud835\udc82\ud835\udc83\ud835\udc82\ud835\udc8b\ud835\udc90 \ud835\udc85\ud835\udc86 \ud835\udc86\ud835\udc8f\ud835\udc94\ud835\udc86\ud835\udc8f\u0303\ud835\udc82\ud835\udc93, \ud835\udc84\ud835\udc90\ud835\udc8f\ud835\udc94\ud835\udc95\ud835\udc93\ud835\udc96\ud835\udc8a\ud835\udc8e\ud835\udc90\ud835\udc94 \ud835\udc91\ud835\udc93\ud835\udc86\ud835\udc94\ud835\udc86\ud835\udc8f\ud835\udc95\ud835\udc86 \ud835\udc9a \ud835\udc91\ud835\udc93\ud835\udc90\ud835\udc9a\ud835\udc86\ud835\udc84\ud835\udc95\ud835\udc82\ud835\udc8e\ud835\udc90\ud835\udc94 \ud835\udc87\ud835\udc96\ud835\udc95\ud835\udc96\ud835\udc93\ud835\udc90\" aria-hidden=\"true\">\n\t\t<\/a>\n\t<\/div>\n<\/div><div class=\"sbi_item sbi_type_carousel sbi_new sbi_transition\"\n\tid=\"sbi_17882691714537515\" data-date=\"1776354051\">\n\t<div class=\"sbi_photo_wrap\">\n\t\t<a class=\"sbi_photo\" href=\"https:\/\/www.instagram.com\/p\/DXMqtekkcyq\/\" target=\"_blank\" rel=\"noopener nofollow\"\n\t\t\tdata-full-res=\"https:\/\/scontent.cdninstagram.com\/v\/t39.30808-6\/674059380_1596330962501490_7430151060591075681_n.jpg?stp=dst-jpg_e35_tt6&#038;_nc_cat=106&#038;ccb=7-5&#038;_nc_sid=18de74&#038;efg=eyJlZmdfdGFnIjoiQ0FST1VTRUxfSVRFTS5iZXN0X2ltYWdlX3VybGdlbi5DMyJ9&#038;_nc_ohc=7FfmEJGSJxQQ7kNvwH3t_HG&#038;_nc_oc=Adr3BQAmNrAR33JX1w36ZgP-PNm5BIfYqtSMW4K1cq893hRzKXtBj6Rfe1fu286KkLQ&#038;_nc_zt=23&#038;_nc_ht=scontent.cdninstagram.com&#038;edm=ANo9K5cEAAAA&#038;_nc_gid=R-dIKpLAkeBP4_Eh8cDKmQ&#038;_nc_tpa=Q5bMBQGHwIXpoxU4rz6taRP6O_pUb10iY5ByDYNXPJCQQJV_2ZSzU9zA0eCWKNmVNj4DkaZzLYx6pPGoZQ&#038;oh=00_Af0zv34lygs6QMDeFoEmUQm4qO65pM9ECEzTI-mhSmADdA&#038;oe=69F6B0EB\"\n\t\t\tdata-img-src-set=\"{&quot;d&quot;:&quot;https:\\\/\\\/scontent.cdninstagram.com\\\/v\\\/t39.30808-6\\\/674059380_1596330962501490_7430151060591075681_n.jpg?stp=dst-jpg_e35_tt6&amp;_nc_cat=106&amp;ccb=7-5&amp;_nc_sid=18de74&amp;efg=eyJlZmdfdGFnIjoiQ0FST1VTRUxfSVRFTS5iZXN0X2ltYWdlX3VybGdlbi5DMyJ9&amp;_nc_ohc=7FfmEJGSJxQQ7kNvwH3t_HG&amp;_nc_oc=Adr3BQAmNrAR33JX1w36ZgP-PNm5BIfYqtSMW4K1cq893hRzKXtBj6Rfe1fu286KkLQ&amp;_nc_zt=23&amp;_nc_ht=scontent.cdninstagram.com&amp;edm=ANo9K5cEAAAA&amp;_nc_gid=R-dIKpLAkeBP4_Eh8cDKmQ&amp;_nc_tpa=Q5bMBQGHwIXpoxU4rz6taRP6O_pUb10iY5ByDYNXPJCQQJV_2ZSzU9zA0eCWKNmVNj4DkaZzLYx6pPGoZQ&amp;oh=00_Af0zv34lygs6QMDeFoEmUQm4qO65pM9ECEzTI-mhSmADdA&amp;oe=69F6B0EB&quot;,&quot;150&quot;:&quot;https:\\\/\\\/scontent.cdninstagram.com\\\/v\\\/t39.30808-6\\\/674059380_1596330962501490_7430151060591075681_n.jpg?stp=dst-jpg_e35_tt6&amp;_nc_cat=106&amp;ccb=7-5&amp;_nc_sid=18de74&amp;efg=eyJlZmdfdGFnIjoiQ0FST1VTRUxfSVRFTS5iZXN0X2ltYWdlX3VybGdlbi5DMyJ9&amp;_nc_ohc=7FfmEJGSJxQQ7kNvwH3t_HG&amp;_nc_oc=Adr3BQAmNrAR33JX1w36ZgP-PNm5BIfYqtSMW4K1cq893hRzKXtBj6Rfe1fu286KkLQ&amp;_nc_zt=23&amp;_nc_ht=scontent.cdninstagram.com&amp;edm=ANo9K5cEAAAA&amp;_nc_gid=R-dIKpLAkeBP4_Eh8cDKmQ&amp;_nc_tpa=Q5bMBQGHwIXpoxU4rz6taRP6O_pUb10iY5ByDYNXPJCQQJV_2ZSzU9zA0eCWKNmVNj4DkaZzLYx6pPGoZQ&amp;oh=00_Af0zv34lygs6QMDeFoEmUQm4qO65pM9ECEzTI-mhSmADdA&amp;oe=69F6B0EB&quot;,&quot;320&quot;:&quot;https:\\\/\\\/scontent.cdninstagram.com\\\/v\\\/t39.30808-6\\\/674059380_1596330962501490_7430151060591075681_n.jpg?stp=dst-jpg_e35_tt6&amp;_nc_cat=106&amp;ccb=7-5&amp;_nc_sid=18de74&amp;efg=eyJlZmdfdGFnIjoiQ0FST1VTRUxfSVRFTS5iZXN0X2ltYWdlX3VybGdlbi5DMyJ9&amp;_nc_ohc=7FfmEJGSJxQQ7kNvwH3t_HG&amp;_nc_oc=Adr3BQAmNrAR33JX1w36ZgP-PNm5BIfYqtSMW4K1cq893hRzKXtBj6Rfe1fu286KkLQ&amp;_nc_zt=23&amp;_nc_ht=scontent.cdninstagram.com&amp;edm=ANo9K5cEAAAA&amp;_nc_gid=R-dIKpLAkeBP4_Eh8cDKmQ&amp;_nc_tpa=Q5bMBQGHwIXpoxU4rz6taRP6O_pUb10iY5ByDYNXPJCQQJV_2ZSzU9zA0eCWKNmVNj4DkaZzLYx6pPGoZQ&amp;oh=00_Af0zv34lygs6QMDeFoEmUQm4qO65pM9ECEzTI-mhSmADdA&amp;oe=69F6B0EB&quot;,&quot;640&quot;:&quot;https:\\\/\\\/scontent.cdninstagram.com\\\/v\\\/t39.30808-6\\\/674059380_1596330962501490_7430151060591075681_n.jpg?stp=dst-jpg_e35_tt6&amp;_nc_cat=106&amp;ccb=7-5&amp;_nc_sid=18de74&amp;efg=eyJlZmdfdGFnIjoiQ0FST1VTRUxfSVRFTS5iZXN0X2ltYWdlX3VybGdlbi5DMyJ9&amp;_nc_ohc=7FfmEJGSJxQQ7kNvwH3t_HG&amp;_nc_oc=Adr3BQAmNrAR33JX1w36ZgP-PNm5BIfYqtSMW4K1cq893hRzKXtBj6Rfe1fu286KkLQ&amp;_nc_zt=23&amp;_nc_ht=scontent.cdninstagram.com&amp;edm=ANo9K5cEAAAA&amp;_nc_gid=R-dIKpLAkeBP4_Eh8cDKmQ&amp;_nc_tpa=Q5bMBQGHwIXpoxU4rz6taRP6O_pUb10iY5ByDYNXPJCQQJV_2ZSzU9zA0eCWKNmVNj4DkaZzLYx6pPGoZQ&amp;oh=00_Af0zv34lygs6QMDeFoEmUQm4qO65pM9ECEzTI-mhSmADdA&amp;oe=69F6B0EB&quot;}\">\n\t\t\t<span class=\"sbi-screenreader\">\ud835\udfee\ud835\udff0 \ud835\ude59\ud835\ude5a \ud835\ude56\ud835\ude57\ud835\ude67\ud835\ude5e\ud835\ude61 | \ud835\ude3f\ud835\ude5e\u0301\ud835\ude56 \ud835\ude59\ud835\ude5a \ud835\ude56\ud835\ude58\ud835\ude58\ud835\ude5e\ud835\ude64\u0301\ud835\ude63 \ud835\ude65\ud835\ude64\ud835\ude67 \ud835\ude61\ud835\ude56 \ud835\ude69\ud835\ude64\ud835\ude61\ud835\ude5a\ud835\ude67\ud835\ude56\ud835\ude63\ud835\ude58\ud835\ude5e\ud835\ude56 \ud835\ude6e <\/span>\n\t\t\t<svg class=\"svg-inline--fa fa-clone fa-w-16 sbi_lightbox_carousel_icon\" aria-hidden=\"true\" aria-label=\"Clone\" data-fa-pro\u0192cessed=\"\" data-prefix=\"far\" data-icon=\"clone\" role=\"img\" xmlns=\"http:\/\/www.w3.org\/2000\/svg\" viewBox=\"0 0 512 512\">\n                    <path fill=\"currentColor\" d=\"M464 0H144c-26.51 0-48 21.49-48 48v48H48c-26.51 0-48 21.49-48 48v320c0 26.51 21.49 48 48 48h320c26.51 0 48-21.49 48-48v-48h48c26.51 0 48-21.49 48-48V48c0-26.51-21.49-48-48-48zM362 464H54a6 6 0 0 1-6-6V150a6 6 0 0 1 6-6h42v224c0 26.51 21.49 48 48 48h224v42a6 6 0 0 1-6 6zm96-96H150a6 6 0 0 1-6-6V54a6 6 0 0 1 6-6h308a6 6 0 0 1 6 6v308a6 6 0 0 1-6 6z\"><\/path>\n                <\/svg>\t\t\t\t\t\t<img decoding=\"async\" src=\"https:\/\/uepc.org.ar\/conectate\/wp-content\/plugins\/instagram-feed\/img\/placeholder.png\" alt=\"\ud835\udfee\ud835\udff0 \ud835\ude59\ud835\ude5a \ud835\ude56\ud835\ude57\ud835\ude67\ud835\ude5e\ud835\ude61 | \ud835\ude3f\ud835\ude5e\u0301\ud835\ude56 \ud835\ude59\ud835\ude5a \ud835\ude56\ud835\ude58\ud835\ude58\ud835\ude5e\ud835\ude64\u0301\ud835\ude63 \ud835\ude65\ud835\ude64\ud835\ude67 \ud835\ude61\ud835\ude56 \ud835\ude69\ud835\ude64\ud835\ude61\ud835\ude5a\ud835\ude67\ud835\ude56\ud835\ude63\ud835\ude58\ud835\ude5e\ud835\ude56 \ud835\ude6e \ud835\ude5a\ud835\ude61 \ud835\ude67\ud835\ude5a\ud835\ude68\ud835\ude65\ud835\ude5a\ud835\ude69\ud835\ude64 \ud835\ude5a\ud835\ude63\ud835\ude69\ud835\ude67\ud835\ude5a \ud835\ude61\ud835\ude64\ud835\ude68 \ud835\ude65\ud835\ude6a\ud835\ude5a\ud835\ude57\ud835\ude61\ud835\ude64\ud835\ude68\ud83c\udf38\n\nRecordar el genocidio armenio es una oportunidad para ense\u00f1ar, reflexionar y construir memoria en las escuelas.\n\nCompartimos recursos y materiales para trabajar esta fecha en todos los niveles educativos para seguir fortaleciendo una educaci\u00f3n p\u00fablica comprometida con la memoria, la verdad y la convivencia democr\u00e1tica.\n\n\ud83d\udd17 Acced\u00e9 a estos recursos desde nuestra bio.\n\n\ud835\udc08\ud835\udc02\ud835\udc08\ud835\udc04\ud835\udc02-\ud835\udc14\ud835\udc04\ud835\udc0f\ud835\udc02, \ud835\udc1a\ud835\udc1c\ud835\udc28\ud835\udc26\ud835\udc29\ud835\udc1a\ud835\udc27\u0303\ud835\udc1a\ud835\udc27\ud835\udc1d\ud835\udc28 \ud835\udc1e\ud835\udc25 \ud835\udc2d\ud835\udc2b\ud835\udc1a\ud835\udc1b\ud835\udc1a\ud835\udc23\ud835\udc28 \ud835\udc1d\ud835\udc1e \ud835\udc1e\ud835\udc27\ud835\udc2c\ud835\udc1e\ud835\udc27\u0303\ud835\udc1a\ud835\udc2b, \ud835\udc1c\ud835\udc28\ud835\udc27\ud835\udc2c\ud835\udc2d\ud835\udc2b\ud835\udc2e\ud835\udc22\ud835\udc26\ud835\udc28\ud835\udc2c \ud835\udc29\ud835\udc2b\ud835\udc1e\ud835\udc2c\ud835\udc1e\ud835\udc27\ud835\udc2d\ud835\udc1e \ud835\udc32 \ud835\udc29\ud835\udc2b\ud835\udc28\ud835\udc32\ud835\udc1e\ud835\udc1c\ud835\udc2d\ud835\udc1a\ud835\udc26\ud835\udc28\ud835\udc2c \ud835\udc1f\ud835\udc2e\ud835\udc2d\ud835\udc2e\ud835\udc2b\ud835\udc28\n\n #memoria  #verdad  #GenocidioArmenio #democracia\" aria-hidden=\"true\">\n\t\t<\/a>\n\t<\/div>\n<\/div><div class=\"sbi_item sbi_type_video sbi_new sbi_transition\"\n\tid=\"sbi_18108593098876133\" data-date=\"1775831337\">\n\t<div class=\"sbi_photo_wrap\">\n\t\t<a class=\"sbi_photo\" href=\"https:\/\/www.instagram.com\/reel\/DW9FpjalImN\/\" target=\"_blank\" rel=\"noopener nofollow\"\n\t\t\tdata-full-res=\"https:\/\/scontent.cdninstagram.com\/v\/t51.82787-15\/670256260_18408634633176796_3007144877015189664_n.jpg?stp=dst-jpg_e35_tt6&#038;_nc_cat=103&#038;ccb=7-5&#038;_nc_sid=18de74&#038;efg=eyJlZmdfdGFnIjoiQ0xJUFMuYmVzdF9pbWFnZV91cmxnZW4uQzMifQ%3D%3D&#038;_nc_ohc=PWsfbeQUjRQQ7kNvwGHJWEx&#038;_nc_oc=AdqewAYzJ_QEfSiTtLKh8aAH1NwTRcTvMLrdUp5WACPCeRrXhq9FRcKqPD-W25AlqcA&#038;_nc_zt=23&#038;_nc_ht=scontent.cdninstagram.com&#038;edm=ANo9K5cEAAAA&#038;_nc_gid=R-dIKpLAkeBP4_Eh8cDKmQ&#038;_nc_tpa=Q5bMBQGuolKuCzmynJt5O3xCGAke6JTe42Xt-NbC2nWLQ9jv0r1QbjnjgJJabMBFwuXI3QGZu8TE-pX0tA&#038;oh=00_Af0qn6Zx6hbOusogRPVlfQcOY-W50wqHvOEK-xtW6JoZiA&#038;oe=69F69B4A\"\n\t\t\tdata-img-src-set=\"{&quot;d&quot;:&quot;https:\\\/\\\/scontent.cdninstagram.com\\\/v\\\/t51.82787-15\\\/670256260_18408634633176796_3007144877015189664_n.jpg?stp=dst-jpg_e35_tt6&amp;_nc_cat=103&amp;ccb=7-5&amp;_nc_sid=18de74&amp;efg=eyJlZmdfdGFnIjoiQ0xJUFMuYmVzdF9pbWFnZV91cmxnZW4uQzMifQ%3D%3D&amp;_nc_ohc=PWsfbeQUjRQQ7kNvwGHJWEx&amp;_nc_oc=AdqewAYzJ_QEfSiTtLKh8aAH1NwTRcTvMLrdUp5WACPCeRrXhq9FRcKqPD-W25AlqcA&amp;_nc_zt=23&amp;_nc_ht=scontent.cdninstagram.com&amp;edm=ANo9K5cEAAAA&amp;_nc_gid=R-dIKpLAkeBP4_Eh8cDKmQ&amp;_nc_tpa=Q5bMBQGuolKuCzmynJt5O3xCGAke6JTe42Xt-NbC2nWLQ9jv0r1QbjnjgJJabMBFwuXI3QGZu8TE-pX0tA&amp;oh=00_Af0qn6Zx6hbOusogRPVlfQcOY-W50wqHvOEK-xtW6JoZiA&amp;oe=69F69B4A&quot;,&quot;150&quot;:&quot;https:\\\/\\\/scontent.cdninstagram.com\\\/v\\\/t51.82787-15\\\/670256260_18408634633176796_3007144877015189664_n.jpg?stp=dst-jpg_e35_tt6&amp;_nc_cat=103&amp;ccb=7-5&amp;_nc_sid=18de74&amp;efg=eyJlZmdfdGFnIjoiQ0xJUFMuYmVzdF9pbWFnZV91cmxnZW4uQzMifQ%3D%3D&amp;_nc_ohc=PWsfbeQUjRQQ7kNvwGHJWEx&amp;_nc_oc=AdqewAYzJ_QEfSiTtLKh8aAH1NwTRcTvMLrdUp5WACPCeRrXhq9FRcKqPD-W25AlqcA&amp;_nc_zt=23&amp;_nc_ht=scontent.cdninstagram.com&amp;edm=ANo9K5cEAAAA&amp;_nc_gid=R-dIKpLAkeBP4_Eh8cDKmQ&amp;_nc_tpa=Q5bMBQGuolKuCzmynJt5O3xCGAke6JTe42Xt-NbC2nWLQ9jv0r1QbjnjgJJabMBFwuXI3QGZu8TE-pX0tA&amp;oh=00_Af0qn6Zx6hbOusogRPVlfQcOY-W50wqHvOEK-xtW6JoZiA&amp;oe=69F69B4A&quot;,&quot;320&quot;:&quot;https:\\\/\\\/scontent.cdninstagram.com\\\/v\\\/t51.82787-15\\\/670256260_18408634633176796_3007144877015189664_n.jpg?stp=dst-jpg_e35_tt6&amp;_nc_cat=103&amp;ccb=7-5&amp;_nc_sid=18de74&amp;efg=eyJlZmdfdGFnIjoiQ0xJUFMuYmVzdF9pbWFnZV91cmxnZW4uQzMifQ%3D%3D&amp;_nc_ohc=PWsfbeQUjRQQ7kNvwGHJWEx&amp;_nc_oc=AdqewAYzJ_QEfSiTtLKh8aAH1NwTRcTvMLrdUp5WACPCeRrXhq9FRcKqPD-W25AlqcA&amp;_nc_zt=23&amp;_nc_ht=scontent.cdninstagram.com&amp;edm=ANo9K5cEAAAA&amp;_nc_gid=R-dIKpLAkeBP4_Eh8cDKmQ&amp;_nc_tpa=Q5bMBQGuolKuCzmynJt5O3xCGAke6JTe42Xt-NbC2nWLQ9jv0r1QbjnjgJJabMBFwuXI3QGZu8TE-pX0tA&amp;oh=00_Af0qn6Zx6hbOusogRPVlfQcOY-W50wqHvOEK-xtW6JoZiA&amp;oe=69F69B4A&quot;,&quot;640&quot;:&quot;https:\\\/\\\/scontent.cdninstagram.com\\\/v\\\/t51.82787-15\\\/670256260_18408634633176796_3007144877015189664_n.jpg?stp=dst-jpg_e35_tt6&amp;_nc_cat=103&amp;ccb=7-5&amp;_nc_sid=18de74&amp;efg=eyJlZmdfdGFnIjoiQ0xJUFMuYmVzdF9pbWFnZV91cmxnZW4uQzMifQ%3D%3D&amp;_nc_ohc=PWsfbeQUjRQQ7kNvwGHJWEx&amp;_nc_oc=AdqewAYzJ_QEfSiTtLKh8aAH1NwTRcTvMLrdUp5WACPCeRrXhq9FRcKqPD-W25AlqcA&amp;_nc_zt=23&amp;_nc_ht=scontent.cdninstagram.com&amp;edm=ANo9K5cEAAAA&amp;_nc_gid=R-dIKpLAkeBP4_Eh8cDKmQ&amp;_nc_tpa=Q5bMBQGuolKuCzmynJt5O3xCGAke6JTe42Xt-NbC2nWLQ9jv0r1QbjnjgJJabMBFwuXI3QGZu8TE-pX0tA&amp;oh=00_Af0qn6Zx6hbOusogRPVlfQcOY-W50wqHvOEK-xtW6JoZiA&amp;oe=69F69B4A&quot;}\">\n\t\t\t<span class=\"sbi-screenreader\">\ud835\udc7a\ud835\udc90\ud835\udc83\ud835\udc93\ud835\udc86 \ud835\udc8d\ud835\udc82 \ud835\udc86\ud835\udc94\ud835\udc84\ud835\udc96\ud835\udc86\ud835\udc8d\ud835\udc82 | \ud835\udc75\ud835\udc96\ud835\udc86\ud835\udc97\ud835\udc82 \ud835\udc91\ud835\udc96\ud835\udc83\ud835\udc8d\ud835\udc8a\ud835\udc84\ud835\udc82\ud835\udc84\ud835\udc8a\ud835\udc90\u0301\ud835\udc8f \ud83d\udcda\ud83e\udd13\n\nComparti<\/span>\n\t\t\t\t\t\t<svg style=\"color: rgba(255,255,255,1)\" class=\"svg-inline--fa fa-play fa-w-14 sbi_playbtn\" aria-label=\"Play\" aria-hidden=\"true\" data-fa-processed=\"\" data-prefix=\"fa\" data-icon=\"play\" role=\"presentation\" xmlns=\"http:\/\/www.w3.org\/2000\/svg\" viewBox=\"0 0 448 512\"><path fill=\"currentColor\" d=\"M424.4 214.7L72.4 6.6C43.8-10.3 0 6.1 0 47.9V464c0 37.5 40.7 60.1 72.4 41.3l352-208c31.4-18.5 31.5-64.1 0-82.6z\"><\/path><\/svg>\t\t\t<img decoding=\"async\" src=\"https:\/\/uepc.org.ar\/conectate\/wp-content\/plugins\/instagram-feed\/img\/placeholder.png\" alt=\"\ud835\udc7a\ud835\udc90\ud835\udc83\ud835\udc93\ud835\udc86 \ud835\udc8d\ud835\udc82 \ud835\udc86\ud835\udc94\ud835\udc84\ud835\udc96\ud835\udc86\ud835\udc8d\ud835\udc82 | \ud835\udc75\ud835\udc96\ud835\udc86\ud835\udc97\ud835\udc82 \ud835\udc91\ud835\udc96\ud835\udc83\ud835\udc8d\ud835\udc8a\ud835\udc84\ud835\udc82\ud835\udc84\ud835\udc8a\ud835\udc90\u0301\ud835\udc8f \ud83d\udcda\ud83e\udd13\n\nCompartimos una nueva entrega de la subserie \ud835\udc7a\ud835\udc90\ud835\udc83\ud835\udc93\ud835\udc86 \ud835\udc8d\ud835\udc82 \ud835\udc86\ud835\udc94\ud835\udc84\ud835\udc96\ud835\udc86\ud835\udc8d\ud835\udc82: una conversaci\u00f3n con Patricia Redondo sobre infancia, transmisi\u00f3n y el lugar de la escuela hoy.\n\nEn tiempos donde la escuela es puesta en discusi\u00f3n, este di\u00e1logo recupera su potencia como espacio de lo com\u00fan, del encuentro entre generaciones y de construcci\u00f3n de lo p\u00fablico.\n\n\u00a1Te invitamos a conocer esta y todas las conversaciones desde nuestra bio!\n\n\ud835\udc70\ud835\udc6a\ud835\udc70\ud835\udc6c\ud835\udc6a-\ud835\udc7c\ud835\udc6c\ud835\udc77\ud835\udc6a, \ud835\udc82\ud835\udc84\ud835\udc90\ud835\udc8e\ud835\udc91\ud835\udc82\ud835\udc8f\u0303\ud835\udc82\ud835\udc8f\ud835\udc85\ud835\udc90 \ud835\udc86\ud835\udc8d \ud835\udc95\ud835\udc93\ud835\udc82\ud835\udc83\ud835\udc82\ud835\udc8b\ud835\udc90 \ud835\udc85\ud835\udc86 \ud835\udc86\ud835\udc8f\ud835\udc94\ud835\udc86\ud835\udc8f\u0303\ud835\udc82\ud835\udc93, \ud835\udc84\ud835\udc90\ud835\udc8f\ud835\udc94\ud835\udc95\ud835\udc93\ud835\udc96\ud835\udc8a\ud835\udc8e\ud835\udc90\ud835\udc94 \ud835\udc91\ud835\udc93\ud835\udc86\ud835\udc94\ud835\udc86\ud835\udc8f\ud835\udc95\ud835\udc86 \ud835\udc9a \ud835\udc91\ud835\udc93\ud835\udc90\ud835\udc9a\ud835\udc86\ud835\udc84\ud835\udc95\ud835\udc82\ud835\udc8e\ud835\udc90\ud835\udc94 \ud835\udc87\ud835\udc96\ud835\udc95\ud835\udc96\ud835\udc93\ud835\udc90\n\n#SobreLaEscuela #Conversaciones #PatriaRedondo #Escuela #Infancia\" aria-hidden=\"true\">\n\t\t<\/a>\n\t<\/div>\n<\/div><div class=\"sbi_item sbi_type_carousel sbi_new sbi_transition\"\n\tid=\"sbi_17855479494688664\" data-date=\"1775582336\">\n\t<div class=\"sbi_photo_wrap\">\n\t\t<a class=\"sbi_photo\" href=\"https:\/\/www.instagram.com\/p\/DW1qx7bEuE-\/\" target=\"_blank\" rel=\"noopener nofollow\"\n\t\t\tdata-full-res=\"https:\/\/scontent.cdninstagram.com\/v\/t39.30808-6\/668794559_1588270899974163_4144872822526977376_n.jpg?stp=dst-jpg_e35_tt6&#038;_nc_cat=108&#038;ccb=7-5&#038;_nc_sid=18de74&#038;efg=eyJlZmdfdGFnIjoiQ0FST1VTRUxfSVRFTS5iZXN0X2ltYWdlX3VybGdlbi5DMyJ9&#038;_nc_ohc=2RqbI8OGHyUQ7kNvwFOGzI1&#038;_nc_oc=Adq3AolgiLRs1h6bOeHw6EOItOIPiKOqRjRR0O_FfSZc8Q7AAyQlTxQFa32EfnRYiKU&#038;_nc_zt=23&#038;_nc_ht=scontent.cdninstagram.com&#038;edm=ANo9K5cEAAAA&#038;_nc_gid=R-dIKpLAkeBP4_Eh8cDKmQ&#038;_nc_tpa=Q5bMBQEJkokFTIvTieN4rf2bIXUbJJCFBRFzDzXwJHrHUkJLy9XhDWD-5RBUHfJ5J3nxd3cWOb__gBEuLw&#038;oh=00_Af1oMCKS_PNBFYnkXVzBcmaGjsFS6DZkSviQHGacYJCJNg&#038;oe=69F6C422\"\n\t\t\tdata-img-src-set=\"{&quot;d&quot;:&quot;https:\\\/\\\/scontent.cdninstagram.com\\\/v\\\/t39.30808-6\\\/668794559_1588270899974163_4144872822526977376_n.jpg?stp=dst-jpg_e35_tt6&amp;_nc_cat=108&amp;ccb=7-5&amp;_nc_sid=18de74&amp;efg=eyJlZmdfdGFnIjoiQ0FST1VTRUxfSVRFTS5iZXN0X2ltYWdlX3VybGdlbi5DMyJ9&amp;_nc_ohc=2RqbI8OGHyUQ7kNvwFOGzI1&amp;_nc_oc=Adq3AolgiLRs1h6bOeHw6EOItOIPiKOqRjRR0O_FfSZc8Q7AAyQlTxQFa32EfnRYiKU&amp;_nc_zt=23&amp;_nc_ht=scontent.cdninstagram.com&amp;edm=ANo9K5cEAAAA&amp;_nc_gid=R-dIKpLAkeBP4_Eh8cDKmQ&amp;_nc_tpa=Q5bMBQEJkokFTIvTieN4rf2bIXUbJJCFBRFzDzXwJHrHUkJLy9XhDWD-5RBUHfJ5J3nxd3cWOb__gBEuLw&amp;oh=00_Af1oMCKS_PNBFYnkXVzBcmaGjsFS6DZkSviQHGacYJCJNg&amp;oe=69F6C422&quot;,&quot;150&quot;:&quot;https:\\\/\\\/scontent.cdninstagram.com\\\/v\\\/t39.30808-6\\\/668794559_1588270899974163_4144872822526977376_n.jpg?stp=dst-jpg_e35_tt6&amp;_nc_cat=108&amp;ccb=7-5&amp;_nc_sid=18de74&amp;efg=eyJlZmdfdGFnIjoiQ0FST1VTRUxfSVRFTS5iZXN0X2ltYWdlX3VybGdlbi5DMyJ9&amp;_nc_ohc=2RqbI8OGHyUQ7kNvwFOGzI1&amp;_nc_oc=Adq3AolgiLRs1h6bOeHw6EOItOIPiKOqRjRR0O_FfSZc8Q7AAyQlTxQFa32EfnRYiKU&amp;_nc_zt=23&amp;_nc_ht=scontent.cdninstagram.com&amp;edm=ANo9K5cEAAAA&amp;_nc_gid=R-dIKpLAkeBP4_Eh8cDKmQ&amp;_nc_tpa=Q5bMBQEJkokFTIvTieN4rf2bIXUbJJCFBRFzDzXwJHrHUkJLy9XhDWD-5RBUHfJ5J3nxd3cWOb__gBEuLw&amp;oh=00_Af1oMCKS_PNBFYnkXVzBcmaGjsFS6DZkSviQHGacYJCJNg&amp;oe=69F6C422&quot;,&quot;320&quot;:&quot;https:\\\/\\\/scontent.cdninstagram.com\\\/v\\\/t39.30808-6\\\/668794559_1588270899974163_4144872822526977376_n.jpg?stp=dst-jpg_e35_tt6&amp;_nc_cat=108&amp;ccb=7-5&amp;_nc_sid=18de74&amp;efg=eyJlZmdfdGFnIjoiQ0FST1VTRUxfSVRFTS5iZXN0X2ltYWdlX3VybGdlbi5DMyJ9&amp;_nc_ohc=2RqbI8OGHyUQ7kNvwFOGzI1&amp;_nc_oc=Adq3AolgiLRs1h6bOeHw6EOItOIPiKOqRjRR0O_FfSZc8Q7AAyQlTxQFa32EfnRYiKU&amp;_nc_zt=23&amp;_nc_ht=scontent.cdninstagram.com&amp;edm=ANo9K5cEAAAA&amp;_nc_gid=R-dIKpLAkeBP4_Eh8cDKmQ&amp;_nc_tpa=Q5bMBQEJkokFTIvTieN4rf2bIXUbJJCFBRFzDzXwJHrHUkJLy9XhDWD-5RBUHfJ5J3nxd3cWOb__gBEuLw&amp;oh=00_Af1oMCKS_PNBFYnkXVzBcmaGjsFS6DZkSviQHGacYJCJNg&amp;oe=69F6C422&quot;,&quot;640&quot;:&quot;https:\\\/\\\/scontent.cdninstagram.com\\\/v\\\/t39.30808-6\\\/668794559_1588270899974163_4144872822526977376_n.jpg?stp=dst-jpg_e35_tt6&amp;_nc_cat=108&amp;ccb=7-5&amp;_nc_sid=18de74&amp;efg=eyJlZmdfdGFnIjoiQ0FST1VTRUxfSVRFTS5iZXN0X2ltYWdlX3VybGdlbi5DMyJ9&amp;_nc_ohc=2RqbI8OGHyUQ7kNvwFOGzI1&amp;_nc_oc=Adq3AolgiLRs1h6bOeHw6EOItOIPiKOqRjRR0O_FfSZc8Q7AAyQlTxQFa32EfnRYiKU&amp;_nc_zt=23&amp;_nc_ht=scontent.cdninstagram.com&amp;edm=ANo9K5cEAAAA&amp;_nc_gid=R-dIKpLAkeBP4_Eh8cDKmQ&amp;_nc_tpa=Q5bMBQEJkokFTIvTieN4rf2bIXUbJJCFBRFzDzXwJHrHUkJLy9XhDWD-5RBUHfJ5J3nxd3cWOb__gBEuLw&amp;oh=00_Af1oMCKS_PNBFYnkXVzBcmaGjsFS6DZkSviQHGacYJCJNg&amp;oe=69F6C422&quot;}\">\n\t\t\t<span class=\"sbi-screenreader\">\ud835\ude3c \ud835\udff1\ud835\udfec \ud835\ude56\ud835\ude63\u0303\ud835\ude64\ud835\ude68 \ud835\ude59\ud835\ude5a\ud835\ude61 \ud835\ude42\ud835\ude64\ud835\ude61\ud835\ude65\ud835\ude5a, \ud835\ude5d\ud835\ude56\ud835\ude58\ud835\ude5a\ud835\ude62\ud835\ude64\ud835\ude68 \ud835\ude62\ud835\ude5a\ud835\ude62\ud835\ude64\ud835\ude67\ud835\ude5e\ud835\ude56, \ud835\ude58\ud835\ude64\ud835\ude63\ud835\ude68\ud835\ude69\ud835\ude67\ud835\ude6a\ud835\ude5e\ud835\ude62\ud835\ude64\ud835\ude68<\/span>\n\t\t\t<svg class=\"svg-inline--fa fa-clone fa-w-16 sbi_lightbox_carousel_icon\" aria-hidden=\"true\" aria-label=\"Clone\" data-fa-pro\u0192cessed=\"\" data-prefix=\"far\" data-icon=\"clone\" role=\"img\" xmlns=\"http:\/\/www.w3.org\/2000\/svg\" viewBox=\"0 0 512 512\">\n                    <path fill=\"currentColor\" d=\"M464 0H144c-26.51 0-48 21.49-48 48v48H48c-26.51 0-48 21.49-48 48v320c0 26.51 21.49 48 48 48h320c26.51 0 48-21.49 48-48v-48h48c26.51 0 48-21.49 48-48V48c0-26.51-21.49-48-48-48zM362 464H54a6 6 0 0 1-6-6V150a6 6 0 0 1 6-6h42v224c0 26.51 21.49 48 48 48h224v42a6 6 0 0 1-6 6zm96-96H150a6 6 0 0 1-6-6V54a6 6 0 0 1 6-6h308a6 6 0 0 1 6 6v308a6 6 0 0 1-6 6z\"><\/path>\n                <\/svg>\t\t\t\t\t\t<img decoding=\"async\" src=\"https:\/\/uepc.org.ar\/conectate\/wp-content\/plugins\/instagram-feed\/img\/placeholder.png\" alt=\"\ud835\ude3c \ud835\udff1\ud835\udfec \ud835\ude56\ud835\ude63\u0303\ud835\ude64\ud835\ude68 \ud835\ude59\ud835\ude5a\ud835\ude61 \ud835\ude42\ud835\ude64\ud835\ude61\ud835\ude65\ud835\ude5a, \ud835\ude5d\ud835\ude56\ud835\ude58\ud835\ude5a\ud835\ude62\ud835\ude64\ud835\ude68 \ud835\ude62\ud835\ude5a\ud835\ude62\ud835\ude64\ud835\ude67\ud835\ude5e\ud835\ude56, \ud835\ude58\ud835\ude64\ud835\ude63\ud835\ude68\ud835\ude69\ud835\ude67\ud835\ude6a\ud835\ude5e\ud835\ude62\ud835\ude64\ud835\ude68 \ud835\ude5b\ud835\ude6a\ud835\ude69\ud835\ude6a\ud835\ude67\ud835\ude64\ud83c\udf39\n\nDesde el ICIEC de la Secretar\u00eda de Educaci\u00f3n de UEPC, junto a la Secretar\u00eda de DDHH y G\u00e9nero y la Sociedad Argentina de Historia de la Educaci\u00f3n (SAIEHE), impulsamos este micrositio para fortalecer el trabajo de ense\u00f1ar desde una perspectiva de derechos humanos.\n\n \ud835\ude3c \ud835\udff1\ud835\udfec \ud835\ude56\ud835\ude63\u0303\ud835\ude64\ud835\ude68 \ud835\ude59\ud835\ude5a\ud835\ude61 \ud835\ude42\ud835\ude64\ud835\ude61\ud835\ude65\ud835\ude5a, \ud835\ude5d\ud835\ude56\ud835\ude58\ud835\ude5a\ud835\ude62\ud835\ude64\ud835\ude68 \ud835\ude62\ud835\ude5a\ud835\ude62\ud835\ude64\ud835\ude67\ud835\ude5e\ud835\ude56, \ud835\ude58\ud835\ude64\ud835\ude63\ud835\ude68\ud835\ude69\ud835\ude67\ud835\ude6a\ud835\ude5e\ud835\ude62\ud835\ude64\ud835\ude68 \ud835\ude5b\ud835\ude6a\ud835\ude69\ud835\ude6a\ud835\ude67\ud835\ude64 es una apuesta pol\u00edtica - pedag\u00f3gica que vamos a sostener durante todo el 2026, incorporando nuevos materiales y propuestas para hacer memoria desde el aula.\nEn un contexto donde se disputan sentidos sobre nuestro pasado reciente y sobre el lugar del Estado en la garant\u00eda de derechos, sostener la memoria, la verdad y la justicia es tambi\u00e9n una tarea educativa.\n\n\u00a1\ud835\ude4e\ud835\ude6a\ud835\ude62\ud835\ude56\ud835\ude69\ud835\ude5a \ud835\ude56 \ud835\ude67\ud835\ude5a\ud835\ude58\ud835\ude64\ud835\ude67\ud835\ude67\ud835\ude5a\ud835\ude67\ud835\ude61\ud835\ude64 \ud835\ude6e \ud835\ude56 \ud835\ude5d\ud835\ude56\ud835\ude58\ud835\ude5a\ud835\ude67\ud835\ude61\ud835\ude64 \ud835\ude58\ud835\ude67\ud835\ude5a\ud835\ude58\ud835\ude5a\ud835\ude67 \ud835\ude5a\ud835\ude63 \ud835\ude58\ud835\ude56\ud835\ude59\ud835\ude56 \ud835\ude5a\ud835\ude68\ud835\ude58\ud835\ude6a\ud835\ude5a\ud835\ude61\ud835\ude56!\nhttps:\/\/uepc.org.ar\/conectate\/50-anios-del-golpe\/\n\n\ud835\ude44\ud835\ude3e\ud835\ude44\ud835\ude40\ud835\ude3e-\ud835\ude50\ud835\ude40\ud835\ude4b\ud835\ude3e, \ud835\ude56\ud835\ude58\ud835\ude64\ud835\ude62\ud835\ude65\ud835\ude56\ud835\ude63\u0303\ud835\ude56\ud835\ude63\ud835\ude59\ud835\ude64 \ud835\ude5a\ud835\ude61 \ud835\ude69\ud835\ude67\ud835\ude56\ud835\ude57\ud835\ude56\ud835\ude5f\ud835\ude64 \ud835\ude59\ud835\ude5a \ud835\ude5a\ud835\ude63\ud835\ude68\ud835\ude5a\ud835\ude63\u0303\ud835\ude56\ud835\ude67, \ud835\ude58\ud835\ude64\ud835\ude63\ud835\ude68\ud835\ude69\ud835\ude67\ud835\ude6a\ud835\ude5e\ud835\ude62\ud835\ude64\ud835\ude68 \ud835\ude62\ud835\ude5a\ud835\ude62\ud835\ude64\ud835\ude67\ud835\ude5e\ud835\ude56 \ud835\ude6e \ud835\ude65\ud835\ude67\ud835\ude64\ud835\ude6e\ud835\ude5a\ud835\ude58\ud835\ude69\ud835\ude56\ud835\ude62\ud835\ude64\ud835\ude68 \ud835\ude5b\ud835\ude6a\ud835\ude69\ud835\ude6a\ud835\ude67\ud835\ude64\" aria-hidden=\"true\">\n\t\t<\/a>\n\t<\/div>\n<\/div>\t<\/div>\n\n\t<div id=\"sbi_load\" >\n\n\t\t\t<button class=\"sbi_load_btn\"\n\t\t\ttype=\"button\" >\n\t\t\t<span class=\"sbi_btn_text\" >Cargar +<\/span>\n\t\t\t<span class=\"sbi_loader sbi_hidden\" style=\"background-color: rgb(255, 255, 255);\" aria-hidden=\"true\"><\/span>\n\t\t<\/button>\n\t\n\t\n<\/div>\n\t\t<span class=\"sbi_resized_image_data\" data-feed-id=\"*1\"\n\t\t  data-resized=\"{&quot;17855479494688664&quot;:{&quot;id&quot;:&quot;668794559_1588270899974163_4144872822526977376_n&quot;,&quot;ratio&quot;:&quot;0.80&quot;,&quot;sizes&quot;:{&quot;full&quot;:640,&quot;low&quot;:320,&quot;thumb&quot;:150},&quot;extension&quot;:&quot;.webp&quot;},&quot;18108593098876133&quot;:{&quot;id&quot;:&quot;670256260_18408634633176796_3007144877015189664_n&quot;,&quot;ratio&quot;:&quot;0.56&quot;,&quot;sizes&quot;:{&quot;full&quot;:640,&quot;low&quot;:320,&quot;thumb&quot;:150},&quot;extension&quot;:&quot;.webp&quot;},&quot;17882691714537515&quot;:{&quot;id&quot;:&quot;674059380_1596330962501490_7430151060591075681_n&quot;,&quot;ratio&quot;:&quot;0.80&quot;,&quot;sizes&quot;:{&quot;full&quot;:640,&quot;low&quot;:320,&quot;thumb&quot;:150},&quot;extension&quot;:&quot;.webp&quot;},&quot;17909514072391164&quot;:{&quot;id&quot;:&quot;674434533_1600999775367942_1895438001652168231_n&quot;,&quot;ratio&quot;:&quot;0.80&quot;,&quot;sizes&quot;:{&quot;full&quot;:640,&quot;low&quot;:320,&quot;thumb&quot;:150},&quot;extension&quot;:&quot;.webp&quot;},&quot;17857318839635053&quot;:{&quot;id&quot;:&quot;673082097_18410334889176796_3093353036411401802_n&quot;,&quot;ratio&quot;:&quot;0.80&quot;,&quot;sizes&quot;:{&quot;full&quot;:640,&quot;low&quot;:320,&quot;thumb&quot;:150},&quot;extension&quot;:&quot;.webp&quot;},&quot;17979052421843516&quot;:{&quot;id&quot;:&quot;673871153_18410497087176796_501888575922116173_n&quot;,&quot;ratio&quot;:&quot;0.80&quot;,&quot;sizes&quot;:{&quot;full&quot;:640,&quot;low&quot;:320,&quot;thumb&quot;:150},&quot;extension&quot;:&quot;.webp&quot;},&quot;18062209550408981&quot;:{&quot;id&quot;:&quot;675448539_18410485987176796_4707022811779376763_n&quot;,&quot;ratio&quot;:&quot;1.50&quot;,&quot;sizes&quot;:{&quot;full&quot;:640,&quot;low&quot;:320,&quot;thumb&quot;:150},&quot;extension&quot;:&quot;.webp&quot;},&quot;18580365532004316&quot;:{&quot;id&quot;:&quot;681983297_18411077155176796_2502512380484511940_n&quot;,&quot;ratio&quot;:&quot;0.56&quot;,&quot;sizes&quot;:{&quot;full&quot;:640,&quot;low&quot;:320,&quot;thumb&quot;:150},&quot;extension&quot;:&quot;.webp&quot;}}\">\n\t<\/span>\n\t<\/div>\n\n\n\n\n<div style=\"height:61px\" aria-hidden=\"true\" class=\"wp-block-spacer\"><\/div>\n\n\n\n<div class=\"wp-block-coblocks-hero alignfull coblocks-hero-81015552427 coblocks-hero-76111425926\"><div class=\"wp-block-coblocks-hero__inner bg-auto has-background-image bg-no-repeat bg-center-center hero-center-center-align has-padding has-small-padding has-center-content\" style=\"background-image:url(https:\/\/uepc.org.ar\/conectate\/wp-content\/uploads\/2025\/09\/seceduc_MmasM_ban.jpg);min-height:100px\"><div class=\"wp-block-coblocks-hero__content-wrapper\"><div class=\"wp-block-coblocks-hero__content\" style=\"max-width:610px\">\n<div class=\"wp-block-image\"><figure class=\"aligncenter size-full\"><a href=\"https:\/\/uepc.org.ar\/conectate\/programa-maestra-o-mas-maestras-os-mm\/\"><img decoding=\"async\" src=\"https:\/\/uepc.org.ar\/conectate\/wp-content\/uploads\/2025\/09\/seceduc-MmasM_ban_rspon_up.png\" alt=\"Programa M+M\" class=\"wp-image-28906\"\/><\/a><\/figure><\/div>\n<\/div><\/div><\/div><\/div>\n\n\n\n<div style=\"height:50px\" aria-hidden=\"true\" class=\"wp-block-spacer\"><\/div>\n\n\n\n<div class=\"wp-block-coblocks-hero alignfull coblocks-hero-81015552427 coblocks-hero-76111425926\"><div class=\"wp-block-coblocks-hero__inner bg-auto has-background-image bg-no-repeat bg-center-center hero-center-center-align has-padding has-small-padding has-center-content\" style=\"background-image:url(https:\/\/uepc.org.ar\/conectate\/wp-content\/uploads\/2026\/04\/fondo-haceresydecires-1.png);min-height:100px\"><div class=\"wp-block-coblocks-hero__content-wrapper\"><div class=\"wp-block-coblocks-hero__content\" style=\"max-width:610px\">\n<div class=\"wp-block-image\"><figure class=\"aligncenter size-full\"><a href=\"https:\/\/uepc.org.ar\/conectate\/programa-maestra-o-mas-maestras-os-mm\/\"><img decoding=\"async\" src=\"https:\/\/uepc.org.ar\/conectate\/wp-content\/uploads\/2026\/04\/seceduc_gestionescolar_rsponsive_up.png\" alt=\"Haceres y decires de la gesti\u00f3n escolar\" class=\"wp-image-28906\"\/><\/a><\/figure><\/div>\n<\/div><\/div><\/div><\/div>\n\n\n\n<div class=\"wp-block-coblocks-hero alignfull coblocks-hero-1027153245391\"><div class=\"wp-block-coblocks-hero__inner bg-contain has-background-image bg-no-repeat bg-center-center hero-center-center-align has-padding has-center-content\" style=\"background-image:url(https:\/\/uepc.org.ar\/conectate\/wp-content\/uploads\/2025\/11\/Biblio-Banner-Responsive-fondo.png);min-height:500px\"><div class=\"wp-block-coblocks-hero__content-wrapper\"><div class=\"wp-block-coblocks-hero__content\" style=\"max-width:690px\">\n<figure class=\"wp-block-image size-full has-lightbox\"><a href=\"https:\/\/uepc.org.ar\/conectate\/biblioteca-uepc\/\"><img loading=\"lazy\" decoding=\"async\" width=\"690\" height=\"210\" src=\"https:\/\/uepc.org.ar\/conectate\/wp-content\/uploads\/2025\/11\/Biblio-Banner-Responsive-up.png\" alt=\"\" class=\"wp-image-31596\" srcset=\"https:\/\/uepc.org.ar\/conectate\/wp-content\/uploads\/2025\/11\/Biblio-Banner-Responsive-up.png 690w, https:\/\/uepc.org.ar\/conectate\/wp-content\/uploads\/2025\/11\/Biblio-Banner-Responsive-up-500x152.png 500w, https:\/\/uepc.org.ar\/conectate\/wp-content\/uploads\/2025\/11\/Biblio-Banner-Responsive-up-550x167.png 550w, https:\/\/uepc.org.ar\/conectate\/wp-content\/uploads\/2025\/11\/Biblio-Banner-Responsive-up-160x49.png 160w\" sizes=\"auto, (max-width: 690px) 100vw, 690px\" \/><\/a><\/figure>\n<\/div><\/div><\/div><\/div>\n\n\n\n<div style=\"height:61px\" aria-hidden=\"true\" class=\"wp-block-spacer\"><\/div>\n\n\n\n<section class=\"wp-block-uagb-section uagb-section__wrap uagb-section__background-color uagb-block-636ad77d-d740-4443-bb08-d0ad7e546b90\"><div class=\"uagb-section__overlay\"><\/div><div class=\"uagb-section__inner-wrap\">\n<h3 class=\"wp-block-heading alignfull has-text-align-center\">Te invitamos a buscar contenido en ICIEC<\/h3>\n\n\n<form role=\"search\" method=\"get\" action=\"https:\/\/uepc.org.ar\/conectate\/\" class=\"wp-block-search__button-outside wp-block-search__icon-button aligncenter wp-block-search\"    ><label class=\"wp-block-search__label screen-reader-text\" for=\"wp-block-search__input-1\" >Buscar<\/label><div class=\"wp-block-search__inside-wrapper \"  style=\"width: 75%\"><input class=\"wp-block-search__input\" id=\"wp-block-search__input-1\" placeholder=\"\" value=\"\" type=\"search\" name=\"s\" required \/><button aria-label=\"Buscar\" class=\"wp-block-search__button has-icon wp-element-button\" type=\"submit\" ><svg class=\"search-icon\" viewBox=\"0 0 24 24\" width=\"24\" height=\"24\">\n\t\t\t\t\t<path d=\"M13 5c-3.3 0-6 2.7-6 6 0 1.4.5 2.7 1.3 3.7l-3.8 3.8 1.1 1.1 3.8-3.8c1 .8 2.3 1.3 3.7 1.3 3.3 0 6-2.7 6-6S16.3 5 13 5zm0 10.5c-2.5 0-4.5-2-4.5-4.5s2-4.5 4.5-4.5 4.5 2 4.5 4.5-2 4.5-4.5 4.5z\"><\/path>\n\t\t\t\t<\/svg><\/button><\/div><\/form>\n\n\n<div style=\"height:17px\" aria-hidden=\"true\" class=\"wp-block-spacer\"><\/div>\n\n\n\n<h5 class=\"wp-block-heading has-text-align-center\">Ingres\u00e1 la frase o palabra sobre la tem\u00e1tica o recurso que necesites. Contamos con gran variedad de material disponible.<\/h5>\n<\/div><\/section>\n\n\n\n<p><\/p>\n","protected":false},"excerpt":{"rendered":"<p>Novedades<\/p>\n<a class=\"read-more-link\" href=\" https:\/\/uepc.org.ar\/conectate\/ \">Leer m\u00e1s<\/a>","protected":false},"author":17,"featured_media":0,"parent":0,"menu_order":0,"comment_status":"closed","ping_status":"closed","template":"","meta":{"_acf_changed":false,"_coblocks_attr":"","_coblocks_dimensions":"{\"coblocks-hero-715105530548\":{\"padding\":{}},\"coblocks-hero-9991958498\":{\"padding\":{}},\"coblocks-hero-9991958415\":{\"padding\":{\"paddingTop\":\"11px\",\"paddingRight\":\"11px\",\"paddingBottom\":\"11px\",\"paddingLeft\":\"11px\",\"paddingTopTablet\":null,\"paddingRightTablet\":null,\"paddingBottomTablet\":null,\"paddingLeftTablet\":null,\"paddingTopMobile\":null,\"paddingRightMobile\":null,\"paddingBottomMobile\":null,\"paddingLeftMobile\":null}},\"coblocks-hero-1027152919943\":{\"padding\":{}},\"coblocks-hero-1027153245391\":{\"padding\":{\"paddingBottom\":\"60px\",\"paddingBottomMobile\":null,\"paddingBottomTablet\":\"2px\",\"paddingLeft\":\"60px\",\"paddingLeftMobile\":null,\"paddingLeftTablet\":\"2px\",\"paddingRight\":\"60px\",\"paddingRightMobile\":null,\"paddingRightTablet\":\"2px\",\"paddingTop\":\"60px\",\"paddingTopMobile\":null,\"paddingTopTablet\":\"2px\"}}}","_coblocks_responsive_height":"{\"coblocks-hero-715105530548\":{\"height\":{\"height\":190}},\"coblocks-hero-9991958415\":{\"height\":{\"height\":250}},\"coblocks-hero-1027153245391\":{\"height\":{\"height\":500,\"heightMobile\":200,\"heightTablet\":null}}}","_coblocks_accordion_ie_support":"","_uag_custom_page_level_css":"","footnotes":""},"class_list":["post-17257","page","type-page","status-publish","hentry"],"acf":[],"yoast_head":"<!-- This site is optimized with the Yoast SEO plugin v26.8 - https:\/\/yoast.com\/product\/yoast-seo-wordpress\/ -->\n<title>Instituto de Capacitaci\u00f3n e Investigaci\u00f3n de los Educadores de C\u00f3rdoba (ICIEC)<\/title>\n<meta name=\"description\" content=\"Desde UEPC desarrollamos una pol\u00edtica gremial comprometida con la defensa y el cuidado de la escuela p\u00fablica. (ICIEC \u00b7 UEPC)\" \/>\n<meta name=\"robots\" content=\"index, follow, max-snippet:-1, max-image-preview:large, max-video-preview:-1\" \/>\n<link rel=\"canonical\" href=\"https:\/\/uepc.org.ar\/conectate\/\" \/>\n<meta property=\"og:locale\" content=\"es_ES\" \/>\n<meta property=\"og:type\" content=\"article\" \/>\n<meta property=\"og:title\" content=\"Instituto de Capacitaci\u00f3n e Investigaci\u00f3n de los Educadores de C\u00f3rdoba (ICIEC)\" \/>\n<meta property=\"og:description\" content=\"Desde UEPC desarrollamos una pol\u00edtica gremial comprometida con la defensa y el cuidado de la escuela p\u00fablica. (ICIEC \u00b7 UEPC)\" \/>\n<meta property=\"og:url\" content=\"https:\/\/uepc.org.ar\/conectate\/\" \/>\n<meta property=\"og:site_name\" content=\"conectate ICIEC-UEPC\" \/>\n<meta property=\"article:publisher\" content=\"https:\/\/www.facebook.com\/conectate.uepc\" \/>\n<meta property=\"article:modified_time\" content=\"2026-04-27T14:58:45+00:00\" \/>\n<meta property=\"og:image\" content=\"https:\/\/uepc.org.ar\/conectate\/wp-content\/uploads\/2026\/03\/banner-golpe-logo.png\" \/>\n<meta name=\"twitter:card\" content=\"summary_large_image\" \/>\n<meta name=\"twitter:site\" content=\"@ConectateUEPC\" \/>\n<script type=\"application\/ld+json\" class=\"yoast-schema-graph\">{\"@context\":\"https:\/\/schema.org\",\"@graph\":[{\"@type\":\"WebPage\",\"@id\":\"https:\/\/uepc.org.ar\/conectate\/\",\"url\":\"https:\/\/uepc.org.ar\/conectate\/\",\"name\":\"Instituto de Capacitaci\u00f3n e Investigaci\u00f3n de los Educadores de C\u00f3rdoba (ICIEC)\",\"isPartOf\":{\"@id\":\"https:\/\/uepc.org.ar\/conectate\/#website\"},\"primaryImageOfPage\":{\"@id\":\"https:\/\/uepc.org.ar\/conectate\/#primaryimage\"},\"image\":{\"@id\":\"https:\/\/uepc.org.ar\/conectate\/#primaryimage\"},\"thumbnailUrl\":\"https:\/\/uepc.org.ar\/conectate\/wp-content\/uploads\/2026\/03\/banner-golpe-logo.png\",\"datePublished\":\"2019-07-31T21:16:06+00:00\",\"dateModified\":\"2026-04-27T14:58:45+00:00\",\"description\":\"Desde UEPC desarrollamos una pol\u00edtica gremial comprometida con la defensa y el cuidado de la escuela p\u00fablica. (ICIEC \u00b7 UEPC)\",\"breadcrumb\":{\"@id\":\"https:\/\/uepc.org.ar\/conectate\/#breadcrumb\"},\"inLanguage\":\"es\",\"potentialAction\":[{\"@type\":\"ReadAction\",\"target\":[\"https:\/\/uepc.org.ar\/conectate\/\"]}]},{\"@type\":\"ImageObject\",\"inLanguage\":\"es\",\"@id\":\"https:\/\/uepc.org.ar\/conectate\/#primaryimage\",\"url\":\"https:\/\/uepc.org.ar\/conectate\/wp-content\/uploads\/2024\/05\/crop-0-0-477-343-0-crop-0-0-477-343-0-seceduc_ley1420_encab_up-1.png\",\"contentUrl\":\"https:\/\/uepc.org.ar\/conectate\/wp-content\/uploads\/2024\/05\/crop-0-0-477-343-0-crop-0-0-477-343-0-seceduc_ley1420_encab_up-1.png\",\"width\":477,\"height\":343},{\"@type\":\"BreadcrumbList\",\"@id\":\"https:\/\/uepc.org.ar\/conectate\/#breadcrumb\",\"itemListElement\":[{\"@type\":\"ListItem\",\"position\":1,\"name\":\"Home\",\"item\":\"https:\/\/uepc.org.ar\/conectate\/\"},{\"@type\":\"ListItem\",\"position\":2,\"name\":\"Inicio\"}]},{\"@type\":\"WebSite\",\"@id\":\"https:\/\/uepc.org.ar\/conectate\/#website\",\"url\":\"https:\/\/uepc.org.ar\/conectate\/\",\"name\":\"conectate ICIEC-UEPC\",\"description\":\"conectate a la pasi\u00f3n de educar\",\"publisher\":{\"@id\":\"https:\/\/uepc.org.ar\/conectate\/#organization\"},\"potentialAction\":[{\"@type\":\"SearchAction\",\"target\":{\"@type\":\"EntryPoint\",\"urlTemplate\":\"https:\/\/uepc.org.ar\/conectate\/?s={search_term_string}\"},\"query-input\":{\"@type\":\"PropertyValueSpecification\",\"valueRequired\":true,\"valueName\":\"search_term_string\"}}],\"inLanguage\":\"es\"},{\"@type\":\"Organization\",\"@id\":\"https:\/\/uepc.org.ar\/conectate\/#organization\",\"name\":\"conectate UEPC\",\"url\":\"https:\/\/uepc.org.ar\/conectate\/\",\"logo\":{\"@type\":\"ImageObject\",\"inLanguage\":\"es\",\"@id\":\"https:\/\/uepc.org.ar\/conectate\/#\/schema\/logo\/image\/\",\"url\":\"http:\/\/uepc.org.ar\/conectate\/wp-content\/uploads\/2019\/08\/lg-iciecx2.png\",\"contentUrl\":\"http:\/\/uepc.org.ar\/conectate\/wp-content\/uploads\/2019\/08\/lg-iciecx2.png\",\"width\":600,\"height\":266,\"caption\":\"conectate UEPC\"},\"image\":{\"@id\":\"https:\/\/uepc.org.ar\/conectate\/#\/schema\/logo\/image\/\"},\"sameAs\":[\"https:\/\/www.facebook.com\/conectate.uepc\",\"https:\/\/x.com\/ConectateUEPC\",\"https:\/\/www.instagram.com\/conectateuepc\/\",\"https:\/\/www.youtube.com\/channel\/UC_gvxulloCni4YDXzFRZ_qQ\"]}]}<\/script>\n<!-- \/ Yoast SEO plugin. -->","yoast_head_json":{"title":"Instituto de Capacitaci\u00f3n e Investigaci\u00f3n de los Educadores de C\u00f3rdoba (ICIEC)","description":"Desde UEPC desarrollamos una pol\u00edtica gremial comprometida con la defensa y el cuidado de la escuela p\u00fablica. (ICIEC \u00b7 UEPC)","robots":{"index":"index","follow":"follow","max-snippet":"max-snippet:-1","max-image-preview":"max-image-preview:large","max-video-preview":"max-video-preview:-1"},"canonical":"https:\/\/uepc.org.ar\/conectate\/","og_locale":"es_ES","og_type":"article","og_title":"Instituto de Capacitaci\u00f3n e Investigaci\u00f3n de los Educadores de C\u00f3rdoba (ICIEC)","og_description":"Desde UEPC desarrollamos una pol\u00edtica gremial comprometida con la defensa y el cuidado de la escuela p\u00fablica. (ICIEC \u00b7 UEPC)","og_url":"https:\/\/uepc.org.ar\/conectate\/","og_site_name":"conectate ICIEC-UEPC","article_publisher":"https:\/\/www.facebook.com\/conectate.uepc","article_modified_time":"2026-04-27T14:58:45+00:00","og_image":[{"url":"https:\/\/uepc.org.ar\/conectate\/wp-content\/uploads\/2026\/03\/banner-golpe-logo.png","type":"","width":"","height":""}],"twitter_card":"summary_large_image","twitter_site":"@ConectateUEPC","schema":{"@context":"https:\/\/schema.org","@graph":[{"@type":"WebPage","@id":"https:\/\/uepc.org.ar\/conectate\/","url":"https:\/\/uepc.org.ar\/conectate\/","name":"Instituto de Capacitaci\u00f3n e Investigaci\u00f3n de los Educadores de C\u00f3rdoba (ICIEC)","isPartOf":{"@id":"https:\/\/uepc.org.ar\/conectate\/#website"},"primaryImageOfPage":{"@id":"https:\/\/uepc.org.ar\/conectate\/#primaryimage"},"image":{"@id":"https:\/\/uepc.org.ar\/conectate\/#primaryimage"},"thumbnailUrl":"https:\/\/uepc.org.ar\/conectate\/wp-content\/uploads\/2026\/03\/banner-golpe-logo.png","datePublished":"2019-07-31T21:16:06+00:00","dateModified":"2026-04-27T14:58:45+00:00","description":"Desde UEPC desarrollamos una pol\u00edtica gremial comprometida con la defensa y el cuidado de la escuela p\u00fablica. (ICIEC \u00b7 UEPC)","breadcrumb":{"@id":"https:\/\/uepc.org.ar\/conectate\/#breadcrumb"},"inLanguage":"es","potentialAction":[{"@type":"ReadAction","target":["https:\/\/uepc.org.ar\/conectate\/"]}]},{"@type":"ImageObject","inLanguage":"es","@id":"https:\/\/uepc.org.ar\/conectate\/#primaryimage","url":"https:\/\/uepc.org.ar\/conectate\/wp-content\/uploads\/2024\/05\/crop-0-0-477-343-0-crop-0-0-477-343-0-seceduc_ley1420_encab_up-1.png","contentUrl":"https:\/\/uepc.org.ar\/conectate\/wp-content\/uploads\/2024\/05\/crop-0-0-477-343-0-crop-0-0-477-343-0-seceduc_ley1420_encab_up-1.png","width":477,"height":343},{"@type":"BreadcrumbList","@id":"https:\/\/uepc.org.ar\/conectate\/#breadcrumb","itemListElement":[{"@type":"ListItem","position":1,"name":"Home","item":"https:\/\/uepc.org.ar\/conectate\/"},{"@type":"ListItem","position":2,"name":"Inicio"}]},{"@type":"WebSite","@id":"https:\/\/uepc.org.ar\/conectate\/#website","url":"https:\/\/uepc.org.ar\/conectate\/","name":"conectate ICIEC-UEPC","description":"conectate a la pasi\u00f3n de educar","publisher":{"@id":"https:\/\/uepc.org.ar\/conectate\/#organization"},"potentialAction":[{"@type":"SearchAction","target":{"@type":"EntryPoint","urlTemplate":"https:\/\/uepc.org.ar\/conectate\/?s={search_term_string}"},"query-input":{"@type":"PropertyValueSpecification","valueRequired":true,"valueName":"search_term_string"}}],"inLanguage":"es"},{"@type":"Organization","@id":"https:\/\/uepc.org.ar\/conectate\/#organization","name":"conectate UEPC","url":"https:\/\/uepc.org.ar\/conectate\/","logo":{"@type":"ImageObject","inLanguage":"es","@id":"https:\/\/uepc.org.ar\/conectate\/#\/schema\/logo\/image\/","url":"http:\/\/uepc.org.ar\/conectate\/wp-content\/uploads\/2019\/08\/lg-iciecx2.png","contentUrl":"http:\/\/uepc.org.ar\/conectate\/wp-content\/uploads\/2019\/08\/lg-iciecx2.png","width":600,"height":266,"caption":"conectate UEPC"},"image":{"@id":"https:\/\/uepc.org.ar\/conectate\/#\/schema\/logo\/image\/"},"sameAs":["https:\/\/www.facebook.com\/conectate.uepc","https:\/\/x.com\/ConectateUEPC","https:\/\/www.instagram.com\/conectateuepc\/","https:\/\/www.youtube.com\/channel\/UC_gvxulloCni4YDXzFRZ_qQ"]}]}},"uagb_featured_image_src":{"full":false,"thumbnail":false,"medium":false,"medium_large":false,"large":false,"1536x1536":false,"2048x2048":false,"post-thumbnail":false,"destacada":false,"eris-archive-image":false,"eris-archive-image-portrait":false,"eris-search-image":false},"uagb_author_info":{"display_name":"Conectate","author_link":"https:\/\/uepc.org.ar\/conectate\/author\/conectate\/"},"uagb_comment_info":0,"uagb_excerpt":"Novedades","_links":{"self":[{"href":"https:\/\/uepc.org.ar\/conectate\/wp-json\/wp\/v2\/pages\/17257","targetHints":{"allow":["GET"]}}],"collection":[{"href":"https:\/\/uepc.org.ar\/conectate\/wp-json\/wp\/v2\/pages"}],"about":[{"href":"https:\/\/uepc.org.ar\/conectate\/wp-json\/wp\/v2\/types\/page"}],"author":[{"embeddable":true,"href":"https:\/\/uepc.org.ar\/conectate\/wp-json\/wp\/v2\/users\/17"}],"replies":[{"embeddable":true,"href":"https:\/\/uepc.org.ar\/conectate\/wp-json\/wp\/v2\/comments?post=17257"}],"version-history":[{"count":22,"href":"https:\/\/uepc.org.ar\/conectate\/wp-json\/wp\/v2\/pages\/17257\/revisions"}],"predecessor-version":[{"id":32300,"href":"https:\/\/uepc.org.ar\/conectate\/wp-json\/wp\/v2\/pages\/17257\/revisions\/32300"}],"wp:attachment":[{"href":"https:\/\/uepc.org.ar\/conectate\/wp-json\/wp\/v2\/media?parent=17257"}],"curies":[{"name":"wp","href":"https:\/\/api.w.org\/{rel}","templated":true}]}}