{"id":23426,"date":"2021-10-08T11:59:05","date_gmt":"2021-10-08T14:59:05","guid":{"rendered":"http:\/\/ht628195.hostingtelefonica.com.ar\/conectate\/?page_id=23426"},"modified":"2022-06-24T18:47:22","modified_gmt":"2022-06-24T21:47:22","slug":"publicaciones-2","status":"publish","type":"page","link":"https:\/\/uepc.org.ar\/conectate\/publicaciones-2\/","title":{"rendered":"Publicaciones"},"content":{"rendered":"\n<hr class=\"wp-block-separator has-text-color has-background is-style-wide\" style=\"background-color:#ffffff;color:#ffffff\"\/>\n\n\n\n<div class=\"wp-block-columns is-layout-flex wp-container-core-columns-is-layout-1 wp-block-columns-is-layout-flex\">\n<div class=\"wp-block-column is-layout-flow wp-block-column-is-layout-flow\" style=\"flex-basis:100%\">\n<div class=\"wp-block-getwid-images-slider has-arrows-ouside has-dots-ouside has-images-center\"><div class=\"wp-block-getwid-images-slider__wrapper\" data-effect=\"slide\" data-slides-show=\"1\" data-slides-show-laptop=\"1\" data-slides-show-tablet=\"1\" data-slides-show-mobile=\"1\" data-slides-scroll=\"1\" data-autoplay=\"true\" data-autoplay-speed=\"6000\" data-infinite=\"true\" data-animation-speed=\"800\" data-center-mode=\"false\" data-variable-width=\"false\" data-arrows=\"ouside\" data-dots=\"ouside\" data-spacing=\"none\"><div class=\"wp-block-getwid-images-slider__item\"><img loading=\"lazy\" decoding=\"async\" width=\"1536\" height=\"278\" src=\"https:\/\/uepc.org.ar\/conectate\/wp-content\/uploads\/2022\/06\/iciec_ban_1_cuadernos_ensenanza-1.png\" alt=\"\" data-id=\"25054\" data-link=\"https:\/\/uepc.org.ar\/conectate\/publicaciones-2\/iciec_ban_1_cuadernos_ensenanza-1\/\" class=\"wp-block-getwid-images-slider__image wp-image-25054\" srcset=\"https:\/\/uepc.org.ar\/conectate\/wp-content\/uploads\/2022\/06\/iciec_ban_1_cuadernos_ensenanza-1.png 1536w, https:\/\/uepc.org.ar\/conectate\/wp-content\/uploads\/2022\/06\/iciec_ban_1_cuadernos_ensenanza-1-500x90.png 500w, https:\/\/uepc.org.ar\/conectate\/wp-content\/uploads\/2022\/06\/iciec_ban_1_cuadernos_ensenanza-1-1024x185.png 1024w, https:\/\/uepc.org.ar\/conectate\/wp-content\/uploads\/2022\/06\/iciec_ban_1_cuadernos_ensenanza-1-768x139.png 768w, https:\/\/uepc.org.ar\/conectate\/wp-content\/uploads\/2022\/06\/iciec_ban_1_cuadernos_ensenanza-1-550x100.png 550w, https:\/\/uepc.org.ar\/conectate\/wp-content\/uploads\/2022\/06\/iciec_ban_1_cuadernos_ensenanza-1-160x29.png 160w\" sizes=\"auto, (max-width: 1536px) 100vw, 1536px\" \/><\/div><div class=\"wp-block-getwid-images-slider__item\"><img loading=\"lazy\" decoding=\"async\" width=\"1536\" height=\"278\" src=\"https:\/\/uepc.org.ar\/conectate\/wp-content\/uploads\/2022\/06\/iciec_ban_2_aportes-1.png\" alt=\"\" data-id=\"25055\" data-link=\"https:\/\/uepc.org.ar\/conectate\/publicaciones-2\/iciec_ban_2_aportes-1\/\" class=\"wp-block-getwid-images-slider__image wp-image-25055\" srcset=\"https:\/\/uepc.org.ar\/conectate\/wp-content\/uploads\/2022\/06\/iciec_ban_2_aportes-1.png 1536w, https:\/\/uepc.org.ar\/conectate\/wp-content\/uploads\/2022\/06\/iciec_ban_2_aportes-1-500x90.png 500w, https:\/\/uepc.org.ar\/conectate\/wp-content\/uploads\/2022\/06\/iciec_ban_2_aportes-1-1024x185.png 1024w, https:\/\/uepc.org.ar\/conectate\/wp-content\/uploads\/2022\/06\/iciec_ban_2_aportes-1-768x139.png 768w, https:\/\/uepc.org.ar\/conectate\/wp-content\/uploads\/2022\/06\/iciec_ban_2_aportes-1-550x100.png 550w, https:\/\/uepc.org.ar\/conectate\/wp-content\/uploads\/2022\/06\/iciec_ban_2_aportes-1-160x29.png 160w\" sizes=\"auto, (max-width: 1536px) 100vw, 1536px\" \/><\/div><div class=\"wp-block-getwid-images-slider__item\"><img loading=\"lazy\" decoding=\"async\" width=\"1536\" height=\"278\" src=\"https:\/\/uepc.org.ar\/conectate\/wp-content\/uploads\/2022\/06\/iciec_ban_3_escuela-1.png\" alt=\"\" data-id=\"25056\" data-link=\"https:\/\/uepc.org.ar\/conectate\/publicaciones-2\/iciec_ban_3_escuela-1\/\" class=\"wp-block-getwid-images-slider__image wp-image-25056\" srcset=\"https:\/\/uepc.org.ar\/conectate\/wp-content\/uploads\/2022\/06\/iciec_ban_3_escuela-1.png 1536w, https:\/\/uepc.org.ar\/conectate\/wp-content\/uploads\/2022\/06\/iciec_ban_3_escuela-1-500x90.png 500w, https:\/\/uepc.org.ar\/conectate\/wp-content\/uploads\/2022\/06\/iciec_ban_3_escuela-1-1024x185.png 1024w, https:\/\/uepc.org.ar\/conectate\/wp-content\/uploads\/2022\/06\/iciec_ban_3_escuela-1-768x139.png 768w, https:\/\/uepc.org.ar\/conectate\/wp-content\/uploads\/2022\/06\/iciec_ban_3_escuela-1-550x100.png 550w, https:\/\/uepc.org.ar\/conectate\/wp-content\/uploads\/2022\/06\/iciec_ban_3_escuela-1-160x29.png 160w\" sizes=\"auto, (max-width: 1536px) 100vw, 1536px\" \/><\/div><div class=\"wp-block-getwid-images-slider__item\"><img loading=\"lazy\" decoding=\"async\" width=\"1536\" height=\"278\" src=\"https:\/\/uepc.org.ar\/conectate\/wp-content\/uploads\/2022\/06\/iciec_ban_4_cuadernos_accion-1.png\" alt=\"\" data-id=\"25057\" data-link=\"https:\/\/uepc.org.ar\/conectate\/publicaciones-2\/iciec_ban_4_cuadernos_accion-1\/\" class=\"wp-block-getwid-images-slider__image wp-image-25057\" srcset=\"https:\/\/uepc.org.ar\/conectate\/wp-content\/uploads\/2022\/06\/iciec_ban_4_cuadernos_accion-1.png 1536w, https:\/\/uepc.org.ar\/conectate\/wp-content\/uploads\/2022\/06\/iciec_ban_4_cuadernos_accion-1-500x90.png 500w, https:\/\/uepc.org.ar\/conectate\/wp-content\/uploads\/2022\/06\/iciec_ban_4_cuadernos_accion-1-1024x185.png 1024w, https:\/\/uepc.org.ar\/conectate\/wp-content\/uploads\/2022\/06\/iciec_ban_4_cuadernos_accion-1-768x139.png 768w, https:\/\/uepc.org.ar\/conectate\/wp-content\/uploads\/2022\/06\/iciec_ban_4_cuadernos_accion-1-550x100.png 550w, https:\/\/uepc.org.ar\/conectate\/wp-content\/uploads\/2022\/06\/iciec_ban_4_cuadernos_accion-1-160x29.png 160w\" sizes=\"auto, (max-width: 1536px) 100vw, 1536px\" \/><\/div><div class=\"wp-block-getwid-images-slider__item\"><img loading=\"lazy\" decoding=\"async\" width=\"1536\" height=\"278\" src=\"https:\/\/uepc.org.ar\/conectate\/wp-content\/uploads\/2022\/06\/iciec_ban_5_jovenes-1.png\" alt=\"\" data-id=\"25058\" data-link=\"https:\/\/uepc.org.ar\/conectate\/publicaciones-2\/iciec_ban_5_jovenes-1\/\" class=\"wp-block-getwid-images-slider__image wp-image-25058\" srcset=\"https:\/\/uepc.org.ar\/conectate\/wp-content\/uploads\/2022\/06\/iciec_ban_5_jovenes-1.png 1536w, https:\/\/uepc.org.ar\/conectate\/wp-content\/uploads\/2022\/06\/iciec_ban_5_jovenes-1-500x90.png 500w, https:\/\/uepc.org.ar\/conectate\/wp-content\/uploads\/2022\/06\/iciec_ban_5_jovenes-1-1024x185.png 1024w, https:\/\/uepc.org.ar\/conectate\/wp-content\/uploads\/2022\/06\/iciec_ban_5_jovenes-1-768x139.png 768w, https:\/\/uepc.org.ar\/conectate\/wp-content\/uploads\/2022\/06\/iciec_ban_5_jovenes-1-550x100.png 550w, https:\/\/uepc.org.ar\/conectate\/wp-content\/uploads\/2022\/06\/iciec_ban_5_jovenes-1-160x29.png 160w\" sizes=\"auto, (max-width: 1536px) 100vw, 1536px\" \/><\/div><div class=\"wp-block-getwid-images-slider__item\"><img loading=\"lazy\" decoding=\"async\" width=\"1536\" height=\"278\" src=\"https:\/\/uepc.org.ar\/conectate\/wp-content\/uploads\/2022\/06\/iciec_ban_6_desigualdad-1.png\" alt=\"\" data-id=\"25059\" data-link=\"https:\/\/uepc.org.ar\/conectate\/publicaciones-2\/iciec_ban_6_desigualdad-1\/\" class=\"wp-block-getwid-images-slider__image wp-image-25059\" srcset=\"https:\/\/uepc.org.ar\/conectate\/wp-content\/uploads\/2022\/06\/iciec_ban_6_desigualdad-1.png 1536w, https:\/\/uepc.org.ar\/conectate\/wp-content\/uploads\/2022\/06\/iciec_ban_6_desigualdad-1-500x90.png 500w, https:\/\/uepc.org.ar\/conectate\/wp-content\/uploads\/2022\/06\/iciec_ban_6_desigualdad-1-1024x185.png 1024w, https:\/\/uepc.org.ar\/conectate\/wp-content\/uploads\/2022\/06\/iciec_ban_6_desigualdad-1-768x139.png 768w, https:\/\/uepc.org.ar\/conectate\/wp-content\/uploads\/2022\/06\/iciec_ban_6_desigualdad-1-550x100.png 550w, https:\/\/uepc.org.ar\/conectate\/wp-content\/uploads\/2022\/06\/iciec_ban_6_desigualdad-1-160x29.png 160w\" sizes=\"auto, (max-width: 1536px) 100vw, 1536px\" \/><\/div><\/div><\/div>\n<\/div>\n<\/div>\n\n\n\n<div class=\"wp-block-columns is-layout-flex wp-container-core-columns-is-layout-2 wp-block-columns-is-layout-flex\">\n<div class=\"wp-block-column is-layout-flow wp-block-column-is-layout-flow\">\nTema <div class=\"facetwp-facet facetwp-facet-categories facetwp-type-dropdown\" data-name=\"categories\" data-type=\"dropdown\"><\/div>\n<\/div>\n\n\n\n<div class=\"wp-block-column is-layout-flow wp-block-column-is-layout-flow\">\nNivel<div class=\"facetwp-facet facetwp-facet-nivel facetwp-type-dropdown\" data-name=\"nivel\" data-type=\"dropdown\"><\/div>\n<\/div>\n\n\n\n<div class=\"wp-block-column is-layout-flow wp-block-column-is-layout-flow\">\nSerie<div class=\"facetwp-facet facetwp-facet-publicaciones facetwp-type-dropdown\" data-name=\"publicaciones\" data-type=\"dropdown\"><\/div>\n<\/div>\n<\/div>\n\n\n\nTodas las publicaciones <div class=\"facetwp-template\" data-name=\"example\"><div class=\"fwpl-layout el-hkhimk\"><div class=\"fwpl-result\"><div class=\"fwpl-row el-8cjrpw\"><div class=\"fwpl-col el-1tvcxf\"><div class=\"fwpl-item el-c3s6cu\"><a href=\"https:\/\/uepc.org.ar\/conectate\/soy-de-aqui-y-soy-de-alla\/\" target=\"\"><img loading=\"lazy\" decoding=\"async\" width=\"550\" height=\"250\" src=\"https:\/\/uepc.org.ar\/conectate\/wp-content\/uploads\/2026\/04\/seceduc_migraciones_web-1-1-550x250.png\" class=\"attachment-eris-archive-image-portrait size-eris-archive-image-portrait wp-post-image\" alt=\"\" srcset=\"https:\/\/uepc.org.ar\/conectate\/wp-content\/uploads\/2026\/04\/seceduc_migraciones_web-1-1-550x250.png 550w, https:\/\/uepc.org.ar\/conectate\/wp-content\/uploads\/2026\/04\/seceduc_migraciones_web-1-1-500x227.png 500w, https:\/\/uepc.org.ar\/conectate\/wp-content\/uploads\/2026\/04\/seceduc_migraciones_web-1-1-1024x465.png 1024w, https:\/\/uepc.org.ar\/conectate\/wp-content\/uploads\/2026\/04\/seceduc_migraciones_web-1-1-768x349.png 768w, https:\/\/uepc.org.ar\/conectate\/wp-content\/uploads\/2026\/04\/seceduc_migraciones_web-1-1-160x73.png 160w, https:\/\/uepc.org.ar\/conectate\/wp-content\/uploads\/2026\/04\/seceduc_migraciones_web-1-1.png 1100w\" sizes=\"auto, (max-width: 550px) 100vw, 550px\" \/><\/a><\/div><div class=\"fwpl-item el-fz703r uagb-post__title\"><a href=\"https:\/\/uepc.org.ar\/conectate\/soy-de-aqui-y-soy-de-alla\/\" target=\"\">Soy de aqu\u00ed y soy de all\u00e1 | Un abordaje de los fen\u00f3menos migratorios para el aula<\/a><\/div><div class=\"fwpl-item el-56odc\">28\/04\/2026<\/div><\/div><\/div><\/div><div class=\"fwpl-result\"><div class=\"fwpl-row el-8cjrpw\"><div class=\"fwpl-col el-1tvcxf\"><div class=\"fwpl-item el-c3s6cu\"><a href=\"https:\/\/uepc.org.ar\/conectate\/conversacion-con-patricia-redondo\/\" target=\"\"><img loading=\"lazy\" decoding=\"async\" width=\"550\" height=\"250\" src=\"https:\/\/uepc.org.ar\/conectate\/wp-content\/uploads\/2026\/04\/sobrelaescuela_10_redondo_ban_iciec-550x250.png\" class=\"attachment-eris-archive-image-portrait size-eris-archive-image-portrait wp-post-image\" alt=\"\" srcset=\"https:\/\/uepc.org.ar\/conectate\/wp-content\/uploads\/2026\/04\/sobrelaescuela_10_redondo_ban_iciec-550x250.png 550w, https:\/\/uepc.org.ar\/conectate\/wp-content\/uploads\/2026\/04\/sobrelaescuela_10_redondo_ban_iciec-500x227.png 500w, https:\/\/uepc.org.ar\/conectate\/wp-content\/uploads\/2026\/04\/sobrelaescuela_10_redondo_ban_iciec-1024x465.png 1024w, https:\/\/uepc.org.ar\/conectate\/wp-content\/uploads\/2026\/04\/sobrelaescuela_10_redondo_ban_iciec-768x349.png 768w, https:\/\/uepc.org.ar\/conectate\/wp-content\/uploads\/2026\/04\/sobrelaescuela_10_redondo_ban_iciec-160x73.png 160w, https:\/\/uepc.org.ar\/conectate\/wp-content\/uploads\/2026\/04\/sobrelaescuela_10_redondo_ban_iciec.png 1100w\" sizes=\"auto, (max-width: 550px) 100vw, 550px\" \/><\/a><\/div><div class=\"fwpl-item el-fz703r uagb-post__title\"><a href=\"https:\/\/uepc.org.ar\/conectate\/conversacion-con-patricia-redondo\/\" target=\"\">Sobre la escuela | Conversaci\u00f3n con Patricia Redondo<\/a><\/div><div class=\"fwpl-item el-56odc\">10\/04\/2026<\/div><\/div><\/div><\/div><div class=\"fwpl-result\"><div class=\"fwpl-row el-8cjrpw\"><div class=\"fwpl-col el-1tvcxf\"><div class=\"fwpl-item el-c3s6cu\"><a href=\"https:\/\/uepc.org.ar\/conectate\/conversacion-mariano-campilia\/\" target=\"\"><img loading=\"lazy\" decoding=\"async\" width=\"550\" height=\"250\" src=\"https:\/\/uepc.org.ar\/conectate\/wp-content\/uploads\/2025\/11\/sobrelaescuela_09_campilio_ban_iciec-550x250.png\" class=\"attachment-eris-archive-image-portrait size-eris-archive-image-portrait wp-post-image\" alt=\"\" srcset=\"https:\/\/uepc.org.ar\/conectate\/wp-content\/uploads\/2025\/11\/sobrelaescuela_09_campilio_ban_iciec-550x250.png 550w, https:\/\/uepc.org.ar\/conectate\/wp-content\/uploads\/2025\/11\/sobrelaescuela_09_campilio_ban_iciec-500x227.png 500w, https:\/\/uepc.org.ar\/conectate\/wp-content\/uploads\/2025\/11\/sobrelaescuela_09_campilio_ban_iciec-1024x465.png 1024w, https:\/\/uepc.org.ar\/conectate\/wp-content\/uploads\/2025\/11\/sobrelaescuela_09_campilio_ban_iciec-768x349.png 768w, https:\/\/uepc.org.ar\/conectate\/wp-content\/uploads\/2025\/11\/sobrelaescuela_09_campilio_ban_iciec-160x73.png 160w, https:\/\/uepc.org.ar\/conectate\/wp-content\/uploads\/2025\/11\/sobrelaescuela_09_campilio_ban_iciec.png 1100w\" sizes=\"auto, (max-width: 550px) 100vw, 550px\" \/><\/a><\/div><div class=\"fwpl-item el-fz703r uagb-post__title\"><a href=\"https:\/\/uepc.org.ar\/conectate\/conversacion-mariano-campilia\/\" target=\"\">Conversaci\u00f3n con Mariano Campilia<\/a><\/div><div class=\"fwpl-item el-56odc\">11\/11\/2025<\/div><\/div><\/div><\/div><div class=\"fwpl-result\"><div class=\"fwpl-row el-8cjrpw\"><div class=\"fwpl-col el-1tvcxf\"><div class=\"fwpl-item el-c3s6cu\"><a href=\"https:\/\/uepc.org.ar\/conectate\/conversacion-con-fernando-peirone\/\" target=\"\"><img loading=\"lazy\" decoding=\"async\" width=\"550\" height=\"250\" src=\"https:\/\/uepc.org.ar\/conectate\/wp-content\/uploads\/2025\/10\/sobrelaescuela_08peirone_ban_iciec-550x250.jpg\" class=\"attachment-eris-archive-image-portrait size-eris-archive-image-portrait wp-post-image\" alt=\"\" srcset=\"https:\/\/uepc.org.ar\/conectate\/wp-content\/uploads\/2025\/10\/sobrelaescuela_08peirone_ban_iciec-550x250.jpg 550w, https:\/\/uepc.org.ar\/conectate\/wp-content\/uploads\/2025\/10\/sobrelaescuela_08peirone_ban_iciec-500x227.jpg 500w, https:\/\/uepc.org.ar\/conectate\/wp-content\/uploads\/2025\/10\/sobrelaescuela_08peirone_ban_iciec-1024x465.jpg 1024w, https:\/\/uepc.org.ar\/conectate\/wp-content\/uploads\/2025\/10\/sobrelaescuela_08peirone_ban_iciec-768x349.jpg 768w, https:\/\/uepc.org.ar\/conectate\/wp-content\/uploads\/2025\/10\/sobrelaescuela_08peirone_ban_iciec-160x73.jpg 160w, https:\/\/uepc.org.ar\/conectate\/wp-content\/uploads\/2025\/10\/sobrelaescuela_08peirone_ban_iciec.jpg 1100w\" sizes=\"auto, (max-width: 550px) 100vw, 550px\" \/><\/a><\/div><div class=\"fwpl-item el-fz703r uagb-post__title\"><a href=\"https:\/\/uepc.org.ar\/conectate\/conversacion-con-fernando-peirone\/\" target=\"\">Conversaci\u00f3n con Fernando Peirone<\/a><\/div><div class=\"fwpl-item el-56odc\">16\/10\/2025<\/div><\/div><\/div><\/div><div class=\"fwpl-result\"><div class=\"fwpl-row el-8cjrpw\"><div class=\"fwpl-col el-1tvcxf\"><div class=\"fwpl-item el-c3s6cu\"><a href=\"https:\/\/uepc.org.ar\/conectate\/conversacion-con-paine-pintos\/\" target=\"\"><img loading=\"lazy\" decoding=\"async\" width=\"550\" height=\"250\" src=\"https:\/\/uepc.org.ar\/conectate\/wp-content\/uploads\/2025\/08\/sobrelaescuela_07_pintos_ban_iciec-550x250.jpg\" class=\"attachment-eris-archive-image-portrait size-eris-archive-image-portrait wp-post-image\" alt=\"\" srcset=\"https:\/\/uepc.org.ar\/conectate\/wp-content\/uploads\/2025\/08\/sobrelaescuela_07_pintos_ban_iciec-550x250.jpg 550w, https:\/\/uepc.org.ar\/conectate\/wp-content\/uploads\/2025\/08\/sobrelaescuela_07_pintos_ban_iciec-500x227.jpg 500w, https:\/\/uepc.org.ar\/conectate\/wp-content\/uploads\/2025\/08\/sobrelaescuela_07_pintos_ban_iciec-1024x465.jpg 1024w, https:\/\/uepc.org.ar\/conectate\/wp-content\/uploads\/2025\/08\/sobrelaescuela_07_pintos_ban_iciec-768x349.jpg 768w, https:\/\/uepc.org.ar\/conectate\/wp-content\/uploads\/2025\/08\/sobrelaescuela_07_pintos_ban_iciec-160x73.jpg 160w, https:\/\/uepc.org.ar\/conectate\/wp-content\/uploads\/2025\/08\/sobrelaescuela_07_pintos_ban_iciec.jpg 1100w\" sizes=\"auto, (max-width: 550px) 100vw, 550px\" \/><\/a><\/div><div class=\"fwpl-item el-fz703r uagb-post__title\"><a href=\"https:\/\/uepc.org.ar\/conectate\/conversacion-con-paine-pintos\/\" target=\"\">Conversaci\u00f3n con Pain\u00e9 Pintos<\/a><\/div><div class=\"fwpl-item el-56odc\">28\/08\/2025<\/div><\/div><\/div><\/div><div class=\"fwpl-result\"><div class=\"fwpl-row el-8cjrpw\"><div class=\"fwpl-col el-1tvcxf\"><div class=\"fwpl-item el-c3s6cu\"><a href=\"https:\/\/uepc.org.ar\/conectate\/ciclo-de-entrevistas-trayectorias-escolares\/\" target=\"\"><img loading=\"lazy\" decoding=\"async\" width=\"550\" height=\"150\" src=\"https:\/\/uepc.org.ar\/conectate\/wp-content\/uploads\/2025\/08\/banner_entrevistas-550x150.png\" class=\"attachment-eris-archive-image-portrait size-eris-archive-image-portrait wp-post-image\" alt=\"\" srcset=\"https:\/\/uepc.org.ar\/conectate\/wp-content\/uploads\/2025\/08\/banner_entrevistas-550x150.png 550w, https:\/\/uepc.org.ar\/conectate\/wp-content\/uploads\/2025\/08\/banner_entrevistas-500x136.png 500w, https:\/\/uepc.org.ar\/conectate\/wp-content\/uploads\/2025\/08\/banner_entrevistas-1024x279.png 1024w, https:\/\/uepc.org.ar\/conectate\/wp-content\/uploads\/2025\/08\/banner_entrevistas-768x209.png 768w, https:\/\/uepc.org.ar\/conectate\/wp-content\/uploads\/2025\/08\/banner_entrevistas-160x44.png 160w, https:\/\/uepc.org.ar\/conectate\/wp-content\/uploads\/2025\/08\/banner_entrevistas.png 1500w\" sizes=\"auto, (max-width: 550px) 100vw, 550px\" \/><\/a><\/div><div class=\"fwpl-item el-fz703r uagb-post__title\"><a href=\"https:\/\/uepc.org.ar\/conectate\/ciclo-de-entrevistas-trayectorias-escolares\/\" target=\"\">Ciclo de entrevistas | Trayectorias escolares<\/a><\/div><div class=\"fwpl-item el-56odc\">14\/08\/2025<\/div><\/div><\/div><\/div><div class=\"fwpl-result\"><div class=\"fwpl-row el-8cjrpw\"><div class=\"fwpl-col el-1tvcxf\"><div class=\"fwpl-item el-c3s6cu\"><a href=\"https:\/\/uepc.org.ar\/conectate\/propuestas-y-experiencias-para-ensenar-ciencias-naturales\/\" target=\"\"><img loading=\"lazy\" decoding=\"async\" width=\"550\" height=\"150\" src=\"https:\/\/uepc.org.ar\/conectate\/wp-content\/uploads\/2025\/08\/banner_naturales-550x150.png\" class=\"attachment-eris-archive-image-portrait size-eris-archive-image-portrait wp-post-image\" alt=\"\" srcset=\"https:\/\/uepc.org.ar\/conectate\/wp-content\/uploads\/2025\/08\/banner_naturales-550x150.png 550w, https:\/\/uepc.org.ar\/conectate\/wp-content\/uploads\/2025\/08\/banner_naturales-500x136.png 500w, https:\/\/uepc.org.ar\/conectate\/wp-content\/uploads\/2025\/08\/banner_naturales-1024x279.png 1024w, https:\/\/uepc.org.ar\/conectate\/wp-content\/uploads\/2025\/08\/banner_naturales-768x209.png 768w, https:\/\/uepc.org.ar\/conectate\/wp-content\/uploads\/2025\/08\/banner_naturales-160x44.png 160w, https:\/\/uepc.org.ar\/conectate\/wp-content\/uploads\/2025\/08\/banner_naturales.png 1500w\" sizes=\"auto, (max-width: 550px) 100vw, 550px\" \/><\/a><\/div><div class=\"fwpl-item el-fz703r uagb-post__title\"><a href=\"https:\/\/uepc.org.ar\/conectate\/propuestas-y-experiencias-para-ensenar-ciencias-naturales\/\" target=\"\">Propuestas y experiencias para ense\u00f1ar Ciencias Naturales<\/a><\/div><div class=\"fwpl-item el-56odc\">13\/08\/2025<\/div><\/div><\/div><\/div><div class=\"fwpl-result\"><div class=\"fwpl-row el-8cjrpw\"><div class=\"fwpl-col el-1tvcxf\"><div class=\"fwpl-item el-c3s6cu\"><a href=\"https:\/\/uepc.org.ar\/conectate\/conversacion-con-carina-lion\/\" target=\"\"><img loading=\"lazy\" decoding=\"async\" width=\"550\" height=\"250\" src=\"https:\/\/uepc.org.ar\/conectate\/wp-content\/uploads\/2025\/06\/sobrelaescuela_06_lion_ban_iciec-550x250.png\" class=\"attachment-eris-archive-image-portrait size-eris-archive-image-portrait wp-post-image\" alt=\"\" srcset=\"https:\/\/uepc.org.ar\/conectate\/wp-content\/uploads\/2025\/06\/sobrelaescuela_06_lion_ban_iciec-550x250.png 550w, https:\/\/uepc.org.ar\/conectate\/wp-content\/uploads\/2025\/06\/sobrelaescuela_06_lion_ban_iciec-500x227.png 500w, https:\/\/uepc.org.ar\/conectate\/wp-content\/uploads\/2025\/06\/sobrelaescuela_06_lion_ban_iciec-1024x465.png 1024w, https:\/\/uepc.org.ar\/conectate\/wp-content\/uploads\/2025\/06\/sobrelaescuela_06_lion_ban_iciec-768x349.png 768w, https:\/\/uepc.org.ar\/conectate\/wp-content\/uploads\/2025\/06\/sobrelaescuela_06_lion_ban_iciec-160x73.png 160w, https:\/\/uepc.org.ar\/conectate\/wp-content\/uploads\/2025\/06\/sobrelaescuela_06_lion_ban_iciec.png 1100w\" sizes=\"auto, (max-width: 550px) 100vw, 550px\" \/><\/a><\/div><div class=\"fwpl-item el-fz703r uagb-post__title\"><a href=\"https:\/\/uepc.org.ar\/conectate\/conversacion-con-carina-lion\/\" target=\"\">Conversaci\u00f3n con Carina Lion<\/a><\/div><div class=\"fwpl-item el-56odc\">09\/06\/2025<\/div><\/div><\/div><\/div><div class=\"fwpl-result\"><div class=\"fwpl-row el-8cjrpw\"><div class=\"fwpl-col el-1tvcxf\"><div class=\"fwpl-item el-c3s6cu\"><a href=\"https:\/\/uepc.org.ar\/conectate\/conversacion-con-barbara-briscioli\/\" target=\"\"><img loading=\"lazy\" decoding=\"async\" width=\"550\" height=\"250\" src=\"https:\/\/uepc.org.ar\/conectate\/wp-content\/uploads\/2025\/05\/sobrelaescuela_05_Briscioli_ban_iciec-550x250.png\" class=\"attachment-eris-archive-image-portrait size-eris-archive-image-portrait wp-post-image\" alt=\"\" srcset=\"https:\/\/uepc.org.ar\/conectate\/wp-content\/uploads\/2025\/05\/sobrelaescuela_05_Briscioli_ban_iciec-550x250.png 550w, https:\/\/uepc.org.ar\/conectate\/wp-content\/uploads\/2025\/05\/sobrelaescuela_05_Briscioli_ban_iciec-500x227.png 500w, https:\/\/uepc.org.ar\/conectate\/wp-content\/uploads\/2025\/05\/sobrelaescuela_05_Briscioli_ban_iciec-1024x465.png 1024w, https:\/\/uepc.org.ar\/conectate\/wp-content\/uploads\/2025\/05\/sobrelaescuela_05_Briscioli_ban_iciec-768x349.png 768w, https:\/\/uepc.org.ar\/conectate\/wp-content\/uploads\/2025\/05\/sobrelaescuela_05_Briscioli_ban_iciec-160x73.png 160w, https:\/\/uepc.org.ar\/conectate\/wp-content\/uploads\/2025\/05\/sobrelaescuela_05_Briscioli_ban_iciec.png 1100w\" sizes=\"auto, (max-width: 550px) 100vw, 550px\" \/><\/a><\/div><div class=\"fwpl-item el-fz703r uagb-post__title\"><a href=\"https:\/\/uepc.org.ar\/conectate\/conversacion-con-barbara-briscioli\/\" target=\"\">Conversaci\u00f3n con B\u00e1rbara Briscioli<\/a><\/div><div class=\"fwpl-item el-56odc\">06\/05\/2025<\/div><\/div><\/div><\/div><div class=\"fwpl-result\"><div class=\"fwpl-row el-8cjrpw\"><div class=\"fwpl-col el-1tvcxf\"><div class=\"fwpl-item el-c3s6cu\"><a href=\"https:\/\/uepc.org.ar\/conectate\/conversacion-con-laura-ominetti-2\/\" target=\"\"><img loading=\"lazy\" decoding=\"async\" width=\"550\" height=\"250\" src=\"https:\/\/uepc.org.ar\/conectate\/wp-content\/uploads\/2025\/04\/sobrelaescuela_04_ominetti_ban_iciec-1-550x250.png\" class=\"attachment-eris-archive-image-portrait size-eris-archive-image-portrait wp-post-image\" alt=\"\" srcset=\"https:\/\/uepc.org.ar\/conectate\/wp-content\/uploads\/2025\/04\/sobrelaescuela_04_ominetti_ban_iciec-1-550x250.png 550w, https:\/\/uepc.org.ar\/conectate\/wp-content\/uploads\/2025\/04\/sobrelaescuela_04_ominetti_ban_iciec-1-500x227.png 500w, https:\/\/uepc.org.ar\/conectate\/wp-content\/uploads\/2025\/04\/sobrelaescuela_04_ominetti_ban_iciec-1-1024x465.png 1024w, https:\/\/uepc.org.ar\/conectate\/wp-content\/uploads\/2025\/04\/sobrelaescuela_04_ominetti_ban_iciec-1-768x349.png 768w, https:\/\/uepc.org.ar\/conectate\/wp-content\/uploads\/2025\/04\/sobrelaescuela_04_ominetti_ban_iciec-1-160x73.png 160w, https:\/\/uepc.org.ar\/conectate\/wp-content\/uploads\/2025\/04\/sobrelaescuela_04_ominetti_ban_iciec-1.png 1100w\" sizes=\"auto, (max-width: 550px) 100vw, 550px\" \/><\/a><\/div><div class=\"fwpl-item el-fz703r uagb-post__title\"><a href=\"https:\/\/uepc.org.ar\/conectate\/conversacion-con-laura-ominetti-2\/\" target=\"\">Conversaci\u00f3n con Laura Ominetti<\/a><\/div><div class=\"fwpl-item el-56odc\">07\/04\/2025<\/div><\/div><\/div><\/div><div class=\"fwpl-result\"><div class=\"fwpl-row el-8cjrpw\"><div class=\"fwpl-col el-1tvcxf\"><div class=\"fwpl-item el-c3s6cu\"><a href=\"https:\/\/uepc.org.ar\/conectate\/conversacion-jorge-larrosa\/\" target=\"\"><img loading=\"lazy\" decoding=\"async\" width=\"550\" height=\"250\" src=\"https:\/\/uepc.org.ar\/conectate\/wp-content\/uploads\/2024\/11\/sobrelaescuela_03_larrosa_ban_iciec-550x250.jpg\" class=\"attachment-eris-archive-image-portrait size-eris-archive-image-portrait wp-post-image\" alt=\"\" srcset=\"https:\/\/uepc.org.ar\/conectate\/wp-content\/uploads\/2024\/11\/sobrelaescuela_03_larrosa_ban_iciec-550x250.jpg 550w, https:\/\/uepc.org.ar\/conectate\/wp-content\/uploads\/2024\/11\/sobrelaescuela_03_larrosa_ban_iciec-500x227.jpg 500w, https:\/\/uepc.org.ar\/conectate\/wp-content\/uploads\/2024\/11\/sobrelaescuela_03_larrosa_ban_iciec-1024x465.jpg 1024w, https:\/\/uepc.org.ar\/conectate\/wp-content\/uploads\/2024\/11\/sobrelaescuela_03_larrosa_ban_iciec-768x349.jpg 768w, https:\/\/uepc.org.ar\/conectate\/wp-content\/uploads\/2024\/11\/sobrelaescuela_03_larrosa_ban_iciec-160x73.jpg 160w, https:\/\/uepc.org.ar\/conectate\/wp-content\/uploads\/2024\/11\/sobrelaescuela_03_larrosa_ban_iciec.jpg 1100w\" sizes=\"auto, (max-width: 550px) 100vw, 550px\" \/><\/a><\/div><div class=\"fwpl-item el-fz703r uagb-post__title\"><a href=\"https:\/\/uepc.org.ar\/conectate\/conversacion-jorge-larrosa\/\" target=\"\">Conversaci\u00f3n con Jorge Larrosa<\/a><\/div><div class=\"fwpl-item el-56odc\">19\/11\/2024<\/div><\/div><\/div><\/div><div class=\"fwpl-result\"><div class=\"fwpl-row el-8cjrpw\"><div class=\"fwpl-col el-1tvcxf\"><div class=\"fwpl-item el-c3s6cu\"><a href=\"https:\/\/uepc.org.ar\/conectate\/cartilla-didactica-ensenanza-y-practicas-de-estudio\/\" target=\"\"><img loading=\"lazy\" decoding=\"async\" width=\"550\" height=\"250\" src=\"https:\/\/uepc.org.ar\/conectate\/wp-content\/uploads\/2024\/11\/iciec-CartD05_w-550x250.jpg\" class=\"attachment-eris-archive-image-portrait size-eris-archive-image-portrait wp-post-image\" alt=\"\" srcset=\"https:\/\/uepc.org.ar\/conectate\/wp-content\/uploads\/2024\/11\/iciec-CartD05_w-550x250.jpg 550w, https:\/\/uepc.org.ar\/conectate\/wp-content\/uploads\/2024\/11\/iciec-CartD05_w-500x227.jpg 500w, https:\/\/uepc.org.ar\/conectate\/wp-content\/uploads\/2024\/11\/iciec-CartD05_w-1024x465.jpg 1024w, https:\/\/uepc.org.ar\/conectate\/wp-content\/uploads\/2024\/11\/iciec-CartD05_w-768x349.jpg 768w, https:\/\/uepc.org.ar\/conectate\/wp-content\/uploads\/2024\/11\/iciec-CartD05_w-160x73.jpg 160w, https:\/\/uepc.org.ar\/conectate\/wp-content\/uploads\/2024\/11\/iciec-CartD05_w.jpg 1100w\" sizes=\"auto, (max-width: 550px) 100vw, 550px\" \/><\/a><\/div><div class=\"fwpl-item el-fz703r uagb-post__title\"><a href=\"https:\/\/uepc.org.ar\/conectate\/cartilla-didactica-ensenanza-y-practicas-de-estudio\/\" target=\"\">Cartilla did\u00e1ctica | Ense\u00f1anza y pr\u00e1cticas de estudio<\/a><\/div><div class=\"fwpl-item el-56odc\">14\/11\/2024<\/div><\/div><\/div><\/div><div class=\"fwpl-result\"><div class=\"fwpl-row el-8cjrpw\"><div class=\"fwpl-col el-1tvcxf\"><div class=\"fwpl-item el-c3s6cu\"><a href=\"https:\/\/uepc.org.ar\/conectate\/conversacion-con-ines-dussel\/\" target=\"\"><img loading=\"lazy\" decoding=\"async\" width=\"550\" height=\"250\" src=\"https:\/\/uepc.org.ar\/conectate\/wp-content\/uploads\/2024\/11\/sobrelaescuela_02_dussel_ban_iciec-550x250.png\" class=\"attachment-eris-archive-image-portrait size-eris-archive-image-portrait wp-post-image\" alt=\"\" srcset=\"https:\/\/uepc.org.ar\/conectate\/wp-content\/uploads\/2024\/11\/sobrelaescuela_02_dussel_ban_iciec-550x250.png 550w, https:\/\/uepc.org.ar\/conectate\/wp-content\/uploads\/2024\/11\/sobrelaescuela_02_dussel_ban_iciec-500x227.png 500w, https:\/\/uepc.org.ar\/conectate\/wp-content\/uploads\/2024\/11\/sobrelaescuela_02_dussel_ban_iciec-1024x465.png 1024w, https:\/\/uepc.org.ar\/conectate\/wp-content\/uploads\/2024\/11\/sobrelaescuela_02_dussel_ban_iciec-768x349.png 768w, https:\/\/uepc.org.ar\/conectate\/wp-content\/uploads\/2024\/11\/sobrelaescuela_02_dussel_ban_iciec-160x73.png 160w, https:\/\/uepc.org.ar\/conectate\/wp-content\/uploads\/2024\/11\/sobrelaescuela_02_dussel_ban_iciec.png 1100w\" sizes=\"auto, (max-width: 550px) 100vw, 550px\" \/><\/a><\/div><div class=\"fwpl-item el-fz703r uagb-post__title\"><a href=\"https:\/\/uepc.org.ar\/conectate\/conversacion-con-ines-dussel\/\" target=\"\">Conversaci\u00f3n con In\u00e9s Dussel<\/a><\/div><div class=\"fwpl-item el-56odc\">12\/11\/2024<\/div><\/div><\/div><\/div><div class=\"fwpl-result\"><div class=\"fwpl-row el-8cjrpw\"><div class=\"fwpl-col el-1tvcxf\"><div class=\"fwpl-item el-c3s6cu\"><a href=\"https:\/\/uepc.org.ar\/conectate\/conversacion-con-jan-masschelein\/\" target=\"\"><img loading=\"lazy\" decoding=\"async\" width=\"550\" height=\"250\" src=\"https:\/\/uepc.org.ar\/conectate\/wp-content\/uploads\/2024\/11\/sobrelaescuela_01_masschelein_ban_iciec-550x250.png\" class=\"attachment-eris-archive-image-portrait size-eris-archive-image-portrait wp-post-image\" alt=\"\" srcset=\"https:\/\/uepc.org.ar\/conectate\/wp-content\/uploads\/2024\/11\/sobrelaescuela_01_masschelein_ban_iciec-550x250.png 550w, https:\/\/uepc.org.ar\/conectate\/wp-content\/uploads\/2024\/11\/sobrelaescuela_01_masschelein_ban_iciec-500x227.png 500w, https:\/\/uepc.org.ar\/conectate\/wp-content\/uploads\/2024\/11\/sobrelaescuela_01_masschelein_ban_iciec-1024x465.png 1024w, https:\/\/uepc.org.ar\/conectate\/wp-content\/uploads\/2024\/11\/sobrelaescuela_01_masschelein_ban_iciec-768x349.png 768w, https:\/\/uepc.org.ar\/conectate\/wp-content\/uploads\/2024\/11\/sobrelaescuela_01_masschelein_ban_iciec-160x73.png 160w, https:\/\/uepc.org.ar\/conectate\/wp-content\/uploads\/2024\/11\/sobrelaescuela_01_masschelein_ban_iciec.png 1100w\" sizes=\"auto, (max-width: 550px) 100vw, 550px\" \/><\/a><\/div><div class=\"fwpl-item el-fz703r uagb-post__title\"><a href=\"https:\/\/uepc.org.ar\/conectate\/conversacion-con-jan-masschelein\/\" target=\"\">Conversaci\u00f3n con Jan Masschelein<\/a><\/div><div class=\"fwpl-item el-56odc\">01\/11\/2024<\/div><\/div><\/div><\/div><div class=\"fwpl-result\"><div class=\"fwpl-row el-8cjrpw\"><div class=\"fwpl-col el-1tvcxf\"><div class=\"fwpl-item el-c3s6cu\"><a href=\"https:\/\/uepc.org.ar\/conectate\/sobre-la-escuela\/\" target=\"\"><img loading=\"lazy\" decoding=\"async\" width=\"550\" height=\"250\" src=\"https:\/\/uepc.org.ar\/conectate\/wp-content\/uploads\/2024\/11\/sobrelaescuela_gral_ban_iciec-550x250.png\" class=\"attachment-eris-archive-image-portrait size-eris-archive-image-portrait wp-post-image\" alt=\"\" srcset=\"https:\/\/uepc.org.ar\/conectate\/wp-content\/uploads\/2024\/11\/sobrelaescuela_gral_ban_iciec-550x250.png 550w, https:\/\/uepc.org.ar\/conectate\/wp-content\/uploads\/2024\/11\/sobrelaescuela_gral_ban_iciec-500x227.png 500w, https:\/\/uepc.org.ar\/conectate\/wp-content\/uploads\/2024\/11\/sobrelaescuela_gral_ban_iciec-1024x465.png 1024w, https:\/\/uepc.org.ar\/conectate\/wp-content\/uploads\/2024\/11\/sobrelaescuela_gral_ban_iciec-768x349.png 768w, https:\/\/uepc.org.ar\/conectate\/wp-content\/uploads\/2024\/11\/sobrelaescuela_gral_ban_iciec-160x73.png 160w, https:\/\/uepc.org.ar\/conectate\/wp-content\/uploads\/2024\/11\/sobrelaescuela_gral_ban_iciec.png 1100w\" sizes=\"auto, (max-width: 550px) 100vw, 550px\" \/><\/a><\/div><div class=\"fwpl-item el-fz703r uagb-post__title\"><a href=\"https:\/\/uepc.org.ar\/conectate\/sobre-la-escuela\/\" target=\"\">Sobre la escuela<\/a><\/div><div class=\"fwpl-item el-56odc\">01\/11\/2024<\/div><\/div><\/div><\/div><div class=\"fwpl-result\"><div class=\"fwpl-row el-8cjrpw\"><div class=\"fwpl-col el-1tvcxf\"><div class=\"fwpl-item el-c3s6cu\"><a href=\"https:\/\/uepc.org.ar\/conectate\/democratizar-ensenanza-myriam-southwel\/\" target=\"\"><img loading=\"lazy\" decoding=\"async\" width=\"550\" height=\"310\" src=\"https:\/\/uepc.org.ar\/conectate\/wp-content\/uploads\/2024\/08\/Flyers-Southwell_web-550x310.jpg\" class=\"attachment-eris-archive-image-portrait size-eris-archive-image-portrait wp-post-image\" alt=\"Flyers-Southwell-web\" srcset=\"https:\/\/uepc.org.ar\/conectate\/wp-content\/uploads\/2024\/08\/Flyers-Southwell_web-550x310.jpg 550w, https:\/\/uepc.org.ar\/conectate\/wp-content\/uploads\/2024\/08\/Flyers-Southwell_web-467x263.jpg 467w, https:\/\/uepc.org.ar\/conectate\/wp-content\/uploads\/2024\/08\/Flyers-Southwell_web-1024x577.jpg 1024w, https:\/\/uepc.org.ar\/conectate\/wp-content\/uploads\/2024\/08\/Flyers-Southwell_web-768x433.jpg 768w, https:\/\/uepc.org.ar\/conectate\/wp-content\/uploads\/2024\/08\/Flyers-Southwell_web-160x90.jpg 160w, https:\/\/uepc.org.ar\/conectate\/wp-content\/uploads\/2024\/08\/Flyers-Southwell_web.jpg 1200w\" sizes=\"auto, (max-width: 550px) 100vw, 550px\" \/><\/a><\/div><div class=\"fwpl-item el-fz703r uagb-post__title\"><a href=\"https:\/\/uepc.org.ar\/conectate\/democratizar-ensenanza-myriam-southwel\/\" target=\"\">Democratizar la ense\u00f1anza | Encuentro con Myriam Southwell<\/a><\/div><div class=\"fwpl-item el-56odc\">21\/08\/2024<\/div><\/div><\/div><\/div><div class=\"fwpl-result\"><div class=\"fwpl-row el-8cjrpw\"><div class=\"fwpl-col el-1tvcxf\"><div class=\"fwpl-item el-c3s6cu\"><a href=\"https:\/\/uepc.org.ar\/conectate\/cartilla-didactica-ensenanza-y-heterogeneidad\/\" target=\"\"><img loading=\"lazy\" decoding=\"async\" width=\"550\" height=\"250\" src=\"https:\/\/uepc.org.ar\/conectate\/wp-content\/uploads\/2024\/08\/iciec-flyerCartillaD04_w-550x250.jpg\" class=\"attachment-eris-archive-image-portrait size-eris-archive-image-portrait wp-post-image\" alt=\"\" srcset=\"https:\/\/uepc.org.ar\/conectate\/wp-content\/uploads\/2024\/08\/iciec-flyerCartillaD04_w-550x250.jpg 550w, https:\/\/uepc.org.ar\/conectate\/wp-content\/uploads\/2024\/08\/iciec-flyerCartillaD04_w-500x227.jpg 500w, https:\/\/uepc.org.ar\/conectate\/wp-content\/uploads\/2024\/08\/iciec-flyerCartillaD04_w-1024x465.jpg 1024w, https:\/\/uepc.org.ar\/conectate\/wp-content\/uploads\/2024\/08\/iciec-flyerCartillaD04_w-768x349.jpg 768w, https:\/\/uepc.org.ar\/conectate\/wp-content\/uploads\/2024\/08\/iciec-flyerCartillaD04_w-160x73.jpg 160w, https:\/\/uepc.org.ar\/conectate\/wp-content\/uploads\/2024\/08\/iciec-flyerCartillaD04_w.jpg 1100w\" sizes=\"auto, (max-width: 550px) 100vw, 550px\" \/><\/a><\/div><div class=\"fwpl-item el-fz703r uagb-post__title\"><a href=\"https:\/\/uepc.org.ar\/conectate\/cartilla-didactica-ensenanza-y-heterogeneidad\/\" target=\"\">Cartilla did\u00e1ctica | Ense\u00f1anza y heterogeneidad<\/a><\/div><div class=\"fwpl-item el-56odc\">12\/08\/2024<\/div><\/div><\/div><\/div><div class=\"fwpl-result\"><div class=\"fwpl-row el-8cjrpw\"><div class=\"fwpl-col el-1tvcxf\"><div class=\"fwpl-item el-c3s6cu\"><a href=\"https:\/\/uepc.org.ar\/conectate\/buentrato-ensenar-aprender\/\" target=\"\"><img loading=\"lazy\" decoding=\"async\" width=\"550\" height=\"250\" src=\"https:\/\/uepc.org.ar\/conectate\/wp-content\/uploads\/2024\/05\/buentrato_web_1-550x250.jpg\" class=\"attachment-eris-archive-image-portrait size-eris-archive-image-portrait wp-post-image\" alt=\"\" srcset=\"https:\/\/uepc.org.ar\/conectate\/wp-content\/uploads\/2024\/05\/buentrato_web_1-550x250.jpg 550w, https:\/\/uepc.org.ar\/conectate\/wp-content\/uploads\/2024\/05\/buentrato_web_1-500x227.jpg 500w, https:\/\/uepc.org.ar\/conectate\/wp-content\/uploads\/2024\/05\/buentrato_web_1-1024x465.jpg 1024w, https:\/\/uepc.org.ar\/conectate\/wp-content\/uploads\/2024\/05\/buentrato_web_1-768x349.jpg 768w, https:\/\/uepc.org.ar\/conectate\/wp-content\/uploads\/2024\/05\/buentrato_web_1-160x73.jpg 160w, https:\/\/uepc.org.ar\/conectate\/wp-content\/uploads\/2024\/05\/buentrato_web_1.jpg 1100w\" sizes=\"auto, (max-width: 550px) 100vw, 550px\" \/><\/a><\/div><div class=\"fwpl-item el-fz703r uagb-post__title\"><a href=\"https:\/\/uepc.org.ar\/conectate\/buentrato-ensenar-aprender\/\" target=\"\">Buentrato para ense\u00f1ar y aprender<\/a><\/div><div class=\"fwpl-item el-56odc\">13\/05\/2024<\/div><\/div><\/div><\/div><div class=\"fwpl-result\"><div class=\"fwpl-row el-8cjrpw\"><div class=\"fwpl-col el-1tvcxf\"><div class=\"fwpl-item el-c3s6cu\"><a href=\"https:\/\/uepc.org.ar\/conectate\/tecnologias-digitales-y-lenguajes-criterios-y-recomendaciones-para-construir-propuestas-didacticas\/\" target=\"\"><img loading=\"lazy\" decoding=\"async\" width=\"550\" height=\"250\" src=\"https:\/\/uepc.org.ar\/conectate\/wp-content\/uploads\/2024\/04\/iciec_difusion_tic_web-550x250.jpg\" class=\"attachment-eris-archive-image-portrait size-eris-archive-image-portrait wp-post-image\" alt=\"\" srcset=\"https:\/\/uepc.org.ar\/conectate\/wp-content\/uploads\/2024\/04\/iciec_difusion_tic_web-550x250.jpg 550w, https:\/\/uepc.org.ar\/conectate\/wp-content\/uploads\/2024\/04\/iciec_difusion_tic_web-500x227.jpg 500w, https:\/\/uepc.org.ar\/conectate\/wp-content\/uploads\/2024\/04\/iciec_difusion_tic_web-1024x465.jpg 1024w, https:\/\/uepc.org.ar\/conectate\/wp-content\/uploads\/2024\/04\/iciec_difusion_tic_web-768x349.jpg 768w, https:\/\/uepc.org.ar\/conectate\/wp-content\/uploads\/2024\/04\/iciec_difusion_tic_web-160x73.jpg 160w, https:\/\/uepc.org.ar\/conectate\/wp-content\/uploads\/2024\/04\/iciec_difusion_tic_web.jpg 1100w\" sizes=\"auto, (max-width: 550px) 100vw, 550px\" \/><\/a><\/div><div class=\"fwpl-item el-fz703r uagb-post__title\"><a href=\"https:\/\/uepc.org.ar\/conectate\/tecnologias-digitales-y-lenguajes-criterios-y-recomendaciones-para-construir-propuestas-didacticas\/\" target=\"\">Tecnolog\u00edas digitales y lenguajes: criterios y recomendaciones para construir propuestas did\u00e1cticas<\/a><\/div><div class=\"fwpl-item el-56odc\">12\/04\/2024<\/div><\/div><\/div><\/div><div class=\"fwpl-result\"><div class=\"fwpl-row el-8cjrpw\"><div class=\"fwpl-col el-1tvcxf\"><div class=\"fwpl-item el-c3s6cu\"><a href=\"https:\/\/uepc.org.ar\/conectate\/educacion-inicial-veronica-kaufmann-jaquelin-dandrea\/\" target=\"\"><img loading=\"lazy\" decoding=\"async\" width=\"550\" height=\"250\" src=\"https:\/\/uepc.org.ar\/conectate\/wp-content\/uploads\/2023\/12\/Entrevista-6-Trayectorias-nivel-Inicial-Veronica-Jaqueline-550x250.jpg\" class=\"attachment-eris-archive-image-portrait size-eris-archive-image-portrait wp-post-image\" alt=\"Entrevista-6-Trayectorias-nivel-Inicial-Ver\u00f3nica-Jaqueline\" srcset=\"https:\/\/uepc.org.ar\/conectate\/wp-content\/uploads\/2023\/12\/Entrevista-6-Trayectorias-nivel-Inicial-Veronica-Jaqueline-550x250.jpg 550w, https:\/\/uepc.org.ar\/conectate\/wp-content\/uploads\/2023\/12\/Entrevista-6-Trayectorias-nivel-Inicial-Veronica-Jaqueline-500x227.jpg 500w, https:\/\/uepc.org.ar\/conectate\/wp-content\/uploads\/2023\/12\/Entrevista-6-Trayectorias-nivel-Inicial-Veronica-Jaqueline-1024x466.jpg 1024w, https:\/\/uepc.org.ar\/conectate\/wp-content\/uploads\/2023\/12\/Entrevista-6-Trayectorias-nivel-Inicial-Veronica-Jaqueline-768x349.jpg 768w, https:\/\/uepc.org.ar\/conectate\/wp-content\/uploads\/2023\/12\/Entrevista-6-Trayectorias-nivel-Inicial-Veronica-Jaqueline-1536x698.jpg 1536w, https:\/\/uepc.org.ar\/conectate\/wp-content\/uploads\/2023\/12\/Entrevista-6-Trayectorias-nivel-Inicial-Veronica-Jaqueline-2048x931.jpg 2048w, https:\/\/uepc.org.ar\/conectate\/wp-content\/uploads\/2023\/12\/Entrevista-6-Trayectorias-nivel-Inicial-Veronica-Jaqueline-1600x727.jpg 1600w, https:\/\/uepc.org.ar\/conectate\/wp-content\/uploads\/2023\/12\/Entrevista-6-Trayectorias-nivel-Inicial-Veronica-Jaqueline-160x73.jpg 160w\" sizes=\"auto, (max-width: 550px) 100vw, 550px\" \/><\/a><\/div><div class=\"fwpl-item el-fz703r uagb-post__title\"><a href=\"https:\/\/uepc.org.ar\/conectate\/educacion-inicial-veronica-kaufmann-jaquelin-dandrea\/\" target=\"\">El acompa\u00f1amiento a las trayectorias escolares en la Educaci\u00f3n Inicial | Entrevistamos a Ver\u00f3nica Kaufmann y Jaquelina D'Andrea<\/a><\/div><div class=\"fwpl-item el-56odc\">20\/12\/2023<\/div><\/div><\/div><\/div><div class=\"fwpl-result\"><div class=\"fwpl-row el-8cjrpw\"><div class=\"fwpl-col el-1tvcxf\"><div class=\"fwpl-item el-c3s6cu\"><a href=\"https:\/\/uepc.org.ar\/conectate\/cartilla-didactica-ensenanza-democraticas\/\" target=\"\"><img loading=\"lazy\" decoding=\"async\" width=\"550\" height=\"251\" src=\"https:\/\/uepc.org.ar\/conectate\/wp-content\/uploads\/2023\/12\/iciec-flyerCartillaD03_w-550x251.jpg\" class=\"attachment-eris-archive-image-portrait size-eris-archive-image-portrait wp-post-image\" alt=\"\" srcset=\"https:\/\/uepc.org.ar\/conectate\/wp-content\/uploads\/2023\/12\/iciec-flyerCartillaD03_w-550x251.jpg 550w, https:\/\/uepc.org.ar\/conectate\/wp-content\/uploads\/2023\/12\/iciec-flyerCartillaD03_w-500x228.jpg 500w, https:\/\/uepc.org.ar\/conectate\/wp-content\/uploads\/2023\/12\/iciec-flyerCartillaD03_w-1024x466.jpg 1024w, https:\/\/uepc.org.ar\/conectate\/wp-content\/uploads\/2023\/12\/iciec-flyerCartillaD03_w-768x350.jpg 768w, https:\/\/uepc.org.ar\/conectate\/wp-content\/uploads\/2023\/12\/iciec-flyerCartillaD03_w-160x73.jpg 160w, https:\/\/uepc.org.ar\/conectate\/wp-content\/uploads\/2023\/12\/iciec-flyerCartillaD03_w.jpg 1100w\" sizes=\"auto, (max-width: 550px) 100vw, 550px\" \/><\/a><\/div><div class=\"fwpl-item el-fz703r uagb-post__title\"><a href=\"https:\/\/uepc.org.ar\/conectate\/cartilla-didactica-ensenanza-democraticas\/\" target=\"\">Cartilla did\u00e1ctica | Ense\u00f1anza y pr\u00e1cticas democr\u00e1ticas<\/a><\/div><div class=\"fwpl-item el-56odc\">04\/12\/2023<\/div><\/div><\/div><\/div><div class=\"fwpl-result\"><div class=\"fwpl-row el-8cjrpw\"><div class=\"fwpl-col el-1tvcxf\"><div class=\"fwpl-item el-c3s6cu\"><a href=\"https:\/\/uepc.org.ar\/conectate\/trayectorias-escolares-stimolo-cresta\/\" target=\"\"><img loading=\"lazy\" decoding=\"async\" width=\"550\" height=\"250\" src=\"https:\/\/uepc.org.ar\/conectate\/wp-content\/uploads\/2023\/09\/Trayectorias-escolares-transiciones-niveles-Entrevista-Analia-Stimolo-Cecilia-Cresta-550x250.jpg\" class=\"attachment-eris-archive-image-portrait size-eris-archive-image-portrait wp-post-image\" alt=\"Trayectorias-escolares-transiciones-niveles-Entrevista-Anal\u00eda-St\u00edmolo-Cecilia -Cresta\" srcset=\"https:\/\/uepc.org.ar\/conectate\/wp-content\/uploads\/2023\/09\/Trayectorias-escolares-transiciones-niveles-Entrevista-Analia-Stimolo-Cecilia-Cresta-550x250.jpg 550w, https:\/\/uepc.org.ar\/conectate\/wp-content\/uploads\/2023\/09\/Trayectorias-escolares-transiciones-niveles-Entrevista-Analia-Stimolo-Cecilia-Cresta-500x227.jpg 500w, https:\/\/uepc.org.ar\/conectate\/wp-content\/uploads\/2023\/09\/Trayectorias-escolares-transiciones-niveles-Entrevista-Analia-Stimolo-Cecilia-Cresta-1024x466.jpg 1024w, https:\/\/uepc.org.ar\/conectate\/wp-content\/uploads\/2023\/09\/Trayectorias-escolares-transiciones-niveles-Entrevista-Analia-Stimolo-Cecilia-Cresta-768x349.jpg 768w, https:\/\/uepc.org.ar\/conectate\/wp-content\/uploads\/2023\/09\/Trayectorias-escolares-transiciones-niveles-Entrevista-Analia-Stimolo-Cecilia-Cresta-1536x698.jpg 1536w, https:\/\/uepc.org.ar\/conectate\/wp-content\/uploads\/2023\/09\/Trayectorias-escolares-transiciones-niveles-Entrevista-Analia-Stimolo-Cecilia-Cresta-2048x931.jpg 2048w, https:\/\/uepc.org.ar\/conectate\/wp-content\/uploads\/2023\/09\/Trayectorias-escolares-transiciones-niveles-Entrevista-Analia-Stimolo-Cecilia-Cresta-1600x727.jpg 1600w, https:\/\/uepc.org.ar\/conectate\/wp-content\/uploads\/2023\/09\/Trayectorias-escolares-transiciones-niveles-Entrevista-Analia-Stimolo-Cecilia-Cresta-160x73.jpg 160w\" sizes=\"auto, (max-width: 550px) 100vw, 550px\" \/><\/a><\/div><div class=\"fwpl-item el-fz703r uagb-post__title\"><a href=\"https:\/\/uepc.org.ar\/conectate\/trayectorias-escolares-stimolo-cresta\/\" target=\"\">Trayectorias escolares y transiciones entre niveles | Entrevistamos a Anal\u00eda St\u00edmolo y Cecilia Cresta<\/a><\/div><div class=\"fwpl-item el-56odc\">06\/09\/2023<\/div><\/div><\/div><\/div><div class=\"fwpl-result\"><div class=\"fwpl-row el-8cjrpw\"><div class=\"fwpl-col el-1tvcxf\"><div class=\"fwpl-item el-c3s6cu\"><a href=\"https:\/\/uepc.org.ar\/conectate\/acompanamiento-oficio-estudiante-docente-moyano-aiassa\/\" target=\"\"><img loading=\"lazy\" decoding=\"async\" width=\"550\" height=\"250\" src=\"https:\/\/uepc.org.ar\/conectate\/wp-content\/uploads\/2023\/07\/Entrevista-5-acompanamiento-trayectorias-oficio-estudiante-docente-550x250.jpg\" class=\"attachment-eris-archive-image-portrait size-eris-archive-image-portrait wp-post-image\" alt=\"Entrevista-5-acompa\u00f1amiento-trayectorias-oficio-estudiante-docente\" srcset=\"https:\/\/uepc.org.ar\/conectate\/wp-content\/uploads\/2023\/07\/Entrevista-5-acompanamiento-trayectorias-oficio-estudiante-docente-550x250.jpg 550w, https:\/\/uepc.org.ar\/conectate\/wp-content\/uploads\/2023\/07\/Entrevista-5-acompanamiento-trayectorias-oficio-estudiante-docente-500x227.jpg 500w, https:\/\/uepc.org.ar\/conectate\/wp-content\/uploads\/2023\/07\/Entrevista-5-acompanamiento-trayectorias-oficio-estudiante-docente-1024x465.jpg 1024w, https:\/\/uepc.org.ar\/conectate\/wp-content\/uploads\/2023\/07\/Entrevista-5-acompanamiento-trayectorias-oficio-estudiante-docente-768x349.jpg 768w, https:\/\/uepc.org.ar\/conectate\/wp-content\/uploads\/2023\/07\/Entrevista-5-acompanamiento-trayectorias-oficio-estudiante-docente-1536x698.jpg 1536w, https:\/\/uepc.org.ar\/conectate\/wp-content\/uploads\/2023\/07\/Entrevista-5-acompanamiento-trayectorias-oficio-estudiante-docente-2048x931.jpg 2048w, https:\/\/uepc.org.ar\/conectate\/wp-content\/uploads\/2023\/07\/Entrevista-5-acompanamiento-trayectorias-oficio-estudiante-docente-1600x727.jpg 1600w, https:\/\/uepc.org.ar\/conectate\/wp-content\/uploads\/2023\/07\/Entrevista-5-acompanamiento-trayectorias-oficio-estudiante-docente-160x73.jpg 160w\" sizes=\"auto, (max-width: 550px) 100vw, 550px\" \/><\/a><\/div><div class=\"fwpl-item el-fz703r uagb-post__title\"><a href=\"https:\/\/uepc.org.ar\/conectate\/acompanamiento-oficio-estudiante-docente-moyano-aiassa\/\" target=\"\">Acompa\u00f1amiento a las trayectorias en el pasaje del oficio de estudiante al oficio docente | Entrevistamos a Estela Moyano y Rolando Aiassa<\/a><\/div><div class=\"fwpl-item el-56odc\">25\/07\/2023<\/div><\/div><\/div><\/div><div class=\"fwpl-result\"><div class=\"fwpl-row el-8cjrpw\"><div class=\"fwpl-col el-1tvcxf\"><div class=\"fwpl-item el-c3s6cu\"><a href=\"https:\/\/uepc.org.ar\/conectate\/cartilla-didactica-ensenanza-interes\/\" target=\"\"><img loading=\"lazy\" decoding=\"async\" width=\"550\" height=\"251\" src=\"https:\/\/uepc.org.ar\/conectate\/wp-content\/uploads\/2023\/06\/web-ebsenanza-e-interes-550x251.jpg\" class=\"attachment-eris-archive-image-portrait size-eris-archive-image-portrait wp-post-image\" alt=\"\" srcset=\"https:\/\/uepc.org.ar\/conectate\/wp-content\/uploads\/2023\/06\/web-ebsenanza-e-interes-550x251.jpg 550w, https:\/\/uepc.org.ar\/conectate\/wp-content\/uploads\/2023\/06\/web-ebsenanza-e-interes-500x228.jpg 500w, https:\/\/uepc.org.ar\/conectate\/wp-content\/uploads\/2023\/06\/web-ebsenanza-e-interes-1024x466.jpg 1024w, https:\/\/uepc.org.ar\/conectate\/wp-content\/uploads\/2023\/06\/web-ebsenanza-e-interes-768x350.jpg 768w, https:\/\/uepc.org.ar\/conectate\/wp-content\/uploads\/2023\/06\/web-ebsenanza-e-interes-160x73.jpg 160w, https:\/\/uepc.org.ar\/conectate\/wp-content\/uploads\/2023\/06\/web-ebsenanza-e-interes.jpg 1100w\" sizes=\"auto, (max-width: 550px) 100vw, 550px\" \/><\/a><\/div><div class=\"fwpl-item el-fz703r uagb-post__title\"><a href=\"https:\/\/uepc.org.ar\/conectate\/cartilla-didactica-ensenanza-interes\/\" target=\"\">Cartilla did\u00e1ctica | Ense\u00f1anza e inter\u00e9s. Desaf\u00edos, orientaciones y propuestas. \u00bfC\u00f3mo abordar esta relaci\u00f3n compleja en el aula?<\/a><\/div><div class=\"fwpl-item el-56odc\">16\/06\/2023<\/div><\/div><\/div><\/div><div class=\"fwpl-result\"><div class=\"fwpl-row el-8cjrpw\"><div class=\"fwpl-col el-1tvcxf\"><div class=\"fwpl-item el-c3s6cu\"><a href=\"https:\/\/uepc.org.ar\/conectate\/como-abordar-la-desigualdad-social-en-las-aulas-propuestas-de-ensenanza-para-la-escuela-secundaria\/\" target=\"\"><img loading=\"lazy\" decoding=\"async\" width=\"550\" height=\"251\" src=\"https:\/\/uepc.org.ar\/conectate\/wp-content\/uploads\/2023\/06\/iciec_desigualdad_web-550x251.jpg\" class=\"attachment-eris-archive-image-portrait size-eris-archive-image-portrait wp-post-image\" alt=\"\" srcset=\"https:\/\/uepc.org.ar\/conectate\/wp-content\/uploads\/2023\/06\/iciec_desigualdad_web-550x251.jpg 550w, https:\/\/uepc.org.ar\/conectate\/wp-content\/uploads\/2023\/06\/iciec_desigualdad_web-500x228.jpg 500w, https:\/\/uepc.org.ar\/conectate\/wp-content\/uploads\/2023\/06\/iciec_desigualdad_web-1024x466.jpg 1024w, https:\/\/uepc.org.ar\/conectate\/wp-content\/uploads\/2023\/06\/iciec_desigualdad_web-768x350.jpg 768w, https:\/\/uepc.org.ar\/conectate\/wp-content\/uploads\/2023\/06\/iciec_desigualdad_web-160x73.jpg 160w, https:\/\/uepc.org.ar\/conectate\/wp-content\/uploads\/2023\/06\/iciec_desigualdad_web.jpg 1100w\" sizes=\"auto, (max-width: 550px) 100vw, 550px\" \/><\/a><\/div><div class=\"fwpl-item el-fz703r uagb-post__title\"><a href=\"https:\/\/uepc.org.ar\/conectate\/como-abordar-la-desigualdad-social-en-las-aulas-propuestas-de-ensenanza-para-la-escuela-secundaria\/\" target=\"\">\u00bfC\u00f3mo abordar la desigualdad social en las aulas? Propuestas de ense\u00f1anza para la escuela secundaria<\/a><\/div><div class=\"fwpl-item el-56odc\">05\/06\/2023<\/div><\/div><\/div><\/div><div class=\"fwpl-result\"><div class=\"fwpl-row el-8cjrpw\"><div class=\"fwpl-col el-1tvcxf\"><div class=\"fwpl-item el-c3s6cu\"><a href=\"https:\/\/uepc.org.ar\/conectate\/jornada-por-el-derecho-a-la-educacion-panel-3-politicas-publicas-para-una-educacion-de-calidad\/\" target=\"\"><img loading=\"lazy\" decoding=\"async\" width=\"550\" height=\"309\" src=\"https:\/\/uepc.org.ar\/conectate\/wp-content\/uploads\/2023\/06\/PORTADA-PANEL-3-1-550x309.jpg\" class=\"attachment-eris-archive-image-portrait size-eris-archive-image-portrait wp-post-image\" alt=\"\" srcset=\"https:\/\/uepc.org.ar\/conectate\/wp-content\/uploads\/2023\/06\/PORTADA-PANEL-3-1-550x309.jpg 550w, https:\/\/uepc.org.ar\/conectate\/wp-content\/uploads\/2023\/06\/PORTADA-PANEL-3-1-468x263.jpg 468w, https:\/\/uepc.org.ar\/conectate\/wp-content\/uploads\/2023\/06\/PORTADA-PANEL-3-1-1024x576.jpg 1024w, https:\/\/uepc.org.ar\/conectate\/wp-content\/uploads\/2023\/06\/PORTADA-PANEL-3-1-768x432.jpg 768w, https:\/\/uepc.org.ar\/conectate\/wp-content\/uploads\/2023\/06\/PORTADA-PANEL-3-1-1536x864.jpg 1536w, https:\/\/uepc.org.ar\/conectate\/wp-content\/uploads\/2023\/06\/PORTADA-PANEL-3-1-1493x840.jpg 1493w, https:\/\/uepc.org.ar\/conectate\/wp-content\/uploads\/2023\/06\/PORTADA-PANEL-3-1-160x90.jpg 160w, https:\/\/uepc.org.ar\/conectate\/wp-content\/uploads\/2023\/06\/PORTADA-PANEL-3-1.jpg 1920w\" sizes=\"auto, (max-width: 550px) 100vw, 550px\" \/><\/a><\/div><div class=\"fwpl-item el-fz703r uagb-post__title\"><a href=\"https:\/\/uepc.org.ar\/conectate\/jornada-por-el-derecho-a-la-educacion-panel-3-politicas-publicas-para-una-educacion-de-calidad\/\" target=\"\">Jornada por el derecho a la Educaci\u00f3n |  Panel 3 | Pol\u00edticas p\u00fablicas para una educaci\u00f3n de calidad<\/a><\/div><div class=\"fwpl-item el-56odc\">02\/06\/2023<\/div><\/div><\/div><\/div><div class=\"fwpl-result\"><div class=\"fwpl-row el-8cjrpw\"><div class=\"fwpl-col el-1tvcxf\"><div class=\"fwpl-item el-c3s6cu\"><a href=\"https:\/\/uepc.org.ar\/conectate\/trayectorias-escolares-bruno-roberts\/\" target=\"\"><img loading=\"lazy\" decoding=\"async\" width=\"550\" height=\"250\" src=\"https:\/\/uepc.org.ar\/conectate\/wp-content\/uploads\/2023\/05\/entrevista-3-estudiantes-discapacidad-Claudia-Bruno-Cecyl-Roberts-2-550x250.jpg\" class=\"attachment-eris-archive-image-portrait size-eris-archive-image-portrait wp-post-image\" alt=\"entrevista-3-estudiantes-discapacidad-Claudia-Bruno-Cecyl-Roberts-2\" srcset=\"https:\/\/uepc.org.ar\/conectate\/wp-content\/uploads\/2023\/05\/entrevista-3-estudiantes-discapacidad-Claudia-Bruno-Cecyl-Roberts-2-550x250.jpg 550w, https:\/\/uepc.org.ar\/conectate\/wp-content\/uploads\/2023\/05\/entrevista-3-estudiantes-discapacidad-Claudia-Bruno-Cecyl-Roberts-2-500x227.jpg 500w, https:\/\/uepc.org.ar\/conectate\/wp-content\/uploads\/2023\/05\/entrevista-3-estudiantes-discapacidad-Claudia-Bruno-Cecyl-Roberts-2-1024x465.jpg 1024w, https:\/\/uepc.org.ar\/conectate\/wp-content\/uploads\/2023\/05\/entrevista-3-estudiantes-discapacidad-Claudia-Bruno-Cecyl-Roberts-2-768x349.jpg 768w, https:\/\/uepc.org.ar\/conectate\/wp-content\/uploads\/2023\/05\/entrevista-3-estudiantes-discapacidad-Claudia-Bruno-Cecyl-Roberts-2-160x73.jpg 160w, https:\/\/uepc.org.ar\/conectate\/wp-content\/uploads\/2023\/05\/entrevista-3-estudiantes-discapacidad-Claudia-Bruno-Cecyl-Roberts-2.jpg 1100w\" sizes=\"auto, (max-width: 550px) 100vw, 550px\" \/><\/a><\/div><div class=\"fwpl-item el-fz703r uagb-post__title\"><a href=\"https:\/\/uepc.org.ar\/conectate\/trayectorias-escolares-bruno-roberts\/\" target=\"\">Trayectorias escolares y acompa\u00f1amiento a estudiantes en proceso de inclusi\u00f3n | Entrevistamos a Claudia Bruno y Cecyl Roberts<\/a><\/div><div class=\"fwpl-item el-56odc\">30\/05\/2023<\/div><\/div><\/div><\/div><div class=\"fwpl-result\"><div class=\"fwpl-row el-8cjrpw\"><div class=\"fwpl-col el-1tvcxf\"><div class=\"fwpl-item el-c3s6cu\"><a href=\"https:\/\/uepc.org.ar\/conectate\/cartilla-didactica-ensenanza-planificacion\/\" target=\"\"><img loading=\"lazy\" decoding=\"async\" width=\"550\" height=\"251\" src=\"https:\/\/uepc.org.ar\/conectate\/wp-content\/uploads\/2023\/05\/iciec_flyerCartillaD01_w-550x251.jpg\" class=\"attachment-eris-archive-image-portrait size-eris-archive-image-portrait wp-post-image\" alt=\"\" srcset=\"https:\/\/uepc.org.ar\/conectate\/wp-content\/uploads\/2023\/05\/iciec_flyerCartillaD01_w-550x251.jpg 550w, https:\/\/uepc.org.ar\/conectate\/wp-content\/uploads\/2023\/05\/iciec_flyerCartillaD01_w-500x228.jpg 500w, https:\/\/uepc.org.ar\/conectate\/wp-content\/uploads\/2023\/05\/iciec_flyerCartillaD01_w-1024x466.jpg 1024w, https:\/\/uepc.org.ar\/conectate\/wp-content\/uploads\/2023\/05\/iciec_flyerCartillaD01_w-768x350.jpg 768w, https:\/\/uepc.org.ar\/conectate\/wp-content\/uploads\/2023\/05\/iciec_flyerCartillaD01_w-160x73.jpg 160w, https:\/\/uepc.org.ar\/conectate\/wp-content\/uploads\/2023\/05\/iciec_flyerCartillaD01_w.jpg 1100w\" sizes=\"auto, (max-width: 550px) 100vw, 550px\" \/><\/a><\/div><div class=\"fwpl-item el-fz703r uagb-post__title\"><a href=\"https:\/\/uepc.org.ar\/conectate\/cartilla-didactica-ensenanza-planificacion\/\" target=\"\">Cartilla did\u00e1ctica | Ense\u00f1anza y planificaci\u00f3n. Desaf\u00edos, orientaciones y propuestas. \u00bfC\u00f3mo abordar esta relaci\u00f3n compleja en el aula?<\/a><\/div><div class=\"fwpl-item el-56odc\">12\/05\/2023<\/div><\/div><\/div><\/div><div class=\"fwpl-result\"><div class=\"fwpl-row el-8cjrpw\"><div class=\"fwpl-col el-1tvcxf\"><div class=\"fwpl-item el-c3s6cu\"><a href=\"https:\/\/uepc.org.ar\/conectate\/desigualdades-educativas\/\" target=\"\"><img loading=\"lazy\" decoding=\"async\" width=\"550\" height=\"250\" src=\"https:\/\/uepc.org.ar\/conectate\/wp-content\/uploads\/2023\/04\/libro-PISA-banner-web-550x250.jpg\" class=\"attachment-eris-archive-image-portrait size-eris-archive-image-portrait wp-post-image\" alt=\"libro-PISA-banner-web\" srcset=\"https:\/\/uepc.org.ar\/conectate\/wp-content\/uploads\/2023\/04\/libro-PISA-banner-web-550x250.jpg 550w, https:\/\/uepc.org.ar\/conectate\/wp-content\/uploads\/2023\/04\/libro-PISA-banner-web-500x227.jpg 500w, https:\/\/uepc.org.ar\/conectate\/wp-content\/uploads\/2023\/04\/libro-PISA-banner-web-1024x465.jpg 1024w, https:\/\/uepc.org.ar\/conectate\/wp-content\/uploads\/2023\/04\/libro-PISA-banner-web-768x349.jpg 768w, https:\/\/uepc.org.ar\/conectate\/wp-content\/uploads\/2023\/04\/libro-PISA-banner-web-160x73.jpg 160w, https:\/\/uepc.org.ar\/conectate\/wp-content\/uploads\/2023\/04\/libro-PISA-banner-web.jpg 1100w\" sizes=\"auto, (max-width: 550px) 100vw, 550px\" \/><\/a><\/div><div class=\"fwpl-item el-fz703r uagb-post__title\"><a href=\"https:\/\/uepc.org.ar\/conectate\/desigualdades-educativas\/\" target=\"\">Desigualdades y desempe\u00f1os estudiantiles en la escuela secundaria<\/a><\/div><div class=\"fwpl-item el-56odc\">28\/04\/2023<\/div><\/div><\/div><\/div><div class=\"fwpl-result\"><div class=\"fwpl-row el-8cjrpw\"><div class=\"fwpl-col el-1tvcxf\"><div class=\"fwpl-item el-c3s6cu\"><a href=\"https:\/\/uepc.org.ar\/conectate\/trayectorias-escolares-clavero-piccolo\/\" target=\"\"><img loading=\"lazy\" decoding=\"async\" width=\"550\" height=\"250\" src=\"https:\/\/uepc.org.ar\/conectate\/wp-content\/uploads\/2023\/04\/entrevista-2-Romina-Clavero-Flavia-Piccolo-550x250.jpg\" class=\"attachment-eris-archive-image-portrait size-eris-archive-image-portrait wp-post-image\" alt=\"entrevista-2-Romina-Clavero-Flavia-P\u00edccolo\" srcset=\"https:\/\/uepc.org.ar\/conectate\/wp-content\/uploads\/2023\/04\/entrevista-2-Romina-Clavero-Flavia-Piccolo-550x250.jpg 550w, https:\/\/uepc.org.ar\/conectate\/wp-content\/uploads\/2023\/04\/entrevista-2-Romina-Clavero-Flavia-Piccolo-500x227.jpg 500w, https:\/\/uepc.org.ar\/conectate\/wp-content\/uploads\/2023\/04\/entrevista-2-Romina-Clavero-Flavia-Piccolo-1024x465.jpg 1024w, https:\/\/uepc.org.ar\/conectate\/wp-content\/uploads\/2023\/04\/entrevista-2-Romina-Clavero-Flavia-Piccolo-768x349.jpg 768w, https:\/\/uepc.org.ar\/conectate\/wp-content\/uploads\/2023\/04\/entrevista-2-Romina-Clavero-Flavia-Piccolo-160x73.jpg 160w, https:\/\/uepc.org.ar\/conectate\/wp-content\/uploads\/2023\/04\/entrevista-2-Romina-Clavero-Flavia-Piccolo.jpg 1100w\" sizes=\"auto, (max-width: 550px) 100vw, 550px\" \/><\/a><\/div><div class=\"fwpl-item el-fz703r uagb-post__title\"><a href=\"https:\/\/uepc.org.ar\/conectate\/trayectorias-escolares-clavero-piccolo\/\" target=\"\">Trayectorias escolares y funci\u00f3n tutorial | Entrevistamos a Romina Clavero y Flavia P\u00edccolo<\/a><\/div><div class=\"fwpl-item el-56odc\">20\/04\/2023<\/div><\/div><\/div><\/div><div class=\"fwpl-result\"><div class=\"fwpl-row el-8cjrpw\"><div class=\"fwpl-col el-1tvcxf\"><div class=\"fwpl-item el-c3s6cu\"><a href=\"https:\/\/uepc.org.ar\/conectate\/trayectorias-escolares-martino-lopez\/\" target=\"\"><img loading=\"lazy\" decoding=\"async\" width=\"550\" height=\"250\" src=\"https:\/\/uepc.org.ar\/conectate\/wp-content\/uploads\/2022\/09\/BANNER-WEB-550x250.jpg\" class=\"attachment-eris-archive-image-portrait size-eris-archive-image-portrait wp-post-image\" alt=\"\" srcset=\"https:\/\/uepc.org.ar\/conectate\/wp-content\/uploads\/2022\/09\/BANNER-WEB-550x250.jpg 550w, https:\/\/uepc.org.ar\/conectate\/wp-content\/uploads\/2022\/09\/BANNER-WEB-500x227.jpg 500w, https:\/\/uepc.org.ar\/conectate\/wp-content\/uploads\/2022\/09\/BANNER-WEB-1024x465.jpg 1024w, https:\/\/uepc.org.ar\/conectate\/wp-content\/uploads\/2022\/09\/BANNER-WEB-768x349.jpg 768w, https:\/\/uepc.org.ar\/conectate\/wp-content\/uploads\/2022\/09\/BANNER-WEB-160x73.jpg 160w, https:\/\/uepc.org.ar\/conectate\/wp-content\/uploads\/2022\/09\/BANNER-WEB.jpg 1100w\" sizes=\"auto, (max-width: 550px) 100vw, 550px\" \/><\/a><\/div><div class=\"fwpl-item el-fz703r uagb-post__title\"><a href=\"https:\/\/uepc.org.ar\/conectate\/trayectorias-escolares-martino-lopez\/\" target=\"\">Trayectorias escolares, ense\u00f1anza y trabajo docente | Entrevistamos a Andrea Martino y Mar\u00eda Eugenia Lopez<\/a><\/div><div class=\"fwpl-item el-56odc\">28\/03\/2023<\/div><\/div><\/div><\/div><div class=\"fwpl-result\"><div class=\"fwpl-row el-8cjrpw\"><div class=\"fwpl-col el-1tvcxf\"><div class=\"fwpl-item el-c3s6cu\"><a href=\"https:\/\/uepc.org.ar\/conectate\/proponer-hacer-si-pero-como-educacion-primaria\/\" target=\"\"><img loading=\"lazy\" decoding=\"async\" width=\"550\" height=\"251\" src=\"https:\/\/uepc.org.ar\/conectate\/wp-content\/uploads\/2023\/03\/ProponerHacer2022_flyer_web-550x251.jpg\" class=\"attachment-eris-archive-image-portrait size-eris-archive-image-portrait wp-post-image\" alt=\"\" srcset=\"https:\/\/uepc.org.ar\/conectate\/wp-content\/uploads\/2023\/03\/ProponerHacer2022_flyer_web-550x251.jpg 550w, https:\/\/uepc.org.ar\/conectate\/wp-content\/uploads\/2023\/03\/ProponerHacer2022_flyer_web-500x228.jpg 500w, https:\/\/uepc.org.ar\/conectate\/wp-content\/uploads\/2023\/03\/ProponerHacer2022_flyer_web-1024x466.jpg 1024w, https:\/\/uepc.org.ar\/conectate\/wp-content\/uploads\/2023\/03\/ProponerHacer2022_flyer_web-768x350.jpg 768w, https:\/\/uepc.org.ar\/conectate\/wp-content\/uploads\/2023\/03\/ProponerHacer2022_flyer_web-160x73.jpg 160w, https:\/\/uepc.org.ar\/conectate\/wp-content\/uploads\/2023\/03\/ProponerHacer2022_flyer_web.jpg 1100w\" sizes=\"auto, (max-width: 550px) 100vw, 550px\" \/><\/a><\/div><div class=\"fwpl-item el-fz703r uagb-post__title\"><a href=\"https:\/\/uepc.org.ar\/conectate\/proponer-hacer-si-pero-como-educacion-primaria\/\" target=\"\">Proponer hacer. S\u00ed, pero \u00bfc\u00f3mo? | Educaci\u00f3n Primaria<\/a><\/div><div class=\"fwpl-item el-56odc\">15\/03\/2023<\/div><\/div><\/div><\/div><div class=\"fwpl-result\"><div class=\"fwpl-row el-8cjrpw\"><div class=\"fwpl-col el-1tvcxf\"><div class=\"fwpl-item el-c3s6cu\"><a href=\"https:\/\/uepc.org.ar\/conectate\/la-esi-un-derecho-y-una-oportunidad\/\" target=\"\"><img loading=\"lazy\" decoding=\"async\" width=\"550\" height=\"310\" src=\"https:\/\/uepc.org.ar\/conectate\/wp-content\/uploads\/2021\/05\/iciec-flyer-NormativaEsi_1200x675-550x310.jpg\" class=\"attachment-eris-archive-image-portrait size-eris-archive-image-portrait wp-post-image\" alt=\"\" srcset=\"https:\/\/uepc.org.ar\/conectate\/wp-content\/uploads\/2021\/05\/iciec-flyer-NormativaEsi_1200x675-550x310.jpg 550w, https:\/\/uepc.org.ar\/conectate\/wp-content\/uploads\/2021\/05\/iciec-flyer-NormativaEsi_1200x675-467x263.jpg 467w, https:\/\/uepc.org.ar\/conectate\/wp-content\/uploads\/2021\/05\/iciec-flyer-NormativaEsi_1200x675-1024x577.jpg 1024w, https:\/\/uepc.org.ar\/conectate\/wp-content\/uploads\/2021\/05\/iciec-flyer-NormativaEsi_1200x675-768x433.jpg 768w, https:\/\/uepc.org.ar\/conectate\/wp-content\/uploads\/2021\/05\/iciec-flyer-NormativaEsi_1200x675-160x90.jpg 160w, https:\/\/uepc.org.ar\/conectate\/wp-content\/uploads\/2021\/05\/iciec-flyer-NormativaEsi_1200x675.jpg 1200w\" sizes=\"auto, (max-width: 550px) 100vw, 550px\" \/><\/a><\/div><div class=\"fwpl-item el-fz703r uagb-post__title\"><a href=\"https:\/\/uepc.org.ar\/conectate\/la-esi-un-derecho-y-una-oportunidad\/\" target=\"\">Educaci\u00f3n Sexual Integral | Marco normativo nacional e internacional<\/a><\/div><div class=\"fwpl-item el-56odc\">19\/08\/2022<\/div><\/div><\/div><\/div><div class=\"fwpl-result\"><div class=\"fwpl-row el-8cjrpw\"><div class=\"fwpl-col el-1tvcxf\"><div class=\"fwpl-item el-c3s6cu\"><a href=\"https:\/\/uepc.org.ar\/conectate\/hablemos-de-la-ensenanza-encuentro-con-mariana-maggio\/\" target=\"\"><img loading=\"lazy\" decoding=\"async\" width=\"550\" height=\"250\" src=\"https:\/\/uepc.org.ar\/conectate\/wp-content\/uploads\/2022\/08\/flyer_maggio_web-550x250.jpg\" class=\"attachment-eris-archive-image-portrait size-eris-archive-image-portrait wp-post-image\" alt=\"\" srcset=\"https:\/\/uepc.org.ar\/conectate\/wp-content\/uploads\/2022\/08\/flyer_maggio_web-550x250.jpg 550w, https:\/\/uepc.org.ar\/conectate\/wp-content\/uploads\/2022\/08\/flyer_maggio_web-500x227.jpg 500w, https:\/\/uepc.org.ar\/conectate\/wp-content\/uploads\/2022\/08\/flyer_maggio_web-1024x465.jpg 1024w, https:\/\/uepc.org.ar\/conectate\/wp-content\/uploads\/2022\/08\/flyer_maggio_web-768x349.jpg 768w, https:\/\/uepc.org.ar\/conectate\/wp-content\/uploads\/2022\/08\/flyer_maggio_web-160x73.jpg 160w, https:\/\/uepc.org.ar\/conectate\/wp-content\/uploads\/2022\/08\/flyer_maggio_web.jpg 1100w\" sizes=\"auto, (max-width: 550px) 100vw, 550px\" \/><\/a><\/div><div class=\"fwpl-item el-fz703r uagb-post__title\"><a href=\"https:\/\/uepc.org.ar\/conectate\/hablemos-de-la-ensenanza-encuentro-con-mariana-maggio\/\" target=\"\">Hablemos de la ense\u00f1anza | Encuentro con Mariana Maggio<\/a><\/div><div class=\"fwpl-item el-56odc\">03\/08\/2022<\/div><\/div><\/div><\/div><div class=\"fwpl-result\"><div class=\"fwpl-row el-8cjrpw\"><div class=\"fwpl-col el-1tvcxf\"><div class=\"fwpl-item el-c3s6cu\"><a href=\"https:\/\/uepc.org.ar\/conectate\/para-nosotras-el-cordobazo-por-zulema-miretti\/\" target=\"\"><img loading=\"lazy\" decoding=\"async\" width=\"550\" height=\"266\" src=\"https:\/\/uepc.org.ar\/conectate\/wp-content\/uploads\/2022\/05\/intersindical-c-100-550x266.jpg\" class=\"attachment-eris-archive-image-portrait size-eris-archive-image-portrait wp-post-image\" alt=\"\" srcset=\"https:\/\/uepc.org.ar\/conectate\/wp-content\/uploads\/2022\/05\/intersindical-c-100-550x266.jpg 550w, https:\/\/uepc.org.ar\/conectate\/wp-content\/uploads\/2022\/05\/intersindical-c-100-500x242.jpg 500w, https:\/\/uepc.org.ar\/conectate\/wp-content\/uploads\/2022\/05\/intersindical-c-100-1024x495.jpg 1024w, https:\/\/uepc.org.ar\/conectate\/wp-content\/uploads\/2022\/05\/intersindical-c-100-768x371.jpg 768w, https:\/\/uepc.org.ar\/conectate\/wp-content\/uploads\/2022\/05\/intersindical-c-100-1536x742.jpg 1536w, https:\/\/uepc.org.ar\/conectate\/wp-content\/uploads\/2022\/05\/intersindical-c-100-2048x989.jpg 2048w, https:\/\/uepc.org.ar\/conectate\/wp-content\/uploads\/2022\/05\/intersindical-c-100-1600x773.jpg 1600w, https:\/\/uepc.org.ar\/conectate\/wp-content\/uploads\/2022\/05\/intersindical-c-100-160x77.jpg 160w\" sizes=\"auto, (max-width: 550px) 100vw, 550px\" \/><\/a><\/div><div class=\"fwpl-item el-fz703r uagb-post__title\"><a href=\"https:\/\/uepc.org.ar\/conectate\/para-nosotras-el-cordobazo-por-zulema-miretti\/\" target=\"\">Para nosotras, el Cordobazo | Por Zulema Miretti<\/a><\/div><div class=\"fwpl-item el-56odc\">19\/05\/2022<\/div><\/div><\/div><\/div><div class=\"fwpl-result\"><div class=\"fwpl-row el-8cjrpw\"><div class=\"fwpl-col el-1tvcxf\"><div class=\"fwpl-item el-c3s6cu\"><a href=\"https:\/\/uepc.org.ar\/conectate\/una-pedagogia-del-cordobazo-por-juan-monserrat\/\" target=\"\"><img loading=\"lazy\" decoding=\"async\" width=\"550\" height=\"302\" src=\"https:\/\/uepc.org.ar\/conectate\/wp-content\/uploads\/2021\/05\/cordobazo11-550x302.jpg\" class=\"attachment-eris-archive-image-portrait size-eris-archive-image-portrait wp-post-image\" alt=\"\" srcset=\"https:\/\/uepc.org.ar\/conectate\/wp-content\/uploads\/2021\/05\/cordobazo11-550x302.jpg 550w, https:\/\/uepc.org.ar\/conectate\/wp-content\/uploads\/2021\/05\/cordobazo11-479x263.jpg 479w, https:\/\/uepc.org.ar\/conectate\/wp-content\/uploads\/2021\/05\/cordobazo11-1024x563.jpg 1024w, https:\/\/uepc.org.ar\/conectate\/wp-content\/uploads\/2021\/05\/cordobazo11-768x422.jpg 768w, https:\/\/uepc.org.ar\/conectate\/wp-content\/uploads\/2021\/05\/cordobazo11-160x88.jpg 160w, https:\/\/uepc.org.ar\/conectate\/wp-content\/uploads\/2021\/05\/cordobazo11.jpg 1072w\" sizes=\"auto, (max-width: 550px) 100vw, 550px\" \/><\/a><\/div><div class=\"fwpl-item el-fz703r uagb-post__title\"><a href=\"https:\/\/uepc.org.ar\/conectate\/una-pedagogia-del-cordobazo-por-juan-monserrat\/\" target=\"\">Una pedagog\u00eda del Cordobazo | Por Juan Monserrat<\/a><\/div><div class=\"fwpl-item el-56odc\">19\/05\/2022<\/div><\/div><\/div><\/div><div class=\"fwpl-result\"><div class=\"fwpl-row el-8cjrpw\"><div class=\"fwpl-col el-1tvcxf\"><div class=\"fwpl-item el-c3s6cu\"><a href=\"https:\/\/uepc.org.ar\/conectate\/a-15-anos-de-la-esi-analisis-de-tendencias-nacionales-y-provinciales\/\" target=\"\"><img loading=\"lazy\" decoding=\"async\" width=\"550\" height=\"251\" src=\"https:\/\/uepc.org.ar\/conectate\/wp-content\/uploads\/2022\/05\/iciec_Esi_Aprender_web-550x251.jpg\" class=\"attachment-eris-archive-image-portrait size-eris-archive-image-portrait wp-post-image\" alt=\"\" srcset=\"https:\/\/uepc.org.ar\/conectate\/wp-content\/uploads\/2022\/05\/iciec_Esi_Aprender_web-550x251.jpg 550w, https:\/\/uepc.org.ar\/conectate\/wp-content\/uploads\/2022\/05\/iciec_Esi_Aprender_web-500x228.jpg 500w, https:\/\/uepc.org.ar\/conectate\/wp-content\/uploads\/2022\/05\/iciec_Esi_Aprender_web-1024x466.jpg 1024w, https:\/\/uepc.org.ar\/conectate\/wp-content\/uploads\/2022\/05\/iciec_Esi_Aprender_web-768x350.jpg 768w, https:\/\/uepc.org.ar\/conectate\/wp-content\/uploads\/2022\/05\/iciec_Esi_Aprender_web-160x73.jpg 160w, https:\/\/uepc.org.ar\/conectate\/wp-content\/uploads\/2022\/05\/iciec_Esi_Aprender_web.jpg 1100w\" sizes=\"auto, (max-width: 550px) 100vw, 550px\" \/><\/a><\/div><div class=\"fwpl-item el-fz703r uagb-post__title\"><a href=\"https:\/\/uepc.org.ar\/conectate\/a-15-anos-de-la-esi-analisis-de-tendencias-nacionales-y-provinciales\/\" target=\"\">Aportes para el debate educativo | A 15 a\u00f1os de la ESI<\/a><\/div><div class=\"fwpl-item el-56odc\">09\/05\/2022<\/div><\/div><\/div><\/div><div class=\"fwpl-result\"><div class=\"fwpl-row el-8cjrpw\"><div class=\"fwpl-col el-1tvcxf\"><div class=\"fwpl-item el-c3s6cu\"><a href=\"https:\/\/uepc.org.ar\/conectate\/por-que-la-educacion-hoy-las-preguntas-que-nos-hacemos-las-inquietudes-que-nos-habitan-encuentro-con-graciela-frigerio\/\" target=\"\"><img loading=\"lazy\" decoding=\"async\" width=\"550\" height=\"310\" src=\"https:\/\/uepc.org.ar\/conectate\/wp-content\/uploads\/2021\/11\/flyers-frigerio_web-550x310.jpg\" class=\"attachment-eris-archive-image-portrait size-eris-archive-image-portrait wp-post-image\" alt=\"\" srcset=\"https:\/\/uepc.org.ar\/conectate\/wp-content\/uploads\/2021\/11\/flyers-frigerio_web-550x310.jpg 550w, https:\/\/uepc.org.ar\/conectate\/wp-content\/uploads\/2021\/11\/flyers-frigerio_web-467x263.jpg 467w, https:\/\/uepc.org.ar\/conectate\/wp-content\/uploads\/2021\/11\/flyers-frigerio_web-1024x577.jpg 1024w, https:\/\/uepc.org.ar\/conectate\/wp-content\/uploads\/2021\/11\/flyers-frigerio_web-768x433.jpg 768w, https:\/\/uepc.org.ar\/conectate\/wp-content\/uploads\/2021\/11\/flyers-frigerio_web-160x90.jpg 160w, https:\/\/uepc.org.ar\/conectate\/wp-content\/uploads\/2021\/11\/flyers-frigerio_web.jpg 1200w\" sizes=\"auto, (max-width: 550px) 100vw, 550px\" \/><\/a><\/div><div class=\"fwpl-item el-fz703r uagb-post__title\"><a href=\"https:\/\/uepc.org.ar\/conectate\/por-que-la-educacion-hoy-las-preguntas-que-nos-hacemos-las-inquietudes-que-nos-habitan-encuentro-con-graciela-frigerio\/\" target=\"\">\u00bfPor qu\u00e9 la educaci\u00f3n hoy? | Encuentro con Graciela Frigerio<\/a><\/div><div class=\"fwpl-item el-56odc\">16\/11\/2021<\/div><\/div><\/div><\/div><div class=\"fwpl-result\"><div class=\"fwpl-row el-8cjrpw\"><div class=\"fwpl-col el-1tvcxf\"><div class=\"fwpl-item el-c3s6cu\"><a href=\"https:\/\/uepc.org.ar\/conectate\/problematicas-y-desafios-vinculados-a-la-ciudadania-digital\/\" target=\"\"><img loading=\"lazy\" decoding=\"async\" width=\"550\" height=\"309\" src=\"https:\/\/uepc.org.ar\/conectate\/wp-content\/uploads\/2021\/10\/flyer-cuadernoTIC-05_web-550x309.jpg\" class=\"attachment-eris-archive-image-portrait size-eris-archive-image-portrait wp-post-image\" alt=\"\" srcset=\"https:\/\/uepc.org.ar\/conectate\/wp-content\/uploads\/2021\/10\/flyer-cuadernoTIC-05_web-550x309.jpg 550w, https:\/\/uepc.org.ar\/conectate\/wp-content\/uploads\/2021\/10\/flyer-cuadernoTIC-05_web-468x263.jpg 468w, https:\/\/uepc.org.ar\/conectate\/wp-content\/uploads\/2021\/10\/flyer-cuadernoTIC-05_web-1024x576.jpg 1024w, https:\/\/uepc.org.ar\/conectate\/wp-content\/uploads\/2021\/10\/flyer-cuadernoTIC-05_web-768x432.jpg 768w, https:\/\/uepc.org.ar\/conectate\/wp-content\/uploads\/2021\/10\/flyer-cuadernoTIC-05_web-160x90.jpg 160w, https:\/\/uepc.org.ar\/conectate\/wp-content\/uploads\/2021\/10\/flyer-cuadernoTIC-05_web.jpg 1200w\" sizes=\"auto, (max-width: 550px) 100vw, 550px\" \/><\/a><\/div><div class=\"fwpl-item el-fz703r uagb-post__title\"><a href=\"https:\/\/uepc.org.ar\/conectate\/problematicas-y-desafios-vinculados-a-la-ciudadania-digital\/\" target=\"\">Problem\u00e1ticas y desaf\u00edos vinculados a la ciudadan\u00eda digital<\/a><\/div><div class=\"fwpl-item el-56odc\">12\/10\/2021<\/div><\/div><\/div><\/div><div class=\"fwpl-result\"><div class=\"fwpl-row el-8cjrpw\"><div class=\"fwpl-col el-1tvcxf\"><div class=\"fwpl-item el-c3s6cu\"><a href=\"https:\/\/uepc.org.ar\/conectate\/integracion-de-saberes-en-clave-de-indagacion-escolar-nivel-secundario\/\" target=\"\"><img loading=\"lazy\" decoding=\"async\" width=\"550\" height=\"310\" src=\"https:\/\/uepc.org.ar\/conectate\/wp-content\/uploads\/2021\/10\/flyer_CN_3_Sec_1200x675-1-550x310.jpg\" class=\"attachment-eris-archive-image-portrait size-eris-archive-image-portrait wp-post-image\" alt=\"\" srcset=\"https:\/\/uepc.org.ar\/conectate\/wp-content\/uploads\/2021\/10\/flyer_CN_3_Sec_1200x675-1-550x310.jpg 550w, https:\/\/uepc.org.ar\/conectate\/wp-content\/uploads\/2021\/10\/flyer_CN_3_Sec_1200x675-1-467x263.jpg 467w, https:\/\/uepc.org.ar\/conectate\/wp-content\/uploads\/2021\/10\/flyer_CN_3_Sec_1200x675-1-1024x577.jpg 1024w, https:\/\/uepc.org.ar\/conectate\/wp-content\/uploads\/2021\/10\/flyer_CN_3_Sec_1200x675-1-768x433.jpg 768w, https:\/\/uepc.org.ar\/conectate\/wp-content\/uploads\/2021\/10\/flyer_CN_3_Sec_1200x675-1-160x90.jpg 160w, https:\/\/uepc.org.ar\/conectate\/wp-content\/uploads\/2021\/10\/flyer_CN_3_Sec_1200x675-1.jpg 1200w\" sizes=\"auto, (max-width: 550px) 100vw, 550px\" \/><\/a><\/div><div class=\"fwpl-item el-fz703r uagb-post__title\"><a href=\"https:\/\/uepc.org.ar\/conectate\/integracion-de-saberes-en-clave-de-indagacion-escolar-nivel-secundario\/\" target=\"\">Integraci\u00f3n de saberes en clave de indagaci\u00f3n escolar | Nivel Secundario<\/a><\/div><div class=\"fwpl-item el-56odc\">04\/10\/2021<\/div><\/div><\/div><\/div><div class=\"fwpl-result\"><div class=\"fwpl-row el-8cjrpw\"><div class=\"fwpl-col el-1tvcxf\"><div class=\"fwpl-item el-c3s6cu\"><a href=\"https:\/\/uepc.org.ar\/conectate\/integracion-de-saberes-en-clave-de-indagacion-escolar-nivel-primario\/\" target=\"\"><img loading=\"lazy\" decoding=\"async\" width=\"550\" height=\"250\" src=\"https:\/\/uepc.org.ar\/conectate\/wp-content\/uploads\/2021\/09\/flyer-CN3-Primaria_web-1-550x250.jpg\" class=\"attachment-eris-archive-image-portrait size-eris-archive-image-portrait wp-post-image\" alt=\"\" srcset=\"https:\/\/uepc.org.ar\/conectate\/wp-content\/uploads\/2021\/09\/flyer-CN3-Primaria_web-1-550x250.jpg 550w, https:\/\/uepc.org.ar\/conectate\/wp-content\/uploads\/2021\/09\/flyer-CN3-Primaria_web-1-500x227.jpg 500w, https:\/\/uepc.org.ar\/conectate\/wp-content\/uploads\/2021\/09\/flyer-CN3-Primaria_web-1-1024x465.jpg 1024w, https:\/\/uepc.org.ar\/conectate\/wp-content\/uploads\/2021\/09\/flyer-CN3-Primaria_web-1-768x349.jpg 768w, https:\/\/uepc.org.ar\/conectate\/wp-content\/uploads\/2021\/09\/flyer-CN3-Primaria_web-1-160x73.jpg 160w, https:\/\/uepc.org.ar\/conectate\/wp-content\/uploads\/2021\/09\/flyer-CN3-Primaria_web-1.jpg 1100w\" sizes=\"auto, (max-width: 550px) 100vw, 550px\" \/><\/a><\/div><div class=\"fwpl-item el-fz703r uagb-post__title\"><a href=\"https:\/\/uepc.org.ar\/conectate\/integracion-de-saberes-en-clave-de-indagacion-escolar-nivel-primario\/\" target=\"\">Integraci\u00f3n de saberes en clave de indagaci\u00f3n escolar | Nivel Primario<\/a><\/div><div class=\"fwpl-item el-56odc\">27\/09\/2021<\/div><\/div><\/div><\/div><div class=\"fwpl-result\"><div class=\"fwpl-row el-8cjrpw\"><div class=\"fwpl-col el-1tvcxf\"><div class=\"fwpl-item el-c3s6cu\"><a href=\"https:\/\/uepc.org.ar\/conectate\/producciones-fotograficas-digitales-para-el-aula\/\" target=\"\"><img loading=\"lazy\" decoding=\"async\" width=\"550\" height=\"313\" src=\"https:\/\/uepc.org.ar\/conectate\/wp-content\/uploads\/2021\/08\/flyerTIC04_1200x675-550x313.jpg\" class=\"attachment-eris-archive-image-portrait size-eris-archive-image-portrait wp-post-image\" alt=\"\" srcset=\"https:\/\/uepc.org.ar\/conectate\/wp-content\/uploads\/2021\/08\/flyerTIC04_1200x675-550x313.jpg 550w, https:\/\/uepc.org.ar\/conectate\/wp-content\/uploads\/2021\/08\/flyerTIC04_1200x675-462x263.jpg 462w, https:\/\/uepc.org.ar\/conectate\/wp-content\/uploads\/2021\/08\/flyerTIC04_1200x675-1024x583.jpg 1024w, https:\/\/uepc.org.ar\/conectate\/wp-content\/uploads\/2021\/08\/flyerTIC04_1200x675-768x437.jpg 768w, https:\/\/uepc.org.ar\/conectate\/wp-content\/uploads\/2021\/08\/flyerTIC04_1200x675-160x91.jpg 160w, https:\/\/uepc.org.ar\/conectate\/wp-content\/uploads\/2021\/08\/flyerTIC04_1200x675.jpg 1218w\" sizes=\"auto, (max-width: 550px) 100vw, 550px\" \/><\/a><\/div><div class=\"fwpl-item el-fz703r uagb-post__title\"><a href=\"https:\/\/uepc.org.ar\/conectate\/producciones-fotograficas-digitales-para-el-aula\/\" target=\"\">TIC | Producciones fotogr\u00e1ficas digitales para el aula<\/a><\/div><div class=\"fwpl-item el-56odc\">07\/09\/2021<\/div><\/div><\/div><\/div><div class=\"fwpl-result\"><div class=\"fwpl-row el-8cjrpw\"><div class=\"fwpl-col el-1tvcxf\"><div class=\"fwpl-item el-c3s6cu\"><a href=\"https:\/\/uepc.org.ar\/conectate\/es-igualdad-en-pandemia-nivel-secundario\/\" target=\"\"><img loading=\"lazy\" decoding=\"async\" width=\"550\" height=\"309\" src=\"https:\/\/uepc.org.ar\/conectate\/wp-content\/uploads\/2021\/08\/Flyer-ESI-1200x675-550x309.jpg\" class=\"attachment-eris-archive-image-portrait size-eris-archive-image-portrait wp-post-image\" alt=\"\" srcset=\"https:\/\/uepc.org.ar\/conectate\/wp-content\/uploads\/2021\/08\/Flyer-ESI-1200x675-550x309.jpg 550w, https:\/\/uepc.org.ar\/conectate\/wp-content\/uploads\/2021\/08\/Flyer-ESI-1200x675-468x263.jpg 468w, https:\/\/uepc.org.ar\/conectate\/wp-content\/uploads\/2021\/08\/Flyer-ESI-1200x675-1024x576.jpg 1024w, https:\/\/uepc.org.ar\/conectate\/wp-content\/uploads\/2021\/08\/Flyer-ESI-1200x675-768x432.jpg 768w, https:\/\/uepc.org.ar\/conectate\/wp-content\/uploads\/2021\/08\/Flyer-ESI-1200x675-160x90.jpg 160w, https:\/\/uepc.org.ar\/conectate\/wp-content\/uploads\/2021\/08\/Flyer-ESI-1200x675.jpg 1200w\" sizes=\"auto, (max-width: 550px) 100vw, 550px\" \/><\/a><\/div><div class=\"fwpl-item el-fz703r uagb-post__title\"><a href=\"https:\/\/uepc.org.ar\/conectate\/es-igualdad-en-pandemia-nivel-secundario\/\" target=\"\">Es Igualdad en pandemia | Nivel Secundario<\/a><\/div><div class=\"fwpl-item el-56odc\">24\/08\/2021<\/div><\/div><\/div><\/div><div class=\"fwpl-result\"><div class=\"fwpl-row el-8cjrpw\"><div class=\"fwpl-col el-1tvcxf\"><div class=\"fwpl-item el-c3s6cu\"><a href=\"https:\/\/uepc.org.ar\/conectate\/la-casa-como-espacio-de-indagacion-en-ciencias-naturales-nivel-secundario\/\" target=\"\"><img loading=\"lazy\" decoding=\"async\" width=\"550\" height=\"310\" src=\"https:\/\/uepc.org.ar\/conectate\/wp-content\/uploads\/2021\/08\/bannerweb-cuadernoNaturales-Secun_1200x675-550x310.jpg\" class=\"attachment-eris-archive-image-portrait size-eris-archive-image-portrait wp-post-image\" alt=\"\" srcset=\"https:\/\/uepc.org.ar\/conectate\/wp-content\/uploads\/2021\/08\/bannerweb-cuadernoNaturales-Secun_1200x675-550x310.jpg 550w, https:\/\/uepc.org.ar\/conectate\/wp-content\/uploads\/2021\/08\/bannerweb-cuadernoNaturales-Secun_1200x675-467x263.jpg 467w, https:\/\/uepc.org.ar\/conectate\/wp-content\/uploads\/2021\/08\/bannerweb-cuadernoNaturales-Secun_1200x675-1024x577.jpg 1024w, https:\/\/uepc.org.ar\/conectate\/wp-content\/uploads\/2021\/08\/bannerweb-cuadernoNaturales-Secun_1200x675-768x433.jpg 768w, https:\/\/uepc.org.ar\/conectate\/wp-content\/uploads\/2021\/08\/bannerweb-cuadernoNaturales-Secun_1200x675-160x90.jpg 160w, https:\/\/uepc.org.ar\/conectate\/wp-content\/uploads\/2021\/08\/bannerweb-cuadernoNaturales-Secun_1200x675.jpg 1200w\" sizes=\"auto, (max-width: 550px) 100vw, 550px\" \/><\/a><\/div><div class=\"fwpl-item el-fz703r uagb-post__title\"><a href=\"https:\/\/uepc.org.ar\/conectate\/la-casa-como-espacio-de-indagacion-en-ciencias-naturales-nivel-secundario\/\" target=\"\">La casa como espacio de indagaci\u00f3n en Ciencias Naturales | Nivel Secundario<\/a><\/div><div class=\"fwpl-item el-56odc\">17\/08\/2021<\/div><\/div><\/div><\/div><div class=\"fwpl-result\"><div class=\"fwpl-row el-8cjrpw\"><div class=\"fwpl-col el-1tvcxf\"><div class=\"fwpl-item el-c3s6cu\"><a href=\"https:\/\/uepc.org.ar\/conectate\/la-casa-como-espacio-de-indagacion-en-ciencias-naturales\/\" target=\"\"><img loading=\"lazy\" decoding=\"async\" width=\"550\" height=\"310\" src=\"https:\/\/uepc.org.ar\/conectate\/wp-content\/uploads\/2021\/08\/NUEVO-BANNER-WEB-NATURALES-PRIMARIA-550x310.jpg\" class=\"attachment-eris-archive-image-portrait size-eris-archive-image-portrait wp-post-image\" alt=\"\" srcset=\"https:\/\/uepc.org.ar\/conectate\/wp-content\/uploads\/2021\/08\/NUEVO-BANNER-WEB-NATURALES-PRIMARIA-550x310.jpg 550w, https:\/\/uepc.org.ar\/conectate\/wp-content\/uploads\/2021\/08\/NUEVO-BANNER-WEB-NATURALES-PRIMARIA-467x263.jpg 467w, https:\/\/uepc.org.ar\/conectate\/wp-content\/uploads\/2021\/08\/NUEVO-BANNER-WEB-NATURALES-PRIMARIA-1024x577.jpg 1024w, https:\/\/uepc.org.ar\/conectate\/wp-content\/uploads\/2021\/08\/NUEVO-BANNER-WEB-NATURALES-PRIMARIA-768x433.jpg 768w, https:\/\/uepc.org.ar\/conectate\/wp-content\/uploads\/2021\/08\/NUEVO-BANNER-WEB-NATURALES-PRIMARIA-160x90.jpg 160w, https:\/\/uepc.org.ar\/conectate\/wp-content\/uploads\/2021\/08\/NUEVO-BANNER-WEB-NATURALES-PRIMARIA.jpg 1200w\" sizes=\"auto, (max-width: 550px) 100vw, 550px\" \/><\/a><\/div><div class=\"fwpl-item el-fz703r uagb-post__title\"><a href=\"https:\/\/uepc.org.ar\/conectate\/la-casa-como-espacio-de-indagacion-en-ciencias-naturales\/\" target=\"\">La casa como espacio de indagaci\u00f3n en Ciencias Naturales | Nivel Primario<\/a><\/div><div class=\"fwpl-item el-56odc\">11\/08\/2021<\/div><\/div><\/div><\/div><div class=\"fwpl-result\"><div class=\"fwpl-row el-8cjrpw\"><div class=\"fwpl-col el-1tvcxf\"><div class=\"fwpl-item el-c3s6cu\"><a href=\"https:\/\/uepc.org.ar\/conectate\/radiografia-de-la-educacion-secundaria-argentina-en-el-siglo-xxi\/\" target=\"\"><img loading=\"lazy\" decoding=\"async\" width=\"550\" height=\"309\" src=\"https:\/\/uepc.org.ar\/conectate\/wp-content\/uploads\/2021\/07\/13-FlyerWEB-1200X675-550x309.jpg\" class=\"attachment-eris-archive-image-portrait size-eris-archive-image-portrait wp-post-image\" alt=\"\" srcset=\"https:\/\/uepc.org.ar\/conectate\/wp-content\/uploads\/2021\/07\/13-FlyerWEB-1200X675-550x309.jpg 550w, https:\/\/uepc.org.ar\/conectate\/wp-content\/uploads\/2021\/07\/13-FlyerWEB-1200X675-468x263.jpg 468w, https:\/\/uepc.org.ar\/conectate\/wp-content\/uploads\/2021\/07\/13-FlyerWEB-1200X675-1024x576.jpg 1024w, https:\/\/uepc.org.ar\/conectate\/wp-content\/uploads\/2021\/07\/13-FlyerWEB-1200X675-768x432.jpg 768w, https:\/\/uepc.org.ar\/conectate\/wp-content\/uploads\/2021\/07\/13-FlyerWEB-1200X675-160x90.jpg 160w, https:\/\/uepc.org.ar\/conectate\/wp-content\/uploads\/2021\/07\/13-FlyerWEB-1200X675.jpg 1200w\" sizes=\"auto, (max-width: 550px) 100vw, 550px\" \/><\/a><\/div><div class=\"fwpl-item el-fz703r uagb-post__title\"><a href=\"https:\/\/uepc.org.ar\/conectate\/radiografia-de-la-educacion-secundaria-argentina-en-el-siglo-xxi\/\" target=\"\">\u201cRadiograf\u00eda de la educaci\u00f3n secundaria argentina en el siglo XXI\"<\/a><\/div><div class=\"fwpl-item el-56odc\">28\/07\/2021<\/div><\/div><\/div><\/div><div class=\"fwpl-result\"><div class=\"fwpl-row el-8cjrpw\"><div class=\"fwpl-col el-1tvcxf\"><div class=\"fwpl-item el-c3s6cu\"><a href=\"https:\/\/uepc.org.ar\/conectate\/nadie-elige-lo-que-no-conoce-el-derecho-a-la-educacion-como-conquista\/\" target=\"\"><img loading=\"lazy\" decoding=\"async\" width=\"550\" height=\"309\" src=\"https:\/\/uepc.org.ar\/conectate\/wp-content\/uploads\/2021\/07\/12-Portada-Secundarias-1200x675-550x309.jpg\" class=\"attachment-eris-archive-image-portrait size-eris-archive-image-portrait wp-post-image\" alt=\"\" srcset=\"https:\/\/uepc.org.ar\/conectate\/wp-content\/uploads\/2021\/07\/12-Portada-Secundarias-1200x675-550x309.jpg 550w, https:\/\/uepc.org.ar\/conectate\/wp-content\/uploads\/2021\/07\/12-Portada-Secundarias-1200x675-468x263.jpg 468w, https:\/\/uepc.org.ar\/conectate\/wp-content\/uploads\/2021\/07\/12-Portada-Secundarias-1200x675-1024x576.jpg 1024w, https:\/\/uepc.org.ar\/conectate\/wp-content\/uploads\/2021\/07\/12-Portada-Secundarias-1200x675-768x432.jpg 768w, https:\/\/uepc.org.ar\/conectate\/wp-content\/uploads\/2021\/07\/12-Portada-Secundarias-1200x675-160x90.jpg 160w, https:\/\/uepc.org.ar\/conectate\/wp-content\/uploads\/2021\/07\/12-Portada-Secundarias-1200x675.jpg 1200w\" sizes=\"auto, (max-width: 550px) 100vw, 550px\" \/><\/a><\/div><div class=\"fwpl-item el-fz703r uagb-post__title\"><a href=\"https:\/\/uepc.org.ar\/conectate\/nadie-elige-lo-que-no-conoce-el-derecho-a-la-educacion-como-conquista\/\" target=\"\">\u201cNadie elige lo que no conoce\u201d: el derecho a la educaci\u00f3n como conquista<\/a><\/div><div class=\"fwpl-item el-56odc\">02\/07\/2021<\/div><\/div><\/div><\/div><div class=\"fwpl-result\"><div class=\"fwpl-row el-8cjrpw\"><div class=\"fwpl-col el-1tvcxf\"><div class=\"fwpl-item el-c3s6cu\"><a href=\"https:\/\/uepc.org.ar\/conectate\/ser-estudiante-en-la-escuela-secundaria-entre-oficios-meritos-y-esperanzas\/\" target=\"\"><img loading=\"lazy\" decoding=\"async\" width=\"550\" height=\"309\" src=\"https:\/\/uepc.org.ar\/conectate\/wp-content\/uploads\/2021\/06\/07-FlyerWEB-11-1200X675-550x309.jpg\" class=\"attachment-eris-archive-image-portrait size-eris-archive-image-portrait wp-post-image\" alt=\"\" srcset=\"https:\/\/uepc.org.ar\/conectate\/wp-content\/uploads\/2021\/06\/07-FlyerWEB-11-1200X675-550x309.jpg 550w, https:\/\/uepc.org.ar\/conectate\/wp-content\/uploads\/2021\/06\/07-FlyerWEB-11-1200X675-468x263.jpg 468w, https:\/\/uepc.org.ar\/conectate\/wp-content\/uploads\/2021\/06\/07-FlyerWEB-11-1200X675-1024x576.jpg 1024w, https:\/\/uepc.org.ar\/conectate\/wp-content\/uploads\/2021\/06\/07-FlyerWEB-11-1200X675-768x432.jpg 768w, https:\/\/uepc.org.ar\/conectate\/wp-content\/uploads\/2021\/06\/07-FlyerWEB-11-1200X675-160x90.jpg 160w, https:\/\/uepc.org.ar\/conectate\/wp-content\/uploads\/2021\/06\/07-FlyerWEB-11-1200X675.jpg 1200w\" sizes=\"auto, (max-width: 550px) 100vw, 550px\" \/><\/a><\/div><div class=\"fwpl-item el-fz703r uagb-post__title\"><a href=\"https:\/\/uepc.org.ar\/conectate\/ser-estudiante-en-la-escuela-secundaria-entre-oficios-meritos-y-esperanzas\/\" target=\"\">Ser estudiante en la escuela secundaria. Entre oficios, m\u00e9ritos y esperanzas<\/a><\/div><div class=\"fwpl-item el-56odc\">24\/06\/2021<\/div><\/div><\/div><\/div><div class=\"fwpl-result\"><div class=\"fwpl-row el-8cjrpw\"><div class=\"fwpl-col el-1tvcxf\"><div class=\"fwpl-item el-c3s6cu\"><a href=\"https:\/\/uepc.org.ar\/conectate\/la-investigacion-como-estrategia-pedagogica-y-compromiso-social-con-problematicas-ambientales-del-barrio\/\" target=\"\"><img loading=\"lazy\" decoding=\"async\" width=\"550\" height=\"309\" src=\"https:\/\/uepc.org.ar\/conectate\/wp-content\/uploads\/2021\/06\/10-Portada-Pilas-1200x675-550x309.jpg\" class=\"attachment-eris-archive-image-portrait size-eris-archive-image-portrait wp-post-image\" alt=\"\" srcset=\"https:\/\/uepc.org.ar\/conectate\/wp-content\/uploads\/2021\/06\/10-Portada-Pilas-1200x675-550x309.jpg 550w, https:\/\/uepc.org.ar\/conectate\/wp-content\/uploads\/2021\/06\/10-Portada-Pilas-1200x675-468x263.jpg 468w, https:\/\/uepc.org.ar\/conectate\/wp-content\/uploads\/2021\/06\/10-Portada-Pilas-1200x675-1024x576.jpg 1024w, https:\/\/uepc.org.ar\/conectate\/wp-content\/uploads\/2021\/06\/10-Portada-Pilas-1200x675-768x432.jpg 768w, https:\/\/uepc.org.ar\/conectate\/wp-content\/uploads\/2021\/06\/10-Portada-Pilas-1200x675-160x90.jpg 160w, https:\/\/uepc.org.ar\/conectate\/wp-content\/uploads\/2021\/06\/10-Portada-Pilas-1200x675.jpg 1200w\" sizes=\"auto, (max-width: 550px) 100vw, 550px\" \/><\/a><\/div><div class=\"fwpl-item el-fz703r uagb-post__title\"><a href=\"https:\/\/uepc.org.ar\/conectate\/la-investigacion-como-estrategia-pedagogica-y-compromiso-social-con-problematicas-ambientales-del-barrio\/\" target=\"\">Educaci\u00f3n y problem\u00e1ticas ambientales | La escuela secundaria construye aprendizajes<\/a><\/div><div class=\"fwpl-item el-56odc\">17\/06\/2021<\/div><\/div><\/div><\/div><div class=\"fwpl-result\"><div class=\"fwpl-row el-8cjrpw\"><div class=\"fwpl-col el-1tvcxf\"><div class=\"fwpl-item el-c3s6cu\"><a href=\"https:\/\/uepc.org.ar\/conectate\/haciendo-ciencia-escuela-y-comunidad\/\" target=\"\"><img loading=\"lazy\" decoding=\"async\" width=\"550\" height=\"309\" src=\"https:\/\/uepc.org.ar\/conectate\/wp-content\/uploads\/2021\/06\/09-Portada-Haciendo-Ciencia-1200x675-2-550x309.jpg\" class=\"attachment-eris-archive-image-portrait size-eris-archive-image-portrait wp-post-image\" alt=\"\" srcset=\"https:\/\/uepc.org.ar\/conectate\/wp-content\/uploads\/2021\/06\/09-Portada-Haciendo-Ciencia-1200x675-2-550x309.jpg 550w, https:\/\/uepc.org.ar\/conectate\/wp-content\/uploads\/2021\/06\/09-Portada-Haciendo-Ciencia-1200x675-2-468x263.jpg 468w, https:\/\/uepc.org.ar\/conectate\/wp-content\/uploads\/2021\/06\/09-Portada-Haciendo-Ciencia-1200x675-2-1024x576.jpg 1024w, https:\/\/uepc.org.ar\/conectate\/wp-content\/uploads\/2021\/06\/09-Portada-Haciendo-Ciencia-1200x675-2-768x432.jpg 768w, https:\/\/uepc.org.ar\/conectate\/wp-content\/uploads\/2021\/06\/09-Portada-Haciendo-Ciencia-1200x675-2-160x90.jpg 160w, https:\/\/uepc.org.ar\/conectate\/wp-content\/uploads\/2021\/06\/09-Portada-Haciendo-Ciencia-1200x675-2.jpg 1200w\" sizes=\"auto, (max-width: 550px) 100vw, 550px\" \/><\/a><\/div><div class=\"fwpl-item el-fz703r uagb-post__title\"><a href=\"https:\/\/uepc.org.ar\/conectate\/haciendo-ciencia-escuela-y-comunidad\/\" target=\"\">Haciendo ciencia, escuela y comunidad<\/a><\/div><div class=\"fwpl-item el-56odc\">09\/06\/2021<\/div><\/div><\/div><\/div><div class=\"fwpl-result\"><div class=\"fwpl-row el-8cjrpw\"><div class=\"fwpl-col el-1tvcxf\"><div class=\"fwpl-item el-c3s6cu\"><a href=\"https:\/\/uepc.org.ar\/conectate\/aprender-haciendo-el-combustible-del-conocimiento\/\" target=\"\"><img loading=\"lazy\" decoding=\"async\" width=\"550\" height=\"309\" src=\"https:\/\/uepc.org.ar\/conectate\/wp-content\/uploads\/2021\/06\/08-Flyer-Portada-1200x675-550x309.jpg\" class=\"attachment-eris-archive-image-portrait size-eris-archive-image-portrait wp-post-image\" alt=\"\" srcset=\"https:\/\/uepc.org.ar\/conectate\/wp-content\/uploads\/2021\/06\/08-Flyer-Portada-1200x675-550x309.jpg 550w, https:\/\/uepc.org.ar\/conectate\/wp-content\/uploads\/2021\/06\/08-Flyer-Portada-1200x675-468x263.jpg 468w, https:\/\/uepc.org.ar\/conectate\/wp-content\/uploads\/2021\/06\/08-Flyer-Portada-1200x675-1024x576.jpg 1024w, https:\/\/uepc.org.ar\/conectate\/wp-content\/uploads\/2021\/06\/08-Flyer-Portada-1200x675-768x432.jpg 768w, https:\/\/uepc.org.ar\/conectate\/wp-content\/uploads\/2021\/06\/08-Flyer-Portada-1200x675-160x90.jpg 160w, https:\/\/uepc.org.ar\/conectate\/wp-content\/uploads\/2021\/06\/08-Flyer-Portada-1200x675.jpg 1200w\" sizes=\"auto, (max-width: 550px) 100vw, 550px\" \/><\/a><\/div><div class=\"fwpl-item el-fz703r uagb-post__title\"><a href=\"https:\/\/uepc.org.ar\/conectate\/aprender-haciendo-el-combustible-del-conocimiento\/\" target=\"\">Aprender haciendo: el combustible del conocimiento<\/a><\/div><div class=\"fwpl-item el-56odc\">03\/06\/2021<\/div><\/div><\/div><\/div><div class=\"fwpl-result\"><div class=\"fwpl-row el-8cjrpw\"><div class=\"fwpl-col el-1tvcxf\"><div class=\"fwpl-item el-c3s6cu\"><a href=\"https:\/\/uepc.org.ar\/conectate\/sobre-la-inquietante-presencia-en-la-relacion-pedagogica\/\" target=\"\"><img loading=\"lazy\" decoding=\"async\" width=\"550\" height=\"310\" src=\"https:\/\/uepc.org.ar\/conectate\/wp-content\/uploads\/2021\/05\/flyers-barcena_web-1-550x310.jpg\" class=\"attachment-eris-archive-image-portrait size-eris-archive-image-portrait wp-post-image\" alt=\"\" srcset=\"https:\/\/uepc.org.ar\/conectate\/wp-content\/uploads\/2021\/05\/flyers-barcena_web-1-550x310.jpg 550w, https:\/\/uepc.org.ar\/conectate\/wp-content\/uploads\/2021\/05\/flyers-barcena_web-1-467x263.jpg 467w, https:\/\/uepc.org.ar\/conectate\/wp-content\/uploads\/2021\/05\/flyers-barcena_web-1-1024x577.jpg 1024w, https:\/\/uepc.org.ar\/conectate\/wp-content\/uploads\/2021\/05\/flyers-barcena_web-1-768x433.jpg 768w, https:\/\/uepc.org.ar\/conectate\/wp-content\/uploads\/2021\/05\/flyers-barcena_web-1-160x90.jpg 160w, https:\/\/uepc.org.ar\/conectate\/wp-content\/uploads\/2021\/05\/flyers-barcena_web-1.jpg 1200w\" sizes=\"auto, (max-width: 550px) 100vw, 550px\" \/><\/a><\/div><div class=\"fwpl-item el-fz703r uagb-post__title\"><a href=\"https:\/\/uepc.org.ar\/conectate\/sobre-la-inquietante-presencia-en-la-relacion-pedagogica\/\" target=\"\">Sobre la inquietante presencia en la relaci\u00f3n pedag\u00f3gica<\/a><\/div><div class=\"fwpl-item el-56odc\">31\/05\/2021<\/div><\/div><\/div><\/div><div class=\"fwpl-result\"><div class=\"fwpl-row el-8cjrpw\"><div class=\"fwpl-col el-1tvcxf\"><div class=\"fwpl-item el-c3s6cu\"><a href=\"https:\/\/uepc.org.ar\/conectate\/las-ciencias-naturales-y-su-ensenanza-historias-politicas-y-desafios\/\" target=\"\"><img loading=\"lazy\" decoding=\"async\" width=\"550\" height=\"309\" src=\"https:\/\/uepc.org.ar\/conectate\/wp-content\/uploads\/2021\/05\/Flyer-07-WEB-Zamanillo-550x309.jpg\" class=\"attachment-eris-archive-image-portrait size-eris-archive-image-portrait wp-post-image\" alt=\"\" srcset=\"https:\/\/uepc.org.ar\/conectate\/wp-content\/uploads\/2021\/05\/Flyer-07-WEB-Zamanillo-550x309.jpg 550w, https:\/\/uepc.org.ar\/conectate\/wp-content\/uploads\/2021\/05\/Flyer-07-WEB-Zamanillo-468x263.jpg 468w, https:\/\/uepc.org.ar\/conectate\/wp-content\/uploads\/2021\/05\/Flyer-07-WEB-Zamanillo-1024x576.jpg 1024w, https:\/\/uepc.org.ar\/conectate\/wp-content\/uploads\/2021\/05\/Flyer-07-WEB-Zamanillo-768x432.jpg 768w, https:\/\/uepc.org.ar\/conectate\/wp-content\/uploads\/2021\/05\/Flyer-07-WEB-Zamanillo-160x90.jpg 160w, https:\/\/uepc.org.ar\/conectate\/wp-content\/uploads\/2021\/05\/Flyer-07-WEB-Zamanillo.jpg 1200w\" sizes=\"auto, (max-width: 550px) 100vw, 550px\" \/><\/a><\/div><div class=\"fwpl-item el-fz703r uagb-post__title\"><a href=\"https:\/\/uepc.org.ar\/conectate\/las-ciencias-naturales-y-su-ensenanza-historias-politicas-y-desafios\/\" target=\"\">Las Ciencias Naturales y su ense\u00f1anza: historias, pol\u00edticas y desaf\u00edos  | La Escuela construye aprendizajes<\/a><\/div><div class=\"fwpl-item el-56odc\">19\/05\/2021<\/div><\/div><\/div><\/div><div class=\"fwpl-result\"><div class=\"fwpl-row el-8cjrpw\"><div class=\"fwpl-col el-1tvcxf\"><div class=\"fwpl-item el-c3s6cu\"><a href=\"https:\/\/uepc.org.ar\/conectate\/producciones-audiovisuales-digitales-para-el-aula\/\" target=\"\"><img loading=\"lazy\" decoding=\"async\" width=\"550\" height=\"313\" src=\"https:\/\/uepc.org.ar\/conectate\/wp-content\/uploads\/2021\/08\/flyerTIC03_1200x675-550x313.jpg\" class=\"attachment-eris-archive-image-portrait size-eris-archive-image-portrait wp-post-image\" alt=\"\" srcset=\"https:\/\/uepc.org.ar\/conectate\/wp-content\/uploads\/2021\/08\/flyerTIC03_1200x675-550x313.jpg 550w, https:\/\/uepc.org.ar\/conectate\/wp-content\/uploads\/2021\/08\/flyerTIC03_1200x675-462x263.jpg 462w, https:\/\/uepc.org.ar\/conectate\/wp-content\/uploads\/2021\/08\/flyerTIC03_1200x675-1024x583.jpg 1024w, https:\/\/uepc.org.ar\/conectate\/wp-content\/uploads\/2021\/08\/flyerTIC03_1200x675-768x437.jpg 768w, https:\/\/uepc.org.ar\/conectate\/wp-content\/uploads\/2021\/08\/flyerTIC03_1200x675-160x91.jpg 160w, https:\/\/uepc.org.ar\/conectate\/wp-content\/uploads\/2021\/08\/flyerTIC03_1200x675.jpg 1218w\" sizes=\"auto, (max-width: 550px) 100vw, 550px\" \/><\/a><\/div><div class=\"fwpl-item el-fz703r uagb-post__title\"><a href=\"https:\/\/uepc.org.ar\/conectate\/producciones-audiovisuales-digitales-para-el-aula\/\" target=\"\">TIC | Producciones audiovisuales digitales para el aula<\/a><\/div><div class=\"fwpl-item el-56odc\">19\/05\/2021<\/div><\/div><\/div><\/div><div class=\"fwpl-result\"><div class=\"fwpl-row el-8cjrpw\"><div class=\"fwpl-col el-1tvcxf\"><div class=\"fwpl-item el-c3s6cu\"><a href=\"https:\/\/uepc.org.ar\/conectate\/un-viaje-a-lomo-de-libros-la-mas-luminosa-montura-ipem-no-298-maestro-rodolfo-vicente-butori-de-alta-gracia\/\" target=\"\"><img loading=\"lazy\" decoding=\"async\" width=\"550\" height=\"309\" src=\"https:\/\/uepc.org.ar\/conectate\/wp-content\/uploads\/2021\/05\/06-Flyer-Exp-Viaje-1200x675-ok-550x309.jpg\" class=\"attachment-eris-archive-image-portrait size-eris-archive-image-portrait wp-post-image\" alt=\"\" srcset=\"https:\/\/uepc.org.ar\/conectate\/wp-content\/uploads\/2021\/05\/06-Flyer-Exp-Viaje-1200x675-ok-550x309.jpg 550w, https:\/\/uepc.org.ar\/conectate\/wp-content\/uploads\/2021\/05\/06-Flyer-Exp-Viaje-1200x675-ok-468x263.jpg 468w, https:\/\/uepc.org.ar\/conectate\/wp-content\/uploads\/2021\/05\/06-Flyer-Exp-Viaje-1200x675-ok-1024x576.jpg 1024w, https:\/\/uepc.org.ar\/conectate\/wp-content\/uploads\/2021\/05\/06-Flyer-Exp-Viaje-1200x675-ok-768x432.jpg 768w, https:\/\/uepc.org.ar\/conectate\/wp-content\/uploads\/2021\/05\/06-Flyer-Exp-Viaje-1200x675-ok-160x90.jpg 160w, https:\/\/uepc.org.ar\/conectate\/wp-content\/uploads\/2021\/05\/06-Flyer-Exp-Viaje-1200x675-ok.jpg 1200w\" sizes=\"auto, (max-width: 550px) 100vw, 550px\" \/><\/a><\/div><div class=\"fwpl-item el-fz703r uagb-post__title\"><a href=\"https:\/\/uepc.org.ar\/conectate\/un-viaje-a-lomo-de-libros-la-mas-luminosa-montura-ipem-no-298-maestro-rodolfo-vicente-butori-de-alta-gracia\/\" target=\"\">Un viaje a lomo de libros, la m\u00e1s luminosa montura | IPEM N\u00ba 298 Maestro Rodolfo Vicente Butori de Alta Gracia<\/a><\/div><div class=\"fwpl-item el-56odc\">13\/05\/2021<\/div><\/div><\/div><\/div><div class=\"fwpl-result\"><div class=\"fwpl-row el-8cjrpw\"><div class=\"fwpl-col el-1tvcxf\"><div class=\"fwpl-item el-c3s6cu\"><a href=\"https:\/\/uepc.org.ar\/conectate\/pedagogia-formacion-y-escuela\/\" target=\"\"><img loading=\"lazy\" decoding=\"async\" width=\"550\" height=\"309\" src=\"https:\/\/uepc.org.ar\/conectate\/wp-content\/uploads\/2021\/05\/05-FlyerWEB-Art-Carranza-1200X675-550x309.jpg\" class=\"attachment-eris-archive-image-portrait size-eris-archive-image-portrait wp-post-image\" alt=\"\" srcset=\"https:\/\/uepc.org.ar\/conectate\/wp-content\/uploads\/2021\/05\/05-FlyerWEB-Art-Carranza-1200X675-550x309.jpg 550w, https:\/\/uepc.org.ar\/conectate\/wp-content\/uploads\/2021\/05\/05-FlyerWEB-Art-Carranza-1200X675-468x263.jpg 468w, https:\/\/uepc.org.ar\/conectate\/wp-content\/uploads\/2021\/05\/05-FlyerWEB-Art-Carranza-1200X675-1024x576.jpg 1024w, https:\/\/uepc.org.ar\/conectate\/wp-content\/uploads\/2021\/05\/05-FlyerWEB-Art-Carranza-1200X675-768x432.jpg 768w, https:\/\/uepc.org.ar\/conectate\/wp-content\/uploads\/2021\/05\/05-FlyerWEB-Art-Carranza-1200X675-160x90.jpg 160w, https:\/\/uepc.org.ar\/conectate\/wp-content\/uploads\/2021\/05\/05-FlyerWEB-Art-Carranza-1200X675.jpg 1200w\" sizes=\"auto, (max-width: 550px) 100vw, 550px\" \/><\/a><\/div><div class=\"fwpl-item el-fz703r uagb-post__title\"><a href=\"https:\/\/uepc.org.ar\/conectate\/pedagogia-formacion-y-escuela\/\" target=\"\">Pedagog\u00eda, formaci\u00f3n y escuela<\/a><\/div><div class=\"fwpl-item el-56odc\">06\/05\/2021<\/div><\/div><\/div><\/div><div class=\"fwpl-result\"><div class=\"fwpl-row el-8cjrpw\"><div class=\"fwpl-col el-1tvcxf\"><div class=\"fwpl-item el-c3s6cu\"><a href=\"https:\/\/uepc.org.ar\/conectate\/herramientas-para-pensar-el-mundo-en-la-formacion-de-una-ciudadania-plena-ipem-137-san-jose-de-calasanz-de-mendiolaza\/\" target=\"\"><img loading=\"lazy\" decoding=\"async\" width=\"550\" height=\"309\" src=\"https:\/\/uepc.org.ar\/conectate\/wp-content\/uploads\/2021\/04\/04-FlyerWEB-Exp-ESI-1200X675-1-4-550x309.jpg\" class=\"attachment-eris-archive-image-portrait size-eris-archive-image-portrait wp-post-image\" alt=\"\" srcset=\"https:\/\/uepc.org.ar\/conectate\/wp-content\/uploads\/2021\/04\/04-FlyerWEB-Exp-ESI-1200X675-1-4-550x309.jpg 550w, https:\/\/uepc.org.ar\/conectate\/wp-content\/uploads\/2021\/04\/04-FlyerWEB-Exp-ESI-1200X675-1-4-468x263.jpg 468w, https:\/\/uepc.org.ar\/conectate\/wp-content\/uploads\/2021\/04\/04-FlyerWEB-Exp-ESI-1200X675-1-4-1024x576.jpg 1024w, https:\/\/uepc.org.ar\/conectate\/wp-content\/uploads\/2021\/04\/04-FlyerWEB-Exp-ESI-1200X675-1-4-768x432.jpg 768w, https:\/\/uepc.org.ar\/conectate\/wp-content\/uploads\/2021\/04\/04-FlyerWEB-Exp-ESI-1200X675-1-4-160x90.jpg 160w, https:\/\/uepc.org.ar\/conectate\/wp-content\/uploads\/2021\/04\/04-FlyerWEB-Exp-ESI-1200X675-1-4.jpg 1200w\" sizes=\"auto, (max-width: 550px) 100vw, 550px\" \/><\/a><\/div><div class=\"fwpl-item el-fz703r uagb-post__title\"><a href=\"https:\/\/uepc.org.ar\/conectate\/herramientas-para-pensar-el-mundo-en-la-formacion-de-una-ciudadania-plena-ipem-137-san-jose-de-calasanz-de-mendiolaza\/\" target=\"\">Herramientas para pensar el mundo en la formaci\u00f3n de una ciudadan\u00eda plena | IPEM 137  San Jos\u00e9 de Calasanz de Mendiolaza<\/a><\/div><div class=\"fwpl-item el-56odc\">29\/04\/2021<\/div><\/div><\/div><\/div><div class=\"fwpl-result\"><div class=\"fwpl-row el-8cjrpw\"><div class=\"fwpl-col el-1tvcxf\"><div class=\"fwpl-item el-c3s6cu\"><a href=\"https:\/\/uepc.org.ar\/conectate\/revisitar-la-ciudad-para-conocer-la-poesia-escuela-normal-superior-justo-jose-de-urquiza-de-la-ciudad-de-rio-cuarto\/\" target=\"\"><img loading=\"lazy\" decoding=\"async\" width=\"550\" height=\"309\" src=\"https:\/\/uepc.org.ar\/conectate\/wp-content\/uploads\/2021\/04\/03-Portada-1200x625-b-550x309.jpg\" class=\"attachment-eris-archive-image-portrait size-eris-archive-image-portrait wp-post-image\" alt=\"\" srcset=\"https:\/\/uepc.org.ar\/conectate\/wp-content\/uploads\/2021\/04\/03-Portada-1200x625-b-550x309.jpg 550w, https:\/\/uepc.org.ar\/conectate\/wp-content\/uploads\/2021\/04\/03-Portada-1200x625-b-468x263.jpg 468w, https:\/\/uepc.org.ar\/conectate\/wp-content\/uploads\/2021\/04\/03-Portada-1200x625-b-1024x576.jpg 1024w, https:\/\/uepc.org.ar\/conectate\/wp-content\/uploads\/2021\/04\/03-Portada-1200x625-b-768x432.jpg 768w, https:\/\/uepc.org.ar\/conectate\/wp-content\/uploads\/2021\/04\/03-Portada-1200x625-b-160x90.jpg 160w, https:\/\/uepc.org.ar\/conectate\/wp-content\/uploads\/2021\/04\/03-Portada-1200x625-b.jpg 1200w\" sizes=\"auto, (max-width: 550px) 100vw, 550px\" \/><\/a><\/div><div class=\"fwpl-item el-fz703r uagb-post__title\"><a href=\"https:\/\/uepc.org.ar\/conectate\/revisitar-la-ciudad-para-conocer-la-poesia-escuela-normal-superior-justo-jose-de-urquiza-de-la-ciudad-de-rio-cuarto\/\" target=\"\">Revisitar la ciudad para conocer la poes\u00eda | La escuela secundaria construye aprendizajes<\/a><\/div><div class=\"fwpl-item el-56odc\">22\/04\/2021<\/div><\/div><\/div><\/div><div class=\"fwpl-result\"><div class=\"fwpl-row el-8cjrpw\"><div class=\"fwpl-col el-1tvcxf\"><div class=\"fwpl-item el-c3s6cu\"><a href=\"https:\/\/uepc.org.ar\/conectate\/conferencia-la-escuela-construye-aprendizajes-el-trabajo-por-proyectos-como-organizador-de-practicas-colectivas-cooperativas-con-los-saberes-curriculares\/\" target=\"\"><img loading=\"lazy\" decoding=\"async\" width=\"550\" height=\"306\" src=\"https:\/\/uepc.org.ar\/conectate\/wp-content\/uploads\/2021\/04\/mejico-550x306.jpg\" class=\"attachment-eris-archive-image-portrait size-eris-archive-image-portrait wp-post-image\" alt=\"\" srcset=\"https:\/\/uepc.org.ar\/conectate\/wp-content\/uploads\/2021\/04\/mejico-550x306.jpg 550w, https:\/\/uepc.org.ar\/conectate\/wp-content\/uploads\/2021\/04\/mejico-473x263.jpg 473w, https:\/\/uepc.org.ar\/conectate\/wp-content\/uploads\/2021\/04\/mejico-1024x570.jpg 1024w, https:\/\/uepc.org.ar\/conectate\/wp-content\/uploads\/2021\/04\/mejico-768x427.jpg 768w, https:\/\/uepc.org.ar\/conectate\/wp-content\/uploads\/2021\/04\/mejico-160x89.jpg 160w, https:\/\/uepc.org.ar\/conectate\/wp-content\/uploads\/2021\/04\/mejico.jpg 1163w\" sizes=\"auto, (max-width: 550px) 100vw, 550px\" \/><\/a><\/div><div class=\"fwpl-item el-fz703r uagb-post__title\"><a href=\"https:\/\/uepc.org.ar\/conectate\/conferencia-la-escuela-construye-aprendizajes-el-trabajo-por-proyectos-como-organizador-de-practicas-colectivas-cooperativas-con-los-saberes-curriculares\/\" target=\"\">Conferencia: \u201cLa escuela construye aprendizajes: el trabajo por proyectos como organizador de pr\u00e1cticas colectivas y cooperativas con los saberes curriculares\"<\/a><\/div><div class=\"fwpl-item el-56odc\">19\/04\/2021<\/div><\/div><\/div><\/div><div class=\"fwpl-result\"><div class=\"fwpl-row el-8cjrpw\"><div class=\"fwpl-col el-1tvcxf\"><div class=\"fwpl-item el-c3s6cu\"><a href=\"https:\/\/uepc.org.ar\/conectate\/los-proyectos-escolares-como-oportunidad-en-la-secundaria\/\" target=\"\"><img loading=\"lazy\" decoding=\"async\" width=\"550\" height=\"309\" src=\"https:\/\/uepc.org.ar\/conectate\/wp-content\/uploads\/2021\/04\/02-Web-Gonzalo-PerezRojas-1-550x309.jpg\" class=\"attachment-eris-archive-image-portrait size-eris-archive-image-portrait wp-post-image\" alt=\"\" srcset=\"https:\/\/uepc.org.ar\/conectate\/wp-content\/uploads\/2021\/04\/02-Web-Gonzalo-PerezRojas-1-550x309.jpg 550w, https:\/\/uepc.org.ar\/conectate\/wp-content\/uploads\/2021\/04\/02-Web-Gonzalo-PerezRojas-1-468x263.jpg 468w, https:\/\/uepc.org.ar\/conectate\/wp-content\/uploads\/2021\/04\/02-Web-Gonzalo-PerezRojas-1-1024x576.jpg 1024w, https:\/\/uepc.org.ar\/conectate\/wp-content\/uploads\/2021\/04\/02-Web-Gonzalo-PerezRojas-1-768x432.jpg 768w, https:\/\/uepc.org.ar\/conectate\/wp-content\/uploads\/2021\/04\/02-Web-Gonzalo-PerezRojas-1-160x90.jpg 160w, https:\/\/uepc.org.ar\/conectate\/wp-content\/uploads\/2021\/04\/02-Web-Gonzalo-PerezRojas-1.jpg 1200w\" sizes=\"auto, (max-width: 550px) 100vw, 550px\" \/><\/a><\/div><div class=\"fwpl-item el-fz703r uagb-post__title\"><a href=\"https:\/\/uepc.org.ar\/conectate\/los-proyectos-escolares-como-oportunidad-en-la-secundaria\/\" target=\"\">Los proyectos escolares como oportunidad en la secundaria<\/a><\/div><div class=\"fwpl-item el-56odc\">15\/04\/2021<\/div><\/div><\/div><\/div><div class=\"fwpl-result\"><div class=\"fwpl-row el-8cjrpw\"><div class=\"fwpl-col el-1tvcxf\"><div class=\"fwpl-item el-c3s6cu\"><a href=\"https:\/\/uepc.org.ar\/conectate\/la-escuela-secundaria-en-america-latina-democratizacion-con-desigualdades-perennes\/\" target=\"\"><img loading=\"lazy\" decoding=\"async\" width=\"550\" height=\"309\" src=\"https:\/\/uepc.org.ar\/conectate\/wp-content\/uploads\/2021\/04\/01-Web-1200x675-ok-550x309.jpg\" class=\"attachment-eris-archive-image-portrait size-eris-archive-image-portrait wp-post-image\" alt=\"\" srcset=\"https:\/\/uepc.org.ar\/conectate\/wp-content\/uploads\/2021\/04\/01-Web-1200x675-ok-550x309.jpg 550w, https:\/\/uepc.org.ar\/conectate\/wp-content\/uploads\/2021\/04\/01-Web-1200x675-ok-468x263.jpg 468w, https:\/\/uepc.org.ar\/conectate\/wp-content\/uploads\/2021\/04\/01-Web-1200x675-ok-1024x576.jpg 1024w, https:\/\/uepc.org.ar\/conectate\/wp-content\/uploads\/2021\/04\/01-Web-1200x675-ok-768x432.jpg 768w, https:\/\/uepc.org.ar\/conectate\/wp-content\/uploads\/2021\/04\/01-Web-1200x675-ok-160x90.jpg 160w, https:\/\/uepc.org.ar\/conectate\/wp-content\/uploads\/2021\/04\/01-Web-1200x675-ok.jpg 1200w\" sizes=\"auto, (max-width: 550px) 100vw, 550px\" \/><\/a><\/div><div class=\"fwpl-item el-fz703r uagb-post__title\"><a href=\"https:\/\/uepc.org.ar\/conectate\/la-escuela-secundaria-en-america-latina-democratizacion-con-desigualdades-perennes\/\" target=\"\">La Escuela Secundaria en Am\u00e9rica Latina. Democratizaci\u00f3n con desigualdades perennes<\/a><\/div><div class=\"fwpl-item el-56odc\">07\/04\/2021<\/div><\/div><\/div><\/div><div class=\"fwpl-result\"><div class=\"fwpl-row el-8cjrpw\"><div class=\"fwpl-col el-1tvcxf\"><div class=\"fwpl-item el-c3s6cu\"><a href=\"https:\/\/uepc.org.ar\/conectate\/nueva-publicacion-gratuita-de-la-serie-la-escuela-construye\/\" target=\"\"><img loading=\"lazy\" decoding=\"async\" width=\"550\" height=\"309\" src=\"https:\/\/uepc.org.ar\/conectate\/wp-content\/uploads\/2020\/11\/10-encuentroDOCENTES_feed-550x309.jpg\" class=\"attachment-eris-archive-image-portrait size-eris-archive-image-portrait wp-post-image\" alt=\"\" srcset=\"https:\/\/uepc.org.ar\/conectate\/wp-content\/uploads\/2020\/11\/10-encuentroDOCENTES_feed-550x309.jpg 550w, https:\/\/uepc.org.ar\/conectate\/wp-content\/uploads\/2020\/11\/10-encuentroDOCENTES_feed-468x263.jpg 468w, https:\/\/uepc.org.ar\/conectate\/wp-content\/uploads\/2020\/11\/10-encuentroDOCENTES_feed-1024x576.jpg 1024w, https:\/\/uepc.org.ar\/conectate\/wp-content\/uploads\/2020\/11\/10-encuentroDOCENTES_feed-768x432.jpg 768w, https:\/\/uepc.org.ar\/conectate\/wp-content\/uploads\/2020\/11\/10-encuentroDOCENTES_feed-160x90.jpg 160w, https:\/\/uepc.org.ar\/conectate\/wp-content\/uploads\/2020\/11\/10-encuentroDOCENTES_feed.jpg 1200w\" sizes=\"auto, (max-width: 550px) 100vw, 550px\" \/><\/a><\/div><div class=\"fwpl-item el-fz703r uagb-post__title\"><a href=\"https:\/\/uepc.org.ar\/conectate\/nueva-publicacion-gratuita-de-la-serie-la-escuela-construye\/\" target=\"\">La Escuela Secundaria construye aprendizajes | Libro<\/a><\/div><div class=\"fwpl-item el-56odc\">27\/11\/2020<\/div><\/div><\/div><\/div><div class=\"fwpl-result\"><div class=\"fwpl-row el-8cjrpw\"><div class=\"fwpl-col el-1tvcxf\"><div class=\"fwpl-item el-c3s6cu\"><a href=\"https:\/\/uepc.org.ar\/conectate\/caracteristicas-problematicas-y-desafios-para-garantizar-el-derecho-a-ensenar-y-aprender-en-nivel-superior-documento\/\" target=\"\"><img loading=\"lazy\" decoding=\"async\" width=\"550\" height=\"310\" src=\"https:\/\/uepc.org.ar\/conectate\/wp-content\/uploads\/2020\/11\/superior-550x310.jpg\" class=\"attachment-eris-archive-image-portrait size-eris-archive-image-portrait wp-post-image\" alt=\"\" srcset=\"https:\/\/uepc.org.ar\/conectate\/wp-content\/uploads\/2020\/11\/superior-550x310.jpg 550w, https:\/\/uepc.org.ar\/conectate\/wp-content\/uploads\/2020\/11\/superior-467x263.jpg 467w, https:\/\/uepc.org.ar\/conectate\/wp-content\/uploads\/2020\/11\/superior-1024x577.jpg 1024w, https:\/\/uepc.org.ar\/conectate\/wp-content\/uploads\/2020\/11\/superior-768x433.jpg 768w, https:\/\/uepc.org.ar\/conectate\/wp-content\/uploads\/2020\/11\/superior-160x90.jpg 160w, https:\/\/uepc.org.ar\/conectate\/wp-content\/uploads\/2020\/11\/superior.jpg 1200w\" sizes=\"auto, (max-width: 550px) 100vw, 550px\" \/><\/a><\/div><div class=\"fwpl-item el-fz703r uagb-post__title\"><a href=\"https:\/\/uepc.org.ar\/conectate\/caracteristicas-problematicas-y-desafios-para-garantizar-el-derecho-a-ensenar-y-aprender-en-nivel-superior-documento\/\" target=\"\">Caracter\u00edsticas, problem\u00e1ticas y desaf\u00edos para garantizar el derecho a ense\u00f1ar y aprender en Nivel Superior | Documento<\/a><\/div><div class=\"fwpl-item el-56odc\">24\/11\/2020<\/div><\/div><\/div><\/div><div class=\"fwpl-result\"><div class=\"fwpl-row el-8cjrpw\"><div class=\"fwpl-col el-1tvcxf\"><div class=\"fwpl-item el-c3s6cu\"><a href=\"https:\/\/uepc.org.ar\/conectate\/informe-estudiar-en-la-escuela-secundaria-en-cordoba-analisis-de-condiciones-y-propuestas-estrategicas\/\" target=\"\"><img loading=\"lazy\" decoding=\"async\" width=\"550\" height=\"309\" src=\"https:\/\/uepc.org.ar\/conectate\/wp-content\/uploads\/2020\/11\/BANNER-WEB-INFORME-2-550x309.jpg\" class=\"attachment-eris-archive-image-portrait size-eris-archive-image-portrait wp-post-image\" alt=\"\" srcset=\"https:\/\/uepc.org.ar\/conectate\/wp-content\/uploads\/2020\/11\/BANNER-WEB-INFORME-2-550x309.jpg 550w, https:\/\/uepc.org.ar\/conectate\/wp-content\/uploads\/2020\/11\/BANNER-WEB-INFORME-2-468x263.jpg 468w, https:\/\/uepc.org.ar\/conectate\/wp-content\/uploads\/2020\/11\/BANNER-WEB-INFORME-2-1024x576.jpg 1024w, https:\/\/uepc.org.ar\/conectate\/wp-content\/uploads\/2020\/11\/BANNER-WEB-INFORME-2-768x432.jpg 768w, https:\/\/uepc.org.ar\/conectate\/wp-content\/uploads\/2020\/11\/BANNER-WEB-INFORME-2-160x90.jpg 160w, https:\/\/uepc.org.ar\/conectate\/wp-content\/uploads\/2020\/11\/BANNER-WEB-INFORME-2.jpg 1200w\" sizes=\"auto, (max-width: 550px) 100vw, 550px\" \/><\/a><\/div><div class=\"fwpl-item el-fz703r uagb-post__title\"><a href=\"https:\/\/uepc.org.ar\/conectate\/informe-estudiar-en-la-escuela-secundaria-en-cordoba-analisis-de-condiciones-y-propuestas-estrategicas\/\" target=\"\">Informe | Estudiar en la escuela secundaria en C\u00f3rdoba: an\u00e1lisis de condiciones y propuestas estrat\u00e9gicas<\/a><\/div><div class=\"fwpl-item el-56odc\">19\/11\/2020<\/div><\/div><\/div><\/div><div class=\"fwpl-result\"><div class=\"fwpl-row el-8cjrpw\"><div class=\"fwpl-col el-1tvcxf\"><div class=\"fwpl-item el-c3s6cu\"><a href=\"https:\/\/uepc.org.ar\/conectate\/la-escuela-indaga-preguntones-en-accion\/\" target=\"\"><img loading=\"lazy\" decoding=\"async\" width=\"550\" height=\"310\" src=\"https:\/\/uepc.org.ar\/conectate\/wp-content\/uploads\/2020\/11\/flyer-cuadernoNaturales_1200x675-550x310.jpg\" class=\"attachment-eris-archive-image-portrait size-eris-archive-image-portrait wp-post-image\" alt=\"\" srcset=\"https:\/\/uepc.org.ar\/conectate\/wp-content\/uploads\/2020\/11\/flyer-cuadernoNaturales_1200x675-550x310.jpg 550w, https:\/\/uepc.org.ar\/conectate\/wp-content\/uploads\/2020\/11\/flyer-cuadernoNaturales_1200x675-467x263.jpg 467w, https:\/\/uepc.org.ar\/conectate\/wp-content\/uploads\/2020\/11\/flyer-cuadernoNaturales_1200x675-1024x577.jpg 1024w, https:\/\/uepc.org.ar\/conectate\/wp-content\/uploads\/2020\/11\/flyer-cuadernoNaturales_1200x675-768x433.jpg 768w, https:\/\/uepc.org.ar\/conectate\/wp-content\/uploads\/2020\/11\/flyer-cuadernoNaturales_1200x675-160x90.jpg 160w, https:\/\/uepc.org.ar\/conectate\/wp-content\/uploads\/2020\/11\/flyer-cuadernoNaturales_1200x675.jpg 1200w\" sizes=\"auto, (max-width: 550px) 100vw, 550px\" \/><\/a><\/div><div class=\"fwpl-item el-fz703r uagb-post__title\"><a href=\"https:\/\/uepc.org.ar\/conectate\/la-escuela-indaga-preguntones-en-accion\/\" target=\"\">La escuela indaga: preguntones en acci\u00f3n<\/a><\/div><div class=\"fwpl-item el-56odc\">02\/11\/2020<\/div><\/div><\/div><\/div><div class=\"fwpl-result\"><div class=\"fwpl-row el-8cjrpw\"><div class=\"fwpl-col el-1tvcxf\"><div class=\"fwpl-item el-c3s6cu\"><a href=\"https:\/\/uepc.org.ar\/conectate\/producciones-sonoras-digitales-para-el-aula\/\" target=\"\"><img loading=\"lazy\" decoding=\"async\" width=\"550\" height=\"313\" src=\"https:\/\/uepc.org.ar\/conectate\/wp-content\/uploads\/2020\/10\/flyerTIC02_1200x675-1-550x313.jpg\" class=\"attachment-eris-archive-image-portrait size-eris-archive-image-portrait wp-post-image\" alt=\"\" srcset=\"https:\/\/uepc.org.ar\/conectate\/wp-content\/uploads\/2020\/10\/flyerTIC02_1200x675-1-550x313.jpg 550w, https:\/\/uepc.org.ar\/conectate\/wp-content\/uploads\/2020\/10\/flyerTIC02_1200x675-1-462x263.jpg 462w, https:\/\/uepc.org.ar\/conectate\/wp-content\/uploads\/2020\/10\/flyerTIC02_1200x675-1-1024x583.jpg 1024w, https:\/\/uepc.org.ar\/conectate\/wp-content\/uploads\/2020\/10\/flyerTIC02_1200x675-1-768x437.jpg 768w, https:\/\/uepc.org.ar\/conectate\/wp-content\/uploads\/2020\/10\/flyerTIC02_1200x675-1-160x91.jpg 160w, https:\/\/uepc.org.ar\/conectate\/wp-content\/uploads\/2020\/10\/flyerTIC02_1200x675-1.jpg 1218w\" sizes=\"auto, (max-width: 550px) 100vw, 550px\" \/><\/a><\/div><div class=\"fwpl-item el-fz703r uagb-post__title\"><a href=\"https:\/\/uepc.org.ar\/conectate\/producciones-sonoras-digitales-para-el-aula\/\" target=\"\">TIC | Producciones sonoras digitales para el aula<\/a><\/div><div class=\"fwpl-item el-56odc\">22\/10\/2020<\/div><\/div><\/div><\/div><div class=\"fwpl-result\"><div class=\"fwpl-row el-8cjrpw\"><div class=\"fwpl-col el-1tvcxf\"><div class=\"fwpl-item el-c3s6cu\"><a href=\"https:\/\/uepc.org.ar\/conectate\/software-libre-y-privativo-escuelas-y-construccion-colectiva-del-saber\/\" target=\"\"><img loading=\"lazy\" decoding=\"async\" width=\"550\" height=\"313\" src=\"https:\/\/uepc.org.ar\/conectate\/wp-content\/uploads\/2020\/10\/flyerTIC01_1200x675-550x313.jpg\" class=\"attachment-eris-archive-image-portrait size-eris-archive-image-portrait wp-post-image\" alt=\"\" srcset=\"https:\/\/uepc.org.ar\/conectate\/wp-content\/uploads\/2020\/10\/flyerTIC01_1200x675-550x313.jpg 550w, https:\/\/uepc.org.ar\/conectate\/wp-content\/uploads\/2020\/10\/flyerTIC01_1200x675-462x263.jpg 462w, https:\/\/uepc.org.ar\/conectate\/wp-content\/uploads\/2020\/10\/flyerTIC01_1200x675-1024x583.jpg 1024w, https:\/\/uepc.org.ar\/conectate\/wp-content\/uploads\/2020\/10\/flyerTIC01_1200x675-768x437.jpg 768w, https:\/\/uepc.org.ar\/conectate\/wp-content\/uploads\/2020\/10\/flyerTIC01_1200x675-160x91.jpg 160w, https:\/\/uepc.org.ar\/conectate\/wp-content\/uploads\/2020\/10\/flyerTIC01_1200x675.jpg 1218w\" sizes=\"auto, (max-width: 550px) 100vw, 550px\" \/><\/a><\/div><div class=\"fwpl-item el-fz703r uagb-post__title\"><a href=\"https:\/\/uepc.org.ar\/conectate\/software-libre-y-privativo-escuelas-y-construccion-colectiva-del-saber\/\" target=\"\">Software libre y privativo: escuelas y construcci\u00f3n colectiva del saber<\/a><\/div><div class=\"fwpl-item el-56odc\">13\/10\/2020<\/div><\/div><\/div><\/div><div class=\"fwpl-result\"><div class=\"fwpl-row el-8cjrpw\"><div class=\"fwpl-col el-1tvcxf\"><div class=\"fwpl-item el-c3s6cu\"><a href=\"https:\/\/uepc.org.ar\/conectate\/contenidos-libres-de-que-se-trata-y-como-hacerlo\/\" target=\"\"><img loading=\"lazy\" decoding=\"async\" width=\"550\" height=\"309\" src=\"https:\/\/uepc.org.ar\/conectate\/wp-content\/uploads\/2020\/10\/flyer-web-TIC00-transparente-01-550x309.png\" class=\"attachment-eris-archive-image-portrait size-eris-archive-image-portrait wp-post-image\" alt=\"\" srcset=\"https:\/\/uepc.org.ar\/conectate\/wp-content\/uploads\/2020\/10\/flyer-web-TIC00-transparente-01-550x309.png 550w, https:\/\/uepc.org.ar\/conectate\/wp-content\/uploads\/2020\/10\/flyer-web-TIC00-transparente-01-468x263.png 468w, https:\/\/uepc.org.ar\/conectate\/wp-content\/uploads\/2020\/10\/flyer-web-TIC00-transparente-01-1024x576.png 1024w, https:\/\/uepc.org.ar\/conectate\/wp-content\/uploads\/2020\/10\/flyer-web-TIC00-transparente-01-768x432.png 768w, https:\/\/uepc.org.ar\/conectate\/wp-content\/uploads\/2020\/10\/flyer-web-TIC00-transparente-01-160x90.png 160w, https:\/\/uepc.org.ar\/conectate\/wp-content\/uploads\/2020\/10\/flyer-web-TIC00-transparente-01.png 1200w\" sizes=\"auto, (max-width: 550px) 100vw, 550px\" \/><\/a><\/div><div class=\"fwpl-item el-fz703r uagb-post__title\"><a href=\"https:\/\/uepc.org.ar\/conectate\/contenidos-libres-de-que-se-trata-y-como-hacerlo\/\" target=\"\">Contenidos libres: de qu\u00e9 se trata y c\u00f3mo hacerlo<\/a><\/div><div class=\"fwpl-item el-56odc\">02\/10\/2020<\/div><\/div><\/div><\/div><div class=\"fwpl-result\"><div class=\"fwpl-row el-8cjrpw\"><div class=\"fwpl-col el-1tvcxf\"><div class=\"fwpl-item el-c3s6cu\"><a href=\"https:\/\/uepc.org.ar\/conectate\/subserie-apuntes-docentes-proponer-hacer-si-pero-como\/\" target=\"\"><img loading=\"lazy\" decoding=\"async\" width=\"550\" height=\"309\" src=\"https:\/\/uepc.org.ar\/conectate\/wp-content\/uploads\/2020\/09\/flyer-proponerhacer-550x309.jpg\" class=\"attachment-eris-archive-image-portrait size-eris-archive-image-portrait wp-post-image\" alt=\"\" srcset=\"https:\/\/uepc.org.ar\/conectate\/wp-content\/uploads\/2020\/09\/flyer-proponerhacer-550x309.jpg 550w, https:\/\/uepc.org.ar\/conectate\/wp-content\/uploads\/2020\/09\/flyer-proponerhacer-468x263.jpg 468w, https:\/\/uepc.org.ar\/conectate\/wp-content\/uploads\/2020\/09\/flyer-proponerhacer-1024x576.jpg 1024w, https:\/\/uepc.org.ar\/conectate\/wp-content\/uploads\/2020\/09\/flyer-proponerhacer-768x432.jpg 768w, https:\/\/uepc.org.ar\/conectate\/wp-content\/uploads\/2020\/09\/flyer-proponerhacer-160x90.jpg 160w, https:\/\/uepc.org.ar\/conectate\/wp-content\/uploads\/2020\/09\/flyer-proponerhacer.jpg 1200w\" sizes=\"auto, (max-width: 550px) 100vw, 550px\" \/><\/a><\/div><div class=\"fwpl-item el-fz703r uagb-post__title\"><a href=\"https:\/\/uepc.org.ar\/conectate\/subserie-apuntes-docentes-proponer-hacer-si-pero-como\/\" target=\"\">Apuntes Docentes | Proponer hacer. S\u00ed, pero \u00bfc\u00f3mo?<\/a><\/div><div class=\"fwpl-item el-56odc\">16\/09\/2020<\/div><\/div><\/div><\/div><div class=\"fwpl-result\"><div class=\"fwpl-row el-8cjrpw\"><div class=\"fwpl-col el-1tvcxf\"><div class=\"fwpl-item el-c3s6cu\"><a href=\"https:\/\/uepc.org.ar\/conectate\/es-igualdad-en-cuarentena-nivel-primario\/\" target=\"\"><img loading=\"lazy\" decoding=\"async\" width=\"550\" height=\"309\" src=\"https:\/\/uepc.org.ar\/conectate\/wp-content\/uploads\/2020\/09\/Flyer-Esi-Primaria-550x309.jpg\" class=\"attachment-eris-archive-image-portrait size-eris-archive-image-portrait wp-post-image\" alt=\"\" srcset=\"https:\/\/uepc.org.ar\/conectate\/wp-content\/uploads\/2020\/09\/Flyer-Esi-Primaria-550x309.jpg 550w, https:\/\/uepc.org.ar\/conectate\/wp-content\/uploads\/2020\/09\/Flyer-Esi-Primaria-468x263.jpg 468w, https:\/\/uepc.org.ar\/conectate\/wp-content\/uploads\/2020\/09\/Flyer-Esi-Primaria-1024x576.jpg 1024w, https:\/\/uepc.org.ar\/conectate\/wp-content\/uploads\/2020\/09\/Flyer-Esi-Primaria-768x432.jpg 768w, https:\/\/uepc.org.ar\/conectate\/wp-content\/uploads\/2020\/09\/Flyer-Esi-Primaria-160x90.jpg 160w, https:\/\/uepc.org.ar\/conectate\/wp-content\/uploads\/2020\/09\/Flyer-Esi-Primaria.jpg 1200w\" sizes=\"auto, (max-width: 550px) 100vw, 550px\" \/><\/a><\/div><div class=\"fwpl-item el-fz703r uagb-post__title\"><a href=\"https:\/\/uepc.org.ar\/conectate\/es-igualdad-en-cuarentena-nivel-primario\/\" target=\"\">Es Igualdad en cuarentena | Nivel Primario<\/a><\/div><div class=\"fwpl-item el-56odc\">08\/09\/2020<\/div><\/div><\/div><\/div><div class=\"fwpl-result\"><div class=\"fwpl-row el-8cjrpw\"><div class=\"fwpl-col el-1tvcxf\"><div class=\"fwpl-item el-c3s6cu\"><a href=\"https:\/\/uepc.org.ar\/conectate\/el-trabajo-de-ensenar-en-tiempos-de-aislamiento-social-preventivo-y-obligatorio\/\" target=\"\"><img loading=\"lazy\" decoding=\"async\" width=\"550\" height=\"289\" src=\"https:\/\/uepc.org.ar\/conectate\/wp-content\/uploads\/2020\/04\/1200x631_iciec_aislamientosocial-550x289.jpg\" class=\"attachment-eris-archive-image-portrait size-eris-archive-image-portrait wp-post-image\" alt=\"\" srcset=\"https:\/\/uepc.org.ar\/conectate\/wp-content\/uploads\/2020\/04\/1200x631_iciec_aislamientosocial-550x289.jpg 550w, https:\/\/uepc.org.ar\/conectate\/wp-content\/uploads\/2020\/04\/1200x631_iciec_aislamientosocial-500x263.jpg 500w, https:\/\/uepc.org.ar\/conectate\/wp-content\/uploads\/2020\/04\/1200x631_iciec_aislamientosocial-1024x538.jpg 1024w, https:\/\/uepc.org.ar\/conectate\/wp-content\/uploads\/2020\/04\/1200x631_iciec_aislamientosocial-768x404.jpg 768w, https:\/\/uepc.org.ar\/conectate\/wp-content\/uploads\/2020\/04\/1200x631_iciec_aislamientosocial-1100x578.jpg 1100w, https:\/\/uepc.org.ar\/conectate\/wp-content\/uploads\/2020\/04\/1200x631_iciec_aislamientosocial-160x84.jpg 160w, https:\/\/uepc.org.ar\/conectate\/wp-content\/uploads\/2020\/04\/1200x631_iciec_aislamientosocial.jpg 1200w\" sizes=\"auto, (max-width: 550px) 100vw, 550px\" \/><\/a><\/div><div class=\"fwpl-item el-fz703r uagb-post__title\"><a href=\"https:\/\/uepc.org.ar\/conectate\/el-trabajo-de-ensenar-en-tiempos-de-aislamiento-social-preventivo-y-obligatorio\/\" target=\"\">El trabajo de \u201cense\u00f1ar\u201d en tiempos de aislamiento social, preventivo y obligatorio<\/a><\/div><div class=\"fwpl-item el-56odc\">17\/04\/2020<\/div><\/div><\/div><\/div><div class=\"fwpl-result\"><div class=\"fwpl-row el-8cjrpw\"><div class=\"fwpl-col el-1tvcxf\"><div class=\"fwpl-item el-c3s6cu\"><a href=\"https:\/\/uepc.org.ar\/conectate\/bitacora-de-registro-creativo\/\" target=\"\"><img loading=\"lazy\" decoding=\"async\" width=\"550\" height=\"309\" src=\"https:\/\/uepc.org.ar\/conectate\/wp-content\/uploads\/2020\/03\/bitacora2020-550x309.jpg\" class=\"attachment-eris-archive-image-portrait size-eris-archive-image-portrait wp-post-image\" alt=\"\" srcset=\"https:\/\/uepc.org.ar\/conectate\/wp-content\/uploads\/2020\/03\/bitacora2020-550x309.jpg 550w, https:\/\/uepc.org.ar\/conectate\/wp-content\/uploads\/2020\/03\/bitacora2020-468x263.jpg 468w, https:\/\/uepc.org.ar\/conectate\/wp-content\/uploads\/2020\/03\/bitacora2020-1024x575.jpg 1024w, https:\/\/uepc.org.ar\/conectate\/wp-content\/uploads\/2020\/03\/bitacora2020-768x431.jpg 768w, https:\/\/uepc.org.ar\/conectate\/wp-content\/uploads\/2020\/03\/bitacora2020-160x90.jpg 160w, https:\/\/uepc.org.ar\/conectate\/wp-content\/uploads\/2020\/03\/bitacora2020.jpg 1367w\" sizes=\"auto, (max-width: 550px) 100vw, 550px\" \/><\/a><\/div><div class=\"fwpl-item el-fz703r uagb-post__title\"><a href=\"https:\/\/uepc.org.ar\/conectate\/bitacora-de-registro-creativo\/\" target=\"\">Bit\u00e1cora de registro creativo<\/a><\/div><div class=\"fwpl-item el-56odc\">20\/03\/2020<\/div><\/div><\/div><\/div><div class=\"fwpl-result\"><div class=\"fwpl-row el-8cjrpw\"><div class=\"fwpl-col el-1tvcxf\"><div class=\"fwpl-item el-c3s6cu\"><a href=\"https:\/\/uepc.org.ar\/conectate\/la-desigualdad-educativa-tambien-la-refleja-pisa\/\" target=\"\"><img loading=\"lazy\" decoding=\"async\" width=\"550\" height=\"289\" src=\"https:\/\/uepc.org.ar\/conectate\/wp-content\/uploads\/2019\/12\/La-desigualdad-educativa-OG-550x289.jpg\" class=\"attachment-eris-archive-image-portrait size-eris-archive-image-portrait wp-post-image\" alt=\"\" srcset=\"https:\/\/uepc.org.ar\/conectate\/wp-content\/uploads\/2019\/12\/La-desigualdad-educativa-OG-550x289.jpg 550w, https:\/\/uepc.org.ar\/conectate\/wp-content\/uploads\/2019\/12\/La-desigualdad-educativa-OG-500x263.jpg 500w, https:\/\/uepc.org.ar\/conectate\/wp-content\/uploads\/2019\/12\/La-desigualdad-educativa-OG-1024x538.jpg 1024w, https:\/\/uepc.org.ar\/conectate\/wp-content\/uploads\/2019\/12\/La-desigualdad-educativa-OG-768x403.jpg 768w, https:\/\/uepc.org.ar\/conectate\/wp-content\/uploads\/2019\/12\/La-desigualdad-educativa-OG-1536x806.jpg 1536w, https:\/\/uepc.org.ar\/conectate\/wp-content\/uploads\/2019\/12\/La-desigualdad-educativa-OG-1100x578.jpg 1100w, https:\/\/uepc.org.ar\/conectate\/wp-content\/uploads\/2019\/12\/La-desigualdad-educativa-OG-160x84.jpg 160w, https:\/\/uepc.org.ar\/conectate\/wp-content\/uploads\/2019\/12\/La-desigualdad-educativa-OG.jpg 1600w\" sizes=\"auto, (max-width: 550px) 100vw, 550px\" \/><\/a><\/div><div class=\"fwpl-item el-fz703r uagb-post__title\"><a href=\"https:\/\/uepc.org.ar\/conectate\/la-desigualdad-educativa-tambien-la-refleja-pisa\/\" target=\"\">PISA y la desigualdad educativa<\/a><\/div><div class=\"fwpl-item el-56odc\">11\/12\/2019<\/div><\/div><\/div><\/div><div class=\"fwpl-result\"><div class=\"fwpl-row el-8cjrpw\"><div class=\"fwpl-col el-1tvcxf\"><div class=\"fwpl-item el-c3s6cu\"><a href=\"https:\/\/uepc.org.ar\/conectate\/familias-y-escuelas-en-contexto-reflexiones-compartidas-en-clave-de-accion\/\" target=\"\"><img loading=\"lazy\" decoding=\"async\" width=\"550\" height=\"309\" src=\"https:\/\/uepc.org.ar\/conectate\/wp-content\/uploads\/2019\/11\/flyer-fondo-familia-1366-550x309.jpg\" class=\"attachment-eris-archive-image-portrait size-eris-archive-image-portrait wp-post-image\" alt=\"\" srcset=\"https:\/\/uepc.org.ar\/conectate\/wp-content\/uploads\/2019\/11\/flyer-fondo-familia-1366-550x309.jpg 550w, https:\/\/uepc.org.ar\/conectate\/wp-content\/uploads\/2019\/11\/flyer-fondo-familia-1366-468x263.jpg 468w, https:\/\/uepc.org.ar\/conectate\/wp-content\/uploads\/2019\/11\/flyer-fondo-familia-1366-1024x576.jpg 1024w, https:\/\/uepc.org.ar\/conectate\/wp-content\/uploads\/2019\/11\/flyer-fondo-familia-1366-768x432.jpg 768w, https:\/\/uepc.org.ar\/conectate\/wp-content\/uploads\/2019\/11\/flyer-fondo-familia-1366-160x90.jpg 160w, https:\/\/uepc.org.ar\/conectate\/wp-content\/uploads\/2019\/11\/flyer-fondo-familia-1366.jpg 1366w\" sizes=\"auto, (max-width: 550px) 100vw, 550px\" \/><\/a><\/div><div class=\"fwpl-item el-fz703r uagb-post__title\"><a href=\"https:\/\/uepc.org.ar\/conectate\/familias-y-escuelas-en-contexto-reflexiones-compartidas-en-clave-de-accion\/\" target=\"\">Familias y Escuelas en contexto. Reflexiones compartidas en clave de acci\u00f3n<\/a><\/div><div class=\"fwpl-item el-56odc\">27\/11\/2019<\/div><\/div><\/div><\/div><div class=\"fwpl-result\"><div class=\"fwpl-row el-8cjrpw\"><div class=\"fwpl-col el-1tvcxf\"><div class=\"fwpl-item el-c3s6cu\"><a href=\"https:\/\/uepc.org.ar\/conectate\/como-construir-practicas-evaluativas-emancipadoras-entrevista-a-capacitadoras-es-del-iciec-uepc\/\" target=\"\"><img loading=\"lazy\" decoding=\"async\" width=\"550\" height=\"309\" src=\"https:\/\/uepc.org.ar\/conectate\/wp-content\/uploads\/2019\/11\/flyer_evaluacion_1366px-550x309.jpg\" class=\"attachment-eris-archive-image-portrait size-eris-archive-image-portrait wp-post-image\" alt=\"\" srcset=\"https:\/\/uepc.org.ar\/conectate\/wp-content\/uploads\/2019\/11\/flyer_evaluacion_1366px-550x309.jpg 550w, https:\/\/uepc.org.ar\/conectate\/wp-content\/uploads\/2019\/11\/flyer_evaluacion_1366px-468x263.jpg 468w, https:\/\/uepc.org.ar\/conectate\/wp-content\/uploads\/2019\/11\/flyer_evaluacion_1366px-1024x576.jpg 1024w, https:\/\/uepc.org.ar\/conectate\/wp-content\/uploads\/2019\/11\/flyer_evaluacion_1366px-768x432.jpg 768w, https:\/\/uepc.org.ar\/conectate\/wp-content\/uploads\/2019\/11\/flyer_evaluacion_1366px-160x90.jpg 160w, https:\/\/uepc.org.ar\/conectate\/wp-content\/uploads\/2019\/11\/flyer_evaluacion_1366px.jpg 1366w\" sizes=\"auto, (max-width: 550px) 100vw, 550px\" \/><\/a><\/div><div class=\"fwpl-item el-fz703r uagb-post__title\"><a href=\"https:\/\/uepc.org.ar\/conectate\/como-construir-practicas-evaluativas-emancipadoras-entrevista-a-capacitadoras-es-del-iciec-uepc\/\" target=\"\">\u00bfC\u00f3mo construir pr\u00e1cticas evaluativas emancipadoras? Entrevista a capacitadoras\/es del ICIEC UEPC<\/a><\/div><div class=\"fwpl-item el-56odc\">26\/11\/2019<\/div><\/div><\/div><\/div><div class=\"fwpl-result\"><div class=\"fwpl-row el-8cjrpw\"><div class=\"fwpl-col el-1tvcxf\"><div class=\"fwpl-item el-c3s6cu\"><a href=\"https:\/\/uepc.org.ar\/conectate\/como-pensamos-la-convivencia-en-las-escuelas-entrevista-a-paula-bertarelli-y-guido-garcia-bastan\/\" target=\"\"><img loading=\"lazy\" decoding=\"async\" width=\"550\" height=\"309\" src=\"https:\/\/uepc.org.ar\/conectate\/wp-content\/uploads\/2019\/09\/convivencia-apaisado-1-1366-550x309.png\" class=\"attachment-eris-archive-image-portrait size-eris-archive-image-portrait wp-post-image\" alt=\"\" srcset=\"https:\/\/uepc.org.ar\/conectate\/wp-content\/uploads\/2019\/09\/convivencia-apaisado-1-1366-550x309.png 550w, https:\/\/uepc.org.ar\/conectate\/wp-content\/uploads\/2019\/09\/convivencia-apaisado-1-1366-468x263.png 468w, https:\/\/uepc.org.ar\/conectate\/wp-content\/uploads\/2019\/09\/convivencia-apaisado-1-1366-768x432.png 768w, https:\/\/uepc.org.ar\/conectate\/wp-content\/uploads\/2019\/09\/convivencia-apaisado-1-1366.png 1024w, https:\/\/uepc.org.ar\/conectate\/wp-content\/uploads\/2019\/09\/convivencia-apaisado-1-1366-160x90.png 160w\" sizes=\"auto, (max-width: 550px) 100vw, 550px\" \/><\/a><\/div><div class=\"fwpl-item el-fz703r uagb-post__title\"><a href=\"https:\/\/uepc.org.ar\/conectate\/como-pensamos-la-convivencia-en-las-escuelas-entrevista-a-paula-bertarelli-y-guido-garcia-bastan\/\" target=\"\">\u00bfC\u00f3mo pensamos la convivencia en las escuelas? | Entrevista a Paula Bertarelli y Guido Garc\u00eda Bast\u00e1n<\/a><\/div><div class=\"fwpl-item el-56odc\">26\/09\/2019<\/div><\/div><\/div><\/div><div class=\"fwpl-result\"><div class=\"fwpl-row el-8cjrpw\"><div class=\"fwpl-col el-1tvcxf\"><div class=\"fwpl-item el-c3s6cu\"><a href=\"https:\/\/uepc.org.ar\/conectate\/mejoran-los-aprendizajes-pero-aun-persiste-la-desigualdad\/\" target=\"\"><img loading=\"lazy\" decoding=\"async\" width=\"550\" height=\"288\" src=\"https:\/\/uepc.org.ar\/conectate\/wp-content\/uploads\/2019\/09\/Imagen-cape-550x288.png\" class=\"attachment-eris-archive-image-portrait size-eris-archive-image-portrait wp-post-image\" alt=\"\" srcset=\"https:\/\/uepc.org.ar\/conectate\/wp-content\/uploads\/2019\/09\/Imagen-cape-550x288.png 550w, https:\/\/uepc.org.ar\/conectate\/wp-content\/uploads\/2019\/09\/Imagen-cape-500x263.png 500w, https:\/\/uepc.org.ar\/conectate\/wp-content\/uploads\/2019\/09\/Imagen-cape-768x402.png 768w, https:\/\/uepc.org.ar\/conectate\/wp-content\/uploads\/2019\/09\/Imagen-cape-1024x536.png 1024w, https:\/\/uepc.org.ar\/conectate\/wp-content\/uploads\/2019\/09\/Imagen-cape-1100x578.png 1100w, https:\/\/uepc.org.ar\/conectate\/wp-content\/uploads\/2019\/09\/Imagen-cape-160x84.png 160w, https:\/\/uepc.org.ar\/conectate\/wp-content\/uploads\/2019\/09\/Imagen-cape.png 1200w\" sizes=\"auto, (max-width: 550px) 100vw, 550px\" \/><\/a><\/div><div class=\"fwpl-item el-fz703r uagb-post__title\"><a href=\"https:\/\/uepc.org.ar\/conectate\/mejoran-los-aprendizajes-pero-aun-persiste-la-desigualdad\/\" target=\"\">Mejoran los aprendizajes pero a\u00fan persiste la desigualdad<\/a><\/div><div class=\"fwpl-item el-56odc\">05\/09\/2019<\/div><\/div><\/div><\/div><div class=\"fwpl-result\"><div class=\"fwpl-row el-8cjrpw\"><div class=\"fwpl-col el-1tvcxf\"><div class=\"fwpl-item el-c3s6cu\"><a href=\"https:\/\/uepc.org.ar\/conectate\/presentamos-buentrato-para-ensenar-y-aprender-un-nuevo-aporte-para-la-construccion-de-experiencias-democraticas-en-la-escuela\/\" target=\"\"><img loading=\"lazy\" decoding=\"async\" width=\"550\" height=\"312\" src=\"https:\/\/uepc.org.ar\/conectate\/wp-content\/uploads\/2019\/08\/WhatsApp-Image-2019-08-16-at-14.44.30-550x312.jpeg\" class=\"attachment-eris-archive-image-portrait size-eris-archive-image-portrait wp-post-image\" alt=\"\" srcset=\"https:\/\/uepc.org.ar\/conectate\/wp-content\/uploads\/2019\/08\/WhatsApp-Image-2019-08-16-at-14.44.30-550x312.jpeg 550w, https:\/\/uepc.org.ar\/conectate\/wp-content\/uploads\/2019\/08\/WhatsApp-Image-2019-08-16-at-14.44.30-463x263.jpeg 463w, https:\/\/uepc.org.ar\/conectate\/wp-content\/uploads\/2019\/08\/WhatsApp-Image-2019-08-16-at-14.44.30-768x436.jpeg 768w, https:\/\/uepc.org.ar\/conectate\/wp-content\/uploads\/2019\/08\/WhatsApp-Image-2019-08-16-at-14.44.30-1024x582.jpeg 1024w, https:\/\/uepc.org.ar\/conectate\/wp-content\/uploads\/2019\/08\/WhatsApp-Image-2019-08-16-at-14.44.30-160x91.jpeg 160w, https:\/\/uepc.org.ar\/conectate\/wp-content\/uploads\/2019\/08\/WhatsApp-Image-2019-08-16-at-14.44.30.jpeg 1280w\" sizes=\"auto, (max-width: 550px) 100vw, 550px\" \/><\/a><\/div><div class=\"fwpl-item el-fz703r uagb-post__title\"><a href=\"https:\/\/uepc.org.ar\/conectate\/presentamos-buentrato-para-ensenar-y-aprender-un-nuevo-aporte-para-la-construccion-de-experiencias-democraticas-en-la-escuela\/\" target=\"\">Presentamos \u201cBuentrato para ense\u00f1ar y aprender\u201d. Un nuevo aporte para la construcci\u00f3n de experiencias democr\u00e1ticas en la escuela<\/a><\/div><div class=\"fwpl-item el-56odc\">21\/08\/2019<\/div><\/div><\/div><\/div><div class=\"fwpl-result\"><div class=\"fwpl-row el-8cjrpw\"><div class=\"fwpl-col el-1tvcxf\"><div class=\"fwpl-item el-c3s6cu\"><a href=\"https:\/\/uepc.org.ar\/conectate\/buentrato-para-ensenar-y-aprender-educacion-inicial\/\" target=\"\"><img loading=\"lazy\" decoding=\"async\" width=\"550\" height=\"288\" src=\"https:\/\/uepc.org.ar\/conectate\/wp-content\/uploads\/2019\/08\/Inicial-IG-550x288.jpg\" class=\"attachment-eris-archive-image-portrait size-eris-archive-image-portrait wp-post-image\" alt=\"\" srcset=\"https:\/\/uepc.org.ar\/conectate\/wp-content\/uploads\/2019\/08\/Inicial-IG-550x288.jpg 550w, https:\/\/uepc.org.ar\/conectate\/wp-content\/uploads\/2019\/08\/Inicial-IG-500x263.jpg 500w, https:\/\/uepc.org.ar\/conectate\/wp-content\/uploads\/2019\/08\/Inicial-IG-768x403.jpg 768w, https:\/\/uepc.org.ar\/conectate\/wp-content\/uploads\/2019\/08\/Inicial-IG-1024x537.jpg 1024w, https:\/\/uepc.org.ar\/conectate\/wp-content\/uploads\/2019\/08\/Inicial-IG-1100x578.jpg 1100w, https:\/\/uepc.org.ar\/conectate\/wp-content\/uploads\/2019\/08\/Inicial-IG-160x84.jpg 160w, https:\/\/uepc.org.ar\/conectate\/wp-content\/uploads\/2019\/08\/Inicial-IG.jpg 1244w\" sizes=\"auto, (max-width: 550px) 100vw, 550px\" \/><\/a><\/div><div class=\"fwpl-item el-fz703r uagb-post__title\"><a href=\"https:\/\/uepc.org.ar\/conectate\/buentrato-para-ensenar-y-aprender-educacion-inicial\/\" target=\"\">Buentrato para Ense\u00f1ar y Aprender. Educaci\u00f3n Inicial<\/a><\/div><div class=\"fwpl-item el-56odc\">15\/08\/2019<\/div><\/div><\/div><\/div><div class=\"fwpl-result\"><div class=\"fwpl-row el-8cjrpw\"><div class=\"fwpl-col el-1tvcxf\"><div class=\"fwpl-item el-c3s6cu\"><a href=\"https:\/\/uepc.org.ar\/conectate\/buentrato-para-ensenar-y-aprender-educacion-primaria\/\" target=\"\"><img loading=\"lazy\" decoding=\"async\" width=\"550\" height=\"288\" src=\"https:\/\/uepc.org.ar\/conectate\/wp-content\/uploads\/2019\/08\/Primarial-IG-550x288.jpg\" class=\"attachment-eris-archive-image-portrait size-eris-archive-image-portrait wp-post-image\" alt=\"\" srcset=\"https:\/\/uepc.org.ar\/conectate\/wp-content\/uploads\/2019\/08\/Primarial-IG-550x288.jpg 550w, https:\/\/uepc.org.ar\/conectate\/wp-content\/uploads\/2019\/08\/Primarial-IG-500x263.jpg 500w, https:\/\/uepc.org.ar\/conectate\/wp-content\/uploads\/2019\/08\/Primarial-IG-768x402.jpg 768w, https:\/\/uepc.org.ar\/conectate\/wp-content\/uploads\/2019\/08\/Primarial-IG-1024x536.jpg 1024w, https:\/\/uepc.org.ar\/conectate\/wp-content\/uploads\/2019\/08\/Primarial-IG-1100x578.jpg 1100w, https:\/\/uepc.org.ar\/conectate\/wp-content\/uploads\/2019\/08\/Primarial-IG-160x84.jpg 160w, https:\/\/uepc.org.ar\/conectate\/wp-content\/uploads\/2019\/08\/Primarial-IG.jpg 1242w\" sizes=\"auto, (max-width: 550px) 100vw, 550px\" \/><\/a><\/div><div class=\"fwpl-item el-fz703r uagb-post__title\"><a href=\"https:\/\/uepc.org.ar\/conectate\/buentrato-para-ensenar-y-aprender-educacion-primaria\/\" target=\"\">Buentrato para Ense\u00f1ar y Aprender. Educaci\u00f3n Primaria<\/a><\/div><div class=\"fwpl-item el-56odc\">15\/08\/2019<\/div><\/div><\/div><\/div><div class=\"fwpl-result\"><div class=\"fwpl-row el-8cjrpw\"><div class=\"fwpl-col el-1tvcxf\"><div class=\"fwpl-item el-c3s6cu\"><a href=\"https:\/\/uepc.org.ar\/conectate\/buentrato-para-ensenar-y-aprender-educacion-secundaria\/\" target=\"\"><img loading=\"lazy\" decoding=\"async\" width=\"550\" height=\"288\" src=\"https:\/\/uepc.org.ar\/conectate\/wp-content\/uploads\/2019\/08\/Secundarial-IG-550x288.jpg\" class=\"attachment-eris-archive-image-portrait size-eris-archive-image-portrait wp-post-image\" alt=\"\" srcset=\"https:\/\/uepc.org.ar\/conectate\/wp-content\/uploads\/2019\/08\/Secundarial-IG-550x288.jpg 550w, https:\/\/uepc.org.ar\/conectate\/wp-content\/uploads\/2019\/08\/Secundarial-IG-500x263.jpg 500w, https:\/\/uepc.org.ar\/conectate\/wp-content\/uploads\/2019\/08\/Secundarial-IG-768x402.jpg 768w, https:\/\/uepc.org.ar\/conectate\/wp-content\/uploads\/2019\/08\/Secundarial-IG-1024x536.jpg 1024w, https:\/\/uepc.org.ar\/conectate\/wp-content\/uploads\/2019\/08\/Secundarial-IG-1100x578.jpg 1100w, https:\/\/uepc.org.ar\/conectate\/wp-content\/uploads\/2019\/08\/Secundarial-IG-160x84.jpg 160w, https:\/\/uepc.org.ar\/conectate\/wp-content\/uploads\/2019\/08\/Secundarial-IG.jpg 1188w\" sizes=\"auto, (max-width: 550px) 100vw, 550px\" \/><\/a><\/div><div class=\"fwpl-item el-fz703r uagb-post__title\"><a href=\"https:\/\/uepc.org.ar\/conectate\/buentrato-para-ensenar-y-aprender-educacion-secundaria\/\" target=\"\">Buentrato para Ense\u00f1ar y Aprender. Educaci\u00f3n Secundaria<\/a><\/div><div class=\"fwpl-item el-56odc\">15\/08\/2019<\/div><\/div><\/div><\/div><div class=\"fwpl-result\"><div class=\"fwpl-row el-8cjrpw\"><div class=\"fwpl-col el-1tvcxf\"><div class=\"fwpl-item el-c3s6cu\"><a href=\"https:\/\/uepc.org.ar\/conectate\/conferencia-de-philippe-meirieu-en-iciec-uepc\/\" target=\"\"><img loading=\"lazy\" decoding=\"async\" width=\"550\" height=\"288\" src=\"https:\/\/uepc.org.ar\/conectate\/wp-content\/uploads\/2019\/08\/DSCN1520-550x288.jpg\" class=\"attachment-eris-archive-image-portrait size-eris-archive-image-portrait wp-post-image\" alt=\"\" srcset=\"https:\/\/uepc.org.ar\/conectate\/wp-content\/uploads\/2019\/08\/DSCN1520-550x288.jpg 550w, https:\/\/uepc.org.ar\/conectate\/wp-content\/uploads\/2019\/08\/DSCN1520-500x263.jpg 500w, https:\/\/uepc.org.ar\/conectate\/wp-content\/uploads\/2019\/08\/DSCN1520-768x403.jpg 768w, https:\/\/uepc.org.ar\/conectate\/wp-content\/uploads\/2019\/08\/DSCN1520-1024x537.jpg 1024w, https:\/\/uepc.org.ar\/conectate\/wp-content\/uploads\/2019\/08\/DSCN1520-1100x578.jpg 1100w, https:\/\/uepc.org.ar\/conectate\/wp-content\/uploads\/2019\/08\/DSCN1520-160x84.jpg 160w, https:\/\/uepc.org.ar\/conectate\/wp-content\/uploads\/2019\/08\/DSCN1520.jpg 1200w\" sizes=\"auto, (max-width: 550px) 100vw, 550px\" \/><\/a><\/div><div class=\"fwpl-item el-fz703r uagb-post__title\"><a href=\"https:\/\/uepc.org.ar\/conectate\/conferencia-de-philippe-meirieu-en-iciec-uepc\/\" target=\"\">Conferencia de Philippe Meirieu en ICIEC-UEPC<\/a><\/div><div class=\"fwpl-item el-56odc\">01\/08\/2019<\/div><\/div><\/div><\/div><div class=\"fwpl-result\"><div class=\"fwpl-row el-8cjrpw\"><div class=\"fwpl-col el-1tvcxf\"><div class=\"fwpl-item el-c3s6cu\"><a href=\"https:\/\/uepc.org.ar\/conectate\/nuevo-libro-el-teatro-como-herramienta-para-re-crear-las-practicas-en-la-escuela\/\" target=\"\"><img loading=\"lazy\" decoding=\"async\" width=\"550\" height=\"250\" src=\"https:\/\/uepc.org.ar\/conectate\/wp-content\/uploads\/2019\/06\/teatro-550x250.png\" class=\"attachment-eris-archive-image-portrait size-eris-archive-image-portrait wp-post-image\" alt=\"\" srcset=\"https:\/\/uepc.org.ar\/conectate\/wp-content\/uploads\/2019\/06\/teatro-550x250.png 550w, https:\/\/uepc.org.ar\/conectate\/wp-content\/uploads\/2019\/06\/teatro-500x227.png 500w, https:\/\/uepc.org.ar\/conectate\/wp-content\/uploads\/2019\/06\/teatro-1024x465.png 1024w, https:\/\/uepc.org.ar\/conectate\/wp-content\/uploads\/2019\/06\/teatro-768x349.png 768w, https:\/\/uepc.org.ar\/conectate\/wp-content\/uploads\/2019\/06\/teatro-160x73.png 160w, https:\/\/uepc.org.ar\/conectate\/wp-content\/uploads\/2019\/06\/teatro.png 1100w\" sizes=\"auto, (max-width: 550px) 100vw, 550px\" \/><\/a><\/div><div class=\"fwpl-item el-fz703r uagb-post__title\"><a href=\"https:\/\/uepc.org.ar\/conectate\/nuevo-libro-el-teatro-como-herramienta-para-re-crear-las-practicas-en-la-escuela\/\" target=\"\">El Teatro como herramienta para re-crear las pr\u00e1cticas en la escuela | Cuadernos para la ense\u00f1anza<\/a><\/div><div class=\"fwpl-item el-56odc\">13\/06\/2019<\/div><\/div><\/div><\/div><div class=\"fwpl-result\"><div class=\"fwpl-row el-8cjrpw\"><div class=\"fwpl-col el-1tvcxf\"><div class=\"fwpl-item el-c3s6cu\"><a href=\"https:\/\/uepc.org.ar\/conectate\/entrevista-meirieu-serie-aportes-para-debate-el-debate-educativo\/\" target=\"\"><img loading=\"lazy\" decoding=\"async\" width=\"550\" height=\"288\" src=\"https:\/\/uepc.org.ar\/conectate\/wp-content\/uploads\/2019\/05\/entrevista-merieuOK.jpg\" class=\"attachment-eris-archive-image-portrait size-eris-archive-image-portrait wp-post-image\" alt=\"\" srcset=\"https:\/\/uepc.org.ar\/conectate\/wp-content\/uploads\/2019\/05\/entrevista-merieuOK.jpg 1200w, https:\/\/uepc.org.ar\/conectate\/wp-content\/uploads\/2019\/05\/entrevista-merieuOK-500x263.jpg 500w, https:\/\/uepc.org.ar\/conectate\/wp-content\/uploads\/2019\/05\/entrevista-merieuOK-1024x536.jpg 1024w, https:\/\/uepc.org.ar\/conectate\/wp-content\/uploads\/2019\/05\/entrevista-merieuOK-400x209.jpg 400w, https:\/\/uepc.org.ar\/conectate\/wp-content\/uploads\/2019\/05\/entrevista-merieuOK-1100x578.jpg 1100w\" sizes=\"auto, (max-width: 550px) 100vw, 550px\" \/><\/a><\/div><div class=\"fwpl-item el-fz703r uagb-post__title\"><a href=\"https:\/\/uepc.org.ar\/conectate\/entrevista-meirieu-serie-aportes-para-debate-el-debate-educativo\/\" target=\"\">\"Encontrar en el aula el placer de aprender juntas\/os\" | Entrevista a Philippe Meirieu<\/a><\/div><div class=\"fwpl-item el-56odc\">23\/05\/2019<\/div><\/div><\/div><\/div><div class=\"fwpl-result\"><div class=\"fwpl-row el-8cjrpw\"><div class=\"fwpl-col el-1tvcxf\"><div class=\"fwpl-item el-c3s6cu\"><a href=\"https:\/\/uepc.org.ar\/conectate\/un-libro-que-se-reescribe-en-las-escuela\/\" target=\"\"><img loading=\"lazy\" decoding=\"async\" width=\"550\" height=\"298\" src=\"https:\/\/uepc.org.ar\/conectate\/wp-content\/uploads\/2018\/06\/IMG-20180612-WA0055-11.jpg\" class=\"attachment-eris-archive-image-portrait size-eris-archive-image-portrait wp-post-image\" alt=\"\" srcset=\"https:\/\/uepc.org.ar\/conectate\/wp-content\/uploads\/2018\/06\/IMG-20180612-WA0055-11.jpg 1277w, https:\/\/uepc.org.ar\/conectate\/wp-content\/uploads\/2018\/06\/IMG-20180612-WA0055-11-300x162.jpg 300w, https:\/\/uepc.org.ar\/conectate\/wp-content\/uploads\/2018\/06\/IMG-20180612-WA0055-11-1024x554.jpg 1024w, https:\/\/uepc.org.ar\/conectate\/wp-content\/uploads\/2018\/06\/IMG-20180612-WA0055-11-400x216.jpg 400w\" sizes=\"auto, (max-width: 550px) 100vw, 550px\" \/><\/a><\/div><div class=\"fwpl-item el-fz703r uagb-post__title\"><a href=\"https:\/\/uepc.org.ar\/conectate\/un-libro-que-se-reescribe-en-las-escuela\/\" target=\"\">Un libro que se reescribe en las escuelas<\/a><\/div><div class=\"fwpl-item el-56odc\">15\/06\/2018<\/div><\/div><\/div><\/div><div class=\"fwpl-result\"><div class=\"fwpl-row el-8cjrpw\"><div class=\"fwpl-col el-1tvcxf\"><div class=\"fwpl-item el-c3s6cu\"><a href=\"https:\/\/uepc.org.ar\/conectate\/femicidios-que-podemos-hacer-desde-la-escuela-entrevista-a-maria-teresa-bosio\/\" target=\"\"><img loading=\"lazy\" decoding=\"async\" width=\"550\" height=\"364\" src=\"https:\/\/uepc.org.ar\/conectate\/wp-content\/uploads\/2018\/06\/keka.png\" class=\"attachment-eris-archive-image-portrait size-eris-archive-image-portrait wp-post-image\" alt=\"\" srcset=\"https:\/\/uepc.org.ar\/conectate\/wp-content\/uploads\/2018\/06\/keka.png 909w, https:\/\/uepc.org.ar\/conectate\/wp-content\/uploads\/2018\/06\/keka-300x198.png 300w, https:\/\/uepc.org.ar\/conectate\/wp-content\/uploads\/2018\/06\/keka-207x136.png 207w, https:\/\/uepc.org.ar\/conectate\/wp-content\/uploads\/2018\/06\/keka-140x94.png 140w, https:\/\/uepc.org.ar\/conectate\/wp-content\/uploads\/2018\/06\/keka-400x264.png 400w\" sizes=\"auto, (max-width: 550px) 100vw, 550px\" \/><\/a><\/div><div class=\"fwpl-item el-fz703r uagb-post__title\"><a href=\"https:\/\/uepc.org.ar\/conectate\/femicidios-que-podemos-hacer-desde-la-escuela-entrevista-a-maria-teresa-bosio\/\" target=\"\">Femicidios, \u00bfqu\u00e9 podemos hacer desde la escuela? - Entrevista a Mar\u00eda Teresa Bosio<\/a><\/div><div class=\"fwpl-item el-56odc\">04\/06\/2018<\/div><\/div><\/div><\/div><div class=\"fwpl-result\"><div class=\"fwpl-row el-8cjrpw\"><div class=\"fwpl-col el-1tvcxf\"><div class=\"fwpl-item el-c3s6cu\"><a href=\"https:\/\/uepc.org.ar\/conectate\/conversamos-con-dilma-fregona-pistas-para-pensar-la-matematica-en-la-escuela\/\" target=\"\"><img loading=\"lazy\" decoding=\"async\" width=\"550\" height=\"367\" src=\"https:\/\/uepc.org.ar\/conectate\/wp-content\/uploads\/2018\/05\/06042018-IMG_2055.jpg\" class=\"attachment-eris-archive-image-portrait size-eris-archive-image-portrait wp-post-image\" alt=\"\" srcset=\"https:\/\/uepc.org.ar\/conectate\/wp-content\/uploads\/2018\/05\/06042018-IMG_2055.jpg 2500w, https:\/\/uepc.org.ar\/conectate\/wp-content\/uploads\/2018\/05\/06042018-IMG_2055-300x200.jpg 300w, https:\/\/uepc.org.ar\/conectate\/wp-content\/uploads\/2018\/05\/06042018-IMG_2055-1024x683.jpg 1024w, https:\/\/uepc.org.ar\/conectate\/wp-content\/uploads\/2018\/05\/06042018-IMG_2055-140x94.jpg 140w, https:\/\/uepc.org.ar\/conectate\/wp-content\/uploads\/2018\/05\/06042018-IMG_2055-400x267.jpg 400w\" sizes=\"auto, (max-width: 550px) 100vw, 550px\" \/><\/a><\/div><div class=\"fwpl-item el-fz703r uagb-post__title\"><a href=\"https:\/\/uepc.org.ar\/conectate\/conversamos-con-dilma-fregona-pistas-para-pensar-la-matematica-en-la-escuela\/\" target=\"\">Conversamos con Dilma Fregona: pistas para pensar la matem\u00e1tica en la escuela<\/a><\/div><div class=\"fwpl-item el-56odc\">28\/05\/2018<\/div><\/div><\/div><\/div><div class=\"fwpl-result\"><div class=\"fwpl-row el-8cjrpw\"><div class=\"fwpl-col el-1tvcxf\"><div class=\"fwpl-item el-c3s6cu\"><a href=\"https:\/\/uepc.org.ar\/conectate\/para-repensar-los-actos-escolares-entrevista-a-matias-capra\/\" target=\"\"><img loading=\"lazy\" decoding=\"async\" width=\"550\" height=\"353\" src=\"https:\/\/uepc.org.ar\/conectate\/wp-content\/uploads\/2018\/05\/Imagen-para-Conectate-todo-azul.png\" class=\"attachment-eris-archive-image-portrait size-eris-archive-image-portrait wp-post-image\" alt=\"\" srcset=\"https:\/\/uepc.org.ar\/conectate\/wp-content\/uploads\/2018\/05\/Imagen-para-Conectate-todo-azul.png 797w, https:\/\/uepc.org.ar\/conectate\/wp-content\/uploads\/2018\/05\/Imagen-para-Conectate-todo-azul-300x192.png 300w, https:\/\/uepc.org.ar\/conectate\/wp-content\/uploads\/2018\/05\/Imagen-para-Conectate-todo-azul-400x256.png 400w\" sizes=\"auto, (max-width: 550px) 100vw, 550px\" \/><\/a><\/div><div class=\"fwpl-item el-fz703r uagb-post__title\"><a href=\"https:\/\/uepc.org.ar\/conectate\/para-repensar-los-actos-escolares-entrevista-a-matias-capra\/\" target=\"\">Para repensar los Actos Escolares - Entrevista a Mat\u00edas Capra<\/a><\/div><div class=\"fwpl-item el-56odc\">21\/05\/2018<\/div><\/div><\/div><\/div><div class=\"fwpl-result\"><div class=\"fwpl-row el-8cjrpw\"><div class=\"fwpl-col el-1tvcxf\"><div class=\"fwpl-item el-c3s6cu\"><a href=\"https:\/\/uepc.org.ar\/conectate\/voces-protagonistas-la-escuela-construye-aprendizajes\/\" target=\"\"><img loading=\"lazy\" decoding=\"async\" width=\"550\" height=\"367\" src=\"https:\/\/uepc.org.ar\/conectate\/wp-content\/uploads\/2018\/04\/06042018-IMG_1964.jpg\" class=\"attachment-eris-archive-image-portrait size-eris-archive-image-portrait wp-post-image\" alt=\"\" srcset=\"https:\/\/uepc.org.ar\/conectate\/wp-content\/uploads\/2018\/04\/06042018-IMG_1964.jpg 2500w, https:\/\/uepc.org.ar\/conectate\/wp-content\/uploads\/2018\/04\/06042018-IMG_1964-300x200.jpg 300w, https:\/\/uepc.org.ar\/conectate\/wp-content\/uploads\/2018\/04\/06042018-IMG_1964-1024x683.jpg 1024w, https:\/\/uepc.org.ar\/conectate\/wp-content\/uploads\/2018\/04\/06042018-IMG_1964-140x94.jpg 140w, https:\/\/uepc.org.ar\/conectate\/wp-content\/uploads\/2018\/04\/06042018-IMG_1964-400x267.jpg 400w\" sizes=\"auto, (max-width: 550px) 100vw, 550px\" \/><\/a><\/div><div class=\"fwpl-item el-fz703r uagb-post__title\"><a href=\"https:\/\/uepc.org.ar\/conectate\/voces-protagonistas-la-escuela-construye-aprendizajes\/\" target=\"\">Voces protagonistas: La escuela construye aprendizajes<\/a><\/div><div class=\"fwpl-item el-56odc\">08\/05\/2018<\/div><\/div><\/div><\/div><div class=\"fwpl-result\"><div class=\"fwpl-row el-8cjrpw\"><div class=\"fwpl-col el-1tvcxf\"><div class=\"fwpl-item el-c3s6cu\"><a href=\"https:\/\/uepc.org.ar\/conectate\/cuadernos-para-la-ensenanza-aprender-a-programar-para-integrarnos\/\" target=\"\"><img loading=\"lazy\" decoding=\"async\" width=\"550\" height=\"250\" src=\"https:\/\/uepc.org.ar\/conectate\/wp-content\/uploads\/2018\/04\/Aprender-a-programar-550x250.png\" class=\"attachment-eris-archive-image-portrait size-eris-archive-image-portrait wp-post-image\" alt=\"\" srcset=\"https:\/\/uepc.org.ar\/conectate\/wp-content\/uploads\/2018\/04\/Aprender-a-programar-550x250.png 550w, https:\/\/uepc.org.ar\/conectate\/wp-content\/uploads\/2018\/04\/Aprender-a-programar-500x227.png 500w, https:\/\/uepc.org.ar\/conectate\/wp-content\/uploads\/2018\/04\/Aprender-a-programar-1024x465.png 1024w, https:\/\/uepc.org.ar\/conectate\/wp-content\/uploads\/2018\/04\/Aprender-a-programar-768x349.png 768w, https:\/\/uepc.org.ar\/conectate\/wp-content\/uploads\/2018\/04\/Aprender-a-programar-160x73.png 160w, https:\/\/uepc.org.ar\/conectate\/wp-content\/uploads\/2018\/04\/Aprender-a-programar.png 1100w\" sizes=\"auto, (max-width: 550px) 100vw, 550px\" \/><\/a><\/div><div class=\"fwpl-item el-fz703r uagb-post__title\"><a href=\"https:\/\/uepc.org.ar\/conectate\/cuadernos-para-la-ensenanza-aprender-a-programar-para-integrarnos\/\" target=\"\">Aprender a programar para integrar(nos) | Cuadernos para la ense\u00f1anza<\/a><\/div><div class=\"fwpl-item el-56odc\">30\/04\/2018<\/div><\/div><\/div><\/div><div class=\"fwpl-result\"><div class=\"fwpl-row el-8cjrpw\"><div class=\"fwpl-col el-1tvcxf\"><div class=\"fwpl-item el-c3s6cu\"><a href=\"https:\/\/uepc.org.ar\/conectate\/experiencias-y-propuestas-para-la-ensenanza-de-la-matematica-y-las-ciencias-naturales\/\" target=\"\"><img loading=\"lazy\" decoding=\"async\" width=\"550\" height=\"530\" src=\"https:\/\/uepc.org.ar\/conectate\/wp-content\/uploads\/2018\/03\/TAPA-Libro-La-Escuela-Construye-OK.jpg\" class=\"attachment-eris-archive-image-portrait size-eris-archive-image-portrait wp-post-image\" alt=\"\" srcset=\"https:\/\/uepc.org.ar\/conectate\/wp-content\/uploads\/2018\/03\/TAPA-Libro-La-Escuela-Construye-OK.jpg 1233w, https:\/\/uepc.org.ar\/conectate\/wp-content\/uploads\/2018\/03\/TAPA-Libro-La-Escuela-Construye-OK-300x289.jpg 300w, https:\/\/uepc.org.ar\/conectate\/wp-content\/uploads\/2018\/03\/TAPA-Libro-La-Escuela-Construye-OK-1024x987.jpg 1024w, https:\/\/uepc.org.ar\/conectate\/wp-content\/uploads\/2018\/03\/TAPA-Libro-La-Escuela-Construye-OK-37x37.jpg 37w, https:\/\/uepc.org.ar\/conectate\/wp-content\/uploads\/2018\/03\/TAPA-Libro-La-Escuela-Construye-OK-400x386.jpg 400w\" sizes=\"auto, (max-width: 550px) 100vw, 550px\" \/><\/a><\/div><div class=\"fwpl-item el-fz703r uagb-post__title\"><a href=\"https:\/\/uepc.org.ar\/conectate\/experiencias-y-propuestas-para-la-ensenanza-de-la-matematica-y-las-ciencias-naturales\/\" target=\"\">Experiencias y propuestas para la ense\u00f1anza de la Matem\u00e1tica y las Cs. Naturales<\/a><\/div><div class=\"fwpl-item el-56odc\">12\/04\/2018<\/div><\/div><\/div><\/div><div class=\"fwpl-result\"><div class=\"fwpl-row el-8cjrpw\"><div class=\"fwpl-col el-1tvcxf\"><div class=\"fwpl-item el-c3s6cu\"><a href=\"https:\/\/uepc.org.ar\/conectate\/mejores-condiciones-para-ensenar-y-aprender\/\" target=\"\"><img loading=\"lazy\" decoding=\"async\" width=\"550\" height=\"555\" src=\"https:\/\/uepc.org.ar\/conectate\/wp-content\/uploads\/2017\/10\/Cuaderno-SituacionesConflictivas-Tapa.jpg\" class=\"attachment-eris-archive-image-portrait size-eris-archive-image-portrait wp-post-image\" alt=\"\" srcset=\"https:\/\/uepc.org.ar\/conectate\/wp-content\/uploads\/2017\/10\/Cuaderno-SituacionesConflictivas-Tapa.jpg 2496w, https:\/\/uepc.org.ar\/conectate\/wp-content\/uploads\/2017\/10\/Cuaderno-SituacionesConflictivas-Tapa-150x150.jpg 150w, https:\/\/uepc.org.ar\/conectate\/wp-content\/uploads\/2017\/10\/Cuaderno-SituacionesConflictivas-Tapa-297x300.jpg 297w, https:\/\/uepc.org.ar\/conectate\/wp-content\/uploads\/2017\/10\/Cuaderno-SituacionesConflictivas-Tapa-1015x1024.jpg 1015w, https:\/\/uepc.org.ar\/conectate\/wp-content\/uploads\/2017\/10\/Cuaderno-SituacionesConflictivas-Tapa-37x37.jpg 37w, https:\/\/uepc.org.ar\/conectate\/wp-content\/uploads\/2017\/10\/Cuaderno-SituacionesConflictivas-Tapa-128x128.jpg 128w, https:\/\/uepc.org.ar\/conectate\/wp-content\/uploads\/2017\/10\/Cuaderno-SituacionesConflictivas-Tapa-45x45.jpg 45w, https:\/\/uepc.org.ar\/conectate\/wp-content\/uploads\/2017\/10\/Cuaderno-SituacionesConflictivas-Tapa-400x404.jpg 400w\" sizes=\"auto, (max-width: 550px) 100vw, 550px\" \/><\/a><\/div><div class=\"fwpl-item el-fz703r uagb-post__title\"><a href=\"https:\/\/uepc.org.ar\/conectate\/mejores-condiciones-para-ensenar-y-aprender\/\" target=\"\">Estrategias pedag\u00f3gico-institucionales para abordar situaciones conflictivas en la escuela<\/a><\/div><div class=\"fwpl-item el-56odc\">20\/10\/2017<\/div><\/div><\/div><\/div><div class=\"fwpl-result\"><div class=\"fwpl-row el-8cjrpw\"><div class=\"fwpl-col el-1tvcxf\"><div class=\"fwpl-item el-c3s6cu\"><a href=\"https:\/\/uepc.org.ar\/conectate\/encrucijadas-de-la-inclusion-por-eduardo-de-la-vega-pdf\/\" target=\"\"><img loading=\"lazy\" decoding=\"async\" width=\"550\" height=\"781\" src=\"https:\/\/uepc.org.ar\/conectate\/wp-content\/uploads\/2017\/10\/DeLaVega-Tapa-e1507058880194.jpg\" class=\"attachment-eris-archive-image-portrait size-eris-archive-image-portrait wp-post-image\" alt=\"\" \/><\/a><\/div><div class=\"fwpl-item el-fz703r uagb-post__title\"><a href=\"https:\/\/uepc.org.ar\/conectate\/encrucijadas-de-la-inclusion-por-eduardo-de-la-vega-pdf\/\" target=\"\">Encrucijadas de la Inclusi\u00f3n, por Eduardo de la Vega - PDF<\/a><\/div><div class=\"fwpl-item el-56odc\">03\/10\/2017<\/div><\/div><\/div><\/div><div class=\"fwpl-result\"><div class=\"fwpl-row el-8cjrpw\"><div class=\"fwpl-col el-1tvcxf\"><div class=\"fwpl-item el-c3s6cu\"><a href=\"https:\/\/uepc.org.ar\/conectate\/losas-jovenes-tienen-la-palabra-alteridad-y-discriminacion-en-la-escuela\/\" target=\"\"><img loading=\"lazy\" decoding=\"async\" width=\"550\" height=\"288\" src=\"https:\/\/uepc.org.ar\/conectate\/wp-content\/uploads\/2016\/11\/losjovenestienenlapalabra-550x288.jpg\" class=\"attachment-eris-archive-image-portrait size-eris-archive-image-portrait wp-post-image\" alt=\"\" srcset=\"https:\/\/uepc.org.ar\/conectate\/wp-content\/uploads\/2016\/11\/losjovenestienenlapalabra-550x288.jpg 550w, https:\/\/uepc.org.ar\/conectate\/wp-content\/uploads\/2016\/11\/losjovenestienenlapalabra-500x263.jpg 500w, https:\/\/uepc.org.ar\/conectate\/wp-content\/uploads\/2016\/11\/losjovenestienenlapalabra-768x402.jpg 768w, https:\/\/uepc.org.ar\/conectate\/wp-content\/uploads\/2016\/11\/losjovenestienenlapalabra-1024x536.jpg 1024w, https:\/\/uepc.org.ar\/conectate\/wp-content\/uploads\/2016\/11\/losjovenestienenlapalabra-1600x838.jpg 1600w, https:\/\/uepc.org.ar\/conectate\/wp-content\/uploads\/2016\/11\/losjovenestienenlapalabra-1100x578.jpg 1100w, https:\/\/uepc.org.ar\/conectate\/wp-content\/uploads\/2016\/11\/losjovenestienenlapalabra-160x84.jpg 160w, https:\/\/uepc.org.ar\/conectate\/wp-content\/uploads\/2016\/11\/losjovenestienenlapalabra.jpg 1830w\" sizes=\"auto, (max-width: 550px) 100vw, 550px\" \/><\/a><\/div><div class=\"fwpl-item el-fz703r uagb-post__title\"><a href=\"https:\/\/uepc.org.ar\/conectate\/losas-jovenes-tienen-la-palabra-alteridad-y-discriminacion-en-la-escuela\/\" target=\"\">Los\/as j\u00f3venes tienen la palabra: alteridad y discriminaci\u00f3n en la escuela<\/a><\/div><div class=\"fwpl-item el-56odc\">24\/11\/2016<\/div><\/div><\/div><\/div><div class=\"fwpl-result\"><div class=\"fwpl-row el-8cjrpw\"><div class=\"fwpl-col el-1tvcxf\"><div class=\"fwpl-item el-c3s6cu\"><a href=\"https:\/\/uepc.org.ar\/conectate\/extension-de-la-jornada-escolar-en-las-escuelas-primarias-cordobesas-nuevos-sentidos-nuevos-desafios\/\" target=\"\"><img loading=\"lazy\" decoding=\"async\" width=\"550\" height=\"551\" src=\"https:\/\/uepc.org.ar\/conectate\/wp-content\/uploads\/2016\/10\/tapa-martino.jpg\" class=\"attachment-eris-archive-image-portrait size-eris-archive-image-portrait wp-post-image\" alt=\"\" srcset=\"https:\/\/uepc.org.ar\/conectate\/wp-content\/uploads\/2016\/10\/tapa-martino.jpg 1000w, https:\/\/uepc.org.ar\/conectate\/wp-content\/uploads\/2016\/10\/tapa-martino-150x150.jpg 150w, https:\/\/uepc.org.ar\/conectate\/wp-content\/uploads\/2016\/10\/tapa-martino-300x300.jpg 300w, https:\/\/uepc.org.ar\/conectate\/wp-content\/uploads\/2016\/10\/tapa-martino-37x37.jpg 37w, https:\/\/uepc.org.ar\/conectate\/wp-content\/uploads\/2016\/10\/tapa-martino-128x128.jpg 128w, https:\/\/uepc.org.ar\/conectate\/wp-content\/uploads\/2016\/10\/tapa-martino-184x184.jpg 184w, https:\/\/uepc.org.ar\/conectate\/wp-content\/uploads\/2016\/10\/tapa-martino-45x45.jpg 45w, https:\/\/uepc.org.ar\/conectate\/wp-content\/uploads\/2016\/10\/tapa-martino-200x200.jpg 200w, https:\/\/uepc.org.ar\/conectate\/wp-content\/uploads\/2016\/10\/tapa-martino-400x400.jpg 400w\" sizes=\"auto, (max-width: 550px) 100vw, 550px\" \/><\/a><\/div><div class=\"fwpl-item el-fz703r uagb-post__title\"><a href=\"https:\/\/uepc.org.ar\/conectate\/extension-de-la-jornada-escolar-en-las-escuelas-primarias-cordobesas-nuevos-sentidos-nuevos-desafios\/\" target=\"\">Extensi\u00f3n de la jornada escolar en las escuelas primarias cordobesas: nuevos sentidos, nuevos desafios<\/a><\/div><div class=\"fwpl-item el-56odc\">26\/10\/2016<\/div><\/div><\/div><\/div><div class=\"fwpl-result\"><div class=\"fwpl-row el-8cjrpw\"><div class=\"fwpl-col el-1tvcxf\"><div class=\"fwpl-item el-c3s6cu\"><a href=\"https:\/\/uepc.org.ar\/conectate\/la-jornada-extendida-en-escuelas-del-sudeste-cordobes\/\" target=\"\"><img loading=\"lazy\" decoding=\"async\" width=\"550\" height=\"551\" src=\"https:\/\/uepc.org.ar\/conectate\/wp-content\/uploads\/2016\/10\/tapa-Vallejo.jpg\" class=\"attachment-eris-archive-image-portrait size-eris-archive-image-portrait wp-post-image\" alt=\"\" srcset=\"https:\/\/uepc.org.ar\/conectate\/wp-content\/uploads\/2016\/10\/tapa-Vallejo.jpg 1000w, https:\/\/uepc.org.ar\/conectate\/wp-content\/uploads\/2016\/10\/tapa-Vallejo-150x150.jpg 150w, https:\/\/uepc.org.ar\/conectate\/wp-content\/uploads\/2016\/10\/tapa-Vallejo-300x300.jpg 300w, https:\/\/uepc.org.ar\/conectate\/wp-content\/uploads\/2016\/10\/tapa-Vallejo-37x37.jpg 37w, https:\/\/uepc.org.ar\/conectate\/wp-content\/uploads\/2016\/10\/tapa-Vallejo-128x128.jpg 128w, https:\/\/uepc.org.ar\/conectate\/wp-content\/uploads\/2016\/10\/tapa-Vallejo-184x184.jpg 184w, https:\/\/uepc.org.ar\/conectate\/wp-content\/uploads\/2016\/10\/tapa-Vallejo-45x45.jpg 45w, https:\/\/uepc.org.ar\/conectate\/wp-content\/uploads\/2016\/10\/tapa-Vallejo-200x200.jpg 200w, https:\/\/uepc.org.ar\/conectate\/wp-content\/uploads\/2016\/10\/tapa-Vallejo-400x400.jpg 400w\" sizes=\"auto, (max-width: 550px) 100vw, 550px\" \/><\/a><\/div><div class=\"fwpl-item el-fz703r uagb-post__title\"><a href=\"https:\/\/uepc.org.ar\/conectate\/la-jornada-extendida-en-escuelas-del-sudeste-cordobes\/\" target=\"\">La Jornada Extendida en escuelas del sudeste cordob\u00e9s<\/a><\/div><div class=\"fwpl-item el-56odc\">26\/10\/2016<\/div><\/div><\/div><\/div><div class=\"fwpl-result\"><div class=\"fwpl-row el-8cjrpw\"><div class=\"fwpl-col el-1tvcxf\"><div class=\"fwpl-item el-c3s6cu\"><a href=\"https:\/\/uepc.org.ar\/conectate\/la-escuela-construye-memorias-3\/\" target=\"\"><img loading=\"lazy\" decoding=\"async\" width=\"550\" height=\"366\" src=\"https:\/\/uepc.org.ar\/conectate\/wp-content\/uploads\/2016\/08\/05_108_Esc_Masjoan-6.jpg\" class=\"attachment-eris-archive-image-portrait size-eris-archive-image-portrait wp-post-image\" alt=\"\" srcset=\"https:\/\/uepc.org.ar\/conectate\/wp-content\/uploads\/2016\/08\/05_108_Esc_Masjoan-6.jpg 2048w, https:\/\/uepc.org.ar\/conectate\/wp-content\/uploads\/2016\/08\/05_108_Esc_Masjoan-6-300x200.jpg 300w, https:\/\/uepc.org.ar\/conectate\/wp-content\/uploads\/2016\/08\/05_108_Esc_Masjoan-6-1024x682.jpg 1024w, https:\/\/uepc.org.ar\/conectate\/wp-content\/uploads\/2016\/08\/05_108_Esc_Masjoan-6-140x94.jpg 140w, https:\/\/uepc.org.ar\/conectate\/wp-content\/uploads\/2016\/08\/05_108_Esc_Masjoan-6-400x266.jpg 400w\" sizes=\"auto, (max-width: 550px) 100vw, 550px\" \/><\/a><\/div><div class=\"fwpl-item el-fz703r uagb-post__title\"><a href=\"https:\/\/uepc.org.ar\/conectate\/la-escuela-construye-memorias-3\/\" target=\"\">La escuela construye memorias<\/a><\/div><div class=\"fwpl-item el-56odc\">18\/08\/2016<\/div><\/div><\/div><\/div><div class=\"fwpl-result\"><div class=\"fwpl-row el-8cjrpw\"><div class=\"fwpl-col el-1tvcxf\"><div class=\"fwpl-item el-c3s6cu\"><a href=\"https:\/\/uepc.org.ar\/conectate\/la-escuela-construye-memorias-2\/\" target=\"\"><img loading=\"lazy\" decoding=\"async\" width=\"550\" height=\"413\" src=\"https:\/\/uepc.org.ar\/conectate\/wp-content\/uploads\/2016\/08\/esta.jpg\" class=\"attachment-eris-archive-image-portrait size-eris-archive-image-portrait wp-post-image\" alt=\"\" srcset=\"https:\/\/uepc.org.ar\/conectate\/wp-content\/uploads\/2016\/08\/esta.jpg 960w, https:\/\/uepc.org.ar\/conectate\/wp-content\/uploads\/2016\/08\/esta-300x225.jpg 300w, https:\/\/uepc.org.ar\/conectate\/wp-content\/uploads\/2016\/08\/esta-400x300.jpg 400w\" sizes=\"auto, (max-width: 550px) 100vw, 550px\" \/><\/a><\/div><div class=\"fwpl-item el-fz703r uagb-post__title\"><a href=\"https:\/\/uepc.org.ar\/conectate\/la-escuela-construye-memorias-2\/\" target=\"\">La escuela construye memorias<\/a><\/div><div class=\"fwpl-item el-56odc\">09\/08\/2016<\/div><\/div><\/div><\/div><div class=\"fwpl-result\"><div class=\"fwpl-row el-8cjrpw\"><div class=\"fwpl-col el-1tvcxf\"><div class=\"fwpl-item el-c3s6cu\"><a href=\"https:\/\/uepc.org.ar\/conectate\/la-escuela-construye-memorias-a-40-anos-del-golpe-de-eso-si-se-habla-publicacion\/\" target=\"\"><img loading=\"lazy\" decoding=\"async\" width=\"550\" height=\"550\" src=\"https:\/\/uepc.org.ar\/conectate\/wp-content\/uploads\/2016\/06\/tapa-memoria.jpg\" class=\"attachment-eris-archive-image-portrait size-eris-archive-image-portrait wp-post-image\" alt=\"\" srcset=\"https:\/\/uepc.org.ar\/conectate\/wp-content\/uploads\/2016\/06\/tapa-memoria.jpg 1000w, https:\/\/uepc.org.ar\/conectate\/wp-content\/uploads\/2016\/06\/tapa-memoria-150x150.jpg 150w, https:\/\/uepc.org.ar\/conectate\/wp-content\/uploads\/2016\/06\/tapa-memoria-300x300.jpg 300w, https:\/\/uepc.org.ar\/conectate\/wp-content\/uploads\/2016\/06\/tapa-memoria-37x37.jpg 37w, https:\/\/uepc.org.ar\/conectate\/wp-content\/uploads\/2016\/06\/tapa-memoria-128x128.jpg 128w, https:\/\/uepc.org.ar\/conectate\/wp-content\/uploads\/2016\/06\/tapa-memoria-184x184.jpg 184w, https:\/\/uepc.org.ar\/conectate\/wp-content\/uploads\/2016\/06\/tapa-memoria-45x45.jpg 45w, https:\/\/uepc.org.ar\/conectate\/wp-content\/uploads\/2016\/06\/tapa-memoria-200x200.jpg 200w, https:\/\/uepc.org.ar\/conectate\/wp-content\/uploads\/2016\/06\/tapa-memoria-400x400.jpg 400w\" sizes=\"auto, (max-width: 550px) 100vw, 550px\" \/><\/a><\/div><div class=\"fwpl-item el-fz703r uagb-post__title\"><a href=\"https:\/\/uepc.org.ar\/conectate\/la-escuela-construye-memorias-a-40-anos-del-golpe-de-eso-si-se-habla-publicacion\/\" target=\"\">La escuela construye memorias. A 40 a\u00f1os del golpe, de eso s\u00ed se habla | Publicaci\u00f3n<\/a><\/div><div class=\"fwpl-item el-56odc\">17\/06\/2016<\/div><\/div><\/div><\/div><div class=\"fwpl-result\"><div class=\"fwpl-row el-8cjrpw\"><div class=\"fwpl-col el-1tvcxf\"><div class=\"fwpl-item el-c3s6cu\"><a href=\"https:\/\/uepc.org.ar\/conectate\/ampliar-la-mirada-sobre-los-aprendizajes-escolares-publicacion\/\" target=\"\"><img loading=\"lazy\" decoding=\"async\" width=\"550\" height=\"399\" src=\"https:\/\/uepc.org.ar\/conectate\/wp-content\/uploads\/2015\/09\/ampliar.jpg\" class=\"attachment-eris-archive-image-portrait size-eris-archive-image-portrait wp-post-image\" alt=\"\" srcset=\"https:\/\/uepc.org.ar\/conectate\/wp-content\/uploads\/2015\/09\/ampliar.jpg 1151w, https:\/\/uepc.org.ar\/conectate\/wp-content\/uploads\/2015\/09\/ampliar-300x217.jpg 300w, https:\/\/uepc.org.ar\/conectate\/wp-content\/uploads\/2015\/09\/ampliar-1024x742.jpg 1024w, https:\/\/uepc.org.ar\/conectate\/wp-content\/uploads\/2015\/09\/ampliar-400x290.jpg 400w\" sizes=\"auto, (max-width: 550px) 100vw, 550px\" \/><\/a><\/div><div class=\"fwpl-item el-fz703r uagb-post__title\"><a href=\"https:\/\/uepc.org.ar\/conectate\/ampliar-la-mirada-sobre-los-aprendizajes-escolares-publicacion\/\" target=\"\">Ampliar la mirada sobre los aprendizajes escolares | publicaci\u00f3n<\/a><\/div><div class=\"fwpl-item el-56odc\">16\/09\/2015<\/div><\/div><\/div><\/div><\/div>\n<style>\n.fwpl-layout {\n    display: grid;\n    grid-template-columns: 1fr 1fr 1fr;\n    grid-gap: 2px;\n}\n.fwpl-result {\n    border-style: solid;\n    border-color: #e7e7e7;\n    border-width: 1px;\n    padding: px px 40px px;\n}\n.fwpl-row {\n    display: grid;\n}\n.fwpl-row.el-8cjrpw {\n    grid-template-columns: 1fr;\n    padding: px 20px 20px px;\n}\n.fwpl-col.el-1tvcxf {\n    padding: 0px 0px 40px 0px;\n}\n.fwpl-item.el-fz703r {\n    padding: 10px 20px 6px 20px;\n}\n.fwpl-item.el-56odc {\n    padding: 0px 20px;\n    font-size: 13px;\n}\n\n@media (max-width: 480px) {\n    .fwpl-layout {\n        grid-template-columns: 1fr;\n    }\n}\n<\/style>\n<\/div>\n","protected":false},"excerpt":{"rendered":"<p>Tema Nivel Serie Todas las publicaciones<\/p>\n<a class=\"read-more-link\" href=\" https:\/\/uepc.org.ar\/conectate\/publicaciones-2\/ \">Leer m\u00e1s<\/a>","protected":false},"author":17,"featured_media":0,"parent":0,"menu_order":0,"comment_status":"closed","ping_status":"closed","template":"","meta":{"_acf_changed":false,"_coblocks_attr":"","_coblocks_dimensions":"","_coblocks_responsive_height":"","_coblocks_accordion_ie_support":"","_uag_custom_page_level_css":"","footnotes":""},"class_list":["post-23426","page","type-page","status-publish","hentry"],"acf":[],"yoast_head":"<!-- This site is optimized with the Yoast SEO plugin v26.8 - https:\/\/yoast.com\/product\/yoast-seo-wordpress\/ -->\n<title>Publicaciones - conectate ICIEC-UEPC<\/title>\n<meta name=\"robots\" content=\"index, follow, max-snippet:-1, max-image-preview:large, max-video-preview:-1\" \/>\n<link rel=\"canonical\" href=\"https:\/\/uepc.org.ar\/conectate\/publicaciones-2\/\" \/>\n<meta property=\"og:locale\" content=\"es_ES\" \/>\n<meta property=\"og:type\" content=\"article\" \/>\n<meta property=\"og:title\" content=\"Publicaciones - conectate ICIEC-UEPC\" \/>\n<meta property=\"og:description\" content=\"Tema Nivel Serie Todas las publicaciones\" \/>\n<meta property=\"og:url\" content=\"https:\/\/uepc.org.ar\/conectate\/publicaciones-2\/\" \/>\n<meta property=\"og:site_name\" content=\"conectate ICIEC-UEPC\" \/>\n<meta property=\"article:publisher\" content=\"https:\/\/www.facebook.com\/conectate.uepc\" \/>\n<meta property=\"article:modified_time\" content=\"2022-06-24T21:47:22+00:00\" \/>\n<meta property=\"og:image\" content=\"http:\/\/uepc.org.ar\/conectate\/wp-content\/uploads\/2022\/06\/iciec_ban_1_cuadernos_ensenanza-1.png\" \/>\n<meta name=\"twitter:card\" content=\"summary_large_image\" \/>\n<meta name=\"twitter:site\" content=\"@ConectateUEPC\" \/>\n<script type=\"application\/ld+json\" class=\"yoast-schema-graph\">{\"@context\":\"https:\/\/schema.org\",\"@graph\":[{\"@type\":\"WebPage\",\"@id\":\"https:\/\/uepc.org.ar\/conectate\/publicaciones-2\/\",\"url\":\"https:\/\/uepc.org.ar\/conectate\/publicaciones-2\/\",\"name\":\"Publicaciones - conectate ICIEC-UEPC\",\"isPartOf\":{\"@id\":\"https:\/\/uepc.org.ar\/conectate\/#website\"},\"primaryImageOfPage\":{\"@id\":\"https:\/\/uepc.org.ar\/conectate\/publicaciones-2\/#primaryimage\"},\"image\":{\"@id\":\"https:\/\/uepc.org.ar\/conectate\/publicaciones-2\/#primaryimage\"},\"thumbnailUrl\":\"http:\/\/uepc.org.ar\/conectate\/wp-content\/uploads\/2022\/06\/iciec_ban_1_cuadernos_ensenanza-1.png\",\"datePublished\":\"2021-10-08T14:59:05+00:00\",\"dateModified\":\"2022-06-24T21:47:22+00:00\",\"breadcrumb\":{\"@id\":\"https:\/\/uepc.org.ar\/conectate\/publicaciones-2\/#breadcrumb\"},\"inLanguage\":\"es\",\"potentialAction\":[{\"@type\":\"ReadAction\",\"target\":[\"https:\/\/uepc.org.ar\/conectate\/publicaciones-2\/\"]}]},{\"@type\":\"ImageObject\",\"inLanguage\":\"es\",\"@id\":\"https:\/\/uepc.org.ar\/conectate\/publicaciones-2\/#primaryimage\",\"url\":\"http:\/\/uepc.org.ar\/conectate\/wp-content\/uploads\/2022\/06\/iciec_ban_1_cuadernos_ensenanza-1.png\",\"contentUrl\":\"http:\/\/uepc.org.ar\/conectate\/wp-content\/uploads\/2022\/06\/iciec_ban_1_cuadernos_ensenanza-1.png\"},{\"@type\":\"BreadcrumbList\",\"@id\":\"https:\/\/uepc.org.ar\/conectate\/publicaciones-2\/#breadcrumb\",\"itemListElement\":[{\"@type\":\"ListItem\",\"position\":1,\"name\":\"Home\",\"item\":\"https:\/\/uepc.org.ar\/conectate\/\"},{\"@type\":\"ListItem\",\"position\":2,\"name\":\"Publicaciones\"}]},{\"@type\":\"WebSite\",\"@id\":\"https:\/\/uepc.org.ar\/conectate\/#website\",\"url\":\"https:\/\/uepc.org.ar\/conectate\/\",\"name\":\"conectate ICIEC-UEPC\",\"description\":\"conectate a la pasi\u00f3n de educar\",\"publisher\":{\"@id\":\"https:\/\/uepc.org.ar\/conectate\/#organization\"},\"potentialAction\":[{\"@type\":\"SearchAction\",\"target\":{\"@type\":\"EntryPoint\",\"urlTemplate\":\"https:\/\/uepc.org.ar\/conectate\/?s={search_term_string}\"},\"query-input\":{\"@type\":\"PropertyValueSpecification\",\"valueRequired\":true,\"valueName\":\"search_term_string\"}}],\"inLanguage\":\"es\"},{\"@type\":\"Organization\",\"@id\":\"https:\/\/uepc.org.ar\/conectate\/#organization\",\"name\":\"conectate UEPC\",\"url\":\"https:\/\/uepc.org.ar\/conectate\/\",\"logo\":{\"@type\":\"ImageObject\",\"inLanguage\":\"es\",\"@id\":\"https:\/\/uepc.org.ar\/conectate\/#\/schema\/logo\/image\/\",\"url\":\"http:\/\/uepc.org.ar\/conectate\/wp-content\/uploads\/2019\/08\/lg-iciecx2.png\",\"contentUrl\":\"http:\/\/uepc.org.ar\/conectate\/wp-content\/uploads\/2019\/08\/lg-iciecx2.png\",\"width\":600,\"height\":266,\"caption\":\"conectate UEPC\"},\"image\":{\"@id\":\"https:\/\/uepc.org.ar\/conectate\/#\/schema\/logo\/image\/\"},\"sameAs\":[\"https:\/\/www.facebook.com\/conectate.uepc\",\"https:\/\/x.com\/ConectateUEPC\",\"https:\/\/www.instagram.com\/conectateuepc\/\",\"https:\/\/www.youtube.com\/channel\/UC_gvxulloCni4YDXzFRZ_qQ\"]}]}<\/script>\n<!-- \/ Yoast SEO plugin. -->","yoast_head_json":{"title":"Publicaciones - conectate ICIEC-UEPC","robots":{"index":"index","follow":"follow","max-snippet":"max-snippet:-1","max-image-preview":"max-image-preview:large","max-video-preview":"max-video-preview:-1"},"canonical":"https:\/\/uepc.org.ar\/conectate\/publicaciones-2\/","og_locale":"es_ES","og_type":"article","og_title":"Publicaciones - conectate ICIEC-UEPC","og_description":"Tema Nivel Serie Todas las publicaciones","og_url":"https:\/\/uepc.org.ar\/conectate\/publicaciones-2\/","og_site_name":"conectate ICIEC-UEPC","article_publisher":"https:\/\/www.facebook.com\/conectate.uepc","article_modified_time":"2022-06-24T21:47:22+00:00","og_image":[{"url":"http:\/\/uepc.org.ar\/conectate\/wp-content\/uploads\/2022\/06\/iciec_ban_1_cuadernos_ensenanza-1.png","type":"","width":"","height":""}],"twitter_card":"summary_large_image","twitter_site":"@ConectateUEPC","schema":{"@context":"https:\/\/schema.org","@graph":[{"@type":"WebPage","@id":"https:\/\/uepc.org.ar\/conectate\/publicaciones-2\/","url":"https:\/\/uepc.org.ar\/conectate\/publicaciones-2\/","name":"Publicaciones - conectate ICIEC-UEPC","isPartOf":{"@id":"https:\/\/uepc.org.ar\/conectate\/#website"},"primaryImageOfPage":{"@id":"https:\/\/uepc.org.ar\/conectate\/publicaciones-2\/#primaryimage"},"image":{"@id":"https:\/\/uepc.org.ar\/conectate\/publicaciones-2\/#primaryimage"},"thumbnailUrl":"http:\/\/uepc.org.ar\/conectate\/wp-content\/uploads\/2022\/06\/iciec_ban_1_cuadernos_ensenanza-1.png","datePublished":"2021-10-08T14:59:05+00:00","dateModified":"2022-06-24T21:47:22+00:00","breadcrumb":{"@id":"https:\/\/uepc.org.ar\/conectate\/publicaciones-2\/#breadcrumb"},"inLanguage":"es","potentialAction":[{"@type":"ReadAction","target":["https:\/\/uepc.org.ar\/conectate\/publicaciones-2\/"]}]},{"@type":"ImageObject","inLanguage":"es","@id":"https:\/\/uepc.org.ar\/conectate\/publicaciones-2\/#primaryimage","url":"http:\/\/uepc.org.ar\/conectate\/wp-content\/uploads\/2022\/06\/iciec_ban_1_cuadernos_ensenanza-1.png","contentUrl":"http:\/\/uepc.org.ar\/conectate\/wp-content\/uploads\/2022\/06\/iciec_ban_1_cuadernos_ensenanza-1.png"},{"@type":"BreadcrumbList","@id":"https:\/\/uepc.org.ar\/conectate\/publicaciones-2\/#breadcrumb","itemListElement":[{"@type":"ListItem","position":1,"name":"Home","item":"https:\/\/uepc.org.ar\/conectate\/"},{"@type":"ListItem","position":2,"name":"Publicaciones"}]},{"@type":"WebSite","@id":"https:\/\/uepc.org.ar\/conectate\/#website","url":"https:\/\/uepc.org.ar\/conectate\/","name":"conectate ICIEC-UEPC","description":"conectate a la pasi\u00f3n de educar","publisher":{"@id":"https:\/\/uepc.org.ar\/conectate\/#organization"},"potentialAction":[{"@type":"SearchAction","target":{"@type":"EntryPoint","urlTemplate":"https:\/\/uepc.org.ar\/conectate\/?s={search_term_string}"},"query-input":{"@type":"PropertyValueSpecification","valueRequired":true,"valueName":"search_term_string"}}],"inLanguage":"es"},{"@type":"Organization","@id":"https:\/\/uepc.org.ar\/conectate\/#organization","name":"conectate UEPC","url":"https:\/\/uepc.org.ar\/conectate\/","logo":{"@type":"ImageObject","inLanguage":"es","@id":"https:\/\/uepc.org.ar\/conectate\/#\/schema\/logo\/image\/","url":"http:\/\/uepc.org.ar\/conectate\/wp-content\/uploads\/2019\/08\/lg-iciecx2.png","contentUrl":"http:\/\/uepc.org.ar\/conectate\/wp-content\/uploads\/2019\/08\/lg-iciecx2.png","width":600,"height":266,"caption":"conectate UEPC"},"image":{"@id":"https:\/\/uepc.org.ar\/conectate\/#\/schema\/logo\/image\/"},"sameAs":["https:\/\/www.facebook.com\/conectate.uepc","https:\/\/x.com\/ConectateUEPC","https:\/\/www.instagram.com\/conectateuepc\/","https:\/\/www.youtube.com\/channel\/UC_gvxulloCni4YDXzFRZ_qQ"]}]}},"uagb_featured_image_src":{"full":false,"thumbnail":false,"medium":false,"medium_large":false,"large":false,"1536x1536":false,"2048x2048":false,"post-thumbnail":false,"destacada":false,"eris-archive-image":false,"eris-archive-image-portrait":false,"eris-search-image":false},"uagb_author_info":{"display_name":"Conectate","author_link":"https:\/\/uepc.org.ar\/conectate\/author\/conectate\/"},"uagb_comment_info":0,"uagb_excerpt":"Tema Nivel Serie Todas las publicaciones","_links":{"self":[{"href":"https:\/\/uepc.org.ar\/conectate\/wp-json\/wp\/v2\/pages\/23426","targetHints":{"allow":["GET"]}}],"collection":[{"href":"https:\/\/uepc.org.ar\/conectate\/wp-json\/wp\/v2\/pages"}],"about":[{"href":"https:\/\/uepc.org.ar\/conectate\/wp-json\/wp\/v2\/types\/page"}],"author":[{"embeddable":true,"href":"https:\/\/uepc.org.ar\/conectate\/wp-json\/wp\/v2\/users\/17"}],"replies":[{"embeddable":true,"href":"https:\/\/uepc.org.ar\/conectate\/wp-json\/wp\/v2\/comments?post=23426"}],"version-history":[{"count":12,"href":"https:\/\/uepc.org.ar\/conectate\/wp-json\/wp\/v2\/pages\/23426\/revisions"}],"predecessor-version":[{"id":25062,"href":"https:\/\/uepc.org.ar\/conectate\/wp-json\/wp\/v2\/pages\/23426\/revisions\/25062"}],"wp:attachment":[{"href":"https:\/\/uepc.org.ar\/conectate\/wp-json\/wp\/v2\/media?parent=23426"}],"curies":[{"name":"wp","href":"https:\/\/api.w.org\/{rel}","templated":true}]}}